{"id":6253,"date":"2023-05-27T13:35:19","date_gmt":"2023-05-27T11:35:19","guid":{"rendered":"https:\/\/www.klimmer-gmbh.de\/?page_id=6253"},"modified":"2026-01-27T11:44:47","modified_gmt":"2026-01-27T10:44:47","slug":"newsroom","status":"publish","type":"page","link":"https:\/\/www.klimmer-gmbh.de\/de\/unternehmen\/newsroom\/","title":{"rendered":"Newsroom"},"content":{"rendered":"\n<style type=\"text\/css\" data-created_by=\"avia_inline_auto\" id=\"style-css-av-jm8avx-634fc34431f54f7e5a0d4814cc501a31\">\n.avia-section.av-jm8avx-634fc34431f54f7e5a0d4814cc501a31{\nbackground-repeat:no-repeat;\nbackground-image:url(https:\/\/www.klimmer-gmbh.de\/wp-content\/uploads\/2024\/05\/Klimmer_Top_Banner_1940x600_Werkzeugbau.jpg);\nbackground-position:50% 50%;\nbackground-attachment:scroll;\n}\n<\/style>\n<div id='special-teaser-section'  class='avia-section av-jm8avx-634fc34431f54f7e5a0d4814cc501a31 main_color avia-section-default avia-no-border-styling  avia-builder-el-0  el_before_av_section  avia-builder-el-first  avia-full-stretch avia-bg-style-scroll av-minimum-height av-minimum-height-custom av-height-custom  container_wrap fullsize'  data-section-bg-repeat='stretch' data-av_minimum_height_px='600'><div class='container av-section-cont-open' style='height:600px'><main  role=\"main\" itemprop=\"mainContentOfPage\"  class='template-page content  av-content-full alpha units'><div class='post-entry post-entry-type-page post-entry-6253'><div class='entry-content-wrapper clearfix'>\n\n<style type=\"text\/css\" data-created_by=\"avia_inline_auto\" id=\"style-css-av-h1ztul-dd0327445ea24aced261ec0472596ddc\">\n.flex_column.av-h1ztul-dd0327445ea24aced261ec0472596ddc{\nborder-radius:0px 0px 0px 0px;\npadding:0px 0px 0px 0px;\n}\n<\/style>\n<div  id=\"special-teaser\"  class='flex_column av-h1ztul-dd0327445ea24aced261ec0472596ddc av_one_full  avia-builder-el-1  avia-builder-el-no-sibling  first flex_column_div av-zero-column-padding  '     ><style type=\"text\/css\" data-created_by=\"avia_inline_auto\" id=\"style-css-av-f9qij1-d13d356fd1cb8c50ab40f838578bacf4\">\n#top .av-special-heading.av-f9qij1-d13d356fd1cb8c50ab40f838578bacf4{\npadding-bottom:10px;\n}\nbody .av-special-heading.av-f9qij1-d13d356fd1cb8c50ab40f838578bacf4 .av-special-heading-tag .heading-char{\nfont-size:25px;\n}\n.av-special-heading.av-f9qij1-d13d356fd1cb8c50ab40f838578bacf4 .av-subheading{\nfont-size:15px;\n}\n<\/style>\n<div  id=\"teaser-headline\"  class='av-special-heading av-f9qij1-d13d356fd1cb8c50ab40f838578bacf4 av-special-heading-h1 blockquote modern-quote  avia-builder-el-2  avia-builder-el-no-sibling '><h1 class='av-special-heading-tag '  itemprop=\"headline\"  > Newsroom \u2013 Aktuelles, Neuigkeiten <span class='special_amp'>&amp;<\/span> Pressemitteilungen.<\/h1><div class=\"special-heading-border\"><div class=\"special-heading-inner-border\"><\/div><\/div><\/div><\/div>\n\n<\/div><\/div><\/main><!-- close content main element --><\/div><\/div><div id='av_section_2'  class='avia-section av-dzuunh-4a0baa1f27e1726ac313dfeb4c57ad0a main_color avia-section-default avia-no-border-styling  avia-builder-el-3  el_after_av_section  el_before_av_section  avia-bg-style-scroll container_wrap fullsize'  ><div class='container av-section-cont-open' ><div class='template-page content  av-content-full alpha units'><div class='post-entry post-entry-type-page post-entry-6253'><div class='entry-content-wrapper clearfix'>\n<section  class='av_textblock_section av-c2vzxp-481c017aacfee47ebce86693fbfa5212 '   itemscope=\"itemscope\" itemtype=\"https:\/\/schema.org\/CreativeWork\" ><div class='avia_textblock'  itemprop=\"text\" ><div class=\"breadcrumb breadcrumbs avia-breadcrumbs\"><div class=\"breadcrumb-trail\" ><span class=\"trail-before\"><span class=\"breadcrumb-title\">Du bist hier:<\/span><\/span> <span  itemscope=\"itemscope\" itemtype=\"https:\/\/schema.org\/BreadcrumbList\" ><span  itemscope=\"itemscope\" itemtype=\"https:\/\/schema.org\/ListItem\" itemprop=\"itemListElement\" ><a itemprop=\"url\" href=\"https:\/\/www.klimmer-gmbh.de\/de\/\" title=\"Klimmer GmbH\" rel=\"home\" class=\"trail-begin\"><span itemprop=\"name\">Startseite<\/span><\/a><span itemprop=\"position\" class=\"hidden\">1<\/span><\/span><\/span><\/div><\/div>\n<\/div><\/section>\n<div class='flex_column_table av-b4in6l-6122110a7d09ccd90f4609247e86300d sc-av_one_half av-equal-height-column-flextable'>\n<style type=\"text\/css\" data-created_by=\"avia_inline_auto\" id=\"style-css-av-b4in6l-6122110a7d09ccd90f4609247e86300d\">\n.flex_column.av-b4in6l-6122110a7d09ccd90f4609247e86300d{\nborder-radius:0px 0px 0px 0px;\npadding:0px 0px 0px 0px;\n}\n<\/style>\n<div  class='flex_column av-b4in6l-6122110a7d09ccd90f4609247e86300d av_one_half  avia-builder-el-5  el_after_av_textblock  el_before_av_one_half  first flex_column_table_cell av-equal-height-column av-align-top av-zero-column-padding  column-top-margin'     ><p>\n<style type=\"text\/css\" data-created_by=\"avia_inline_auto\" id=\"style-css-av-9js8y5-117860d186181498436341a1b9b65944\">\n#top .hr.av-9js8y5-117860d186181498436341a1b9b65944{\nmargin-top:0px;\nmargin-bottom:0px;\n}\n.hr.av-9js8y5-117860d186181498436341a1b9b65944 .hr-inner{\nwidth:100%;\nborder-color:#1e80c2;\n}\n<\/style>\n<div  id=\"custom-hr-line-blue\"  class='hr av-9js8y5-117860d186181498436341a1b9b65944 hr-custom  avia-builder-el-6  el_before_av_heading  avia-builder-el-first  hr-center hr-icon-no'><span class='hr-inner inner-border-av-border-fat'><span class=\"hr-inner-style\"><\/span><\/span><\/div><br \/>\n\n<style type=\"text\/css\" data-created_by=\"avia_inline_auto\" id=\"style-css-av-6tfv8t-51017c2898bf4e1ae34d2b4921d158b8\">\n#top .av-special-heading.av-6tfv8t-51017c2898bf4e1ae34d2b4921d158b8{\npadding-bottom:10px;\n}\nbody .av-special-heading.av-6tfv8t-51017c2898bf4e1ae34d2b4921d158b8 .av-special-heading-tag .heading-char{\nfont-size:25px;\n}\n.av-special-heading.av-6tfv8t-51017c2898bf4e1ae34d2b4921d158b8 .av-subheading{\nfont-size:15px;\n}\n<\/style>\n<div  id=\"heading-no-top\"  class='av-special-heading av-6tfv8t-51017c2898bf4e1ae34d2b4921d158b8 av-special-heading-h4 blockquote modern-quote  avia-builder-el-7  el_after_av_hr  avia-builder-el-last '><h4 class='av-special-heading-tag '  itemprop=\"headline\"  > Newsroom \u2013 Aktuelles, Neuigkeiten <span class='special_amp'>&amp;<\/span> <\/br>Pressemitteilungen.<\/h4><div class=\"special-heading-border\"><div class=\"special-heading-inner-border\"><\/div><\/div><\/div><\/p><\/div><div class='av-flex-placeholder'><\/div>\n<style type=\"text\/css\" data-created_by=\"avia_inline_auto\" id=\"style-css-av-572yj1-9b646440e1a67aec31334fed0bf335f4\">\n.flex_column.av-572yj1-9b646440e1a67aec31334fed0bf335f4{\nborder-radius:0px 0px 0px 0px;\npadding:0px 0px 0px 0px;\n}\n<\/style>\n<div  class='flex_column av-572yj1-9b646440e1a67aec31334fed0bf335f4 av_one_half  avia-builder-el-8  el_after_av_one_half  avia-builder-el-last  flex_column_table_cell av-equal-height-column av-align-top av-zero-column-padding  column-top-margin'     ><\/div><\/div><!--close column table wrapper. Autoclose: 1 -->\n\n<\/div><\/div><\/div><!-- close content main div --><\/div><\/div><div id='blog-entry-section'  class='avia-section av-46q0m5-eeb84fa4ab85c687584168943a382a88 main_color avia-section-default avia-no-border-styling  avia-builder-el-9  el_after_av_section  avia-builder-el-last  avia-bg-style-scroll container_wrap fullsize'  ><div class='container av-section-cont-open' ><div class='template-page content  av-content-full alpha units'><div class='post-entry post-entry-type-page post-entry-6253'><div class='entry-content-wrapper clearfix'>\n<div  data-slideshow-options=\"{&quot;animation&quot;:&quot;fade&quot;,&quot;autoplay&quot;:false,&quot;loop_autoplay&quot;:&quot;once&quot;,&quot;interval&quot;:5,&quot;loop_manual&quot;:&quot;manual-endless&quot;,&quot;autoplay_stopper&quot;:false,&quot;noNavigation&quot;:false,&quot;show_slide_delay&quot;:90}\" class='avia-content-slider avia-content-grid-active avia-content-slider1 avia-content-slider-even  avia-builder-el-10  el_before_av_blog  avia-builder-el-first  av-slideshow-ui av-control-default   av-no-slider-navigation av-slideshow-manual av-loop-once av-loop-manual-endless  av-medium-hide av-small-hide av-mini-hide'  itemscope=\"itemscope\" itemtype=\"https:\/\/schema.org\/Blog\" ><div class=\"avia-content-slider-inner\"><div class=\"slide-entry-wrap\"><article class='slide-entry flex_column  post-entry post-entry-9304 slide-entry-overview slide-loop-1 slide-parity-odd  av_one_fourth first real-thumbnail posttype-post post-format-standard'  itemscope=\"itemscope\" itemtype=\"https:\/\/schema.org\/CreativeWork\" ><a href='https:\/\/www.klimmer-gmbh.de\/de\/ehrung-der-jubilare-2025\/' data-rel='slide-1' class='slide-image' title='EHRUNG DER JUBILARE 2025.'><img decoding=\"async\" fetchpriority=\"high\" width=\"800\" height=\"800\" src=\"https:\/\/www.klimmer-gmbh.de\/wp-content\/uploads\/2026\/01\/Klimmer_NewsBeitragsbild_800x800_Jubilare2025-1.jpg\" class=\"wp-image-9315 avia-img-lazy-loading-not-9315 attachment-portfolio_small size-portfolio_small wp-post-image\" alt=\"Jubilare der Ernst Klimmer GmbH 2025\" srcset=\"https:\/\/www.klimmer-gmbh.de\/wp-content\/uploads\/2026\/01\/Klimmer_NewsBeitragsbild_800x800_Jubilare2025-1.jpg 800w, https:\/\/www.klimmer-gmbh.de\/wp-content\/uploads\/2026\/01\/Klimmer_NewsBeitragsbild_800x800_Jubilare2025-1-300x300.jpg 300w, https:\/\/www.klimmer-gmbh.de\/wp-content\/uploads\/2026\/01\/Klimmer_NewsBeitragsbild_800x800_Jubilare2025-1-80x80.jpg 80w, https:\/\/www.klimmer-gmbh.de\/wp-content\/uploads\/2026\/01\/Klimmer_NewsBeitragsbild_800x800_Jubilare2025-1-768x768.jpg 768w, https:\/\/www.klimmer-gmbh.de\/wp-content\/uploads\/2026\/01\/Klimmer_NewsBeitragsbild_800x800_Jubilare2025-1-36x36.jpg 36w\" sizes=\"(max-width: 800px) 100vw, 800px\" \/><\/a><div class=\"slide-content\"><header class=\"entry-content-header\" aria-label=\"Slide: EHRUNG DER JUBILARE 2025.\"><h3 class='slide-entry-title entry-title '  itemprop=\"headline\" ><a href='https:\/\/www.klimmer-gmbh.de\/de\/ehrung-der-jubilare-2025\/' title='EHRUNG DER JUBILARE 2025.'>EHRUNG DER JUBILARE 2025.<\/a><\/h3><span class=\"av-vertical-delimiter\"><\/span><\/header><div class=\"slide-meta\"><time class='slide-meta-time updated'  itemprop=\"datePublished\" datetime=\"2026-01-20T11:02:09+01:00\" >20. Januar 2026<\/time><\/div><div class='slide-entry-excerpt entry-content'  itemprop=\"text\" >Ehrung der Jubilare der Ernst Klimmer GmbH am 13.01.2026. Wir sagen Danke f\u00fcr 10, 25 oder sogar 40 Jahre Betriebszugeh\u00f6rigkeit. <div class=\"read-more-link\"><a href=\"https:\/\/www.klimmer-gmbh.de\/de\/ehrung-der-jubilare-2025\/\" class=\"more-link\">Weiterlesen<span class='more-link-arrow avia-svg-icon avia-font-svg_entypo-fontello' data-av_svg_icon='right-open-big' data-av_iconset='svg_entypo-fontello'><svg version=\"1.1\" xmlns=\"http:\/\/www.w3.org\/2000\/svg\" width=\"15\" height=\"32\" viewBox=\"0 0 15 32\" preserveAspectRatio=\"xMidYMid meet\" role=\"graphics-symbol\" aria-hidden=\"true\">\n<path d=\"M0.416 27.84l11.456-11.84-11.456-11.904q-0.832-0.832 0-1.536 0.832-0.832 1.536 0l12.544 12.608q0.768 0.832 0 1.6l-12.544 12.608q-0.704 0.832-1.536 0-0.832-0.704 0-1.536z\"><\/path>\n<\/svg><\/span><\/a><\/div><\/div><\/div><footer class=\"entry-footer\"><\/footer><span class='hidden'>\n\t\t\t\t<span class='av-structured-data'  itemprop=\"image\" itemscope=\"itemscope\" itemtype=\"https:\/\/schema.org\/ImageObject\" >\n\t\t\t\t\t\t<span itemprop='url'>https:\/\/www.klimmer-gmbh.de\/wp-content\/uploads\/2026\/01\/Klimmer_NewsBeitragsbild_800x800_Jubilare2025-1.jpg<\/span>\n\t\t\t\t\t\t<span itemprop='height'>800<\/span>\n\t\t\t\t\t\t<span itemprop='width'>800<\/span>\n\t\t\t\t<\/span>\n\t\t\t\t<span class='av-structured-data'  itemprop=\"publisher\" itemtype=\"https:\/\/schema.org\/Organization\" itemscope=\"itemscope\" >\n\t\t\t\t\t\t<span itemprop='name'>Agentur Baur<\/span>\n\t\t\t\t\t\t<span itemprop='logo' itemscope itemtype='https:\/\/schema.org\/ImageObject'>\n\t\t\t\t\t\t\t<span itemprop='url'>https:\/\/www.klimmer-gmbh.de\/wp-content\/uploads\/2023\/05\/klimmergmbhde.svg<\/span>\n\t\t\t\t\t\t<\/span>\n\t\t\t\t<\/span><span class='av-structured-data'  itemprop=\"author\" itemscope=\"itemscope\" itemtype=\"https:\/\/schema.org\/Person\" ><span itemprop='name'>Agentur Baur<\/span><\/span><span class='av-structured-data'  itemprop=\"datePublished\" datetime=\"2023-05-27T13:35:19+02:00\" >2026-01-20 11:02:09<\/span><span class='av-structured-data'  itemprop=\"dateModified\" itemtype=\"https:\/\/schema.org\/dateModified\" >2026-01-28 11:48:48<\/span><span class='av-structured-data'  itemprop=\"mainEntityOfPage\" itemtype=\"https:\/\/schema.org\/mainEntityOfPage\" ><span itemprop='name'>EHRUNG DER JUBILARE 2025.<\/span><\/span><\/span><\/article><article class='slide-entry flex_column  post-entry post-entry-9037 slide-entry-overview slide-loop-2 slide-parity-even  av_one_fourth  real-thumbnail posttype-post post-format-standard'  itemscope=\"itemscope\" itemtype=\"https:\/\/schema.org\/CreativeWork\" ><a href='https:\/\/www.klimmer-gmbh.de\/de\/reviewinfotag-ausbildung-und-studium-2025\/' data-rel='slide-1' class='slide-image' title='REVIEW INFOTAG 2025.'><img decoding=\"async\" fetchpriority=\"high\" width=\"800\" height=\"800\" src=\"https:\/\/www.klimmer-gmbh.de\/wp-content\/uploads\/2025\/10\/Klimmer_NewsBeitragsbild_800x800_Infotag2025.jpg\" class=\"wp-image-9046 avia-img-lazy-loading-not-9046 attachment-portfolio_small size-portfolio_small wp-post-image\" alt=\"\" srcset=\"https:\/\/www.klimmer-gmbh.de\/wp-content\/uploads\/2025\/10\/Klimmer_NewsBeitragsbild_800x800_Infotag2025.jpg 800w, https:\/\/www.klimmer-gmbh.de\/wp-content\/uploads\/2025\/10\/Klimmer_NewsBeitragsbild_800x800_Infotag2025-300x300.jpg 300w, https:\/\/www.klimmer-gmbh.de\/wp-content\/uploads\/2025\/10\/Klimmer_NewsBeitragsbild_800x800_Infotag2025-80x80.jpg 80w, https:\/\/www.klimmer-gmbh.de\/wp-content\/uploads\/2025\/10\/Klimmer_NewsBeitragsbild_800x800_Infotag2025-768x768.jpg 768w, https:\/\/www.klimmer-gmbh.de\/wp-content\/uploads\/2025\/10\/Klimmer_NewsBeitragsbild_800x800_Infotag2025-36x36.jpg 36w\" sizes=\"(max-width: 800px) 100vw, 800px\" \/><\/a><div class=\"slide-content\"><header class=\"entry-content-header\" aria-label=\"Slide: REVIEW INFOTAG 2025.\"><h3 class='slide-entry-title entry-title '  itemprop=\"headline\" ><a href='https:\/\/www.klimmer-gmbh.de\/de\/reviewinfotag-ausbildung-und-studium-2025\/' title='REVIEW INFOTAG 2025.'>REVIEW INFOTAG 2025.<\/a><\/h3><span class=\"av-vertical-delimiter\"><\/span><\/header><div class=\"slide-meta\"><time class='slide-meta-time updated'  itemprop=\"datePublished\" datetime=\"2025-10-10T12:42:23+02:00\" >10. Oktober 2025<\/time><\/div><div class='slide-entry-excerpt entry-content'  itemprop=\"text\" >INFOTAG BEGEISTERT JUNG UND ALT. Klimmer Group begeistert mit spannenden Aktionen und vielf\u00e4ltigen Infos rund um Ausbildung und Studium<div class=\"read-more-link\"><a href=\"https:\/\/www.klimmer-gmbh.de\/de\/reviewinfotag-ausbildung-und-studium-2025\/\" class=\"more-link\">Weiterlesen<span class='more-link-arrow avia-svg-icon avia-font-svg_entypo-fontello' data-av_svg_icon='right-open-big' data-av_iconset='svg_entypo-fontello'><svg version=\"1.1\" xmlns=\"http:\/\/www.w3.org\/2000\/svg\" width=\"15\" height=\"32\" viewBox=\"0 0 15 32\" preserveAspectRatio=\"xMidYMid meet\" role=\"graphics-symbol\" aria-hidden=\"true\">\n<path d=\"M0.416 27.84l11.456-11.84-11.456-11.904q-0.832-0.832 0-1.536 0.832-0.832 1.536 0l12.544 12.608q0.768 0.832 0 1.6l-12.544 12.608q-0.704 0.832-1.536 0-0.832-0.704 0-1.536z\"><\/path>\n<\/svg><\/span><\/a><\/div><\/div><\/div><footer class=\"entry-footer\"><\/footer><span class='hidden'>\n\t\t\t\t<span class='av-structured-data'  itemprop=\"image\" itemscope=\"itemscope\" itemtype=\"https:\/\/schema.org\/ImageObject\" >\n\t\t\t\t\t\t<span itemprop='url'>https:\/\/www.klimmer-gmbh.de\/wp-content\/uploads\/2025\/10\/Klimmer_NewsBeitragsbild_800x800_Infotag2025.jpg<\/span>\n\t\t\t\t\t\t<span itemprop='height'>800<\/span>\n\t\t\t\t\t\t<span itemprop='width'>800<\/span>\n\t\t\t\t<\/span>\n\t\t\t\t<span class='av-structured-data'  itemprop=\"publisher\" itemtype=\"https:\/\/schema.org\/Organization\" itemscope=\"itemscope\" >\n\t\t\t\t\t\t<span itemprop='name'>Agentur Baur<\/span>\n\t\t\t\t\t\t<span itemprop='logo' itemscope itemtype='https:\/\/schema.org\/ImageObject'>\n\t\t\t\t\t\t\t<span itemprop='url'>https:\/\/www.klimmer-gmbh.de\/wp-content\/uploads\/2023\/05\/klimmergmbhde.svg<\/span>\n\t\t\t\t\t\t<\/span>\n\t\t\t\t<\/span><span class='av-structured-data'  itemprop=\"author\" itemscope=\"itemscope\" itemtype=\"https:\/\/schema.org\/Person\" ><span itemprop='name'>Agentur Baur<\/span><\/span><span class='av-structured-data'  itemprop=\"datePublished\" datetime=\"2023-05-27T13:35:19+02:00\" >2025-10-10 12:42:23<\/span><span class='av-structured-data'  itemprop=\"dateModified\" itemtype=\"https:\/\/schema.org\/dateModified\" >2025-10-10 12:42:25<\/span><span class='av-structured-data'  itemprop=\"mainEntityOfPage\" itemtype=\"https:\/\/schema.org\/mainEntityOfPage\" ><span itemprop='name'>REVIEW INFOTAG 2025.<\/span><\/span><\/span><\/article><article class='slide-entry flex_column  post-entry post-entry-9000 slide-entry-overview slide-loop-3 slide-parity-odd  av_one_fourth  real-thumbnail posttype-post post-format-standard'  itemscope=\"itemscope\" itemtype=\"https:\/\/schema.org\/CreativeWork\" ><a href='https:\/\/www.klimmer-gmbh.de\/de\/infotag-ausbildung-und-studium-2025\/' data-rel='slide-1' class='slide-image' title='INFOTAG AUSBILDUNG UND STUDIUM 2025.'><img decoding=\"async\" fetchpriority=\"high\" width=\"2160\" height=\"2700\" src=\"https:\/\/www.klimmer-gmbh.de\/wp-content\/uploads\/2025\/09\/Klimmer_Tag-der-Ausbildung_Pop-Up_2025_RZ.jpg\" class=\"wp-image-8960 avia-img-lazy-loading-not-8960 attachment-portfolio_small size-portfolio_small wp-post-image\" alt=\"\" srcset=\"https:\/\/www.klimmer-gmbh.de\/wp-content\/uploads\/2025\/09\/Klimmer_Tag-der-Ausbildung_Pop-Up_2025_RZ.jpg 2160w, https:\/\/www.klimmer-gmbh.de\/wp-content\/uploads\/2025\/09\/Klimmer_Tag-der-Ausbildung_Pop-Up_2025_RZ-240x300.jpg 240w, https:\/\/www.klimmer-gmbh.de\/wp-content\/uploads\/2025\/09\/Klimmer_Tag-der-Ausbildung_Pop-Up_2025_RZ-824x1030.jpg 824w, https:\/\/www.klimmer-gmbh.de\/wp-content\/uploads\/2025\/09\/Klimmer_Tag-der-Ausbildung_Pop-Up_2025_RZ-768x960.jpg 768w, https:\/\/www.klimmer-gmbh.de\/wp-content\/uploads\/2025\/09\/Klimmer_Tag-der-Ausbildung_Pop-Up_2025_RZ-1229x1536.jpg 1229w, https:\/\/www.klimmer-gmbh.de\/wp-content\/uploads\/2025\/09\/Klimmer_Tag-der-Ausbildung_Pop-Up_2025_RZ-1638x2048.jpg 1638w, https:\/\/www.klimmer-gmbh.de\/wp-content\/uploads\/2025\/09\/Klimmer_Tag-der-Ausbildung_Pop-Up_2025_RZ-1200x1500.jpg 1200w\" sizes=\"(max-width: 2160px) 100vw, 2160px\" \/><\/a><div class=\"slide-content\"><header class=\"entry-content-header\" aria-label=\"Slide: INFOTAG AUSBILDUNG UND STUDIUM 2025.\"><h3 class='slide-entry-title entry-title '  itemprop=\"headline\" ><a href='https:\/\/www.klimmer-gmbh.de\/de\/infotag-ausbildung-und-studium-2025\/' title='INFOTAG AUSBILDUNG UND STUDIUM 2025.'>INFOTAG AUSBILDUNG UND STUDIUM 2025.<\/a><\/h3><span class=\"av-vertical-delimiter\"><\/span><\/header><div class=\"slide-meta\"><time class='slide-meta-time updated'  itemprop=\"datePublished\" datetime=\"2025-09-04T12:20:45+02:00\" >4. September 2025<\/time><\/div><div class='slide-entry-excerpt entry-content'  itemprop=\"text\" >Die Klimmer Group l\u00e4dt alle Interessierten herzlich zum Infotag Ausbildung und Studium am 27. September 2025 von 11 bis 15 Uhr ein. <div class=\"read-more-link\"><a href=\"https:\/\/www.klimmer-gmbh.de\/de\/infotag-ausbildung-und-studium-2025\/\" class=\"more-link\">Weiterlesen<span class='more-link-arrow avia-svg-icon avia-font-svg_entypo-fontello' data-av_svg_icon='right-open-big' data-av_iconset='svg_entypo-fontello'><svg version=\"1.1\" xmlns=\"http:\/\/www.w3.org\/2000\/svg\" width=\"15\" height=\"32\" viewBox=\"0 0 15 32\" preserveAspectRatio=\"xMidYMid meet\" role=\"graphics-symbol\" aria-hidden=\"true\">\n<path d=\"M0.416 27.84l11.456-11.84-11.456-11.904q-0.832-0.832 0-1.536 0.832-0.832 1.536 0l12.544 12.608q0.768 0.832 0 1.6l-12.544 12.608q-0.704 0.832-1.536 0-0.832-0.704 0-1.536z\"><\/path>\n<\/svg><\/span><\/a><\/div><\/div><\/div><footer class=\"entry-footer\"><\/footer><span class='hidden'>\n\t\t\t\t<span class='av-structured-data'  itemprop=\"image\" itemscope=\"itemscope\" itemtype=\"https:\/\/schema.org\/ImageObject\" >\n\t\t\t\t\t\t<span itemprop='url'>https:\/\/www.klimmer-gmbh.de\/wp-content\/uploads\/2025\/09\/Klimmer_Tag-der-Ausbildung_Pop-Up_2025_RZ.jpg<\/span>\n\t\t\t\t\t\t<span itemprop='height'>2700<\/span>\n\t\t\t\t\t\t<span itemprop='width'>2160<\/span>\n\t\t\t\t<\/span>\n\t\t\t\t<span class='av-structured-data'  itemprop=\"publisher\" itemtype=\"https:\/\/schema.org\/Organization\" itemscope=\"itemscope\" >\n\t\t\t\t\t\t<span itemprop='name'>Agentur Baur<\/span>\n\t\t\t\t\t\t<span itemprop='logo' itemscope itemtype='https:\/\/schema.org\/ImageObject'>\n\t\t\t\t\t\t\t<span itemprop='url'>https:\/\/www.klimmer-gmbh.de\/wp-content\/uploads\/2023\/05\/klimmergmbhde.svg<\/span>\n\t\t\t\t\t\t<\/span>\n\t\t\t\t<\/span><span class='av-structured-data'  itemprop=\"author\" itemscope=\"itemscope\" itemtype=\"https:\/\/schema.org\/Person\" ><span itemprop='name'>Agentur Baur<\/span><\/span><span class='av-structured-data'  itemprop=\"datePublished\" datetime=\"2023-05-27T13:35:19+02:00\" >2025-09-04 12:20:45<\/span><span class='av-structured-data'  itemprop=\"dateModified\" itemtype=\"https:\/\/schema.org\/dateModified\" >2025-09-04 12:38:37<\/span><span class='av-structured-data'  itemprop=\"mainEntityOfPage\" itemtype=\"https:\/\/schema.org\/mainEntityOfPage\" ><span itemprop='name'>INFOTAG AUSBILDUNG UND STUDIUM 2025.<\/span><\/span><\/span><\/article><article class='slide-entry flex_column  post-entry post-entry-8972 slide-entry-overview slide-loop-4 slide-parity-even  av_one_fourth  real-thumbnail posttype-post post-format-standard'  itemscope=\"itemscope\" itemtype=\"https:\/\/schema.org\/CreativeWork\" ><a href='https:\/\/www.klimmer-gmbh.de\/de\/neue-auszubildende-2025\/' data-rel='slide-1' class='slide-image' title='NEUE AUSZUBILDENDE 2025.'><img decoding=\"async\" fetchpriority=\"high\" width=\"1667\" height=\"1667\" src=\"https:\/\/www.klimmer-gmbh.de\/wp-content\/uploads\/2025\/09\/2025_1_Klimmer_Azubis.jpg\" class=\"wp-image-8981 avia-img-lazy-loading-not-8981 attachment-portfolio_small size-portfolio_small wp-post-image\" alt=\"\" srcset=\"https:\/\/www.klimmer-gmbh.de\/wp-content\/uploads\/2025\/09\/2025_1_Klimmer_Azubis.jpg 1667w, https:\/\/www.klimmer-gmbh.de\/wp-content\/uploads\/2025\/09\/2025_1_Klimmer_Azubis-300x300.jpg 300w, https:\/\/www.klimmer-gmbh.de\/wp-content\/uploads\/2025\/09\/2025_1_Klimmer_Azubis-1030x1030.jpg 1030w, https:\/\/www.klimmer-gmbh.de\/wp-content\/uploads\/2025\/09\/2025_1_Klimmer_Azubis-80x80.jpg 80w, https:\/\/www.klimmer-gmbh.de\/wp-content\/uploads\/2025\/09\/2025_1_Klimmer_Azubis-768x768.jpg 768w, https:\/\/www.klimmer-gmbh.de\/wp-content\/uploads\/2025\/09\/2025_1_Klimmer_Azubis-1536x1536.jpg 1536w, https:\/\/www.klimmer-gmbh.de\/wp-content\/uploads\/2025\/09\/2025_1_Klimmer_Azubis-36x36.jpg 36w, https:\/\/www.klimmer-gmbh.de\/wp-content\/uploads\/2025\/09\/2025_1_Klimmer_Azubis-1500x1500.jpg 1500w\" sizes=\"(max-width: 1667px) 100vw, 1667px\" \/><\/a><div class=\"slide-content\"><header class=\"entry-content-header\" aria-label=\"Slide: NEUE AUSZUBILDENDE 2025.\"><h3 class='slide-entry-title entry-title '  itemprop=\"headline\" ><a href='https:\/\/www.klimmer-gmbh.de\/de\/neue-auszubildende-2025\/' title='NEUE AUSZUBILDENDE 2025.'>NEUE AUSZUBILDENDE 2025.<\/a><\/h3><span class=\"av-vertical-delimiter\"><\/span><\/header><div class=\"slide-meta\"><time class='slide-meta-time updated'  itemprop=\"datePublished\" datetime=\"2025-09-04T11:47:31+02:00\" >4. September 2025<\/time><\/div><div class='slide-entry-excerpt entry-content'  itemprop=\"text\" >Ein neuer Lebensabschnitt voller Chancen und M\u00f6glichkeiten beginnt f\u00fcr 21 Auszubildende und duale Studierende bei der Klimmer Group.<div class=\"read-more-link\"><a href=\"https:\/\/www.klimmer-gmbh.de\/de\/neue-auszubildende-2025\/\" class=\"more-link\">Weiterlesen<span class='more-link-arrow avia-svg-icon avia-font-svg_entypo-fontello' data-av_svg_icon='right-open-big' data-av_iconset='svg_entypo-fontello'><svg version=\"1.1\" xmlns=\"http:\/\/www.w3.org\/2000\/svg\" width=\"15\" height=\"32\" viewBox=\"0 0 15 32\" preserveAspectRatio=\"xMidYMid meet\" role=\"graphics-symbol\" aria-hidden=\"true\">\n<path d=\"M0.416 27.84l11.456-11.84-11.456-11.904q-0.832-0.832 0-1.536 0.832-0.832 1.536 0l12.544 12.608q0.768 0.832 0 1.6l-12.544 12.608q-0.704 0.832-1.536 0-0.832-0.704 0-1.536z\"><\/path>\n<\/svg><\/span><\/a><\/div><\/div><\/div><footer class=\"entry-footer\"><\/footer><span class='hidden'>\n\t\t\t\t<span class='av-structured-data'  itemprop=\"image\" itemscope=\"itemscope\" itemtype=\"https:\/\/schema.org\/ImageObject\" >\n\t\t\t\t\t\t<span itemprop='url'>https:\/\/www.klimmer-gmbh.de\/wp-content\/uploads\/2025\/09\/2025_1_Klimmer_Azubis.jpg<\/span>\n\t\t\t\t\t\t<span itemprop='height'>1667<\/span>\n\t\t\t\t\t\t<span itemprop='width'>1667<\/span>\n\t\t\t\t<\/span>\n\t\t\t\t<span class='av-structured-data'  itemprop=\"publisher\" itemtype=\"https:\/\/schema.org\/Organization\" itemscope=\"itemscope\" >\n\t\t\t\t\t\t<span itemprop='name'>Agentur Baur<\/span>\n\t\t\t\t\t\t<span itemprop='logo' itemscope itemtype='https:\/\/schema.org\/ImageObject'>\n\t\t\t\t\t\t\t<span itemprop='url'>https:\/\/www.klimmer-gmbh.de\/wp-content\/uploads\/2023\/05\/klimmergmbhde.svg<\/span>\n\t\t\t\t\t\t<\/span>\n\t\t\t\t<\/span><span class='av-structured-data'  itemprop=\"author\" itemscope=\"itemscope\" itemtype=\"https:\/\/schema.org\/Person\" ><span itemprop='name'>Agentur Baur<\/span><\/span><span class='av-structured-data'  itemprop=\"datePublished\" datetime=\"2023-05-27T13:35:19+02:00\" >2025-09-04 11:47:31<\/span><span class='av-structured-data'  itemprop=\"dateModified\" itemtype=\"https:\/\/schema.org\/dateModified\" >2025-09-30 10:12:54<\/span><span class='av-structured-data'  itemprop=\"mainEntityOfPage\" itemtype=\"https:\/\/schema.org\/mainEntityOfPage\" ><span itemprop='name'>NEUE AUSZUBILDENDE 2025.<\/span><\/span><\/span><\/article><\/div><div class=\"slide-entry-wrap\"><article class='slide-entry flex_column  post-entry post-entry-8951 slide-entry-overview slide-loop-5 slide-parity-odd  av_one_fourth first real-thumbnail posttype-post post-format-standard'  itemscope=\"itemscope\" itemtype=\"https:\/\/schema.org\/CreativeWork\" ><a href='https:\/\/www.klimmer-gmbh.de\/de\/azubi-ausflug-2025\/' data-rel='slide-1' class='slide-image' title='AZUBI-AUSFLUG 2025.'><img decoding=\"async\" fetchpriority=\"high\" width=\"1667\" height=\"1667\" src=\"https:\/\/www.klimmer-gmbh.de\/wp-content\/uploads\/2025\/09\/2023_Klimmer_Azubis_Ausflug.jpg\" class=\"wp-image-8956 avia-img-lazy-loading-not-8956 attachment-portfolio_small size-portfolio_small wp-post-image\" alt=\"Azubi-Ausflug 2025 der Klimmer Group\" srcset=\"https:\/\/www.klimmer-gmbh.de\/wp-content\/uploads\/2025\/09\/2023_Klimmer_Azubis_Ausflug.jpg 1667w, https:\/\/www.klimmer-gmbh.de\/wp-content\/uploads\/2025\/09\/2023_Klimmer_Azubis_Ausflug-300x300.jpg 300w, https:\/\/www.klimmer-gmbh.de\/wp-content\/uploads\/2025\/09\/2023_Klimmer_Azubis_Ausflug-1030x1030.jpg 1030w, https:\/\/www.klimmer-gmbh.de\/wp-content\/uploads\/2025\/09\/2023_Klimmer_Azubis_Ausflug-80x80.jpg 80w, https:\/\/www.klimmer-gmbh.de\/wp-content\/uploads\/2025\/09\/2023_Klimmer_Azubis_Ausflug-768x768.jpg 768w, https:\/\/www.klimmer-gmbh.de\/wp-content\/uploads\/2025\/09\/2023_Klimmer_Azubis_Ausflug-1536x1536.jpg 1536w, https:\/\/www.klimmer-gmbh.de\/wp-content\/uploads\/2025\/09\/2023_Klimmer_Azubis_Ausflug-36x36.jpg 36w, https:\/\/www.klimmer-gmbh.de\/wp-content\/uploads\/2025\/09\/2023_Klimmer_Azubis_Ausflug-1500x1500.jpg 1500w\" sizes=\"(max-width: 1667px) 100vw, 1667px\" \/><\/a><div class=\"slide-content\"><header class=\"entry-content-header\" aria-label=\"Slide: AZUBI-AUSFLUG 2025.\"><h3 class='slide-entry-title entry-title '  itemprop=\"headline\" ><a href='https:\/\/www.klimmer-gmbh.de\/de\/azubi-ausflug-2025\/' title='AZUBI-AUSFLUG 2025.'>AZUBI-AUSFLUG 2025.<\/a><\/h3><span class=\"av-vertical-delimiter\"><\/span><\/header><div class=\"slide-meta\"><time class='slide-meta-time updated'  itemprop=\"datePublished\" datetime=\"2025-09-04T09:42:00+02:00\" >4. September 2025<\/time><\/div><div class='slide-entry-excerpt entry-content'  itemprop=\"text\" >Azubi-Ausflug 2025: Teamgeist und Erlebnisse in M\u00fcnchen.\nNeue Eindr\u00fccke sammeln, Spa\u00df haben und sich besser kennenlernen.<div class=\"read-more-link\"><a href=\"https:\/\/www.klimmer-gmbh.de\/de\/azubi-ausflug-2025\/\" class=\"more-link\">Weiterlesen<span class='more-link-arrow avia-svg-icon avia-font-svg_entypo-fontello' data-av_svg_icon='right-open-big' data-av_iconset='svg_entypo-fontello'><svg version=\"1.1\" xmlns=\"http:\/\/www.w3.org\/2000\/svg\" width=\"15\" height=\"32\" viewBox=\"0 0 15 32\" preserveAspectRatio=\"xMidYMid meet\" role=\"graphics-symbol\" aria-hidden=\"true\">\n<path d=\"M0.416 27.84l11.456-11.84-11.456-11.904q-0.832-0.832 0-1.536 0.832-0.832 1.536 0l12.544 12.608q0.768 0.832 0 1.6l-12.544 12.608q-0.704 0.832-1.536 0-0.832-0.704 0-1.536z\"><\/path>\n<\/svg><\/span><\/a><\/div><\/div><\/div><footer class=\"entry-footer\"><\/footer><span class='hidden'>\n\t\t\t\t<span class='av-structured-data'  itemprop=\"image\" itemscope=\"itemscope\" itemtype=\"https:\/\/schema.org\/ImageObject\" >\n\t\t\t\t\t\t<span itemprop='url'>https:\/\/www.klimmer-gmbh.de\/wp-content\/uploads\/2025\/09\/2023_Klimmer_Azubis_Ausflug.jpg<\/span>\n\t\t\t\t\t\t<span itemprop='height'>1667<\/span>\n\t\t\t\t\t\t<span itemprop='width'>1667<\/span>\n\t\t\t\t<\/span>\n\t\t\t\t<span class='av-structured-data'  itemprop=\"publisher\" itemtype=\"https:\/\/schema.org\/Organization\" itemscope=\"itemscope\" >\n\t\t\t\t\t\t<span itemprop='name'>Agentur Baur<\/span>\n\t\t\t\t\t\t<span itemprop='logo' itemscope itemtype='https:\/\/schema.org\/ImageObject'>\n\t\t\t\t\t\t\t<span itemprop='url'>https:\/\/www.klimmer-gmbh.de\/wp-content\/uploads\/2023\/05\/klimmergmbhde.svg<\/span>\n\t\t\t\t\t\t<\/span>\n\t\t\t\t<\/span><span class='av-structured-data'  itemprop=\"author\" itemscope=\"itemscope\" itemtype=\"https:\/\/schema.org\/Person\" ><span itemprop='name'>Agentur Baur<\/span><\/span><span class='av-structured-data'  itemprop=\"datePublished\" datetime=\"2023-05-27T13:35:19+02:00\" >2025-09-04 09:42:00<\/span><span class='av-structured-data'  itemprop=\"dateModified\" itemtype=\"https:\/\/schema.org\/dateModified\" >2025-10-30 08:57:25<\/span><span class='av-structured-data'  itemprop=\"mainEntityOfPage\" itemtype=\"https:\/\/schema.org\/mainEntityOfPage\" ><span itemprop='name'>AZUBI-AUSFLUG 2025.<\/span><\/span><\/span><\/article><article class='slide-entry flex_column  post-entry post-entry-8376 slide-entry-overview slide-loop-6 slide-parity-even  av_one_fourth  real-thumbnail posttype-post post-format-standard'  itemscope=\"itemscope\" itemtype=\"https:\/\/schema.org\/CreativeWork\" ><a href='https:\/\/www.klimmer-gmbh.de\/de\/ehrung-der-jubilare-2024\/' data-rel='slide-1' class='slide-image' title='EHRUNG DER JUBILARE 2024.'><img decoding=\"async\" fetchpriority=\"high\" width=\"800\" height=\"800\" src=\"https:\/\/www.klimmer-gmbh.de\/wp-content\/uploads\/2025\/02\/2025_Klimmer_Jubilare2024_News2.jpg\" class=\"wp-image-8350 avia-img-lazy-loading-not-8350 attachment-portfolio_small size-portfolio_small wp-post-image\" alt=\"Jubilare 2024 Ernst Klimmer GmbH\" srcset=\"https:\/\/www.klimmer-gmbh.de\/wp-content\/uploads\/2025\/02\/2025_Klimmer_Jubilare2024_News2.jpg 800w, https:\/\/www.klimmer-gmbh.de\/wp-content\/uploads\/2025\/02\/2025_Klimmer_Jubilare2024_News2-300x300.jpg 300w, https:\/\/www.klimmer-gmbh.de\/wp-content\/uploads\/2025\/02\/2025_Klimmer_Jubilare2024_News2-80x80.jpg 80w, https:\/\/www.klimmer-gmbh.de\/wp-content\/uploads\/2025\/02\/2025_Klimmer_Jubilare2024_News2-768x768.jpg 768w, https:\/\/www.klimmer-gmbh.de\/wp-content\/uploads\/2025\/02\/2025_Klimmer_Jubilare2024_News2-36x36.jpg 36w\" sizes=\"(max-width: 800px) 100vw, 800px\" \/><\/a><div class=\"slide-content\"><header class=\"entry-content-header\" aria-label=\"Slide: EHRUNG DER JUBILARE 2024.\"><h3 class='slide-entry-title entry-title '  itemprop=\"headline\" ><a href='https:\/\/www.klimmer-gmbh.de\/de\/ehrung-der-jubilare-2024\/' title='EHRUNG DER JUBILARE 2024.'>EHRUNG DER JUBILARE 2024.<\/a><\/h3><span class=\"av-vertical-delimiter\"><\/span><\/header><div class=\"slide-meta\"><time class='slide-meta-time updated'  itemprop=\"datePublished\" datetime=\"2025-01-16T13:22:31+01:00\" >16. Januar 2025<\/time><\/div><div class='slide-entry-excerpt entry-content'  itemprop=\"text\" >330 Jahre Erfahrung, Engagement und Treue. Ehrung der Jubilare der Ernst Klimmer GmbH am 16.01.2025.<div class=\"read-more-link\"><a href=\"https:\/\/www.klimmer-gmbh.de\/de\/ehrung-der-jubilare-2024\/\" class=\"more-link\">Weiterlesen<span class='more-link-arrow avia-svg-icon avia-font-svg_entypo-fontello' data-av_svg_icon='right-open-big' data-av_iconset='svg_entypo-fontello'><svg version=\"1.1\" xmlns=\"http:\/\/www.w3.org\/2000\/svg\" width=\"15\" height=\"32\" viewBox=\"0 0 15 32\" preserveAspectRatio=\"xMidYMid meet\" role=\"graphics-symbol\" aria-hidden=\"true\">\n<path d=\"M0.416 27.84l11.456-11.84-11.456-11.904q-0.832-0.832 0-1.536 0.832-0.832 1.536 0l12.544 12.608q0.768 0.832 0 1.6l-12.544 12.608q-0.704 0.832-1.536 0-0.832-0.704 0-1.536z\"><\/path>\n<\/svg><\/span><\/a><\/div><\/div><\/div><footer class=\"entry-footer\"><\/footer><span class='hidden'>\n\t\t\t\t<span class='av-structured-data'  itemprop=\"image\" itemscope=\"itemscope\" itemtype=\"https:\/\/schema.org\/ImageObject\" >\n\t\t\t\t\t\t<span itemprop='url'>https:\/\/www.klimmer-gmbh.de\/wp-content\/uploads\/2025\/02\/2025_Klimmer_Jubilare2024_News2.jpg<\/span>\n\t\t\t\t\t\t<span itemprop='height'>800<\/span>\n\t\t\t\t\t\t<span itemprop='width'>800<\/span>\n\t\t\t\t<\/span>\n\t\t\t\t<span class='av-structured-data'  itemprop=\"publisher\" itemtype=\"https:\/\/schema.org\/Organization\" itemscope=\"itemscope\" >\n\t\t\t\t\t\t<span itemprop='name'>Agentur Baur<\/span>\n\t\t\t\t\t\t<span itemprop='logo' itemscope itemtype='https:\/\/schema.org\/ImageObject'>\n\t\t\t\t\t\t\t<span itemprop='url'>https:\/\/www.klimmer-gmbh.de\/wp-content\/uploads\/2023\/05\/klimmergmbhde.svg<\/span>\n\t\t\t\t\t\t<\/span>\n\t\t\t\t<\/span><span class='av-structured-data'  itemprop=\"author\" itemscope=\"itemscope\" itemtype=\"https:\/\/schema.org\/Person\" ><span itemprop='name'>Agentur Baur<\/span><\/span><span class='av-structured-data'  itemprop=\"datePublished\" datetime=\"2023-05-27T13:35:19+02:00\" >2025-01-16 13:22:31<\/span><span class='av-structured-data'  itemprop=\"dateModified\" itemtype=\"https:\/\/schema.org\/dateModified\" >2025-02-04 13:26:45<\/span><span class='av-structured-data'  itemprop=\"mainEntityOfPage\" itemtype=\"https:\/\/schema.org\/mainEntityOfPage\" ><span itemprop='name'>EHRUNG DER JUBILARE 2024.<\/span><\/span><\/span><\/article><article class='slide-entry flex_column  post-entry post-entry-8366 slide-entry-overview slide-loop-7 slide-parity-odd  av_one_fourth  real-thumbnail posttype-post post-format-standard'  itemscope=\"itemscope\" itemtype=\"https:\/\/schema.org\/CreativeWork\" ><a href='https:\/\/www.klimmer-gmbh.de\/de\/infotag-ausbildung-und-studium\/' data-rel='slide-1' class='slide-image' title='INFOTAG AUSBILDUNG UND STUDIUM.'><img decoding=\"async\" fetchpriority=\"high\" width=\"600\" height=\"600\" src=\"https:\/\/www.klimmer-gmbh.de\/wp-content\/uploads\/2025\/02\/BSB_BWB_Beitrag_Infotag2024_600x600.jpg\" class=\"wp-image-8372 avia-img-lazy-loading-not-8372 attachment-portfolio_small size-portfolio_small wp-post-image\" alt=\"\" srcset=\"https:\/\/www.klimmer-gmbh.de\/wp-content\/uploads\/2025\/02\/BSB_BWB_Beitrag_Infotag2024_600x600.jpg 600w, https:\/\/www.klimmer-gmbh.de\/wp-content\/uploads\/2025\/02\/BSB_BWB_Beitrag_Infotag2024_600x600-300x300.jpg 300w, https:\/\/www.klimmer-gmbh.de\/wp-content\/uploads\/2025\/02\/BSB_BWB_Beitrag_Infotag2024_600x600-80x80.jpg 80w, https:\/\/www.klimmer-gmbh.de\/wp-content\/uploads\/2025\/02\/BSB_BWB_Beitrag_Infotag2024_600x600-36x36.jpg 36w\" sizes=\"(max-width: 600px) 100vw, 600px\" \/><\/a><div class=\"slide-content\"><header class=\"entry-content-header\" aria-label=\"Slide: INFOTAG AUSBILDUNG UND STUDIUM.\"><h3 class='slide-entry-title entry-title '  itemprop=\"headline\" ><a href='https:\/\/www.klimmer-gmbh.de\/de\/infotag-ausbildung-und-studium\/' title='INFOTAG AUSBILDUNG UND STUDIUM.'>INFOTAG AUSBILDUNG UND STUDIUM.<\/a><\/h3><span class=\"av-vertical-delimiter\"><\/span><\/header><div class=\"slide-meta\"><time class='slide-meta-time updated'  itemprop=\"datePublished\" datetime=\"2024-11-13T13:14:17+01:00\" >13. November 2024<\/time><\/div><div class='slide-entry-excerpt entry-content'  itemprop=\"text\" >INFOTAG BEGEISTERT JUNG UND ALT.\nKlimmer Group begeistert mit spannenden Aktionen und vielf\u00e4ltigen Infos rund um Ausbildung und Studium.<div class=\"read-more-link\"><a href=\"https:\/\/www.klimmer-gmbh.de\/de\/infotag-ausbildung-und-studium\/\" class=\"more-link\">Weiterlesen<span class='more-link-arrow avia-svg-icon avia-font-svg_entypo-fontello' data-av_svg_icon='right-open-big' data-av_iconset='svg_entypo-fontello'><svg version=\"1.1\" xmlns=\"http:\/\/www.w3.org\/2000\/svg\" width=\"15\" height=\"32\" viewBox=\"0 0 15 32\" preserveAspectRatio=\"xMidYMid meet\" role=\"graphics-symbol\" aria-hidden=\"true\">\n<path d=\"M0.416 27.84l11.456-11.84-11.456-11.904q-0.832-0.832 0-1.536 0.832-0.832 1.536 0l12.544 12.608q0.768 0.832 0 1.6l-12.544 12.608q-0.704 0.832-1.536 0-0.832-0.704 0-1.536z\"><\/path>\n<\/svg><\/span><\/a><\/div><\/div><\/div><footer class=\"entry-footer\"><\/footer><span class='hidden'>\n\t\t\t\t<span class='av-structured-data'  itemprop=\"image\" itemscope=\"itemscope\" itemtype=\"https:\/\/schema.org\/ImageObject\" >\n\t\t\t\t\t\t<span itemprop='url'>https:\/\/www.klimmer-gmbh.de\/wp-content\/uploads\/2025\/02\/BSB_BWB_Beitrag_Infotag2024_600x600.jpg<\/span>\n\t\t\t\t\t\t<span itemprop='height'>600<\/span>\n\t\t\t\t\t\t<span itemprop='width'>600<\/span>\n\t\t\t\t<\/span>\n\t\t\t\t<span class='av-structured-data'  itemprop=\"publisher\" itemtype=\"https:\/\/schema.org\/Organization\" itemscope=\"itemscope\" >\n\t\t\t\t\t\t<span itemprop='name'>Agentur Baur<\/span>\n\t\t\t\t\t\t<span itemprop='logo' itemscope itemtype='https:\/\/schema.org\/ImageObject'>\n\t\t\t\t\t\t\t<span itemprop='url'>https:\/\/www.klimmer-gmbh.de\/wp-content\/uploads\/2023\/05\/klimmergmbhde.svg<\/span>\n\t\t\t\t\t\t<\/span>\n\t\t\t\t<\/span><span class='av-structured-data'  itemprop=\"author\" itemscope=\"itemscope\" itemtype=\"https:\/\/schema.org\/Person\" ><span itemprop='name'>Agentur Baur<\/span><\/span><span class='av-structured-data'  itemprop=\"datePublished\" datetime=\"2023-05-27T13:35:19+02:00\" >2024-11-13 13:14:17<\/span><span class='av-structured-data'  itemprop=\"dateModified\" itemtype=\"https:\/\/schema.org\/dateModified\" >2025-02-04 13:21:55<\/span><span class='av-structured-data'  itemprop=\"mainEntityOfPage\" itemtype=\"https:\/\/schema.org\/mainEntityOfPage\" ><span itemprop='name'>INFOTAG AUSBILDUNG UND STUDIUM.<\/span><\/span><\/span><\/article><article class='slide-entry flex_column  post-entry post-entry-8352 slide-entry-overview slide-loop-8 slide-parity-even  av_one_fourth  real-thumbnail posttype-post post-format-standard'  itemscope=\"itemscope\" itemtype=\"https:\/\/schema.org\/CreativeWork\" ><a href='https:\/\/www.klimmer-gmbh.de\/de\/infotag-ausbildung-und-studium-2024\/' data-rel='slide-1' class='slide-image' title='INFOTAG AUSBILDUNG UND STUDIUM 2024.'><img decoding=\"async\" fetchpriority=\"high\" width=\"1250\" height=\"1050\" src=\"https:\/\/www.klimmer-gmbh.de\/wp-content\/uploads\/2025\/02\/Tag-der-Ausbildung_neben_Text_1250x1050.jpg\" class=\"wp-image-8358 avia-img-lazy-loading-not-8358 attachment-portfolio_small size-portfolio_small wp-post-image\" alt=\"\" srcset=\"https:\/\/www.klimmer-gmbh.de\/wp-content\/uploads\/2025\/02\/Tag-der-Ausbildung_neben_Text_1250x1050.jpg 1250w, https:\/\/www.klimmer-gmbh.de\/wp-content\/uploads\/2025\/02\/Tag-der-Ausbildung_neben_Text_1250x1050-300x252.jpg 300w, https:\/\/www.klimmer-gmbh.de\/wp-content\/uploads\/2025\/02\/Tag-der-Ausbildung_neben_Text_1250x1050-1030x865.jpg 1030w, https:\/\/www.klimmer-gmbh.de\/wp-content\/uploads\/2025\/02\/Tag-der-Ausbildung_neben_Text_1250x1050-768x645.jpg 768w\" sizes=\"(max-width: 1250px) 100vw, 1250px\" \/><\/a><div class=\"slide-content\"><header class=\"entry-content-header\" aria-label=\"Slide: INFOTAG AUSBILDUNG UND STUDIUM 2024.\"><h3 class='slide-entry-title entry-title '  itemprop=\"headline\" ><a href='https:\/\/www.klimmer-gmbh.de\/de\/infotag-ausbildung-und-studium-2024\/' title='INFOTAG AUSBILDUNG UND STUDIUM 2024.'>INFOTAG AUSBILDUNG UND STUDIUM 2024.<\/a><\/h3><span class=\"av-vertical-delimiter\"><\/span><\/header><div class=\"slide-meta\"><time class='slide-meta-time updated'  itemprop=\"datePublished\" datetime=\"2024-11-08T13:12:15+01:00\" >8. November 2024<\/time><\/div><div class='slide-entry-excerpt entry-content'  itemprop=\"text\" >KARRIERE BEI KLIMMER LIVE ERLEBEN. Die Klimmer Group l\u00e4dt alle Interessierten herzlich zum Infotag Ausbildung & Studium am 9. November 2024 im Geb\u00e4ude der Ernst Klimmer GmbH.<div class=\"read-more-link\"><a href=\"https:\/\/www.klimmer-gmbh.de\/de\/infotag-ausbildung-und-studium-2024\/\" class=\"more-link\">Weiterlesen<span class='more-link-arrow avia-svg-icon avia-font-svg_entypo-fontello' data-av_svg_icon='right-open-big' data-av_iconset='svg_entypo-fontello'><svg version=\"1.1\" xmlns=\"http:\/\/www.w3.org\/2000\/svg\" width=\"15\" height=\"32\" viewBox=\"0 0 15 32\" preserveAspectRatio=\"xMidYMid meet\" role=\"graphics-symbol\" aria-hidden=\"true\">\n<path d=\"M0.416 27.84l11.456-11.84-11.456-11.904q-0.832-0.832 0-1.536 0.832-0.832 1.536 0l12.544 12.608q0.768 0.832 0 1.6l-12.544 12.608q-0.704 0.832-1.536 0-0.832-0.704 0-1.536z\"><\/path>\n<\/svg><\/span><\/a><\/div><\/div><\/div><footer class=\"entry-footer\"><\/footer><span class='hidden'>\n\t\t\t\t<span class='av-structured-data'  itemprop=\"image\" itemscope=\"itemscope\" itemtype=\"https:\/\/schema.org\/ImageObject\" >\n\t\t\t\t\t\t<span itemprop='url'>https:\/\/www.klimmer-gmbh.de\/wp-content\/uploads\/2025\/02\/Tag-der-Ausbildung_neben_Text_1250x1050.jpg<\/span>\n\t\t\t\t\t\t<span itemprop='height'>1050<\/span>\n\t\t\t\t\t\t<span itemprop='width'>1250<\/span>\n\t\t\t\t<\/span>\n\t\t\t\t<span class='av-structured-data'  itemprop=\"publisher\" itemtype=\"https:\/\/schema.org\/Organization\" itemscope=\"itemscope\" >\n\t\t\t\t\t\t<span itemprop='name'>Agentur Baur<\/span>\n\t\t\t\t\t\t<span itemprop='logo' itemscope itemtype='https:\/\/schema.org\/ImageObject'>\n\t\t\t\t\t\t\t<span itemprop='url'>https:\/\/www.klimmer-gmbh.de\/wp-content\/uploads\/2023\/05\/klimmergmbhde.svg<\/span>\n\t\t\t\t\t\t<\/span>\n\t\t\t\t<\/span><span class='av-structured-data'  itemprop=\"author\" itemscope=\"itemscope\" itemtype=\"https:\/\/schema.org\/Person\" ><span itemprop='name'>Agentur Baur<\/span><\/span><span class='av-structured-data'  itemprop=\"datePublished\" datetime=\"2023-05-27T13:35:19+02:00\" >2024-11-08 13:12:15<\/span><span class='av-structured-data'  itemprop=\"dateModified\" itemtype=\"https:\/\/schema.org\/dateModified\" >2025-10-30 09:15:48<\/span><span class='av-structured-data'  itemprop=\"mainEntityOfPage\" itemtype=\"https:\/\/schema.org\/mainEntityOfPage\" ><span itemprop='name'>INFOTAG AUSBILDUNG UND STUDIUM 2024.<\/span><\/span><\/span><\/article><\/div><div class=\"slide-entry-wrap\"><article class='slide-entry flex_column  post-entry post-entry-7615 slide-entry-overview slide-loop-9 slide-parity-odd  av_one_fourth first real-thumbnail posttype-post post-format-standard'  itemscope=\"itemscope\" itemtype=\"https:\/\/schema.org\/CreativeWork\" ><a href='https:\/\/www.klimmer-gmbh.de\/de\/jubilare-2023\/' data-rel='slide-1' class='slide-image' title='EHRUNG DER JUBILARE 2023.'><img decoding=\"async\" fetchpriority=\"high\" width=\"1667\" height=\"1667\" src=\"https:\/\/www.klimmer-gmbh.de\/wp-content\/uploads\/2024\/01\/2023_Klimmer_Jubilare2.jpg\" class=\"wp-image-7621 avia-img-lazy-loading-not-7621 attachment-portfolio_small size-portfolio_small wp-post-image\" alt=\"Jubilare 2023\" srcset=\"https:\/\/www.klimmer-gmbh.de\/wp-content\/uploads\/2024\/01\/2023_Klimmer_Jubilare2.jpg 1667w, https:\/\/www.klimmer-gmbh.de\/wp-content\/uploads\/2024\/01\/2023_Klimmer_Jubilare2-300x300.jpg 300w, https:\/\/www.klimmer-gmbh.de\/wp-content\/uploads\/2024\/01\/2023_Klimmer_Jubilare2-1030x1030.jpg 1030w, https:\/\/www.klimmer-gmbh.de\/wp-content\/uploads\/2024\/01\/2023_Klimmer_Jubilare2-80x80.jpg 80w, https:\/\/www.klimmer-gmbh.de\/wp-content\/uploads\/2024\/01\/2023_Klimmer_Jubilare2-768x768.jpg 768w, https:\/\/www.klimmer-gmbh.de\/wp-content\/uploads\/2024\/01\/2023_Klimmer_Jubilare2-1536x1536.jpg 1536w, https:\/\/www.klimmer-gmbh.de\/wp-content\/uploads\/2024\/01\/2023_Klimmer_Jubilare2-36x36.jpg 36w, https:\/\/www.klimmer-gmbh.de\/wp-content\/uploads\/2024\/01\/2023_Klimmer_Jubilare2-1500x1500.jpg 1500w\" sizes=\"(max-width: 1667px) 100vw, 1667px\" \/><\/a><div class=\"slide-content\"><header class=\"entry-content-header\" aria-label=\"Slide: EHRUNG DER JUBILARE 2023.\"><h3 class='slide-entry-title entry-title '  itemprop=\"headline\" ><a href='https:\/\/www.klimmer-gmbh.de\/de\/jubilare-2023\/' title='EHRUNG DER JUBILARE 2023.'>EHRUNG DER JUBILARE 2023.<\/a><\/h3><span class=\"av-vertical-delimiter\"><\/span><\/header><div class=\"slide-meta\"><time class='slide-meta-time updated'  itemprop=\"datePublished\" datetime=\"2024-01-24T09:35:34+01:00\" >24. Januar 2024<\/time><\/div><div class='slide-entry-excerpt entry-content'  itemprop=\"text\" >Ehrung der Jubilare der Ernst Klimmer GmbH am 18.01.2024.<div class=\"read-more-link\"><a href=\"https:\/\/www.klimmer-gmbh.de\/de\/jubilare-2023\/\" class=\"more-link\">Weiterlesen<span class='more-link-arrow avia-svg-icon avia-font-svg_entypo-fontello' data-av_svg_icon='right-open-big' data-av_iconset='svg_entypo-fontello'><svg version=\"1.1\" xmlns=\"http:\/\/www.w3.org\/2000\/svg\" width=\"15\" height=\"32\" viewBox=\"0 0 15 32\" preserveAspectRatio=\"xMidYMid meet\" role=\"graphics-symbol\" aria-hidden=\"true\">\n<path d=\"M0.416 27.84l11.456-11.84-11.456-11.904q-0.832-0.832 0-1.536 0.832-0.832 1.536 0l12.544 12.608q0.768 0.832 0 1.6l-12.544 12.608q-0.704 0.832-1.536 0-0.832-0.704 0-1.536z\"><\/path>\n<\/svg><\/span><\/a><\/div><\/div><\/div><footer class=\"entry-footer\"><\/footer><span class='hidden'>\n\t\t\t\t<span class='av-structured-data'  itemprop=\"image\" itemscope=\"itemscope\" itemtype=\"https:\/\/schema.org\/ImageObject\" >\n\t\t\t\t\t\t<span itemprop='url'>https:\/\/www.klimmer-gmbh.de\/wp-content\/uploads\/2024\/01\/2023_Klimmer_Jubilare2.jpg<\/span>\n\t\t\t\t\t\t<span itemprop='height'>1667<\/span>\n\t\t\t\t\t\t<span itemprop='width'>1667<\/span>\n\t\t\t\t<\/span>\n\t\t\t\t<span class='av-structured-data'  itemprop=\"publisher\" itemtype=\"https:\/\/schema.org\/Organization\" itemscope=\"itemscope\" >\n\t\t\t\t\t\t<span itemprop='name'>Agentur Baur<\/span>\n\t\t\t\t\t\t<span itemprop='logo' itemscope itemtype='https:\/\/schema.org\/ImageObject'>\n\t\t\t\t\t\t\t<span itemprop='url'>https:\/\/www.klimmer-gmbh.de\/wp-content\/uploads\/2023\/05\/klimmergmbhde.svg<\/span>\n\t\t\t\t\t\t<\/span>\n\t\t\t\t<\/span><span class='av-structured-data'  itemprop=\"author\" itemscope=\"itemscope\" itemtype=\"https:\/\/schema.org\/Person\" ><span itemprop='name'>Agentur Baur<\/span><\/span><span class='av-structured-data'  itemprop=\"datePublished\" datetime=\"2023-05-27T13:35:19+02:00\" >2024-01-24 09:35:34<\/span><span class='av-structured-data'  itemprop=\"dateModified\" itemtype=\"https:\/\/schema.org\/dateModified\" >2024-03-25 16:43:11<\/span><span class='av-structured-data'  itemprop=\"mainEntityOfPage\" itemtype=\"https:\/\/schema.org\/mainEntityOfPage\" ><span itemprop='name'>EHRUNG DER JUBILARE 2023.<\/span><\/span><\/span><\/article><article class='slide-entry flex_column  post-entry post-entry-7605 slide-entry-overview slide-loop-10 slide-parity-even  av_one_fourth  real-thumbnail posttype-post post-format-standard'  itemscope=\"itemscope\" itemtype=\"https:\/\/schema.org\/CreativeWork\" ><a href='https:\/\/www.klimmer-gmbh.de\/de\/ausbildungsvideo-atv\/' data-rel='slide-1' class='slide-image' title='AUSBILDUNGSPROGRAMM AUF A.TV.'><img decoding=\"async\" fetchpriority=\"high\" width=\"800\" height=\"800\" src=\"https:\/\/www.klimmer-gmbh.de\/wp-content\/uploads\/2024\/01\/2023_Klimmer_atv-Beitrag.jpg\" class=\"wp-image-7611 avia-img-lazy-loading-not-7611 attachment-portfolio_small size-portfolio_small wp-post-image\" alt=\"Ausbildungsbeitrag a.tv\" srcset=\"https:\/\/www.klimmer-gmbh.de\/wp-content\/uploads\/2024\/01\/2023_Klimmer_atv-Beitrag.jpg 800w, https:\/\/www.klimmer-gmbh.de\/wp-content\/uploads\/2024\/01\/2023_Klimmer_atv-Beitrag-300x300.jpg 300w, https:\/\/www.klimmer-gmbh.de\/wp-content\/uploads\/2024\/01\/2023_Klimmer_atv-Beitrag-80x80.jpg 80w, https:\/\/www.klimmer-gmbh.de\/wp-content\/uploads\/2024\/01\/2023_Klimmer_atv-Beitrag-768x768.jpg 768w, https:\/\/www.klimmer-gmbh.de\/wp-content\/uploads\/2024\/01\/2023_Klimmer_atv-Beitrag-36x36.jpg 36w\" sizes=\"(max-width: 800px) 100vw, 800px\" \/><\/a><div class=\"slide-content\"><header class=\"entry-content-header\" aria-label=\"Slide: AUSBILDUNGSPROGRAMM AUF A.TV.\"><h3 class='slide-entry-title entry-title '  itemprop=\"headline\" ><a href='https:\/\/www.klimmer-gmbh.de\/de\/ausbildungsvideo-atv\/' title='AUSBILDUNGSPROGRAMM AUF A.TV.'>AUSBILDUNGSPROGRAMM AUF A.TV.<\/a><\/h3><span class=\"av-vertical-delimiter\"><\/span><\/header><div class=\"slide-meta\"><time class='slide-meta-time updated'  itemprop=\"datePublished\" datetime=\"2023-10-25T09:20:00+02:00\" >25. Oktober 2023<\/time><\/div><div class='slide-entry-excerpt entry-content'  itemprop=\"text\" >augsburg.tv war bei uns zu Besuch und hat einen tollen Beitrag \u00fcber die Ausbildungsm\u00f6glichkeiten bei der Klimmer Group gedreht. Erfahre, was Dich w\u00e4hrend Deiner Ausbildung bei der Ernst Klimmer GmbH erwartet und worauf Du Dich freuen darfst.<div class=\"read-more-link\"><a href=\"https:\/\/www.klimmer-gmbh.de\/de\/ausbildungsvideo-atv\/\" class=\"more-link\">Weiterlesen<span class='more-link-arrow avia-svg-icon avia-font-svg_entypo-fontello' data-av_svg_icon='right-open-big' data-av_iconset='svg_entypo-fontello'><svg version=\"1.1\" xmlns=\"http:\/\/www.w3.org\/2000\/svg\" width=\"15\" height=\"32\" viewBox=\"0 0 15 32\" preserveAspectRatio=\"xMidYMid meet\" role=\"graphics-symbol\" aria-hidden=\"true\">\n<path d=\"M0.416 27.84l11.456-11.84-11.456-11.904q-0.832-0.832 0-1.536 0.832-0.832 1.536 0l12.544 12.608q0.768 0.832 0 1.6l-12.544 12.608q-0.704 0.832-1.536 0-0.832-0.704 0-1.536z\"><\/path>\n<\/svg><\/span><\/a><\/div><\/div><\/div><footer class=\"entry-footer\"><\/footer><span class='hidden'>\n\t\t\t\t<span class='av-structured-data'  itemprop=\"image\" itemscope=\"itemscope\" itemtype=\"https:\/\/schema.org\/ImageObject\" >\n\t\t\t\t\t\t<span itemprop='url'>https:\/\/www.klimmer-gmbh.de\/wp-content\/uploads\/2024\/01\/2023_Klimmer_atv-Beitrag.jpg<\/span>\n\t\t\t\t\t\t<span itemprop='height'>800<\/span>\n\t\t\t\t\t\t<span itemprop='width'>800<\/span>\n\t\t\t\t<\/span>\n\t\t\t\t<span class='av-structured-data'  itemprop=\"publisher\" itemtype=\"https:\/\/schema.org\/Organization\" itemscope=\"itemscope\" >\n\t\t\t\t\t\t<span itemprop='name'>Agentur Baur<\/span>\n\t\t\t\t\t\t<span itemprop='logo' itemscope itemtype='https:\/\/schema.org\/ImageObject'>\n\t\t\t\t\t\t\t<span itemprop='url'>https:\/\/www.klimmer-gmbh.de\/wp-content\/uploads\/2023\/05\/klimmergmbhde.svg<\/span>\n\t\t\t\t\t\t<\/span>\n\t\t\t\t<\/span><span class='av-structured-data'  itemprop=\"author\" itemscope=\"itemscope\" itemtype=\"https:\/\/schema.org\/Person\" ><span itemprop='name'>Agentur Baur<\/span><\/span><span class='av-structured-data'  itemprop=\"datePublished\" datetime=\"2023-05-27T13:35:19+02:00\" >2023-10-25 09:20:00<\/span><span class='av-structured-data'  itemprop=\"dateModified\" itemtype=\"https:\/\/schema.org\/dateModified\" >2024-01-24 09:30:02<\/span><span class='av-structured-data'  itemprop=\"mainEntityOfPage\" itemtype=\"https:\/\/schema.org\/mainEntityOfPage\" ><span itemprop='name'>AUSBILDUNGSPROGRAMM AUF A.TV.<\/span><\/span><\/span><\/article><article class='slide-entry flex_column  post-entry post-entry-7830 slide-entry-overview slide-loop-11 slide-parity-odd  av_one_fourth  real-thumbnail posttype-post post-format-standard'  itemscope=\"itemscope\" itemtype=\"https:\/\/schema.org\/CreativeWork\" ><a href='https:\/\/www.klimmer-gmbh.de\/de\/neue-azubis-bei-klimmer\/' data-rel='slide-1' class='slide-image' title='NEUE AUSZUBILDENDE 2023.'><img decoding=\"async\" fetchpriority=\"high\" width=\"800\" height=\"800\" src=\"https:\/\/www.klimmer-gmbh.de\/wp-content\/uploads\/2024\/03\/NEWS_5_Sept_2023_Klimmer_Azubis6-800x800-1.jpg\" class=\"wp-image-7836 avia-img-lazy-loading-not-7836 attachment-portfolio_small size-portfolio_small wp-post-image\" alt=\"\" srcset=\"https:\/\/www.klimmer-gmbh.de\/wp-content\/uploads\/2024\/03\/NEWS_5_Sept_2023_Klimmer_Azubis6-800x800-1.jpg 800w, https:\/\/www.klimmer-gmbh.de\/wp-content\/uploads\/2024\/03\/NEWS_5_Sept_2023_Klimmer_Azubis6-800x800-1-300x300.jpg 300w, https:\/\/www.klimmer-gmbh.de\/wp-content\/uploads\/2024\/03\/NEWS_5_Sept_2023_Klimmer_Azubis6-800x800-1-80x80.jpg 80w, https:\/\/www.klimmer-gmbh.de\/wp-content\/uploads\/2024\/03\/NEWS_5_Sept_2023_Klimmer_Azubis6-800x800-1-768x768.jpg 768w, https:\/\/www.klimmer-gmbh.de\/wp-content\/uploads\/2024\/03\/NEWS_5_Sept_2023_Klimmer_Azubis6-800x800-1-36x36.jpg 36w\" sizes=\"(max-width: 800px) 100vw, 800px\" \/><\/a><div class=\"slide-content\"><header class=\"entry-content-header\" aria-label=\"Slide: NEUE AUSZUBILDENDE 2023.\"><h3 class='slide-entry-title entry-title '  itemprop=\"headline\" ><a href='https:\/\/www.klimmer-gmbh.de\/de\/neue-azubis-bei-klimmer\/' title='NEUE AUSZUBILDENDE 2023.'>NEUE AUSZUBILDENDE 2023.<\/a><\/h3><span class=\"av-vertical-delimiter\"><\/span><\/header><div class=\"slide-meta\"><time class='slide-meta-time updated'  itemprop=\"datePublished\" datetime=\"2023-09-05T16:58:00+02:00\" >5. September 2023<\/time><\/div><div class='slide-entry-excerpt entry-content'  itemprop=\"text\" >Neue Auszubildende bei der Klimmer Group.<div class=\"read-more-link\"><a href=\"https:\/\/www.klimmer-gmbh.de\/de\/neue-azubis-bei-klimmer\/\" class=\"more-link\">Weiterlesen<span class='more-link-arrow avia-svg-icon avia-font-svg_entypo-fontello' data-av_svg_icon='right-open-big' data-av_iconset='svg_entypo-fontello'><svg version=\"1.1\" xmlns=\"http:\/\/www.w3.org\/2000\/svg\" width=\"15\" height=\"32\" viewBox=\"0 0 15 32\" preserveAspectRatio=\"xMidYMid meet\" role=\"graphics-symbol\" aria-hidden=\"true\">\n<path d=\"M0.416 27.84l11.456-11.84-11.456-11.904q-0.832-0.832 0-1.536 0.832-0.832 1.536 0l12.544 12.608q0.768 0.832 0 1.6l-12.544 12.608q-0.704 0.832-1.536 0-0.832-0.704 0-1.536z\"><\/path>\n<\/svg><\/span><\/a><\/div><\/div><\/div><footer class=\"entry-footer\"><\/footer><span class='hidden'>\n\t\t\t\t<span class='av-structured-data'  itemprop=\"image\" itemscope=\"itemscope\" itemtype=\"https:\/\/schema.org\/ImageObject\" >\n\t\t\t\t\t\t<span itemprop='url'>https:\/\/www.klimmer-gmbh.de\/wp-content\/uploads\/2024\/03\/NEWS_5_Sept_2023_Klimmer_Azubis6-800x800-1.jpg<\/span>\n\t\t\t\t\t\t<span itemprop='height'>800<\/span>\n\t\t\t\t\t\t<span itemprop='width'>800<\/span>\n\t\t\t\t<\/span>\n\t\t\t\t<span class='av-structured-data'  itemprop=\"publisher\" itemtype=\"https:\/\/schema.org\/Organization\" itemscope=\"itemscope\" >\n\t\t\t\t\t\t<span itemprop='name'>Agentur Baur<\/span>\n\t\t\t\t\t\t<span itemprop='logo' itemscope itemtype='https:\/\/schema.org\/ImageObject'>\n\t\t\t\t\t\t\t<span itemprop='url'>https:\/\/www.klimmer-gmbh.de\/wp-content\/uploads\/2023\/05\/klimmergmbhde.svg<\/span>\n\t\t\t\t\t\t<\/span>\n\t\t\t\t<\/span><span class='av-structured-data'  itemprop=\"author\" itemscope=\"itemscope\" itemtype=\"https:\/\/schema.org\/Person\" ><span itemprop='name'>Agentur Baur<\/span><\/span><span class='av-structured-data'  itemprop=\"datePublished\" datetime=\"2023-05-27T13:35:19+02:00\" >2023-09-05 16:58:00<\/span><span class='av-structured-data'  itemprop=\"dateModified\" itemtype=\"https:\/\/schema.org\/dateModified\" >2024-03-26 07:56:44<\/span><span class='av-structured-data'  itemprop=\"mainEntityOfPage\" itemtype=\"https:\/\/schema.org\/mainEntityOfPage\" ><span itemprop='name'>NEUE AUSZUBILDENDE 2023.<\/span><\/span><\/span><\/article><article class='slide-entry flex_column  post-entry post-entry-5160 slide-entry-overview slide-loop-12 slide-parity-even  av_one_fourth  real-thumbnail posttype-post post-format-standard'  itemscope=\"itemscope\" itemtype=\"https:\/\/schema.org\/CreativeWork\" ><a href='https:\/\/www.klimmer-gmbh.de\/de\/neue-azubis-2022\/' data-rel='slide-1' class='slide-image' title='ADAC GT MASTERS 2023.'><img decoding=\"async\" fetchpriority=\"high\" width=\"800\" height=\"800\" src=\"https:\/\/www.klimmer-gmbh.de\/wp-content\/uploads\/2023\/05\/ADAC_NewsBeitragsbild_800x800.jpg\" class=\"wp-image-7407 avia-img-lazy-loading-not-7407 attachment-portfolio_small size-portfolio_small wp-post-image\" alt=\"\" srcset=\"https:\/\/www.klimmer-gmbh.de\/wp-content\/uploads\/2023\/05\/ADAC_NewsBeitragsbild_800x800.jpg 800w, https:\/\/www.klimmer-gmbh.de\/wp-content\/uploads\/2023\/05\/ADAC_NewsBeitragsbild_800x800-300x300.jpg 300w, https:\/\/www.klimmer-gmbh.de\/wp-content\/uploads\/2023\/05\/ADAC_NewsBeitragsbild_800x800-80x80.jpg 80w, https:\/\/www.klimmer-gmbh.de\/wp-content\/uploads\/2023\/05\/ADAC_NewsBeitragsbild_800x800-768x768.jpg 768w, https:\/\/www.klimmer-gmbh.de\/wp-content\/uploads\/2023\/05\/ADAC_NewsBeitragsbild_800x800-36x36.jpg 36w\" sizes=\"(max-width: 800px) 100vw, 800px\" \/><\/a><div class=\"slide-content\"><header class=\"entry-content-header\" aria-label=\"Slide: ADAC GT MASTERS 2023.\"><h3 class='slide-entry-title entry-title '  itemprop=\"headline\" ><a href='https:\/\/www.klimmer-gmbh.de\/de\/neue-azubis-2022\/' title='ADAC GT MASTERS 2023.'>ADAC GT MASTERS 2023.<\/a><\/h3><span class=\"av-vertical-delimiter\"><\/span><\/header><div class=\"slide-meta\"><time class='slide-meta-time updated'  itemprop=\"datePublished\" datetime=\"2023-05-02T09:48:55+02:00\" >2. Mai 2023<\/time><\/div><div class='slide-entry-excerpt entry-content'  itemprop=\"text\" >Die Ernst Klimmer GmbH unterst\u00fctzt auch 2023 das Team JOOS Sportwagentechnik bei den ADAC GT MASTERS.<div class=\"read-more-link\"><a href=\"https:\/\/www.klimmer-gmbh.de\/de\/neue-azubis-2022\/\" class=\"more-link\">Weiterlesen<span class='more-link-arrow avia-svg-icon avia-font-svg_entypo-fontello' data-av_svg_icon='right-open-big' data-av_iconset='svg_entypo-fontello'><svg version=\"1.1\" xmlns=\"http:\/\/www.w3.org\/2000\/svg\" width=\"15\" height=\"32\" viewBox=\"0 0 15 32\" preserveAspectRatio=\"xMidYMid meet\" role=\"graphics-symbol\" aria-hidden=\"true\">\n<path d=\"M0.416 27.84l11.456-11.84-11.456-11.904q-0.832-0.832 0-1.536 0.832-0.832 1.536 0l12.544 12.608q0.768 0.832 0 1.6l-12.544 12.608q-0.704 0.832-1.536 0-0.832-0.704 0-1.536z\"><\/path>\n<\/svg><\/span><\/a><\/div><\/div><\/div><footer class=\"entry-footer\"><\/footer><span class='hidden'>\n\t\t\t\t<span class='av-structured-data'  itemprop=\"image\" itemscope=\"itemscope\" itemtype=\"https:\/\/schema.org\/ImageObject\" >\n\t\t\t\t\t\t<span itemprop='url'>https:\/\/www.klimmer-gmbh.de\/wp-content\/uploads\/2023\/05\/ADAC_NewsBeitragsbild_800x800.jpg<\/span>\n\t\t\t\t\t\t<span itemprop='height'>800<\/span>\n\t\t\t\t\t\t<span itemprop='width'>800<\/span>\n\t\t\t\t<\/span>\n\t\t\t\t<span class='av-structured-data'  itemprop=\"publisher\" itemtype=\"https:\/\/schema.org\/Organization\" itemscope=\"itemscope\" >\n\t\t\t\t\t\t<span itemprop='name'>IT Abteilung BSB BWB<\/span>\n\t\t\t\t\t\t<span itemprop='logo' itemscope itemtype='https:\/\/schema.org\/ImageObject'>\n\t\t\t\t\t\t\t<span itemprop='url'>https:\/\/www.klimmer-gmbh.de\/wp-content\/uploads\/2023\/05\/klimmergmbhde.svg<\/span>\n\t\t\t\t\t\t<\/span>\n\t\t\t\t<\/span><span class='av-structured-data'  itemprop=\"author\" itemscope=\"itemscope\" itemtype=\"https:\/\/schema.org\/Person\" ><span itemprop='name'>IT Abteilung BSB BWB<\/span><\/span><span class='av-structured-data'  itemprop=\"datePublished\" datetime=\"2023-05-27T13:35:19+02:00\" >2023-05-02 09:48:55<\/span><span class='av-structured-data'  itemprop=\"dateModified\" itemtype=\"https:\/\/schema.org\/dateModified\" >2024-03-22 09:48:32<\/span><span class='av-structured-data'  itemprop=\"mainEntityOfPage\" itemtype=\"https:\/\/schema.org\/mainEntityOfPage\" ><span itemprop='name'>ADAC GT MASTERS 2023.<\/span><\/span><\/span><\/article><\/div><div class=\"slide-entry-wrap\"><article class='slide-entry flex_column  post-entry post-entry-7708 slide-entry-overview slide-loop-13 slide-parity-odd  av_one_fourth first real-thumbnail posttype-post post-format-standard'  itemscope=\"itemscope\" itemtype=\"https:\/\/schema.org\/CreativeWork\" ><a href='https:\/\/www.klimmer-gmbh.de\/de\/infomesse-beruf-studium\/' data-rel='slide-1' class='slide-image' title='INFOMESSE BERUF &#038; STUDIUM.'><img decoding=\"async\" fetchpriority=\"high\" width=\"800\" height=\"800\" src=\"https:\/\/www.klimmer-gmbh.de\/wp-content\/uploads\/2024\/03\/NEWS_21_Oktober_2022_PXL_20221008_065017333.MP_-1.jpg\" class=\"wp-image-7712 avia-img-lazy-loading-not-7712 attachment-portfolio_small size-portfolio_small wp-post-image\" alt=\"IBS 2022\" srcset=\"https:\/\/www.klimmer-gmbh.de\/wp-content\/uploads\/2024\/03\/NEWS_21_Oktober_2022_PXL_20221008_065017333.MP_-1.jpg 800w, https:\/\/www.klimmer-gmbh.de\/wp-content\/uploads\/2024\/03\/NEWS_21_Oktober_2022_PXL_20221008_065017333.MP_-1-300x300.jpg 300w, https:\/\/www.klimmer-gmbh.de\/wp-content\/uploads\/2024\/03\/NEWS_21_Oktober_2022_PXL_20221008_065017333.MP_-1-80x80.jpg 80w, https:\/\/www.klimmer-gmbh.de\/wp-content\/uploads\/2024\/03\/NEWS_21_Oktober_2022_PXL_20221008_065017333.MP_-1-768x768.jpg 768w, https:\/\/www.klimmer-gmbh.de\/wp-content\/uploads\/2024\/03\/NEWS_21_Oktober_2022_PXL_20221008_065017333.MP_-1-36x36.jpg 36w\" sizes=\"(max-width: 800px) 100vw, 800px\" \/><\/a><div class=\"slide-content\"><header class=\"entry-content-header\" aria-label=\"Slide: INFOMESSE BERUF &amp; STUDIUM.\"><h3 class='slide-entry-title entry-title '  itemprop=\"headline\" ><a href='https:\/\/www.klimmer-gmbh.de\/de\/infomesse-beruf-studium\/' title='INFOMESSE BERUF &#038; STUDIUM.'>INFOMESSE BERUF &#038; STUDIUM.<\/a><\/h3><span class=\"av-vertical-delimiter\"><\/span><\/header><div class=\"slide-meta\"><time class='slide-meta-time updated'  itemprop=\"datePublished\" datetime=\"2022-10-21T09:33:00+02:00\" >21. Oktober 2022<\/time><\/div><div class='slide-entry-excerpt entry-content'  itemprop=\"text\" >Zum 13. mal fand am Samstag den 8.Oktober 2022 in G\u00fcnzburg wieder die Infomesse Beruf und Studium statt und wir waren mit unseren Infost\u00e4nden vertreten.<div class=\"read-more-link\"><a href=\"https:\/\/www.klimmer-gmbh.de\/de\/infomesse-beruf-studium\/\" class=\"more-link\">Weiterlesen<span class='more-link-arrow avia-svg-icon avia-font-svg_entypo-fontello' data-av_svg_icon='right-open-big' data-av_iconset='svg_entypo-fontello'><svg version=\"1.1\" xmlns=\"http:\/\/www.w3.org\/2000\/svg\" width=\"15\" height=\"32\" viewBox=\"0 0 15 32\" preserveAspectRatio=\"xMidYMid meet\" role=\"graphics-symbol\" aria-hidden=\"true\">\n<path d=\"M0.416 27.84l11.456-11.84-11.456-11.904q-0.832-0.832 0-1.536 0.832-0.832 1.536 0l12.544 12.608q0.768 0.832 0 1.6l-12.544 12.608q-0.704 0.832-1.536 0-0.832-0.704 0-1.536z\"><\/path>\n<\/svg><\/span><\/a><\/div><\/div><\/div><footer class=\"entry-footer\"><\/footer><span class='hidden'>\n\t\t\t\t<span class='av-structured-data'  itemprop=\"image\" itemscope=\"itemscope\" itemtype=\"https:\/\/schema.org\/ImageObject\" >\n\t\t\t\t\t\t<span itemprop='url'>https:\/\/www.klimmer-gmbh.de\/wp-content\/uploads\/2024\/03\/NEWS_21_Oktober_2022_PXL_20221008_065017333.MP_-1.jpg<\/span>\n\t\t\t\t\t\t<span itemprop='height'>800<\/span>\n\t\t\t\t\t\t<span itemprop='width'>800<\/span>\n\t\t\t\t<\/span>\n\t\t\t\t<span class='av-structured-data'  itemprop=\"publisher\" itemtype=\"https:\/\/schema.org\/Organization\" itemscope=\"itemscope\" >\n\t\t\t\t\t\t<span itemprop='name'>Agentur Baur<\/span>\n\t\t\t\t\t\t<span itemprop='logo' itemscope itemtype='https:\/\/schema.org\/ImageObject'>\n\t\t\t\t\t\t\t<span itemprop='url'>https:\/\/www.klimmer-gmbh.de\/wp-content\/uploads\/2023\/05\/klimmergmbhde.svg<\/span>\n\t\t\t\t\t\t<\/span>\n\t\t\t\t<\/span><span class='av-structured-data'  itemprop=\"author\" itemscope=\"itemscope\" itemtype=\"https:\/\/schema.org\/Person\" ><span itemprop='name'>Agentur Baur<\/span><\/span><span class='av-structured-data'  itemprop=\"datePublished\" datetime=\"2023-05-27T13:35:19+02:00\" >2022-10-21 09:33:00<\/span><span class='av-structured-data'  itemprop=\"dateModified\" itemtype=\"https:\/\/schema.org\/dateModified\" >2024-03-25 16:43:41<\/span><span class='av-structured-data'  itemprop=\"mainEntityOfPage\" itemtype=\"https:\/\/schema.org\/mainEntityOfPage\" ><span itemprop='name'>INFOMESSE BERUF &#038; STUDIUM.<\/span><\/span><\/span><\/article><article class='slide-entry flex_column  post-entry post-entry-7853 slide-entry-overview slide-loop-14 slide-parity-even  av_one_fourth  real-thumbnail posttype-post post-format-standard'  itemscope=\"itemscope\" itemtype=\"https:\/\/schema.org\/CreativeWork\" ><a href='https:\/\/www.klimmer-gmbh.de\/de\/neue-azubis-bei-klimmer-group\/' data-rel='slide-1' class='slide-image' title='Unsere neuen Auszubildenden 2022.'><img decoding=\"async\" fetchpriority=\"high\" width=\"800\" height=\"800\" src=\"https:\/\/www.klimmer-gmbh.de\/wp-content\/uploads\/2024\/03\/NEWS_6_Sep_2022_Bild_10.jpg\" class=\"wp-image-7861 avia-img-lazy-loading-not-7861 attachment-portfolio_small size-portfolio_small wp-post-image\" alt=\"\" srcset=\"https:\/\/www.klimmer-gmbh.de\/wp-content\/uploads\/2024\/03\/NEWS_6_Sep_2022_Bild_10.jpg 800w, https:\/\/www.klimmer-gmbh.de\/wp-content\/uploads\/2024\/03\/NEWS_6_Sep_2022_Bild_10-300x300.jpg 300w, https:\/\/www.klimmer-gmbh.de\/wp-content\/uploads\/2024\/03\/NEWS_6_Sep_2022_Bild_10-80x80.jpg 80w, https:\/\/www.klimmer-gmbh.de\/wp-content\/uploads\/2024\/03\/NEWS_6_Sep_2022_Bild_10-768x768.jpg 768w, https:\/\/www.klimmer-gmbh.de\/wp-content\/uploads\/2024\/03\/NEWS_6_Sep_2022_Bild_10-36x36.jpg 36w\" sizes=\"(max-width: 800px) 100vw, 800px\" \/><\/a><div class=\"slide-content\"><header class=\"entry-content-header\" aria-label=\"Slide: Unsere neuen Auszubildenden 2022.\"><h3 class='slide-entry-title entry-title '  itemprop=\"headline\" ><a href='https:\/\/www.klimmer-gmbh.de\/de\/neue-azubis-bei-klimmer-group\/' title='Unsere neuen Auszubildenden 2022.'>Unsere neuen Auszubildenden 2022.<\/a><\/h3><span class=\"av-vertical-delimiter\"><\/span><\/header><div class=\"slide-meta\"><time class='slide-meta-time updated'  itemprop=\"datePublished\" datetime=\"2022-09-06T17:10:00+02:00\" >6. September 2022<\/time><\/div><div class='slide-entry-excerpt entry-content'  itemprop=\"text\" >F\u00fcr uns ist es elementar wichtig, verst\u00e4rkt auf eigene Nachwuchskr\u00e4fte zu setzen.<div class=\"read-more-link\"><a href=\"https:\/\/www.klimmer-gmbh.de\/de\/neue-azubis-bei-klimmer-group\/\" class=\"more-link\">Weiterlesen<span class='more-link-arrow avia-svg-icon avia-font-svg_entypo-fontello' data-av_svg_icon='right-open-big' data-av_iconset='svg_entypo-fontello'><svg version=\"1.1\" xmlns=\"http:\/\/www.w3.org\/2000\/svg\" width=\"15\" height=\"32\" viewBox=\"0 0 15 32\" preserveAspectRatio=\"xMidYMid meet\" role=\"graphics-symbol\" aria-hidden=\"true\">\n<path d=\"M0.416 27.84l11.456-11.84-11.456-11.904q-0.832-0.832 0-1.536 0.832-0.832 1.536 0l12.544 12.608q0.768 0.832 0 1.6l-12.544 12.608q-0.704 0.832-1.536 0-0.832-0.704 0-1.536z\"><\/path>\n<\/svg><\/span><\/a><\/div><\/div><\/div><footer class=\"entry-footer\"><\/footer><span class='hidden'>\n\t\t\t\t<span class='av-structured-data'  itemprop=\"image\" itemscope=\"itemscope\" itemtype=\"https:\/\/schema.org\/ImageObject\" >\n\t\t\t\t\t\t<span itemprop='url'>https:\/\/www.klimmer-gmbh.de\/wp-content\/uploads\/2024\/03\/NEWS_6_Sep_2022_Bild_10.jpg<\/span>\n\t\t\t\t\t\t<span itemprop='height'>800<\/span>\n\t\t\t\t\t\t<span itemprop='width'>800<\/span>\n\t\t\t\t<\/span>\n\t\t\t\t<span class='av-structured-data'  itemprop=\"publisher\" itemtype=\"https:\/\/schema.org\/Organization\" itemscope=\"itemscope\" >\n\t\t\t\t\t\t<span itemprop='name'>Agentur Baur<\/span>\n\t\t\t\t\t\t<span itemprop='logo' itemscope itemtype='https:\/\/schema.org\/ImageObject'>\n\t\t\t\t\t\t\t<span itemprop='url'>https:\/\/www.klimmer-gmbh.de\/wp-content\/uploads\/2023\/05\/klimmergmbhde.svg<\/span>\n\t\t\t\t\t\t<\/span>\n\t\t\t\t<\/span><span class='av-structured-data'  itemprop=\"author\" itemscope=\"itemscope\" itemtype=\"https:\/\/schema.org\/Person\" ><span itemprop='name'>Agentur Baur<\/span><\/span><span class='av-structured-data'  itemprop=\"datePublished\" datetime=\"2023-05-27T13:35:19+02:00\" >2022-09-06 17:10:00<\/span><span class='av-structured-data'  itemprop=\"dateModified\" itemtype=\"https:\/\/schema.org\/dateModified\" >2024-03-26 08:23:46<\/span><span class='av-structured-data'  itemprop=\"mainEntityOfPage\" itemtype=\"https:\/\/schema.org\/mainEntityOfPage\" ><span itemprop='name'>Unsere neuen Auszubildenden 2022.<\/span><\/span><\/span><\/article><article class='slide-entry flex_column  post-entry post-entry-1468 slide-entry-overview slide-loop-15 slide-parity-odd  av_one_fourth  real-thumbnail posttype-post post-format-standard'  itemscope=\"itemscope\" itemtype=\"https:\/\/schema.org\/CreativeWork\" ><a href='https:\/\/www.klimmer-gmbh.de\/de\/einbringung-presse\/' data-rel='slide-1' class='slide-image' title='Neue Azubis 2021'><img decoding=\"async\" fetchpriority=\"high\" width=\"800\" height=\"800\" src=\"https:\/\/www.klimmer-gmbh.de\/wp-content\/uploads\/2021\/09\/BSB_BWB_Bild_Azubi_800x800.jpg\" class=\"wp-image-3597 avia-img-lazy-loading-not-3597 attachment-portfolio_small size-portfolio_small wp-post-image\" alt=\"Azubis Klimmer BSB BWB\" srcset=\"https:\/\/www.klimmer-gmbh.de\/wp-content\/uploads\/2021\/09\/BSB_BWB_Bild_Azubi_800x800.jpg 800w, https:\/\/www.klimmer-gmbh.de\/wp-content\/uploads\/2021\/09\/BSB_BWB_Bild_Azubi_800x800-300x300.jpg 300w, https:\/\/www.klimmer-gmbh.de\/wp-content\/uploads\/2021\/09\/BSB_BWB_Bild_Azubi_800x800-80x80.jpg 80w, https:\/\/www.klimmer-gmbh.de\/wp-content\/uploads\/2021\/09\/BSB_BWB_Bild_Azubi_800x800-768x768.jpg 768w, https:\/\/www.klimmer-gmbh.de\/wp-content\/uploads\/2021\/09\/BSB_BWB_Bild_Azubi_800x800-36x36.jpg 36w\" sizes=\"(max-width: 800px) 100vw, 800px\" \/><\/a><div class=\"slide-content\"><header class=\"entry-content-header\" aria-label=\"Slide: Neue Azubis 2021\"><h3 class='slide-entry-title entry-title '  itemprop=\"headline\" ><a href='https:\/\/www.klimmer-gmbh.de\/de\/einbringung-presse\/' title='Neue Azubis 2021'>Neue Azubis 2021<\/a><\/h3><span class=\"av-vertical-delimiter\"><\/span><\/header><div class=\"slide-meta\"><time class='slide-meta-time updated'  itemprop=\"datePublished\" datetime=\"2021-09-01T14:10:00+02:00\" >1. September 2021<\/time><\/div><div class='slide-entry-excerpt entry-content'  itemprop=\"text\" >F\u00fcr 8 Auszubildende beginnt ein neuer Lebensabschnitt<div class=\"read-more-link\"><a href=\"https:\/\/www.klimmer-gmbh.de\/de\/einbringung-presse\/\" class=\"more-link\">Weiterlesen<span class='more-link-arrow avia-svg-icon avia-font-svg_entypo-fontello' data-av_svg_icon='right-open-big' data-av_iconset='svg_entypo-fontello'><svg version=\"1.1\" xmlns=\"http:\/\/www.w3.org\/2000\/svg\" width=\"15\" height=\"32\" viewBox=\"0 0 15 32\" preserveAspectRatio=\"xMidYMid meet\" role=\"graphics-symbol\" aria-hidden=\"true\">\n<path d=\"M0.416 27.84l11.456-11.84-11.456-11.904q-0.832-0.832 0-1.536 0.832-0.832 1.536 0l12.544 12.608q0.768 0.832 0 1.6l-12.544 12.608q-0.704 0.832-1.536 0-0.832-0.704 0-1.536z\"><\/path>\n<\/svg><\/span><\/a><\/div><\/div><\/div><footer class=\"entry-footer\"><\/footer><span class='hidden'>\n\t\t\t\t<span class='av-structured-data'  itemprop=\"image\" itemscope=\"itemscope\" itemtype=\"https:\/\/schema.org\/ImageObject\" >\n\t\t\t\t\t\t<span itemprop='url'>https:\/\/www.klimmer-gmbh.de\/wp-content\/uploads\/2021\/09\/BSB_BWB_Bild_Azubi_800x800.jpg<\/span>\n\t\t\t\t\t\t<span itemprop='height'>800<\/span>\n\t\t\t\t\t\t<span itemprop='width'>800<\/span>\n\t\t\t\t<\/span>\n\t\t\t\t<span class='av-structured-data'  itemprop=\"publisher\" itemtype=\"https:\/\/schema.org\/Organization\" itemscope=\"itemscope\" >\n\t\t\t\t\t\t<span itemprop='name'>Agentur Baur<\/span>\n\t\t\t\t\t\t<span itemprop='logo' itemscope itemtype='https:\/\/schema.org\/ImageObject'>\n\t\t\t\t\t\t\t<span itemprop='url'>https:\/\/www.klimmer-gmbh.de\/wp-content\/uploads\/2023\/05\/klimmergmbhde.svg<\/span>\n\t\t\t\t\t\t<\/span>\n\t\t\t\t<\/span><span class='av-structured-data'  itemprop=\"author\" itemscope=\"itemscope\" itemtype=\"https:\/\/schema.org\/Person\" ><span itemprop='name'>Agentur Baur<\/span><\/span><span class='av-structured-data'  itemprop=\"datePublished\" datetime=\"2023-05-27T13:35:19+02:00\" >2021-09-01 14:10:00<\/span><span class='av-structured-data'  itemprop=\"dateModified\" itemtype=\"https:\/\/schema.org\/dateModified\" >2023-05-27 15:57:32<\/span><span class='av-structured-data'  itemprop=\"mainEntityOfPage\" itemtype=\"https:\/\/schema.org\/mainEntityOfPage\" ><span itemprop='name'>Neue Azubis 2021<\/span><\/span><\/span><\/article><article class='slide-entry flex_column  post-entry post-entry-7866 slide-entry-overview slide-loop-16 slide-parity-even  av_one_fourth  real-thumbnail posttype-post post-format-standard'  itemscope=\"itemscope\" itemtype=\"https:\/\/schema.org\/CreativeWork\" ><a href='https:\/\/www.klimmer-gmbh.de\/de\/mitgliedschaft-der-ernst-klimmer-gmbh\/' data-rel='slide-1' class='slide-image' title='Unternehmensnetzwerk Erfolgsfaktor Familie.'><img decoding=\"async\" fetchpriority=\"high\" width=\"800\" height=\"800\" src=\"https:\/\/www.klimmer-gmbh.de\/wp-content\/uploads\/2024\/03\/newsroom_klimmer-burgau-eingangsbereich.jpg\" class=\"wp-image-7883 avia-img-lazy-loading-not-7883 attachment-portfolio_small size-portfolio_small wp-post-image\" alt=\"\" srcset=\"https:\/\/www.klimmer-gmbh.de\/wp-content\/uploads\/2024\/03\/newsroom_klimmer-burgau-eingangsbereich.jpg 800w, https:\/\/www.klimmer-gmbh.de\/wp-content\/uploads\/2024\/03\/newsroom_klimmer-burgau-eingangsbereich-300x300.jpg 300w, https:\/\/www.klimmer-gmbh.de\/wp-content\/uploads\/2024\/03\/newsroom_klimmer-burgau-eingangsbereich-80x80.jpg 80w, https:\/\/www.klimmer-gmbh.de\/wp-content\/uploads\/2024\/03\/newsroom_klimmer-burgau-eingangsbereich-768x768.jpg 768w, https:\/\/www.klimmer-gmbh.de\/wp-content\/uploads\/2024\/03\/newsroom_klimmer-burgau-eingangsbereich-36x36.jpg 36w\" sizes=\"(max-width: 800px) 100vw, 800px\" \/><\/a><div class=\"slide-content\"><header class=\"entry-content-header\" aria-label=\"Slide: Unternehmensnetzwerk Erfolgsfaktor Familie.\"><h3 class='slide-entry-title entry-title '  itemprop=\"headline\" ><a href='https:\/\/www.klimmer-gmbh.de\/de\/mitgliedschaft-der-ernst-klimmer-gmbh\/' title='Unternehmensnetzwerk Erfolgsfaktor Familie.'>Unternehmensnetzwerk Erfolgsfaktor Familie.<\/a><\/h3><span class=\"av-vertical-delimiter\"><\/span><\/header><div class=\"slide-meta\"><time class='slide-meta-time updated'  itemprop=\"datePublished\" datetime=\"2021-06-08T07:21:00+02:00\" >8. Juni 2021<\/time><\/div><div class='slide-entry-excerpt entry-content'  itemprop=\"text\" >Mitgliedschaft der Ernst Klimmer GmbH zu einer familienorientierten Personalpolitik beim Unternehmensnetzwerk Erfolgsfaktor Familie.<div class=\"read-more-link\"><a href=\"https:\/\/www.klimmer-gmbh.de\/de\/mitgliedschaft-der-ernst-klimmer-gmbh\/\" class=\"more-link\">Weiterlesen<span class='more-link-arrow avia-svg-icon avia-font-svg_entypo-fontello' data-av_svg_icon='right-open-big' data-av_iconset='svg_entypo-fontello'><svg version=\"1.1\" xmlns=\"http:\/\/www.w3.org\/2000\/svg\" width=\"15\" height=\"32\" viewBox=\"0 0 15 32\" preserveAspectRatio=\"xMidYMid meet\" role=\"graphics-symbol\" aria-hidden=\"true\">\n<path d=\"M0.416 27.84l11.456-11.84-11.456-11.904q-0.832-0.832 0-1.536 0.832-0.832 1.536 0l12.544 12.608q0.768 0.832 0 1.6l-12.544 12.608q-0.704 0.832-1.536 0-0.832-0.704 0-1.536z\"><\/path>\n<\/svg><\/span><\/a><\/div><\/div><\/div><footer class=\"entry-footer\"><\/footer><span class='hidden'>\n\t\t\t\t<span class='av-structured-data'  itemprop=\"image\" itemscope=\"itemscope\" itemtype=\"https:\/\/schema.org\/ImageObject\" >\n\t\t\t\t\t\t<span itemprop='url'>https:\/\/www.klimmer-gmbh.de\/wp-content\/uploads\/2024\/03\/newsroom_klimmer-burgau-eingangsbereich.jpg<\/span>\n\t\t\t\t\t\t<span itemprop='height'>800<\/span>\n\t\t\t\t\t\t<span itemprop='width'>800<\/span>\n\t\t\t\t<\/span>\n\t\t\t\t<span class='av-structured-data'  itemprop=\"publisher\" itemtype=\"https:\/\/schema.org\/Organization\" itemscope=\"itemscope\" >\n\t\t\t\t\t\t<span itemprop='name'>Agentur Baur<\/span>\n\t\t\t\t\t\t<span itemprop='logo' itemscope itemtype='https:\/\/schema.org\/ImageObject'>\n\t\t\t\t\t\t\t<span itemprop='url'>https:\/\/www.klimmer-gmbh.de\/wp-content\/uploads\/2023\/05\/klimmergmbhde.svg<\/span>\n\t\t\t\t\t\t<\/span>\n\t\t\t\t<\/span><span class='av-structured-data'  itemprop=\"author\" itemscope=\"itemscope\" itemtype=\"https:\/\/schema.org\/Person\" ><span itemprop='name'>Agentur Baur<\/span><\/span><span class='av-structured-data'  itemprop=\"datePublished\" datetime=\"2023-05-27T13:35:19+02:00\" >2021-06-08 07:21:00<\/span><span class='av-structured-data'  itemprop=\"dateModified\" itemtype=\"https:\/\/schema.org\/dateModified\" >2024-03-26 08:08:20<\/span><span class='av-structured-data'  itemprop=\"mainEntityOfPage\" itemtype=\"https:\/\/schema.org\/mainEntityOfPage\" ><span itemprop='name'>Unternehmensnetzwerk Erfolgsfaktor Familie.<\/span><\/span><\/span><\/article><\/div><div class=\"slide-entry-wrap\"><article class='slide-entry flex_column  post-entry post-entry-7934 slide-entry-overview slide-loop-17 slide-parity-odd  av_one_fourth first real-thumbnail posttype-post post-format-standard'  itemscope=\"itemscope\" itemtype=\"https:\/\/schema.org\/CreativeWork\" ><a href='https:\/\/www.klimmer-gmbh.de\/de\/belieferung-europaweit-automobil\/' data-rel='slide-1' class='slide-image' title='Klimmer beliefert Automobilbauer in ganz Europa.'><img decoding=\"async\" fetchpriority=\"high\" width=\"800\" height=\"800\" src=\"https:\/\/www.klimmer-gmbh.de\/wp-content\/uploads\/2024\/03\/NEWS_31_Mai_2021_qualitaet-und-umwelt-klimmer-burgau.jpg\" class=\"wp-image-7891 avia-img-lazy-loading-not-7891 attachment-portfolio_small size-portfolio_small wp-post-image\" alt=\"\" srcset=\"https:\/\/www.klimmer-gmbh.de\/wp-content\/uploads\/2024\/03\/NEWS_31_Mai_2021_qualitaet-und-umwelt-klimmer-burgau.jpg 800w, https:\/\/www.klimmer-gmbh.de\/wp-content\/uploads\/2024\/03\/NEWS_31_Mai_2021_qualitaet-und-umwelt-klimmer-burgau-300x300.jpg 300w, https:\/\/www.klimmer-gmbh.de\/wp-content\/uploads\/2024\/03\/NEWS_31_Mai_2021_qualitaet-und-umwelt-klimmer-burgau-80x80.jpg 80w, https:\/\/www.klimmer-gmbh.de\/wp-content\/uploads\/2024\/03\/NEWS_31_Mai_2021_qualitaet-und-umwelt-klimmer-burgau-768x768.jpg 768w, https:\/\/www.klimmer-gmbh.de\/wp-content\/uploads\/2024\/03\/NEWS_31_Mai_2021_qualitaet-und-umwelt-klimmer-burgau-36x36.jpg 36w\" sizes=\"(max-width: 800px) 100vw, 800px\" \/><\/a><div class=\"slide-content\"><header class=\"entry-content-header\" aria-label=\"Slide: Klimmer beliefert Automobilbauer in ganz Europa.\"><h3 class='slide-entry-title entry-title '  itemprop=\"headline\" ><a href='https:\/\/www.klimmer-gmbh.de\/de\/belieferung-europaweit-automobil\/' title='Klimmer beliefert Automobilbauer in ganz Europa.'>Klimmer beliefert Automobilbauer in ganz Europa.<\/a><\/h3><span class=\"av-vertical-delimiter\"><\/span><\/header><div class=\"slide-meta\"><time class='slide-meta-time updated'  itemprop=\"datePublished\" datetime=\"2021-05-31T08:02:00+02:00\" >31. Mai 2021<\/time><\/div><div class='slide-entry-excerpt entry-content'  itemprop=\"text\" >Klimmer beliefert Autobauer in ganz Europa.<div class=\"read-more-link\"><a href=\"https:\/\/www.klimmer-gmbh.de\/de\/belieferung-europaweit-automobil\/\" class=\"more-link\">Weiterlesen<span class='more-link-arrow avia-svg-icon avia-font-svg_entypo-fontello' data-av_svg_icon='right-open-big' data-av_iconset='svg_entypo-fontello'><svg version=\"1.1\" xmlns=\"http:\/\/www.w3.org\/2000\/svg\" width=\"15\" height=\"32\" viewBox=\"0 0 15 32\" preserveAspectRatio=\"xMidYMid meet\" role=\"graphics-symbol\" aria-hidden=\"true\">\n<path d=\"M0.416 27.84l11.456-11.84-11.456-11.904q-0.832-0.832 0-1.536 0.832-0.832 1.536 0l12.544 12.608q0.768 0.832 0 1.6l-12.544 12.608q-0.704 0.832-1.536 0-0.832-0.704 0-1.536z\"><\/path>\n<\/svg><\/span><\/a><\/div><\/div><\/div><footer class=\"entry-footer\"><\/footer><span class='hidden'>\n\t\t\t\t<span class='av-structured-data'  itemprop=\"image\" itemscope=\"itemscope\" itemtype=\"https:\/\/schema.org\/ImageObject\" >\n\t\t\t\t\t\t<span itemprop='url'>https:\/\/www.klimmer-gmbh.de\/wp-content\/uploads\/2024\/03\/NEWS_31_Mai_2021_qualitaet-und-umwelt-klimmer-burgau.jpg<\/span>\n\t\t\t\t\t\t<span itemprop='height'>800<\/span>\n\t\t\t\t\t\t<span itemprop='width'>800<\/span>\n\t\t\t\t<\/span>\n\t\t\t\t<span class='av-structured-data'  itemprop=\"publisher\" itemtype=\"https:\/\/schema.org\/Organization\" itemscope=\"itemscope\" >\n\t\t\t\t\t\t<span itemprop='name'>Agentur Baur<\/span>\n\t\t\t\t\t\t<span itemprop='logo' itemscope itemtype='https:\/\/schema.org\/ImageObject'>\n\t\t\t\t\t\t\t<span itemprop='url'>https:\/\/www.klimmer-gmbh.de\/wp-content\/uploads\/2023\/05\/klimmergmbhde.svg<\/span>\n\t\t\t\t\t\t<\/span>\n\t\t\t\t<\/span><span class='av-structured-data'  itemprop=\"author\" itemscope=\"itemscope\" itemtype=\"https:\/\/schema.org\/Person\" ><span itemprop='name'>Agentur Baur<\/span><\/span><span class='av-structured-data'  itemprop=\"datePublished\" datetime=\"2023-05-27T13:35:19+02:00\" >2021-05-31 08:02:00<\/span><span class='av-structured-data'  itemprop=\"dateModified\" itemtype=\"https:\/\/schema.org\/dateModified\" >2024-03-26 08:07:26<\/span><span class='av-structured-data'  itemprop=\"mainEntityOfPage\" itemtype=\"https:\/\/schema.org\/mainEntityOfPage\" ><span itemprop='name'>Klimmer beliefert Automobilbauer in ganz Europa.<\/span><\/span><\/span><\/article><article class='slide-entry flex_column  post-entry post-entry-7845 slide-entry-overview slide-loop-18 slide-parity-even  av_one_fourth  real-thumbnail posttype-post post-format-standard'  itemscope=\"itemscope\" itemtype=\"https:\/\/schema.org\/CreativeWork\" ><a href='https:\/\/www.klimmer-gmbh.de\/de\/neue-laser-schweissanlage-ct-conni\/' data-rel='slide-1' class='slide-image' title='Das Fachmagazin \u201eBLECH\u201c \u2013 unsere neue Laser-Schwei\u00dfanlage'><img decoding=\"async\" fetchpriority=\"high\" width=\"750\" height=\"258\" src=\"https:\/\/www.klimmer-gmbh.de\/wp-content\/uploads\/2024\/03\/2_Dez_2020_conni-750x258-1.jpg\" class=\"wp-image-7849 avia-img-lazy-loading-not-7849 attachment-portfolio_small size-portfolio_small wp-post-image\" alt=\"\" srcset=\"https:\/\/www.klimmer-gmbh.de\/wp-content\/uploads\/2024\/03\/2_Dez_2020_conni-750x258-1.jpg 750w, https:\/\/www.klimmer-gmbh.de\/wp-content\/uploads\/2024\/03\/2_Dez_2020_conni-750x258-1-300x103.jpg 300w\" sizes=\"(max-width: 750px) 100vw, 750px\" \/><\/a><div class=\"slide-content\"><header class=\"entry-content-header\" aria-label=\"Slide: Das Fachmagazin \u201eBLECH\u201c \u2013 unsere neue Laser-Schwei\u00dfanlage\"><h3 class='slide-entry-title entry-title '  itemprop=\"headline\" ><a href='https:\/\/www.klimmer-gmbh.de\/de\/neue-laser-schweissanlage-ct-conni\/' title='Das Fachmagazin \u201eBLECH\u201c \u2013 unsere neue Laser-Schwei\u00dfanlage'>Das Fachmagazin \u201eBLECH\u201c \u2013 unsere neue Laser-Schwei\u00dfanlage<\/a><\/h3><span class=\"av-vertical-delimiter\"><\/span><\/header><div class=\"slide-meta\"><time class='slide-meta-time updated'  itemprop=\"datePublished\" datetime=\"2020-12-02T17:02:00+01:00\" >2. Dezember 2020<\/time><\/div><div class='slide-entry-excerpt entry-content'  itemprop=\"text\" >Unsere neue Laser-Schwei\u00dfanlage CT-Conni von Conntronic - KLEIN, KOMPAKT und hoch FLEXIBEL<div class=\"read-more-link\"><a href=\"https:\/\/www.klimmer-gmbh.de\/de\/neue-laser-schweissanlage-ct-conni\/\" class=\"more-link\">Weiterlesen<span class='more-link-arrow avia-svg-icon avia-font-svg_entypo-fontello' data-av_svg_icon='right-open-big' data-av_iconset='svg_entypo-fontello'><svg version=\"1.1\" xmlns=\"http:\/\/www.w3.org\/2000\/svg\" width=\"15\" height=\"32\" viewBox=\"0 0 15 32\" preserveAspectRatio=\"xMidYMid meet\" role=\"graphics-symbol\" aria-hidden=\"true\">\n<path d=\"M0.416 27.84l11.456-11.84-11.456-11.904q-0.832-0.832 0-1.536 0.832-0.832 1.536 0l12.544 12.608q0.768 0.832 0 1.6l-12.544 12.608q-0.704 0.832-1.536 0-0.832-0.704 0-1.536z\"><\/path>\n<\/svg><\/span><\/a><\/div><\/div><\/div><footer class=\"entry-footer\"><\/footer><span class='hidden'>\n\t\t\t\t<span class='av-structured-data'  itemprop=\"image\" itemscope=\"itemscope\" itemtype=\"https:\/\/schema.org\/ImageObject\" >\n\t\t\t\t\t\t<span itemprop='url'>https:\/\/www.klimmer-gmbh.de\/wp-content\/uploads\/2024\/03\/2_Dez_2020_conni-750x258-1.jpg<\/span>\n\t\t\t\t\t\t<span itemprop='height'>258<\/span>\n\t\t\t\t\t\t<span itemprop='width'>750<\/span>\n\t\t\t\t<\/span>\n\t\t\t\t<span class='av-structured-data'  itemprop=\"publisher\" itemtype=\"https:\/\/schema.org\/Organization\" itemscope=\"itemscope\" >\n\t\t\t\t\t\t<span itemprop='name'>Agentur Baur<\/span>\n\t\t\t\t\t\t<span itemprop='logo' itemscope itemtype='https:\/\/schema.org\/ImageObject'>\n\t\t\t\t\t\t\t<span itemprop='url'>https:\/\/www.klimmer-gmbh.de\/wp-content\/uploads\/2023\/05\/klimmergmbhde.svg<\/span>\n\t\t\t\t\t\t<\/span>\n\t\t\t\t<\/span><span class='av-structured-data'  itemprop=\"author\" itemscope=\"itemscope\" itemtype=\"https:\/\/schema.org\/Person\" ><span itemprop='name'>Agentur Baur<\/span><\/span><span class='av-structured-data'  itemprop=\"datePublished\" datetime=\"2023-05-27T13:35:19+02:00\" >2020-12-02 17:02:00<\/span><span class='av-structured-data'  itemprop=\"dateModified\" itemtype=\"https:\/\/schema.org\/dateModified\" >2024-03-25 17:08:12<\/span><span class='av-structured-data'  itemprop=\"mainEntityOfPage\" itemtype=\"https:\/\/schema.org\/mainEntityOfPage\" ><span itemprop='name'>Das Fachmagazin \u201eBLECH\u201c \u2013 unsere neue Laser-Schwei\u00dfanlage<\/span><\/span><\/span><\/article><article class='slide-entry flex_column  post-entry post-entry-7871 slide-entry-overview slide-loop-19 slide-parity-odd  av_one_fourth  real-thumbnail posttype-post post-format-standard'  itemscope=\"itemscope\" itemtype=\"https:\/\/schema.org\/CreativeWork\" ><a href='https:\/\/www.klimmer-gmbh.de\/de\/familienstiftung-klimmer-indien\/' data-rel='slide-1' class='slide-image' title='Familienstiftung Klimmer \u2013 Indien \u2013 Child Fund Hilfe f\u00fcr 1.000 indische B\u00e4uerinnen.'><img decoding=\"async\" fetchpriority=\"high\" width=\"800\" height=\"800\" src=\"https:\/\/www.klimmer-gmbh.de\/wp-content\/uploads\/2024\/03\/NEWS_29_Okt_2020_WhatsApp-Image-2020-05-22-at-20.25.59-2.jpg\" class=\"wp-image-7899 avia-img-lazy-loading-not-7899 attachment-portfolio_small size-portfolio_small wp-post-image\" alt=\"\" srcset=\"https:\/\/www.klimmer-gmbh.de\/wp-content\/uploads\/2024\/03\/NEWS_29_Okt_2020_WhatsApp-Image-2020-05-22-at-20.25.59-2.jpg 800w, https:\/\/www.klimmer-gmbh.de\/wp-content\/uploads\/2024\/03\/NEWS_29_Okt_2020_WhatsApp-Image-2020-05-22-at-20.25.59-2-300x300.jpg 300w, https:\/\/www.klimmer-gmbh.de\/wp-content\/uploads\/2024\/03\/NEWS_29_Okt_2020_WhatsApp-Image-2020-05-22-at-20.25.59-2-80x80.jpg 80w, https:\/\/www.klimmer-gmbh.de\/wp-content\/uploads\/2024\/03\/NEWS_29_Okt_2020_WhatsApp-Image-2020-05-22-at-20.25.59-2-768x768.jpg 768w, https:\/\/www.klimmer-gmbh.de\/wp-content\/uploads\/2024\/03\/NEWS_29_Okt_2020_WhatsApp-Image-2020-05-22-at-20.25.59-2-36x36.jpg 36w\" sizes=\"(max-width: 800px) 100vw, 800px\" \/><\/a><div class=\"slide-content\"><header class=\"entry-content-header\" aria-label=\"Slide: Familienstiftung Klimmer \u2013 Indien \u2013 Child Fund Hilfe f\u00fcr 1.000 indische B\u00e4uerinnen.\"><h3 class='slide-entry-title entry-title '  itemprop=\"headline\" ><a href='https:\/\/www.klimmer-gmbh.de\/de\/familienstiftung-klimmer-indien\/' title='Familienstiftung Klimmer \u2013 Indien \u2013 Child Fund Hilfe f\u00fcr 1.000 indische B\u00e4uerinnen.'>Familienstiftung Klimmer \u2013 Indien \u2013 Child Fund Hilfe f\u00fcr 1.000 indische B\u00e4uerinnen.<\/a><\/h3><span class=\"av-vertical-delimiter\"><\/span><\/header><div class=\"slide-meta\"><time class='slide-meta-time updated'  itemprop=\"datePublished\" datetime=\"2020-10-29T07:21:00+01:00\" >29. Oktober 2020<\/time><\/div><div class='slide-entry-excerpt entry-content'  itemprop=\"text\" >Familienstiftung Klimmer \u2013 Indien \u2013 Child Fund Hilfe f\u00fcr 1.000 indische B\u00e4uerinnen.<div class=\"read-more-link\"><a href=\"https:\/\/www.klimmer-gmbh.de\/de\/familienstiftung-klimmer-indien\/\" class=\"more-link\">Weiterlesen<span class='more-link-arrow avia-svg-icon avia-font-svg_entypo-fontello' data-av_svg_icon='right-open-big' data-av_iconset='svg_entypo-fontello'><svg version=\"1.1\" xmlns=\"http:\/\/www.w3.org\/2000\/svg\" width=\"15\" height=\"32\" viewBox=\"0 0 15 32\" preserveAspectRatio=\"xMidYMid meet\" role=\"graphics-symbol\" aria-hidden=\"true\">\n<path d=\"M0.416 27.84l11.456-11.84-11.456-11.904q-0.832-0.832 0-1.536 0.832-0.832 1.536 0l12.544 12.608q0.768 0.832 0 1.6l-12.544 12.608q-0.704 0.832-1.536 0-0.832-0.704 0-1.536z\"><\/path>\n<\/svg><\/span><\/a><\/div><\/div><\/div><footer class=\"entry-footer\"><\/footer><span class='hidden'>\n\t\t\t\t<span class='av-structured-data'  itemprop=\"image\" itemscope=\"itemscope\" itemtype=\"https:\/\/schema.org\/ImageObject\" >\n\t\t\t\t\t\t<span itemprop='url'>https:\/\/www.klimmer-gmbh.de\/wp-content\/uploads\/2024\/03\/NEWS_29_Okt_2020_WhatsApp-Image-2020-05-22-at-20.25.59-2.jpg<\/span>\n\t\t\t\t\t\t<span itemprop='height'>800<\/span>\n\t\t\t\t\t\t<span itemprop='width'>800<\/span>\n\t\t\t\t<\/span>\n\t\t\t\t<span class='av-structured-data'  itemprop=\"publisher\" itemtype=\"https:\/\/schema.org\/Organization\" itemscope=\"itemscope\" >\n\t\t\t\t\t\t<span itemprop='name'>Agentur Baur<\/span>\n\t\t\t\t\t\t<span itemprop='logo' itemscope itemtype='https:\/\/schema.org\/ImageObject'>\n\t\t\t\t\t\t\t<span itemprop='url'>https:\/\/www.klimmer-gmbh.de\/wp-content\/uploads\/2023\/05\/klimmergmbhde.svg<\/span>\n\t\t\t\t\t\t<\/span>\n\t\t\t\t<\/span><span class='av-structured-data'  itemprop=\"author\" itemscope=\"itemscope\" itemtype=\"https:\/\/schema.org\/Person\" ><span itemprop='name'>Agentur Baur<\/span><\/span><span class='av-structured-data'  itemprop=\"datePublished\" datetime=\"2023-05-27T13:35:19+02:00\" >2020-10-29 07:21:00<\/span><span class='av-structured-data'  itemprop=\"dateModified\" itemtype=\"https:\/\/schema.org\/dateModified\" >2024-03-26 07:36:16<\/span><span class='av-structured-data'  itemprop=\"mainEntityOfPage\" itemtype=\"https:\/\/schema.org\/mainEntityOfPage\" ><span itemprop='name'>Familienstiftung Klimmer \u2013 Indien \u2013 Child Fund Hilfe f\u00fcr 1.000 indische B\u00e4uerinnen.<\/span><\/span><\/span><\/article><article class='slide-entry flex_column  post-entry post-entry-259 slide-entry-overview slide-loop-20 slide-parity-even  av_one_fourth  real-thumbnail posttype-post post-format-standard'  itemscope=\"itemscope\" itemtype=\"https:\/\/schema.org\/CreativeWork\" ><a href='https:\/\/www.klimmer-gmbh.de\/de\/klimmer-burgau-beteiligt-sich-an-hmt-gmbh\/' data-rel='slide-1' class='slide-image' title='Klimmer erweitert Unternehmensportfolio'><img decoding=\"async\" fetchpriority=\"high\" width=\"800\" height=\"800\" src=\"https:\/\/www.klimmer-gmbh.de\/wp-content\/uploads\/2021\/05\/BSB_BWB_Startseite_Bild_800x800_4.jpg\" class=\"wp-image-2977 avia-img-lazy-loading-not-2977 attachment-portfolio_small size-portfolio_small wp-post-image\" alt=\"F\u00fchrungskr\u00e4fte BSB BWB Torsten Klimmer, Gesch\u00e4ftsf\u00fchrender Gesellschafter, Wolfgang Laurer, Kaufm\u00e4nnischer Leiter, Oskar Hennig, Technischer Leiter\" srcset=\"https:\/\/www.klimmer-gmbh.de\/wp-content\/uploads\/2021\/05\/BSB_BWB_Startseite_Bild_800x800_4.jpg 800w, https:\/\/www.klimmer-gmbh.de\/wp-content\/uploads\/2021\/05\/BSB_BWB_Startseite_Bild_800x800_4-300x300.jpg 300w, https:\/\/www.klimmer-gmbh.de\/wp-content\/uploads\/2021\/05\/BSB_BWB_Startseite_Bild_800x800_4-80x80.jpg 80w, https:\/\/www.klimmer-gmbh.de\/wp-content\/uploads\/2021\/05\/BSB_BWB_Startseite_Bild_800x800_4-768x768.jpg 768w, https:\/\/www.klimmer-gmbh.de\/wp-content\/uploads\/2021\/05\/BSB_BWB_Startseite_Bild_800x800_4-36x36.jpg 36w\" sizes=\"(max-width: 800px) 100vw, 800px\" \/><\/a><div class=\"slide-content\"><header class=\"entry-content-header\" aria-label=\"Slide: Klimmer erweitert Unternehmensportfolio\"><h3 class='slide-entry-title entry-title '  itemprop=\"headline\" ><a href='https:\/\/www.klimmer-gmbh.de\/de\/klimmer-burgau-beteiligt-sich-an-hmt-gmbh\/' title='Klimmer erweitert Unternehmensportfolio'>Klimmer erweitert Unternehmensportfolio<\/a><\/h3><span class=\"av-vertical-delimiter\"><\/span><\/header><div class=\"slide-meta\"><time class='slide-meta-time updated'  itemprop=\"datePublished\" datetime=\"2020-10-05T17:17:00+02:00\" >5. Oktober 2020<\/time><\/div><div class='slide-entry-excerpt entry-content'  itemprop=\"text\" >Das Traditionsunternehmen Klimmer in Burgau erweitert sein Portfolio um die BSB Metallverformung GmbH + Co. Stanzwerk und die BWB Beh\u00e4lter-Werk Burgau GmbH + Co. KG und sichert \u00fcber 350 Arbeitspl\u00e4tze.<div class=\"read-more-link\"><a href=\"https:\/\/www.klimmer-gmbh.de\/de\/klimmer-burgau-beteiligt-sich-an-hmt-gmbh\/\" class=\"more-link\">Weiterlesen<span class='more-link-arrow avia-svg-icon avia-font-svg_entypo-fontello' data-av_svg_icon='right-open-big' data-av_iconset='svg_entypo-fontello'><svg version=\"1.1\" xmlns=\"http:\/\/www.w3.org\/2000\/svg\" width=\"15\" height=\"32\" viewBox=\"0 0 15 32\" preserveAspectRatio=\"xMidYMid meet\" role=\"graphics-symbol\" aria-hidden=\"true\">\n<path d=\"M0.416 27.84l11.456-11.84-11.456-11.904q-0.832-0.832 0-1.536 0.832-0.832 1.536 0l12.544 12.608q0.768 0.832 0 1.6l-12.544 12.608q-0.704 0.832-1.536 0-0.832-0.704 0-1.536z\"><\/path>\n<\/svg><\/span><\/a><\/div><\/div><\/div><footer class=\"entry-footer\"><\/footer><span class='hidden'>\n\t\t\t\t<span class='av-structured-data'  itemprop=\"image\" itemscope=\"itemscope\" itemtype=\"https:\/\/schema.org\/ImageObject\" >\n\t\t\t\t\t\t<span itemprop='url'>https:\/\/www.klimmer-gmbh.de\/wp-content\/uploads\/2021\/05\/BSB_BWB_Startseite_Bild_800x800_4.jpg<\/span>\n\t\t\t\t\t\t<span itemprop='height'>800<\/span>\n\t\t\t\t\t\t<span itemprop='width'>800<\/span>\n\t\t\t\t<\/span>\n\t\t\t\t<span class='av-structured-data'  itemprop=\"publisher\" itemtype=\"https:\/\/schema.org\/Organization\" itemscope=\"itemscope\" >\n\t\t\t\t\t\t<span itemprop='name'>Evendril<\/span>\n\t\t\t\t\t\t<span itemprop='logo' itemscope itemtype='https:\/\/schema.org\/ImageObject'>\n\t\t\t\t\t\t\t<span itemprop='url'>https:\/\/www.klimmer-gmbh.de\/wp-content\/uploads\/2023\/05\/klimmergmbhde.svg<\/span>\n\t\t\t\t\t\t<\/span>\n\t\t\t\t<\/span><span class='av-structured-data'  itemprop=\"author\" itemscope=\"itemscope\" itemtype=\"https:\/\/schema.org\/Person\" ><span itemprop='name'>Evendril<\/span><\/span><span class='av-structured-data'  itemprop=\"datePublished\" datetime=\"2023-05-27T13:35:19+02:00\" >2020-10-05 17:17:00<\/span><span class='av-structured-data'  itemprop=\"dateModified\" itemtype=\"https:\/\/schema.org\/dateModified\" >2024-03-26 09:24:00<\/span><span class='av-structured-data'  itemprop=\"mainEntityOfPage\" itemtype=\"https:\/\/schema.org\/mainEntityOfPage\" ><span itemprop='name'>Klimmer erweitert Unternehmensportfolio<\/span><\/span><\/span><\/article><\/div><div class=\"slide-entry-wrap\"><article class='slide-entry flex_column  post-entry post-entry-7909 slide-entry-overview slide-loop-21 slide-parity-odd  av_one_fourth first real-thumbnail posttype-post post-format-standard'  itemscope=\"itemscope\" itemtype=\"https:\/\/schema.org\/CreativeWork\" ><a href='https:\/\/www.klimmer-gmbh.de\/de\/ehrung-der-jubilare-2019\/' data-rel='slide-1' class='slide-image' title='Ehrung der Jubilare am 12.12.2019.'><img decoding=\"async\" fetchpriority=\"high\" width=\"800\" height=\"800\" src=\"https:\/\/www.klimmer-gmbh.de\/wp-content\/uploads\/2024\/03\/NEWS_16_Dez_2019_jubilare-2019-klimmer-mitarbeiter.jpg\" class=\"wp-image-7913 avia-img-lazy-loading-not-7913 attachment-portfolio_small size-portfolio_small wp-post-image\" alt=\"\" srcset=\"https:\/\/www.klimmer-gmbh.de\/wp-content\/uploads\/2024\/03\/NEWS_16_Dez_2019_jubilare-2019-klimmer-mitarbeiter.jpg 800w, https:\/\/www.klimmer-gmbh.de\/wp-content\/uploads\/2024\/03\/NEWS_16_Dez_2019_jubilare-2019-klimmer-mitarbeiter-300x300.jpg 300w, https:\/\/www.klimmer-gmbh.de\/wp-content\/uploads\/2024\/03\/NEWS_16_Dez_2019_jubilare-2019-klimmer-mitarbeiter-80x80.jpg 80w, https:\/\/www.klimmer-gmbh.de\/wp-content\/uploads\/2024\/03\/NEWS_16_Dez_2019_jubilare-2019-klimmer-mitarbeiter-768x768.jpg 768w, https:\/\/www.klimmer-gmbh.de\/wp-content\/uploads\/2024\/03\/NEWS_16_Dez_2019_jubilare-2019-klimmer-mitarbeiter-36x36.jpg 36w\" sizes=\"(max-width: 800px) 100vw, 800px\" \/><\/a><div class=\"slide-content\"><header class=\"entry-content-header\" aria-label=\"Slide: Ehrung der Jubilare am 12.12.2019.\"><h3 class='slide-entry-title entry-title '  itemprop=\"headline\" ><a href='https:\/\/www.klimmer-gmbh.de\/de\/ehrung-der-jubilare-2019\/' title='Ehrung der Jubilare am 12.12.2019.'>Ehrung der Jubilare am 12.12.2019.<\/a><\/h3><span class=\"av-vertical-delimiter\"><\/span><\/header><div class=\"slide-meta\"><time class='slide-meta-time updated'  itemprop=\"datePublished\" datetime=\"2019-12-12T07:45:00+01:00\" >12. Dezember 2019<\/time><\/div><div class='slide-entry-excerpt entry-content'  itemprop=\"text\" >Ehrung der Jubilare der Ernst Klimmer GmbH am 12.12.2019.<div class=\"read-more-link\"><a href=\"https:\/\/www.klimmer-gmbh.de\/de\/ehrung-der-jubilare-2019\/\" class=\"more-link\">Weiterlesen<span class='more-link-arrow avia-svg-icon avia-font-svg_entypo-fontello' data-av_svg_icon='right-open-big' data-av_iconset='svg_entypo-fontello'><svg version=\"1.1\" xmlns=\"http:\/\/www.w3.org\/2000\/svg\" width=\"15\" height=\"32\" viewBox=\"0 0 15 32\" preserveAspectRatio=\"xMidYMid meet\" role=\"graphics-symbol\" aria-hidden=\"true\">\n<path d=\"M0.416 27.84l11.456-11.84-11.456-11.904q-0.832-0.832 0-1.536 0.832-0.832 1.536 0l12.544 12.608q0.768 0.832 0 1.6l-12.544 12.608q-0.704 0.832-1.536 0-0.832-0.704 0-1.536z\"><\/path>\n<\/svg><\/span><\/a><\/div><\/div><\/div><footer class=\"entry-footer\"><\/footer><span class='hidden'>\n\t\t\t\t<span class='av-structured-data'  itemprop=\"image\" itemscope=\"itemscope\" itemtype=\"https:\/\/schema.org\/ImageObject\" >\n\t\t\t\t\t\t<span itemprop='url'>https:\/\/www.klimmer-gmbh.de\/wp-content\/uploads\/2024\/03\/NEWS_16_Dez_2019_jubilare-2019-klimmer-mitarbeiter.jpg<\/span>\n\t\t\t\t\t\t<span itemprop='height'>800<\/span>\n\t\t\t\t\t\t<span itemprop='width'>800<\/span>\n\t\t\t\t<\/span>\n\t\t\t\t<span class='av-structured-data'  itemprop=\"publisher\" itemtype=\"https:\/\/schema.org\/Organization\" itemscope=\"itemscope\" >\n\t\t\t\t\t\t<span itemprop='name'>Agentur Baur<\/span>\n\t\t\t\t\t\t<span itemprop='logo' itemscope itemtype='https:\/\/schema.org\/ImageObject'>\n\t\t\t\t\t\t\t<span itemprop='url'>https:\/\/www.klimmer-gmbh.de\/wp-content\/uploads\/2023\/05\/klimmergmbhde.svg<\/span>\n\t\t\t\t\t\t<\/span>\n\t\t\t\t<\/span><span class='av-structured-data'  itemprop=\"author\" itemscope=\"itemscope\" itemtype=\"https:\/\/schema.org\/Person\" ><span itemprop='name'>Agentur Baur<\/span><\/span><span class='av-structured-data'  itemprop=\"datePublished\" datetime=\"2023-05-27T13:35:19+02:00\" >2019-12-12 07:45:00<\/span><span class='av-structured-data'  itemprop=\"dateModified\" itemtype=\"https:\/\/schema.org\/dateModified\" >2024-03-26 08:02:20<\/span><span class='av-structured-data'  itemprop=\"mainEntityOfPage\" itemtype=\"https:\/\/schema.org\/mainEntityOfPage\" ><span itemprop='name'>Ehrung der Jubilare am 12.12.2019.<\/span><\/span><\/span><\/article><article class='slide-entry flex_column  post-entry post-entry-7944 slide-entry-overview slide-loop-22 slide-parity-even  av_one_fourth  real-thumbnail posttype-post post-format-standard'  itemscope=\"itemscope\" itemtype=\"https:\/\/schema.org\/CreativeWork\" ><a href='https:\/\/www.klimmer-gmbh.de\/de\/familienstiftung-projekt-gesichter-der-hoffnung\/' data-rel='slide-1' class='slide-image' title='Familienstiftung Ernst und Ria Klimmer \u2013 Projekt Gesichter der Hoffnung.'><img decoding=\"async\" fetchpriority=\"high\" width=\"800\" height=\"800\" src=\"https:\/\/www.klimmer-gmbh.de\/wp-content\/uploads\/2024\/03\/NEWS_30_Okt_2019_Familienstiftung-Projekt-Gesichter-Hoffnung.jpg\" class=\"wp-image-7950 avia-img-lazy-loading-not-7950 attachment-portfolio_small size-portfolio_small wp-post-image\" alt=\"\" srcset=\"https:\/\/www.klimmer-gmbh.de\/wp-content\/uploads\/2024\/03\/NEWS_30_Okt_2019_Familienstiftung-Projekt-Gesichter-Hoffnung.jpg 800w, https:\/\/www.klimmer-gmbh.de\/wp-content\/uploads\/2024\/03\/NEWS_30_Okt_2019_Familienstiftung-Projekt-Gesichter-Hoffnung-300x300.jpg 300w, https:\/\/www.klimmer-gmbh.de\/wp-content\/uploads\/2024\/03\/NEWS_30_Okt_2019_Familienstiftung-Projekt-Gesichter-Hoffnung-80x80.jpg 80w, https:\/\/www.klimmer-gmbh.de\/wp-content\/uploads\/2024\/03\/NEWS_30_Okt_2019_Familienstiftung-Projekt-Gesichter-Hoffnung-768x768.jpg 768w, https:\/\/www.klimmer-gmbh.de\/wp-content\/uploads\/2024\/03\/NEWS_30_Okt_2019_Familienstiftung-Projekt-Gesichter-Hoffnung-36x36.jpg 36w\" sizes=\"(max-width: 800px) 100vw, 800px\" \/><\/a><div class=\"slide-content\"><header class=\"entry-content-header\" aria-label=\"Slide: Familienstiftung Ernst und Ria Klimmer \u2013 Projekt Gesichter der Hoffnung.\"><h3 class='slide-entry-title entry-title '  itemprop=\"headline\" ><a href='https:\/\/www.klimmer-gmbh.de\/de\/familienstiftung-projekt-gesichter-der-hoffnung\/' title='Familienstiftung Ernst und Ria Klimmer \u2013 Projekt Gesichter der Hoffnung.'>Familienstiftung Ernst und Ria Klimmer \u2013 Projekt Gesichter der Hoffnung.<\/a><\/h3><span class=\"av-vertical-delimiter\"><\/span><\/header><div class=\"slide-meta\"><time class='slide-meta-time updated'  itemprop=\"datePublished\" datetime=\"2019-10-30T08:09:00+01:00\" >30. Oktober 2019<\/time><\/div><div class='slide-entry-excerpt entry-content'  itemprop=\"text\" >Von der Ver\u00adwirk\u00adli\u00adchung ei\u00adge\u00adner Pro\u00adjekte \u00fcber die an\u00adtei\u00adlige F\u00f6r\u00adde\u00adrung ge\u00admein\u00adschaft\u00adlicher Vor\u00adhaben bis hin zur Fort\u00adset\u00adzung eta\u00adblier\u00adter Konzepte.<div class=\"read-more-link\"><a href=\"https:\/\/www.klimmer-gmbh.de\/de\/familienstiftung-projekt-gesichter-der-hoffnung\/\" class=\"more-link\">Weiterlesen<span class='more-link-arrow avia-svg-icon avia-font-svg_entypo-fontello' data-av_svg_icon='right-open-big' data-av_iconset='svg_entypo-fontello'><svg version=\"1.1\" xmlns=\"http:\/\/www.w3.org\/2000\/svg\" width=\"15\" height=\"32\" viewBox=\"0 0 15 32\" preserveAspectRatio=\"xMidYMid meet\" role=\"graphics-symbol\" aria-hidden=\"true\">\n<path d=\"M0.416 27.84l11.456-11.84-11.456-11.904q-0.832-0.832 0-1.536 0.832-0.832 1.536 0l12.544 12.608q0.768 0.832 0 1.6l-12.544 12.608q-0.704 0.832-1.536 0-0.832-0.704 0-1.536z\"><\/path>\n<\/svg><\/span><\/a><\/div><\/div><\/div><footer class=\"entry-footer\"><\/footer><span class='hidden'>\n\t\t\t\t<span class='av-structured-data'  itemprop=\"image\" itemscope=\"itemscope\" itemtype=\"https:\/\/schema.org\/ImageObject\" >\n\t\t\t\t\t\t<span itemprop='url'>https:\/\/www.klimmer-gmbh.de\/wp-content\/uploads\/2024\/03\/NEWS_30_Okt_2019_Familienstiftung-Projekt-Gesichter-Hoffnung.jpg<\/span>\n\t\t\t\t\t\t<span itemprop='height'>800<\/span>\n\t\t\t\t\t\t<span itemprop='width'>800<\/span>\n\t\t\t\t<\/span>\n\t\t\t\t<span class='av-structured-data'  itemprop=\"publisher\" itemtype=\"https:\/\/schema.org\/Organization\" itemscope=\"itemscope\" >\n\t\t\t\t\t\t<span itemprop='name'>Agentur Baur<\/span>\n\t\t\t\t\t\t<span itemprop='logo' itemscope itemtype='https:\/\/schema.org\/ImageObject'>\n\t\t\t\t\t\t\t<span itemprop='url'>https:\/\/www.klimmer-gmbh.de\/wp-content\/uploads\/2023\/05\/klimmergmbhde.svg<\/span>\n\t\t\t\t\t\t<\/span>\n\t\t\t\t<\/span><span class='av-structured-data'  itemprop=\"author\" itemscope=\"itemscope\" itemtype=\"https:\/\/schema.org\/Person\" ><span itemprop='name'>Agentur Baur<\/span><\/span><span class='av-structured-data'  itemprop=\"datePublished\" datetime=\"2023-05-27T13:35:19+02:00\" >2019-10-30 08:09:00<\/span><span class='av-structured-data'  itemprop=\"dateModified\" itemtype=\"https:\/\/schema.org\/dateModified\" >2024-03-26 08:30:02<\/span><span class='av-structured-data'  itemprop=\"mainEntityOfPage\" itemtype=\"https:\/\/schema.org\/mainEntityOfPage\" ><span itemprop='name'>Familienstiftung Ernst und Ria Klimmer \u2013 Projekt Gesichter der Hoffnung.<\/span><\/span><\/span><\/article><article class='slide-entry flex_column  post-entry post-entry-7954 slide-entry-overview slide-loop-23 slide-parity-odd  av_one_fourth  real-thumbnail posttype-post post-format-standard'  itemscope=\"itemscope\" itemtype=\"https:\/\/schema.org\/CreativeWork\" ><a href='https:\/\/www.klimmer-gmbh.de\/de\/unsere-neuen-azubis-2019\/' data-rel='slide-1' class='slide-image' title='Unsere 6 neuen Azubis 2019.'><img decoding=\"async\" fetchpriority=\"high\" width=\"800\" height=\"800\" src=\"https:\/\/www.klimmer-gmbh.de\/wp-content\/uploads\/2024\/03\/NEWS_10_Sept_2019_Klimmer-Azubis-2019.jpg\" class=\"wp-image-7971 avia-img-lazy-loading-not-7971 attachment-portfolio_small size-portfolio_small wp-post-image\" alt=\"\" srcset=\"https:\/\/www.klimmer-gmbh.de\/wp-content\/uploads\/2024\/03\/NEWS_10_Sept_2019_Klimmer-Azubis-2019.jpg 800w, https:\/\/www.klimmer-gmbh.de\/wp-content\/uploads\/2024\/03\/NEWS_10_Sept_2019_Klimmer-Azubis-2019-300x300.jpg 300w, https:\/\/www.klimmer-gmbh.de\/wp-content\/uploads\/2024\/03\/NEWS_10_Sept_2019_Klimmer-Azubis-2019-80x80.jpg 80w, https:\/\/www.klimmer-gmbh.de\/wp-content\/uploads\/2024\/03\/NEWS_10_Sept_2019_Klimmer-Azubis-2019-768x768.jpg 768w, https:\/\/www.klimmer-gmbh.de\/wp-content\/uploads\/2024\/03\/NEWS_10_Sept_2019_Klimmer-Azubis-2019-36x36.jpg 36w\" sizes=\"(max-width: 800px) 100vw, 800px\" \/><\/a><div class=\"slide-content\"><header class=\"entry-content-header\" aria-label=\"Slide: Unsere 6 neuen Azubis 2019.\"><h3 class='slide-entry-title entry-title '  itemprop=\"headline\" ><a href='https:\/\/www.klimmer-gmbh.de\/de\/unsere-neuen-azubis-2019\/' title='Unsere 6 neuen Azubis 2019.'>Unsere 6 neuen Azubis 2019.<\/a><\/h3><span class=\"av-vertical-delimiter\"><\/span><\/header><div class=\"slide-meta\"><time class='slide-meta-time updated'  itemprop=\"datePublished\" datetime=\"2019-09-10T08:16:00+02:00\" >10. September 2019<\/time><\/div><div class='slide-entry-excerpt entry-content'  itemprop=\"text\" >Wir w\u00fcnschen allen einen guten Start und eine erfolgreiche interessante Ausbildungszeit.<div class=\"read-more-link\"><a href=\"https:\/\/www.klimmer-gmbh.de\/de\/unsere-neuen-azubis-2019\/\" class=\"more-link\">Weiterlesen<span class='more-link-arrow avia-svg-icon avia-font-svg_entypo-fontello' data-av_svg_icon='right-open-big' data-av_iconset='svg_entypo-fontello'><svg version=\"1.1\" xmlns=\"http:\/\/www.w3.org\/2000\/svg\" width=\"15\" height=\"32\" viewBox=\"0 0 15 32\" preserveAspectRatio=\"xMidYMid meet\" role=\"graphics-symbol\" aria-hidden=\"true\">\n<path d=\"M0.416 27.84l11.456-11.84-11.456-11.904q-0.832-0.832 0-1.536 0.832-0.832 1.536 0l12.544 12.608q0.768 0.832 0 1.6l-12.544 12.608q-0.704 0.832-1.536 0-0.832-0.704 0-1.536z\"><\/path>\n<\/svg><\/span><\/a><\/div><\/div><\/div><footer class=\"entry-footer\"><\/footer><span class='hidden'>\n\t\t\t\t<span class='av-structured-data'  itemprop=\"image\" itemscope=\"itemscope\" itemtype=\"https:\/\/schema.org\/ImageObject\" >\n\t\t\t\t\t\t<span itemprop='url'>https:\/\/www.klimmer-gmbh.de\/wp-content\/uploads\/2024\/03\/NEWS_10_Sept_2019_Klimmer-Azubis-2019.jpg<\/span>\n\t\t\t\t\t\t<span itemprop='height'>800<\/span>\n\t\t\t\t\t\t<span itemprop='width'>800<\/span>\n\t\t\t\t<\/span>\n\t\t\t\t<span class='av-structured-data'  itemprop=\"publisher\" itemtype=\"https:\/\/schema.org\/Organization\" itemscope=\"itemscope\" >\n\t\t\t\t\t\t<span itemprop='name'>Agentur Baur<\/span>\n\t\t\t\t\t\t<span itemprop='logo' itemscope itemtype='https:\/\/schema.org\/ImageObject'>\n\t\t\t\t\t\t\t<span itemprop='url'>https:\/\/www.klimmer-gmbh.de\/wp-content\/uploads\/2023\/05\/klimmergmbhde.svg<\/span>\n\t\t\t\t\t\t<\/span>\n\t\t\t\t<\/span><span class='av-structured-data'  itemprop=\"author\" itemscope=\"itemscope\" itemtype=\"https:\/\/schema.org\/Person\" ><span itemprop='name'>Agentur Baur<\/span><\/span><span class='av-structured-data'  itemprop=\"datePublished\" datetime=\"2023-05-27T13:35:19+02:00\" >2019-09-10 08:16:00<\/span><span class='av-structured-data'  itemprop=\"dateModified\" itemtype=\"https:\/\/schema.org\/dateModified\" >2024-03-26 08:40:14<\/span><span class='av-structured-data'  itemprop=\"mainEntityOfPage\" itemtype=\"https:\/\/schema.org\/mainEntityOfPage\" ><span itemprop='name'>Unsere 6 neuen Azubis 2019.<\/span><\/span><\/span><\/article><article class='slide-entry flex_column  post-entry post-entry-7975 slide-entry-overview slide-loop-24 slide-parity-even  av_one_fourth  real-thumbnail posttype-post post-format-standard'  itemscope=\"itemscope\" itemtype=\"https:\/\/schema.org\/CreativeWork\" ><a href='https:\/\/www.klimmer-gmbh.de\/de\/bauteilsauberkeit-porentief\/' data-rel='slide-1' class='slide-image' title='Porentief entfettete Bauteile der Ernst Klimmer GmbH'><img decoding=\"async\" fetchpriority=\"high\" width=\"800\" height=\"800\" src=\"https:\/\/www.klimmer-gmbh.de\/wp-content\/uploads\/2024\/03\/NEWS_5_Sept_2019_klimmer-umformflansch-vetrieb-sales.jpg\" class=\"wp-image-7983 avia-img-lazy-loading-not-7983 attachment-portfolio_small size-portfolio_small wp-post-image\" alt=\"\" srcset=\"https:\/\/www.klimmer-gmbh.de\/wp-content\/uploads\/2024\/03\/NEWS_5_Sept_2019_klimmer-umformflansch-vetrieb-sales.jpg 800w, https:\/\/www.klimmer-gmbh.de\/wp-content\/uploads\/2024\/03\/NEWS_5_Sept_2019_klimmer-umformflansch-vetrieb-sales-300x300.jpg 300w, https:\/\/www.klimmer-gmbh.de\/wp-content\/uploads\/2024\/03\/NEWS_5_Sept_2019_klimmer-umformflansch-vetrieb-sales-80x80.jpg 80w, https:\/\/www.klimmer-gmbh.de\/wp-content\/uploads\/2024\/03\/NEWS_5_Sept_2019_klimmer-umformflansch-vetrieb-sales-768x768.jpg 768w, https:\/\/www.klimmer-gmbh.de\/wp-content\/uploads\/2024\/03\/NEWS_5_Sept_2019_klimmer-umformflansch-vetrieb-sales-36x36.jpg 36w\" sizes=\"(max-width: 800px) 100vw, 800px\" \/><\/a><div class=\"slide-content\"><header class=\"entry-content-header\" aria-label=\"Slide: Porentief entfettete Bauteile der Ernst Klimmer GmbH\"><h3 class='slide-entry-title entry-title '  itemprop=\"headline\" ><a href='https:\/\/www.klimmer-gmbh.de\/de\/bauteilsauberkeit-porentief\/' title='Porentief entfettete Bauteile der Ernst Klimmer GmbH'>Porentief entfettete Bauteile der Ernst Klimmer GmbH<\/a><\/h3><span class=\"av-vertical-delimiter\"><\/span><\/header><div class=\"slide-meta\"><time class='slide-meta-time updated'  itemprop=\"datePublished\" datetime=\"2019-09-05T08:41:00+02:00\" >5. September 2019<\/time><\/div><div class='slide-entry-excerpt entry-content'  itemprop=\"text\" >Um dem Qualit\u00e4tsniveau auf h\u00f6chstem Standard dauerhaft gerecht zu werden, haben wir die Entfettung unserer Flansche und Platten an einen sehr erfahrenen Lohnentfetter \u00fcbergeben.<div class=\"read-more-link\"><a href=\"https:\/\/www.klimmer-gmbh.de\/de\/bauteilsauberkeit-porentief\/\" class=\"more-link\">Weiterlesen<span class='more-link-arrow avia-svg-icon avia-font-svg_entypo-fontello' data-av_svg_icon='right-open-big' data-av_iconset='svg_entypo-fontello'><svg version=\"1.1\" xmlns=\"http:\/\/www.w3.org\/2000\/svg\" width=\"15\" height=\"32\" viewBox=\"0 0 15 32\" preserveAspectRatio=\"xMidYMid meet\" role=\"graphics-symbol\" aria-hidden=\"true\">\n<path d=\"M0.416 27.84l11.456-11.84-11.456-11.904q-0.832-0.832 0-1.536 0.832-0.832 1.536 0l12.544 12.608q0.768 0.832 0 1.6l-12.544 12.608q-0.704 0.832-1.536 0-0.832-0.704 0-1.536z\"><\/path>\n<\/svg><\/span><\/a><\/div><\/div><\/div><footer class=\"entry-footer\"><\/footer><span class='hidden'>\n\t\t\t\t<span class='av-structured-data'  itemprop=\"image\" itemscope=\"itemscope\" itemtype=\"https:\/\/schema.org\/ImageObject\" >\n\t\t\t\t\t\t<span itemprop='url'>https:\/\/www.klimmer-gmbh.de\/wp-content\/uploads\/2024\/03\/NEWS_5_Sept_2019_klimmer-umformflansch-vetrieb-sales.jpg<\/span>\n\t\t\t\t\t\t<span itemprop='height'>800<\/span>\n\t\t\t\t\t\t<span itemprop='width'>800<\/span>\n\t\t\t\t<\/span>\n\t\t\t\t<span class='av-structured-data'  itemprop=\"publisher\" itemtype=\"https:\/\/schema.org\/Organization\" itemscope=\"itemscope\" >\n\t\t\t\t\t\t<span itemprop='name'>Agentur Baur<\/span>\n\t\t\t\t\t\t<span itemprop='logo' itemscope itemtype='https:\/\/schema.org\/ImageObject'>\n\t\t\t\t\t\t\t<span itemprop='url'>https:\/\/www.klimmer-gmbh.de\/wp-content\/uploads\/2023\/05\/klimmergmbhde.svg<\/span>\n\t\t\t\t\t\t<\/span>\n\t\t\t\t<\/span><span class='av-structured-data'  itemprop=\"author\" itemscope=\"itemscope\" itemtype=\"https:\/\/schema.org\/Person\" ><span itemprop='name'>Agentur Baur<\/span><\/span><span class='av-structured-data'  itemprop=\"datePublished\" datetime=\"2023-05-27T13:35:19+02:00\" >2019-09-05 08:41:00<\/span><span class='av-structured-data'  itemprop=\"dateModified\" itemtype=\"https:\/\/schema.org\/dateModified\" >2024-04-02 08:46:14<\/span><span class='av-structured-data'  itemprop=\"mainEntityOfPage\" itemtype=\"https:\/\/schema.org\/mainEntityOfPage\" ><span itemprop='name'>Porentief entfettete Bauteile der Ernst Klimmer GmbH<\/span><\/span><\/span><\/article><\/div><div class=\"slide-entry-wrap\"><article class='slide-entry flex_column  post-entry post-entry-7987 slide-entry-overview slide-loop-25 slide-parity-odd  av_one_fourth first real-thumbnail posttype-post post-format-standard'  itemscope=\"itemscope\" itemtype=\"https:\/\/schema.org\/CreativeWork\" ><a href='https:\/\/www.klimmer-gmbh.de\/de\/tag-der-offenen-tuer-2019\/' data-rel='slide-1' class='slide-image' title='Tag der offenen T\u00fcre am 20. Juli 2019.'><img decoding=\"async\" fetchpriority=\"high\" width=\"800\" height=\"800\" src=\"https:\/\/www.klimmer-gmbh.de\/wp-content\/uploads\/2024\/03\/NEWS_20_Juli_2019_Tag-der-offenen-Tuer-Klimmer-Burgau.jpg\" class=\"wp-image-7993 avia-img-lazy-loading-not-7993 attachment-portfolio_small size-portfolio_small wp-post-image\" alt=\"\" srcset=\"https:\/\/www.klimmer-gmbh.de\/wp-content\/uploads\/2024\/03\/NEWS_20_Juli_2019_Tag-der-offenen-Tuer-Klimmer-Burgau.jpg 800w, https:\/\/www.klimmer-gmbh.de\/wp-content\/uploads\/2024\/03\/NEWS_20_Juli_2019_Tag-der-offenen-Tuer-Klimmer-Burgau-300x300.jpg 300w, https:\/\/www.klimmer-gmbh.de\/wp-content\/uploads\/2024\/03\/NEWS_20_Juli_2019_Tag-der-offenen-Tuer-Klimmer-Burgau-80x80.jpg 80w, https:\/\/www.klimmer-gmbh.de\/wp-content\/uploads\/2024\/03\/NEWS_20_Juli_2019_Tag-der-offenen-Tuer-Klimmer-Burgau-768x768.jpg 768w, https:\/\/www.klimmer-gmbh.de\/wp-content\/uploads\/2024\/03\/NEWS_20_Juli_2019_Tag-der-offenen-Tuer-Klimmer-Burgau-36x36.jpg 36w\" sizes=\"(max-width: 800px) 100vw, 800px\" \/><\/a><div class=\"slide-content\"><header class=\"entry-content-header\" aria-label=\"Slide: Tag der offenen T\u00fcre am 20. Juli 2019.\"><h3 class='slide-entry-title entry-title '  itemprop=\"headline\" ><a href='https:\/\/www.klimmer-gmbh.de\/de\/tag-der-offenen-tuer-2019\/' title='Tag der offenen T\u00fcre am 20. Juli 2019.'>Tag der offenen T\u00fcre am 20. Juli 2019.<\/a><\/h3><span class=\"av-vertical-delimiter\"><\/span><\/header><div class=\"slide-meta\"><time class='slide-meta-time updated'  itemprop=\"datePublished\" datetime=\"2019-07-20T08:48:00+02:00\" >20. Juli 2019<\/time><\/div><div class='slide-entry-excerpt entry-content'  itemprop=\"text\" >Kommen Sie vorbei und lernen Sie uns besser kennen. Erwarten Sie spannende Einblicke in die Klimmer Group.<div class=\"read-more-link\"><a href=\"https:\/\/www.klimmer-gmbh.de\/de\/tag-der-offenen-tuer-2019\/\" class=\"more-link\">Weiterlesen<span class='more-link-arrow avia-svg-icon avia-font-svg_entypo-fontello' data-av_svg_icon='right-open-big' data-av_iconset='svg_entypo-fontello'><svg version=\"1.1\" xmlns=\"http:\/\/www.w3.org\/2000\/svg\" width=\"15\" height=\"32\" viewBox=\"0 0 15 32\" preserveAspectRatio=\"xMidYMid meet\" role=\"graphics-symbol\" aria-hidden=\"true\">\n<path d=\"M0.416 27.84l11.456-11.84-11.456-11.904q-0.832-0.832 0-1.536 0.832-0.832 1.536 0l12.544 12.608q0.768 0.832 0 1.6l-12.544 12.608q-0.704 0.832-1.536 0-0.832-0.704 0-1.536z\"><\/path>\n<\/svg><\/span><\/a><\/div><\/div><\/div><footer class=\"entry-footer\"><\/footer><span class='hidden'>\n\t\t\t\t<span class='av-structured-data'  itemprop=\"image\" itemscope=\"itemscope\" itemtype=\"https:\/\/schema.org\/ImageObject\" >\n\t\t\t\t\t\t<span itemprop='url'>https:\/\/www.klimmer-gmbh.de\/wp-content\/uploads\/2024\/03\/NEWS_20_Juli_2019_Tag-der-offenen-Tuer-Klimmer-Burgau.jpg<\/span>\n\t\t\t\t\t\t<span itemprop='height'>800<\/span>\n\t\t\t\t\t\t<span itemprop='width'>800<\/span>\n\t\t\t\t<\/span>\n\t\t\t\t<span class='av-structured-data'  itemprop=\"publisher\" itemtype=\"https:\/\/schema.org\/Organization\" itemscope=\"itemscope\" >\n\t\t\t\t\t\t<span itemprop='name'>Agentur Baur<\/span>\n\t\t\t\t\t\t<span itemprop='logo' itemscope itemtype='https:\/\/schema.org\/ImageObject'>\n\t\t\t\t\t\t\t<span itemprop='url'>https:\/\/www.klimmer-gmbh.de\/wp-content\/uploads\/2023\/05\/klimmergmbhde.svg<\/span>\n\t\t\t\t\t\t<\/span>\n\t\t\t\t<\/span><span class='av-structured-data'  itemprop=\"author\" itemscope=\"itemscope\" itemtype=\"https:\/\/schema.org\/Person\" ><span itemprop='name'>Agentur Baur<\/span><\/span><span class='av-structured-data'  itemprop=\"datePublished\" datetime=\"2023-05-27T13:35:19+02:00\" >2019-07-20 08:48:00<\/span><span class='av-structured-data'  itemprop=\"dateModified\" itemtype=\"https:\/\/schema.org\/dateModified\" >2024-03-26 08:52:56<\/span><span class='av-structured-data'  itemprop=\"mainEntityOfPage\" itemtype=\"https:\/\/schema.org\/mainEntityOfPage\" ><span itemprop='name'>Tag der offenen T\u00fcre am 20. Juli 2019.<\/span><\/span><\/span><\/article><article class='slide-entry flex_column  post-entry post-entry-7997 slide-entry-overview slide-loop-26 slide-parity-even  av_one_fourth  real-thumbnail posttype-post post-format-standard'  itemscope=\"itemscope\" itemtype=\"https:\/\/schema.org\/CreativeWork\" ><a href='https:\/\/www.klimmer-gmbh.de\/de\/maedchenzukunftstag-girls-day\/' data-rel='slide-1' class='slide-image' title='Girl\u00b4s Day 28.03.2019.'><img decoding=\"async\" fetchpriority=\"high\" width=\"800\" height=\"800\" src=\"https:\/\/www.klimmer-gmbh.de\/wp-content\/uploads\/2024\/03\/NEWS_1_April_2019_Girls-Day.jpg\" class=\"wp-image-8003 avia-img-lazy-loading-not-8003 attachment-portfolio_small size-portfolio_small wp-post-image\" alt=\"\" srcset=\"https:\/\/www.klimmer-gmbh.de\/wp-content\/uploads\/2024\/03\/NEWS_1_April_2019_Girls-Day.jpg 800w, https:\/\/www.klimmer-gmbh.de\/wp-content\/uploads\/2024\/03\/NEWS_1_April_2019_Girls-Day-300x300.jpg 300w, https:\/\/www.klimmer-gmbh.de\/wp-content\/uploads\/2024\/03\/NEWS_1_April_2019_Girls-Day-80x80.jpg 80w, https:\/\/www.klimmer-gmbh.de\/wp-content\/uploads\/2024\/03\/NEWS_1_April_2019_Girls-Day-768x768.jpg 768w, https:\/\/www.klimmer-gmbh.de\/wp-content\/uploads\/2024\/03\/NEWS_1_April_2019_Girls-Day-36x36.jpg 36w\" sizes=\"(max-width: 800px) 100vw, 800px\" \/><\/a><div class=\"slide-content\"><header class=\"entry-content-header\" aria-label=\"Slide: Girl\u00b4s Day 28.03.2019.\"><h3 class='slide-entry-title entry-title '  itemprop=\"headline\" ><a href='https:\/\/www.klimmer-gmbh.de\/de\/maedchenzukunftstag-girls-day\/' title='Girl\u00b4s Day 28.03.2019.'>Girl\u00b4s Day 28.03.2019.<\/a><\/h3><span class=\"av-vertical-delimiter\"><\/span><\/header><div class=\"slide-meta\"><time class='slide-meta-time updated'  itemprop=\"datePublished\" datetime=\"2019-04-01T08:53:00+02:00\" >1. April 2019<\/time><\/div><div class='slide-entry-excerpt entry-content'  itemprop=\"text\" >Die Ernst Klimmer GmbH nahm\u00a0wieder am M\u00e4dchen-Zukunftstag (Girl\u00b4s day) teil.<div class=\"read-more-link\"><a href=\"https:\/\/www.klimmer-gmbh.de\/de\/maedchenzukunftstag-girls-day\/\" class=\"more-link\">Weiterlesen<span class='more-link-arrow avia-svg-icon avia-font-svg_entypo-fontello' data-av_svg_icon='right-open-big' data-av_iconset='svg_entypo-fontello'><svg version=\"1.1\" xmlns=\"http:\/\/www.w3.org\/2000\/svg\" width=\"15\" height=\"32\" viewBox=\"0 0 15 32\" preserveAspectRatio=\"xMidYMid meet\" role=\"graphics-symbol\" aria-hidden=\"true\">\n<path d=\"M0.416 27.84l11.456-11.84-11.456-11.904q-0.832-0.832 0-1.536 0.832-0.832 1.536 0l12.544 12.608q0.768 0.832 0 1.6l-12.544 12.608q-0.704 0.832-1.536 0-0.832-0.704 0-1.536z\"><\/path>\n<\/svg><\/span><\/a><\/div><\/div><\/div><footer class=\"entry-footer\"><\/footer><span class='hidden'>\n\t\t\t\t<span class='av-structured-data'  itemprop=\"image\" itemscope=\"itemscope\" itemtype=\"https:\/\/schema.org\/ImageObject\" >\n\t\t\t\t\t\t<span itemprop='url'>https:\/\/www.klimmer-gmbh.de\/wp-content\/uploads\/2024\/03\/NEWS_1_April_2019_Girls-Day.jpg<\/span>\n\t\t\t\t\t\t<span itemprop='height'>800<\/span>\n\t\t\t\t\t\t<span itemprop='width'>800<\/span>\n\t\t\t\t<\/span>\n\t\t\t\t<span class='av-structured-data'  itemprop=\"publisher\" itemtype=\"https:\/\/schema.org\/Organization\" itemscope=\"itemscope\" >\n\t\t\t\t\t\t<span itemprop='name'>Agentur Baur<\/span>\n\t\t\t\t\t\t<span itemprop='logo' itemscope itemtype='https:\/\/schema.org\/ImageObject'>\n\t\t\t\t\t\t\t<span itemprop='url'>https:\/\/www.klimmer-gmbh.de\/wp-content\/uploads\/2023\/05\/klimmergmbhde.svg<\/span>\n\t\t\t\t\t\t<\/span>\n\t\t\t\t<\/span><span class='av-structured-data'  itemprop=\"author\" itemscope=\"itemscope\" itemtype=\"https:\/\/schema.org\/Person\" ><span itemprop='name'>Agentur Baur<\/span><\/span><span class='av-structured-data'  itemprop=\"datePublished\" datetime=\"2023-05-27T13:35:19+02:00\" >2019-04-01 08:53:00<\/span><span class='av-structured-data'  itemprop=\"dateModified\" itemtype=\"https:\/\/schema.org\/dateModified\" >2024-03-26 08:58:49<\/span><span class='av-structured-data'  itemprop=\"mainEntityOfPage\" itemtype=\"https:\/\/schema.org\/mainEntityOfPage\" ><span itemprop='name'>Girl\u00b4s Day 28.03.2019.<\/span><\/span><\/span><\/article><article class='slide-entry flex_column  post-entry post-entry-8007 slide-entry-overview slide-loop-27 slide-parity-odd  av_one_fourth  real-thumbnail posttype-post post-format-standard'  itemscope=\"itemscope\" itemtype=\"https:\/\/schema.org\/CreativeWork\" ><a href='https:\/\/www.klimmer-gmbh.de\/de\/ehrung-der-jubilare-2018\/' data-rel='slide-1' class='slide-image' title='Jubilarsfeier 29.11.2018.'><img decoding=\"async\" fetchpriority=\"high\" width=\"800\" height=\"800\" src=\"https:\/\/www.klimmer-gmbh.de\/wp-content\/uploads\/2024\/03\/NEWS_3_Dez_2018_Jubilare-2018.jpg\" class=\"wp-image-8013 avia-img-lazy-loading-not-8013 attachment-portfolio_small size-portfolio_small wp-post-image\" alt=\"\" srcset=\"https:\/\/www.klimmer-gmbh.de\/wp-content\/uploads\/2024\/03\/NEWS_3_Dez_2018_Jubilare-2018.jpg 800w, https:\/\/www.klimmer-gmbh.de\/wp-content\/uploads\/2024\/03\/NEWS_3_Dez_2018_Jubilare-2018-300x300.jpg 300w, https:\/\/www.klimmer-gmbh.de\/wp-content\/uploads\/2024\/03\/NEWS_3_Dez_2018_Jubilare-2018-80x80.jpg 80w, https:\/\/www.klimmer-gmbh.de\/wp-content\/uploads\/2024\/03\/NEWS_3_Dez_2018_Jubilare-2018-768x768.jpg 768w, https:\/\/www.klimmer-gmbh.de\/wp-content\/uploads\/2024\/03\/NEWS_3_Dez_2018_Jubilare-2018-36x36.jpg 36w\" sizes=\"(max-width: 800px) 100vw, 800px\" \/><\/a><div class=\"slide-content\"><header class=\"entry-content-header\" aria-label=\"Slide: Jubilarsfeier 29.11.2018.\"><h3 class='slide-entry-title entry-title '  itemprop=\"headline\" ><a href='https:\/\/www.klimmer-gmbh.de\/de\/ehrung-der-jubilare-2018\/' title='Jubilarsfeier 29.11.2018.'>Jubilarsfeier 29.11.2018.<\/a><\/h3><span class=\"av-vertical-delimiter\"><\/span><\/header><div class=\"slide-meta\"><time class='slide-meta-time updated'  itemprop=\"datePublished\" datetime=\"2018-12-03T09:01:00+01:00\" >3. Dezember 2018<\/time><\/div><div class='slide-entry-excerpt entry-content'  itemprop=\"text\" >Auch dieses Jahr wurden 15 Jubilare der Ernst Klimmer GmbH geehrt.\n\nWir bedanken uns auch an dieser Stelle nochmals f\u00fcr die gute und treue Mitarbeit bei allen Jubilaren und freuen uns auf eine weiterhin gute Zusammenarbeit.<div class=\"read-more-link\"><a href=\"https:\/\/www.klimmer-gmbh.de\/de\/ehrung-der-jubilare-2018\/\" class=\"more-link\">Weiterlesen<span class='more-link-arrow avia-svg-icon avia-font-svg_entypo-fontello' data-av_svg_icon='right-open-big' data-av_iconset='svg_entypo-fontello'><svg version=\"1.1\" xmlns=\"http:\/\/www.w3.org\/2000\/svg\" width=\"15\" height=\"32\" viewBox=\"0 0 15 32\" preserveAspectRatio=\"xMidYMid meet\" role=\"graphics-symbol\" aria-hidden=\"true\">\n<path d=\"M0.416 27.84l11.456-11.84-11.456-11.904q-0.832-0.832 0-1.536 0.832-0.832 1.536 0l12.544 12.608q0.768 0.832 0 1.6l-12.544 12.608q-0.704 0.832-1.536 0-0.832-0.704 0-1.536z\"><\/path>\n<\/svg><\/span><\/a><\/div><\/div><\/div><footer class=\"entry-footer\"><\/footer><span class='hidden'>\n\t\t\t\t<span class='av-structured-data'  itemprop=\"image\" itemscope=\"itemscope\" itemtype=\"https:\/\/schema.org\/ImageObject\" >\n\t\t\t\t\t\t<span itemprop='url'>https:\/\/www.klimmer-gmbh.de\/wp-content\/uploads\/2024\/03\/NEWS_3_Dez_2018_Jubilare-2018.jpg<\/span>\n\t\t\t\t\t\t<span itemprop='height'>800<\/span>\n\t\t\t\t\t\t<span itemprop='width'>800<\/span>\n\t\t\t\t<\/span>\n\t\t\t\t<span class='av-structured-data'  itemprop=\"publisher\" itemtype=\"https:\/\/schema.org\/Organization\" itemscope=\"itemscope\" >\n\t\t\t\t\t\t<span itemprop='name'>Agentur Baur<\/span>\n\t\t\t\t\t\t<span itemprop='logo' itemscope itemtype='https:\/\/schema.org\/ImageObject'>\n\t\t\t\t\t\t\t<span itemprop='url'>https:\/\/www.klimmer-gmbh.de\/wp-content\/uploads\/2023\/05\/klimmergmbhde.svg<\/span>\n\t\t\t\t\t\t<\/span>\n\t\t\t\t<\/span><span class='av-structured-data'  itemprop=\"author\" itemscope=\"itemscope\" itemtype=\"https:\/\/schema.org\/Person\" ><span itemprop='name'>Agentur Baur<\/span><\/span><span class='av-structured-data'  itemprop=\"datePublished\" datetime=\"2023-05-27T13:35:19+02:00\" >2018-12-03 09:01:00<\/span><span class='av-structured-data'  itemprop=\"dateModified\" itemtype=\"https:\/\/schema.org\/dateModified\" >2024-03-26 09:06:08<\/span><span class='av-structured-data'  itemprop=\"mainEntityOfPage\" itemtype=\"https:\/\/schema.org\/mainEntityOfPage\" ><span itemprop='name'>Jubilarsfeier 29.11.2018.<\/span><\/span><\/span><\/article><article class='slide-entry flex_column  post-entry post-entry-8021 slide-entry-overview slide-loop-28 slide-parity-even  av_one_fourth  real-thumbnail posttype-post post-format-standard'  itemscope=\"itemscope\" itemtype=\"https:\/\/schema.org\/CreativeWork\" ><a href='https:\/\/www.klimmer-gmbh.de\/de\/familienstiftung-klimmer-childfund-kongolische-strassenkinder\/' data-rel='slide-1' class='slide-image' title='ChildFund Deutschland \u2013 Familienstiftung Klimmer neues Projekt: Hoffnung f\u00fcr kongolesische Strassenkinder.'><img decoding=\"async\" fetchpriority=\"high\" width=\"800\" height=\"800\" src=\"https:\/\/www.klimmer-gmbh.de\/wp-content\/uploads\/2024\/03\/NEWS_23_Okt_2018_konglosesische-strassenkinder-familienstiftung-childfund-800x800-1.jpg\" class=\"wp-image-8025 avia-img-lazy-loading-not-8025 attachment-portfolio_small size-portfolio_small wp-post-image\" alt=\"\" srcset=\"https:\/\/www.klimmer-gmbh.de\/wp-content\/uploads\/2024\/03\/NEWS_23_Okt_2018_konglosesische-strassenkinder-familienstiftung-childfund-800x800-1.jpg 800w, https:\/\/www.klimmer-gmbh.de\/wp-content\/uploads\/2024\/03\/NEWS_23_Okt_2018_konglosesische-strassenkinder-familienstiftung-childfund-800x800-1-300x300.jpg 300w, https:\/\/www.klimmer-gmbh.de\/wp-content\/uploads\/2024\/03\/NEWS_23_Okt_2018_konglosesische-strassenkinder-familienstiftung-childfund-800x800-1-80x80.jpg 80w, https:\/\/www.klimmer-gmbh.de\/wp-content\/uploads\/2024\/03\/NEWS_23_Okt_2018_konglosesische-strassenkinder-familienstiftung-childfund-800x800-1-768x768.jpg 768w, https:\/\/www.klimmer-gmbh.de\/wp-content\/uploads\/2024\/03\/NEWS_23_Okt_2018_konglosesische-strassenkinder-familienstiftung-childfund-800x800-1-36x36.jpg 36w\" sizes=\"(max-width: 800px) 100vw, 800px\" \/><\/a><div class=\"slide-content\"><header class=\"entry-content-header\" aria-label=\"Slide: ChildFund Deutschland \u2013 Familienstiftung Klimmer neues Projekt: Hoffnung f\u00fcr kongolesische Strassenkinder.\"><h3 class='slide-entry-title entry-title '  itemprop=\"headline\" ><a href='https:\/\/www.klimmer-gmbh.de\/de\/familienstiftung-klimmer-childfund-kongolische-strassenkinder\/' title='ChildFund Deutschland \u2013 Familienstiftung Klimmer neues Projekt: Hoffnung f\u00fcr kongolesische Strassenkinder.'>ChildFund Deutschland \u2013 Familienstiftung Klimmer neues Projekt: Hoffnung f\u00fcr kongolesische Strassenkinder.<\/a><\/h3><span class=\"av-vertical-delimiter\"><\/span><\/header><div class=\"slide-meta\"><time class='slide-meta-time updated'  itemprop=\"datePublished\" datetime=\"2018-10-23T09:07:00+02:00\" >23. Oktober 2018<\/time><\/div><div class='slide-entry-excerpt entry-content'  itemprop=\"text\" >Seit Oktober dieses Jahres engagiert sich die Ernst Klimmer GmbH mit dem neuen 3-j\u00e4hrigen Projekt f\u00fcr kongolesische Stra\u00dfenkinder.<div class=\"read-more-link\"><a href=\"https:\/\/www.klimmer-gmbh.de\/de\/familienstiftung-klimmer-childfund-kongolische-strassenkinder\/\" class=\"more-link\">Weiterlesen<span class='more-link-arrow avia-svg-icon avia-font-svg_entypo-fontello' data-av_svg_icon='right-open-big' data-av_iconset='svg_entypo-fontello'><svg version=\"1.1\" xmlns=\"http:\/\/www.w3.org\/2000\/svg\" width=\"15\" height=\"32\" viewBox=\"0 0 15 32\" preserveAspectRatio=\"xMidYMid meet\" role=\"graphics-symbol\" aria-hidden=\"true\">\n<path d=\"M0.416 27.84l11.456-11.84-11.456-11.904q-0.832-0.832 0-1.536 0.832-0.832 1.536 0l12.544 12.608q0.768 0.832 0 1.6l-12.544 12.608q-0.704 0.832-1.536 0-0.832-0.704 0-1.536z\"><\/path>\n<\/svg><\/span><\/a><\/div><\/div><\/div><footer class=\"entry-footer\"><\/footer><span class='hidden'>\n\t\t\t\t<span class='av-structured-data'  itemprop=\"image\" itemscope=\"itemscope\" itemtype=\"https:\/\/schema.org\/ImageObject\" >\n\t\t\t\t\t\t<span itemprop='url'>https:\/\/www.klimmer-gmbh.de\/wp-content\/uploads\/2024\/03\/NEWS_23_Okt_2018_konglosesische-strassenkinder-familienstiftung-childfund-800x800-1.jpg<\/span>\n\t\t\t\t\t\t<span itemprop='height'>800<\/span>\n\t\t\t\t\t\t<span itemprop='width'>800<\/span>\n\t\t\t\t<\/span>\n\t\t\t\t<span class='av-structured-data'  itemprop=\"publisher\" itemtype=\"https:\/\/schema.org\/Organization\" itemscope=\"itemscope\" >\n\t\t\t\t\t\t<span itemprop='name'>Agentur Baur<\/span>\n\t\t\t\t\t\t<span itemprop='logo' itemscope itemtype='https:\/\/schema.org\/ImageObject'>\n\t\t\t\t\t\t\t<span itemprop='url'>https:\/\/www.klimmer-gmbh.de\/wp-content\/uploads\/2023\/05\/klimmergmbhde.svg<\/span>\n\t\t\t\t\t\t<\/span>\n\t\t\t\t<\/span><span class='av-structured-data'  itemprop=\"author\" itemscope=\"itemscope\" itemtype=\"https:\/\/schema.org\/Person\" ><span itemprop='name'>Agentur Baur<\/span><\/span><span class='av-structured-data'  itemprop=\"datePublished\" datetime=\"2023-05-27T13:35:19+02:00\" >2018-10-23 09:07:00<\/span><span class='av-structured-data'  itemprop=\"dateModified\" itemtype=\"https:\/\/schema.org\/dateModified\" >2024-03-26 09:17:03<\/span><span class='av-structured-data'  itemprop=\"mainEntityOfPage\" itemtype=\"https:\/\/schema.org\/mainEntityOfPage\" ><span itemprop='name'>ChildFund Deutschland \u2013 Familienstiftung Klimmer neues Projekt: Hoffnung f\u00fcr kongolesische Strassenkinder.<\/span><\/span><\/span><\/article><\/div><div class=\"slide-entry-wrap\"><article class='slide-entry flex_column  post-entry post-entry-8035 slide-entry-overview slide-loop-29 slide-parity-odd  av_one_fourth first real-thumbnail posttype-post post-format-standard'  itemscope=\"itemscope\" itemtype=\"https:\/\/schema.org\/CreativeWork\" ><a href='https:\/\/www.klimmer-gmbh.de\/de\/internationale-zulieferboerse-wolfsburg-2018\/' data-rel='slide-1' class='slide-image' title='Internationale Zuliefererb\u00f6rse 2018.'><img decoding=\"async\" fetchpriority=\"high\" width=\"800\" height=\"800\" src=\"https:\/\/www.klimmer-gmbh.de\/wp-content\/uploads\/2024\/03\/NEWS_16_Okt_2018_IZB-2018-Bild-800x800-1.jpg\" class=\"wp-image-8041 avia-img-lazy-loading-not-8041 attachment-portfolio_small size-portfolio_small wp-post-image\" alt=\"\" srcset=\"https:\/\/www.klimmer-gmbh.de\/wp-content\/uploads\/2024\/03\/NEWS_16_Okt_2018_IZB-2018-Bild-800x800-1.jpg 800w, https:\/\/www.klimmer-gmbh.de\/wp-content\/uploads\/2024\/03\/NEWS_16_Okt_2018_IZB-2018-Bild-800x800-1-300x300.jpg 300w, https:\/\/www.klimmer-gmbh.de\/wp-content\/uploads\/2024\/03\/NEWS_16_Okt_2018_IZB-2018-Bild-800x800-1-80x80.jpg 80w, https:\/\/www.klimmer-gmbh.de\/wp-content\/uploads\/2024\/03\/NEWS_16_Okt_2018_IZB-2018-Bild-800x800-1-768x768.jpg 768w, https:\/\/www.klimmer-gmbh.de\/wp-content\/uploads\/2024\/03\/NEWS_16_Okt_2018_IZB-2018-Bild-800x800-1-36x36.jpg 36w\" sizes=\"(max-width: 800px) 100vw, 800px\" \/><\/a><div class=\"slide-content\"><header class=\"entry-content-header\" aria-label=\"Slide: Internationale Zuliefererb\u00f6rse 2018.\"><h3 class='slide-entry-title entry-title '  itemprop=\"headline\" ><a href='https:\/\/www.klimmer-gmbh.de\/de\/internationale-zulieferboerse-wolfsburg-2018\/' title='Internationale Zuliefererb\u00f6rse 2018.'>Internationale Zuliefererb\u00f6rse 2018.<\/a><\/h3><span class=\"av-vertical-delimiter\"><\/span><\/header><div class=\"slide-meta\"><time class='slide-meta-time updated'  itemprop=\"datePublished\" datetime=\"2018-10-16T09:34:00+02:00\" >16. Oktober 2018<\/time><\/div><div class='slide-entry-excerpt entry-content'  itemprop=\"text\" >Wir waren auf der IZB in Wolfsburg. Die internationale Zuliefererb\u00f6rse (IZB) richtet sich an Zulieferer der Automobilindustrie und genie\u00dft gro\u00dfes Ansehen in der internationalen Fachwelt.<div class=\"read-more-link\"><a href=\"https:\/\/www.klimmer-gmbh.de\/de\/internationale-zulieferboerse-wolfsburg-2018\/\" class=\"more-link\">Weiterlesen<span class='more-link-arrow avia-svg-icon avia-font-svg_entypo-fontello' data-av_svg_icon='right-open-big' data-av_iconset='svg_entypo-fontello'><svg version=\"1.1\" xmlns=\"http:\/\/www.w3.org\/2000\/svg\" width=\"15\" height=\"32\" viewBox=\"0 0 15 32\" preserveAspectRatio=\"xMidYMid meet\" role=\"graphics-symbol\" aria-hidden=\"true\">\n<path d=\"M0.416 27.84l11.456-11.84-11.456-11.904q-0.832-0.832 0-1.536 0.832-0.832 1.536 0l12.544 12.608q0.768 0.832 0 1.6l-12.544 12.608q-0.704 0.832-1.536 0-0.832-0.704 0-1.536z\"><\/path>\n<\/svg><\/span><\/a><\/div><\/div><\/div><footer class=\"entry-footer\"><\/footer><span class='hidden'>\n\t\t\t\t<span class='av-structured-data'  itemprop=\"image\" itemscope=\"itemscope\" itemtype=\"https:\/\/schema.org\/ImageObject\" >\n\t\t\t\t\t\t<span itemprop='url'>https:\/\/www.klimmer-gmbh.de\/wp-content\/uploads\/2024\/03\/NEWS_16_Okt_2018_IZB-2018-Bild-800x800-1.jpg<\/span>\n\t\t\t\t\t\t<span itemprop='height'>800<\/span>\n\t\t\t\t\t\t<span itemprop='width'>800<\/span>\n\t\t\t\t<\/span>\n\t\t\t\t<span class='av-structured-data'  itemprop=\"publisher\" itemtype=\"https:\/\/schema.org\/Organization\" itemscope=\"itemscope\" >\n\t\t\t\t\t\t<span itemprop='name'>Agentur Baur<\/span>\n\t\t\t\t\t\t<span itemprop='logo' itemscope itemtype='https:\/\/schema.org\/ImageObject'>\n\t\t\t\t\t\t\t<span itemprop='url'>https:\/\/www.klimmer-gmbh.de\/wp-content\/uploads\/2023\/05\/klimmergmbhde.svg<\/span>\n\t\t\t\t\t\t<\/span>\n\t\t\t\t<\/span><span class='av-structured-data'  itemprop=\"author\" itemscope=\"itemscope\" itemtype=\"https:\/\/schema.org\/Person\" ><span itemprop='name'>Agentur Baur<\/span><\/span><span class='av-structured-data'  itemprop=\"datePublished\" datetime=\"2023-05-27T13:35:19+02:00\" >2018-10-16 09:34:00<\/span><span class='av-structured-data'  itemprop=\"dateModified\" itemtype=\"https:\/\/schema.org\/dateModified\" >2024-03-26 09:43:12<\/span><span class='av-structured-data'  itemprop=\"mainEntityOfPage\" itemtype=\"https:\/\/schema.org\/mainEntityOfPage\" ><span itemprop='name'>Internationale Zuliefererb\u00f6rse 2018.<\/span><\/span><\/span><\/article><article class='slide-entry flex_column  post-entry post-entry-8047 slide-entry-overview slide-loop-30 slide-parity-even  av_one_fourth  real-thumbnail posttype-post post-format-standard'  itemscope=\"itemscope\" itemtype=\"https:\/\/schema.org\/CreativeWork\" ><a href='https:\/\/www.klimmer-gmbh.de\/de\/ferienarbeiter-gesucht-juli-september-2018\/' data-rel='slide-1' class='slide-image' title='Ferienarbeiter Juli-September 2018 gesucht.'><img decoding=\"async\" fetchpriority=\"high\" width=\"800\" height=\"800\" src=\"https:\/\/www.klimmer-gmbh.de\/wp-content\/uploads\/2024\/03\/NEWS_19_Jun_2018_Girls-Day-Picture-800x800-1.jpg\" class=\"wp-image-8053 avia-img-lazy-loading-not-8053 attachment-portfolio_small size-portfolio_small wp-post-image\" alt=\"\" srcset=\"https:\/\/www.klimmer-gmbh.de\/wp-content\/uploads\/2024\/03\/NEWS_19_Jun_2018_Girls-Day-Picture-800x800-1.jpg 800w, https:\/\/www.klimmer-gmbh.de\/wp-content\/uploads\/2024\/03\/NEWS_19_Jun_2018_Girls-Day-Picture-800x800-1-300x300.jpg 300w, https:\/\/www.klimmer-gmbh.de\/wp-content\/uploads\/2024\/03\/NEWS_19_Jun_2018_Girls-Day-Picture-800x800-1-80x80.jpg 80w, https:\/\/www.klimmer-gmbh.de\/wp-content\/uploads\/2024\/03\/NEWS_19_Jun_2018_Girls-Day-Picture-800x800-1-768x768.jpg 768w, https:\/\/www.klimmer-gmbh.de\/wp-content\/uploads\/2024\/03\/NEWS_19_Jun_2018_Girls-Day-Picture-800x800-1-36x36.jpg 36w\" sizes=\"(max-width: 800px) 100vw, 800px\" \/><\/a><div class=\"slide-content\"><header class=\"entry-content-header\" aria-label=\"Slide: Ferienarbeiter Juli-September 2018 gesucht.\"><h3 class='slide-entry-title entry-title '  itemprop=\"headline\" ><a href='https:\/\/www.klimmer-gmbh.de\/de\/ferienarbeiter-gesucht-juli-september-2018\/' title='Ferienarbeiter Juli-September 2018 gesucht.'>Ferienarbeiter Juli-September 2018 gesucht.<\/a><\/h3><span class=\"av-vertical-delimiter\"><\/span><\/header><div class=\"slide-meta\"><time class='slide-meta-time updated'  itemprop=\"datePublished\" datetime=\"2018-06-19T09:43:00+02:00\" >19. Juni 2018<\/time><\/div><div class='slide-entry-excerpt entry-content'  itemprop=\"text\" >Sie sind auf der Suche nach einem Ferienjob (Juli-September), arbeiten gerne im Team oder haben Freunde\/Bekannte\/Verwandte, die erste Erfahrungen in der Berufswelt sammeln m\u00f6chten?<div class=\"read-more-link\"><a href=\"https:\/\/www.klimmer-gmbh.de\/de\/ferienarbeiter-gesucht-juli-september-2018\/\" class=\"more-link\">Weiterlesen<span class='more-link-arrow avia-svg-icon avia-font-svg_entypo-fontello' data-av_svg_icon='right-open-big' data-av_iconset='svg_entypo-fontello'><svg version=\"1.1\" xmlns=\"http:\/\/www.w3.org\/2000\/svg\" width=\"15\" height=\"32\" viewBox=\"0 0 15 32\" preserveAspectRatio=\"xMidYMid meet\" role=\"graphics-symbol\" aria-hidden=\"true\">\n<path d=\"M0.416 27.84l11.456-11.84-11.456-11.904q-0.832-0.832 0-1.536 0.832-0.832 1.536 0l12.544 12.608q0.768 0.832 0 1.6l-12.544 12.608q-0.704 0.832-1.536 0-0.832-0.704 0-1.536z\"><\/path>\n<\/svg><\/span><\/a><\/div><\/div><\/div><footer class=\"entry-footer\"><\/footer><span class='hidden'>\n\t\t\t\t<span class='av-structured-data'  itemprop=\"image\" itemscope=\"itemscope\" itemtype=\"https:\/\/schema.org\/ImageObject\" >\n\t\t\t\t\t\t<span itemprop='url'>https:\/\/www.klimmer-gmbh.de\/wp-content\/uploads\/2024\/03\/NEWS_19_Jun_2018_Girls-Day-Picture-800x800-1.jpg<\/span>\n\t\t\t\t\t\t<span itemprop='height'>800<\/span>\n\t\t\t\t\t\t<span itemprop='width'>800<\/span>\n\t\t\t\t<\/span>\n\t\t\t\t<span class='av-structured-data'  itemprop=\"publisher\" itemtype=\"https:\/\/schema.org\/Organization\" itemscope=\"itemscope\" >\n\t\t\t\t\t\t<span itemprop='name'>Agentur Baur<\/span>\n\t\t\t\t\t\t<span itemprop='logo' itemscope itemtype='https:\/\/schema.org\/ImageObject'>\n\t\t\t\t\t\t\t<span itemprop='url'>https:\/\/www.klimmer-gmbh.de\/wp-content\/uploads\/2023\/05\/klimmergmbhde.svg<\/span>\n\t\t\t\t\t\t<\/span>\n\t\t\t\t<\/span><span class='av-structured-data'  itemprop=\"author\" itemscope=\"itemscope\" itemtype=\"https:\/\/schema.org\/Person\" ><span itemprop='name'>Agentur Baur<\/span><\/span><span class='av-structured-data'  itemprop=\"datePublished\" datetime=\"2023-05-27T13:35:19+02:00\" >2018-06-19 09:43:00<\/span><span class='av-structured-data'  itemprop=\"dateModified\" itemtype=\"https:\/\/schema.org\/dateModified\" >2024-03-26 09:48:32<\/span><span class='av-structured-data'  itemprop=\"mainEntityOfPage\" itemtype=\"https:\/\/schema.org\/mainEntityOfPage\" ><span itemprop='name'>Ferienarbeiter Juli-September 2018 gesucht.<\/span><\/span><\/span><\/article><article class='slide-entry flex_column  post-entry post-entry-8057 slide-entry-overview slide-loop-31 slide-parity-odd  av_one_fourth  real-thumbnail posttype-post post-format-standard'  itemscope=\"itemscope\" itemtype=\"https:\/\/schema.org\/CreativeWork\" ><a href='https:\/\/www.klimmer-gmbh.de\/de\/facebook-praesenz-datenschutzgrundverordnung\/' data-rel='slide-1' class='slide-image' title='FACEBOOK Pr\u00e4senz \/ Datenschutz Grundverordnung.'><img decoding=\"async\" fetchpriority=\"high\" width=\"800\" height=\"800\" src=\"https:\/\/www.klimmer-gmbh.de\/wp-content\/uploads\/2024\/03\/NEWS_11_Jun_2018_klimmer-verwaltung-buero-800x800-1.jpg\" class=\"wp-image-8063 avia-img-lazy-loading-not-8063 attachment-portfolio_small size-portfolio_small wp-post-image\" alt=\"\" srcset=\"https:\/\/www.klimmer-gmbh.de\/wp-content\/uploads\/2024\/03\/NEWS_11_Jun_2018_klimmer-verwaltung-buero-800x800-1.jpg 800w, https:\/\/www.klimmer-gmbh.de\/wp-content\/uploads\/2024\/03\/NEWS_11_Jun_2018_klimmer-verwaltung-buero-800x800-1-300x300.jpg 300w, https:\/\/www.klimmer-gmbh.de\/wp-content\/uploads\/2024\/03\/NEWS_11_Jun_2018_klimmer-verwaltung-buero-800x800-1-80x80.jpg 80w, https:\/\/www.klimmer-gmbh.de\/wp-content\/uploads\/2024\/03\/NEWS_11_Jun_2018_klimmer-verwaltung-buero-800x800-1-768x768.jpg 768w, https:\/\/www.klimmer-gmbh.de\/wp-content\/uploads\/2024\/03\/NEWS_11_Jun_2018_klimmer-verwaltung-buero-800x800-1-36x36.jpg 36w\" sizes=\"(max-width: 800px) 100vw, 800px\" \/><\/a><div class=\"slide-content\"><header class=\"entry-content-header\" aria-label=\"Slide: FACEBOOK Pr\u00e4senz \/ Datenschutz Grundverordnung.\"><h3 class='slide-entry-title entry-title '  itemprop=\"headline\" ><a href='https:\/\/www.klimmer-gmbh.de\/de\/facebook-praesenz-datenschutzgrundverordnung\/' title='FACEBOOK Pr\u00e4senz \/ Datenschutz Grundverordnung.'>FACEBOOK Pr\u00e4senz \/ Datenschutz Grundverordnung.<\/a><\/h3><span class=\"av-vertical-delimiter\"><\/span><\/header><div class=\"slide-meta\"><time class='slide-meta-time updated'  itemprop=\"datePublished\" datetime=\"2018-06-11T09:51:00+02:00\" >11. Juni 2018<\/time><\/div><div class='slide-entry-excerpt entry-content'  itemprop=\"text\" >Wir verarbeiten personenbezogene Daten gem\u00e4\u00df den Bestimmungen der europ\u00e4ischen Datenschutz-Grundverordnung.<div class=\"read-more-link\"><a href=\"https:\/\/www.klimmer-gmbh.de\/de\/facebook-praesenz-datenschutzgrundverordnung\/\" class=\"more-link\">Weiterlesen<span class='more-link-arrow avia-svg-icon avia-font-svg_entypo-fontello' data-av_svg_icon='right-open-big' data-av_iconset='svg_entypo-fontello'><svg version=\"1.1\" xmlns=\"http:\/\/www.w3.org\/2000\/svg\" width=\"15\" height=\"32\" viewBox=\"0 0 15 32\" preserveAspectRatio=\"xMidYMid meet\" role=\"graphics-symbol\" aria-hidden=\"true\">\n<path d=\"M0.416 27.84l11.456-11.84-11.456-11.904q-0.832-0.832 0-1.536 0.832-0.832 1.536 0l12.544 12.608q0.768 0.832 0 1.6l-12.544 12.608q-0.704 0.832-1.536 0-0.832-0.704 0-1.536z\"><\/path>\n<\/svg><\/span><\/a><\/div><\/div><\/div><footer class=\"entry-footer\"><\/footer><span class='hidden'>\n\t\t\t\t<span class='av-structured-data'  itemprop=\"image\" itemscope=\"itemscope\" itemtype=\"https:\/\/schema.org\/ImageObject\" >\n\t\t\t\t\t\t<span itemprop='url'>https:\/\/www.klimmer-gmbh.de\/wp-content\/uploads\/2024\/03\/NEWS_11_Jun_2018_klimmer-verwaltung-buero-800x800-1.jpg<\/span>\n\t\t\t\t\t\t<span itemprop='height'>800<\/span>\n\t\t\t\t\t\t<span itemprop='width'>800<\/span>\n\t\t\t\t<\/span>\n\t\t\t\t<span class='av-structured-data'  itemprop=\"publisher\" itemtype=\"https:\/\/schema.org\/Organization\" itemscope=\"itemscope\" >\n\t\t\t\t\t\t<span itemprop='name'>Agentur Baur<\/span>\n\t\t\t\t\t\t<span itemprop='logo' itemscope itemtype='https:\/\/schema.org\/ImageObject'>\n\t\t\t\t\t\t\t<span itemprop='url'>https:\/\/www.klimmer-gmbh.de\/wp-content\/uploads\/2023\/05\/klimmergmbhde.svg<\/span>\n\t\t\t\t\t\t<\/span>\n\t\t\t\t<\/span><span class='av-structured-data'  itemprop=\"author\" itemscope=\"itemscope\" itemtype=\"https:\/\/schema.org\/Person\" ><span itemprop='name'>Agentur Baur<\/span><\/span><span class='av-structured-data'  itemprop=\"datePublished\" datetime=\"2023-05-27T13:35:19+02:00\" >2018-06-11 09:51:00<\/span><span class='av-structured-data'  itemprop=\"dateModified\" itemtype=\"https:\/\/schema.org\/dateModified\" >2024-03-26 09:54:42<\/span><span class='av-structured-data'  itemprop=\"mainEntityOfPage\" itemtype=\"https:\/\/schema.org\/mainEntityOfPage\" ><span itemprop='name'>FACEBOOK Pr\u00e4senz \/ Datenschutz Grundverordnung.<\/span><\/span><\/span><\/article><article class='slide-entry flex_column  post-entry post-entry-8067 slide-entry-overview slide-loop-32 slide-parity-even  av_one_fourth  real-thumbnail posttype-post post-format-standard'  itemscope=\"itemscope\" itemtype=\"https:\/\/schema.org\/CreativeWork\" ><a href='https:\/\/www.klimmer-gmbh.de\/de\/girls-day-26-04-2018\/' data-rel='slide-1' class='slide-image' title='Girl\u00b4s Day 26.04.2018.'><img decoding=\"async\" fetchpriority=\"high\" width=\"800\" height=\"800\" src=\"https:\/\/www.klimmer-gmbh.de\/wp-content\/uploads\/2024\/03\/NEWS_30_Apr_2018_girls-day-2018-klimmer-burgau-800x800-1.jpg\" class=\"wp-image-8073 avia-img-lazy-loading-not-8073 attachment-portfolio_small size-portfolio_small wp-post-image\" alt=\"\" srcset=\"https:\/\/www.klimmer-gmbh.de\/wp-content\/uploads\/2024\/03\/NEWS_30_Apr_2018_girls-day-2018-klimmer-burgau-800x800-1.jpg 800w, https:\/\/www.klimmer-gmbh.de\/wp-content\/uploads\/2024\/03\/NEWS_30_Apr_2018_girls-day-2018-klimmer-burgau-800x800-1-300x300.jpg 300w, https:\/\/www.klimmer-gmbh.de\/wp-content\/uploads\/2024\/03\/NEWS_30_Apr_2018_girls-day-2018-klimmer-burgau-800x800-1-80x80.jpg 80w, https:\/\/www.klimmer-gmbh.de\/wp-content\/uploads\/2024\/03\/NEWS_30_Apr_2018_girls-day-2018-klimmer-burgau-800x800-1-768x768.jpg 768w, https:\/\/www.klimmer-gmbh.de\/wp-content\/uploads\/2024\/03\/NEWS_30_Apr_2018_girls-day-2018-klimmer-burgau-800x800-1-36x36.jpg 36w\" sizes=\"(max-width: 800px) 100vw, 800px\" \/><\/a><div class=\"slide-content\"><header class=\"entry-content-header\" aria-label=\"Slide: Girl\u00b4s Day 26.04.2018.\"><h3 class='slide-entry-title entry-title '  itemprop=\"headline\" ><a href='https:\/\/www.klimmer-gmbh.de\/de\/girls-day-26-04-2018\/' title='Girl\u00b4s Day 26.04.2018.'>Girl\u00b4s Day 26.04.2018.<\/a><\/h3><span class=\"av-vertical-delimiter\"><\/span><\/header><div class=\"slide-meta\"><time class='slide-meta-time updated'  itemprop=\"datePublished\" datetime=\"2018-04-30T09:57:00+02:00\" >30. April 2018<\/time><\/div><div class='slide-entry-excerpt entry-content'  itemprop=\"text\" >Alle Teilnehmerinnen lernten\u00a0hierbei alle Bereiche kennen, die f\u00fcr die Herstellung eines ausgew\u00e4hlten technischen Produktes notwendig sind.<div class=\"read-more-link\"><a href=\"https:\/\/www.klimmer-gmbh.de\/de\/girls-day-26-04-2018\/\" class=\"more-link\">Weiterlesen<span class='more-link-arrow avia-svg-icon avia-font-svg_entypo-fontello' data-av_svg_icon='right-open-big' data-av_iconset='svg_entypo-fontello'><svg version=\"1.1\" xmlns=\"http:\/\/www.w3.org\/2000\/svg\" width=\"15\" height=\"32\" viewBox=\"0 0 15 32\" preserveAspectRatio=\"xMidYMid meet\" role=\"graphics-symbol\" aria-hidden=\"true\">\n<path d=\"M0.416 27.84l11.456-11.84-11.456-11.904q-0.832-0.832 0-1.536 0.832-0.832 1.536 0l12.544 12.608q0.768 0.832 0 1.6l-12.544 12.608q-0.704 0.832-1.536 0-0.832-0.704 0-1.536z\"><\/path>\n<\/svg><\/span><\/a><\/div><\/div><\/div><footer class=\"entry-footer\"><\/footer><span class='hidden'>\n\t\t\t\t<span class='av-structured-data'  itemprop=\"image\" itemscope=\"itemscope\" itemtype=\"https:\/\/schema.org\/ImageObject\" >\n\t\t\t\t\t\t<span itemprop='url'>https:\/\/www.klimmer-gmbh.de\/wp-content\/uploads\/2024\/03\/NEWS_30_Apr_2018_girls-day-2018-klimmer-burgau-800x800-1.jpg<\/span>\n\t\t\t\t\t\t<span itemprop='height'>800<\/span>\n\t\t\t\t\t\t<span itemprop='width'>800<\/span>\n\t\t\t\t<\/span>\n\t\t\t\t<span class='av-structured-data'  itemprop=\"publisher\" itemtype=\"https:\/\/schema.org\/Organization\" itemscope=\"itemscope\" >\n\t\t\t\t\t\t<span itemprop='name'>Agentur Baur<\/span>\n\t\t\t\t\t\t<span itemprop='logo' itemscope itemtype='https:\/\/schema.org\/ImageObject'>\n\t\t\t\t\t\t\t<span itemprop='url'>https:\/\/www.klimmer-gmbh.de\/wp-content\/uploads\/2023\/05\/klimmergmbhde.svg<\/span>\n\t\t\t\t\t\t<\/span>\n\t\t\t\t<\/span><span class='av-structured-data'  itemprop=\"author\" itemscope=\"itemscope\" itemtype=\"https:\/\/schema.org\/Person\" ><span itemprop='name'>Agentur Baur<\/span><\/span><span class='av-structured-data'  itemprop=\"datePublished\" datetime=\"2023-05-27T13:35:19+02:00\" >2018-04-30 09:57:00<\/span><span class='av-structured-data'  itemprop=\"dateModified\" itemtype=\"https:\/\/schema.org\/dateModified\" >2024-03-26 09:59:58<\/span><span class='av-structured-data'  itemprop=\"mainEntityOfPage\" itemtype=\"https:\/\/schema.org\/mainEntityOfPage\" ><span itemprop='name'>Girl\u00b4s Day 26.04.2018.<\/span><\/span><\/span><\/article><\/div><div class=\"slide-entry-wrap\"><article class='slide-entry flex_column  post-entry post-entry-8077 slide-entry-overview slide-loop-33 slide-parity-odd  av_one_fourth first real-thumbnail posttype-post post-format-standard'  itemscope=\"itemscope\" itemtype=\"https:\/\/schema.org\/CreativeWork\" ><a href='https:\/\/www.klimmer-gmbh.de\/de\/ausbildung-studiengaenge-2018\/' data-rel='slide-1' class='slide-image' title='Lust auf (heavy) metal(l)? Ausbildung und duale Studieng\u00e4nge 2018'><img decoding=\"async\" fetchpriority=\"high\" width=\"800\" height=\"800\" src=\"https:\/\/www.klimmer-gmbh.de\/wp-content\/uploads\/2024\/03\/NEWS_12_Feb_2018_bewerbung-heavy-metal-beruf_800x800.jpg\" class=\"wp-image-8083 avia-img-lazy-loading-not-8083 attachment-portfolio_small size-portfolio_small wp-post-image\" alt=\"\" srcset=\"https:\/\/www.klimmer-gmbh.de\/wp-content\/uploads\/2024\/03\/NEWS_12_Feb_2018_bewerbung-heavy-metal-beruf_800x800.jpg 800w, https:\/\/www.klimmer-gmbh.de\/wp-content\/uploads\/2024\/03\/NEWS_12_Feb_2018_bewerbung-heavy-metal-beruf_800x800-300x300.jpg 300w, https:\/\/www.klimmer-gmbh.de\/wp-content\/uploads\/2024\/03\/NEWS_12_Feb_2018_bewerbung-heavy-metal-beruf_800x800-80x80.jpg 80w, https:\/\/www.klimmer-gmbh.de\/wp-content\/uploads\/2024\/03\/NEWS_12_Feb_2018_bewerbung-heavy-metal-beruf_800x800-768x768.jpg 768w, https:\/\/www.klimmer-gmbh.de\/wp-content\/uploads\/2024\/03\/NEWS_12_Feb_2018_bewerbung-heavy-metal-beruf_800x800-36x36.jpg 36w\" sizes=\"(max-width: 800px) 100vw, 800px\" \/><\/a><div class=\"slide-content\"><header class=\"entry-content-header\" aria-label=\"Slide: Lust auf (heavy) metal(l)? Ausbildung und duale Studieng\u00e4nge 2018\"><h3 class='slide-entry-title entry-title '  itemprop=\"headline\" ><a href='https:\/\/www.klimmer-gmbh.de\/de\/ausbildung-studiengaenge-2018\/' title='Lust auf (heavy) metal(l)? Ausbildung und duale Studieng\u00e4nge 2018'>Lust auf (heavy) metal(l)? Ausbildung und duale Studieng\u00e4nge 2018<\/a><\/h3><span class=\"av-vertical-delimiter\"><\/span><\/header><div class=\"slide-meta\"><time class='slide-meta-time updated'  itemprop=\"datePublished\" datetime=\"2018-02-12T10:27:00+01:00\" >12. Februar 2018<\/time><\/div><div class='slide-entry-excerpt entry-content'  itemprop=\"text\" >Du bist auf der Suche nach einer Ausbildung oder einem dualen Studium? Dann komm zu uns!<div class=\"read-more-link\"><a href=\"https:\/\/www.klimmer-gmbh.de\/de\/ausbildung-studiengaenge-2018\/\" class=\"more-link\">Weiterlesen<span class='more-link-arrow avia-svg-icon avia-font-svg_entypo-fontello' data-av_svg_icon='right-open-big' data-av_iconset='svg_entypo-fontello'><svg version=\"1.1\" xmlns=\"http:\/\/www.w3.org\/2000\/svg\" width=\"15\" height=\"32\" viewBox=\"0 0 15 32\" preserveAspectRatio=\"xMidYMid meet\" role=\"graphics-symbol\" aria-hidden=\"true\">\n<path d=\"M0.416 27.84l11.456-11.84-11.456-11.904q-0.832-0.832 0-1.536 0.832-0.832 1.536 0l12.544 12.608q0.768 0.832 0 1.6l-12.544 12.608q-0.704 0.832-1.536 0-0.832-0.704 0-1.536z\"><\/path>\n<\/svg><\/span><\/a><\/div><\/div><\/div><footer class=\"entry-footer\"><\/footer><span class='hidden'>\n\t\t\t\t<span class='av-structured-data'  itemprop=\"image\" itemscope=\"itemscope\" itemtype=\"https:\/\/schema.org\/ImageObject\" >\n\t\t\t\t\t\t<span itemprop='url'>https:\/\/www.klimmer-gmbh.de\/wp-content\/uploads\/2024\/03\/NEWS_12_Feb_2018_bewerbung-heavy-metal-beruf_800x800.jpg<\/span>\n\t\t\t\t\t\t<span itemprop='height'>800<\/span>\n\t\t\t\t\t\t<span itemprop='width'>800<\/span>\n\t\t\t\t<\/span>\n\t\t\t\t<span class='av-structured-data'  itemprop=\"publisher\" itemtype=\"https:\/\/schema.org\/Organization\" itemscope=\"itemscope\" >\n\t\t\t\t\t\t<span itemprop='name'>Agentur Baur<\/span>\n\t\t\t\t\t\t<span itemprop='logo' itemscope itemtype='https:\/\/schema.org\/ImageObject'>\n\t\t\t\t\t\t\t<span itemprop='url'>https:\/\/www.klimmer-gmbh.de\/wp-content\/uploads\/2023\/05\/klimmergmbhde.svg<\/span>\n\t\t\t\t\t\t<\/span>\n\t\t\t\t<\/span><span class='av-structured-data'  itemprop=\"author\" itemscope=\"itemscope\" itemtype=\"https:\/\/schema.org\/Person\" ><span itemprop='name'>Agentur Baur<\/span><\/span><span class='av-structured-data'  itemprop=\"datePublished\" datetime=\"2023-05-27T13:35:19+02:00\" >2018-02-12 10:27:00<\/span><span class='av-structured-data'  itemprop=\"dateModified\" itemtype=\"https:\/\/schema.org\/dateModified\" >2024-03-26 10:38:36<\/span><span class='av-structured-data'  itemprop=\"mainEntityOfPage\" itemtype=\"https:\/\/schema.org\/mainEntityOfPage\" ><span itemprop='name'>Lust auf (heavy) metal(l)? Ausbildung und duale Studieng\u00e4nge 2018<\/span><\/span><\/span><\/article><article class='slide-entry flex_column  post-entry post-entry-8089 slide-entry-overview slide-loop-34 slide-parity-even  av_one_fourth  real-thumbnail posttype-post post-format-standard'  itemscope=\"itemscope\" itemtype=\"https:\/\/schema.org\/CreativeWork\" ><a href='https:\/\/www.klimmer-gmbh.de\/de\/girls-day-26-04-2018-2\/' data-rel='slide-1' class='slide-image' title='Girl\u00b4s Day am 26. April 2018.'><img decoding=\"async\" fetchpriority=\"high\" width=\"800\" height=\"800\" src=\"https:\/\/www.klimmer-gmbh.de\/wp-content\/uploads\/2024\/03\/NEWS_08_Feb_2018_girlsday-maedchen-zukunftstag_800x800.jpg\" class=\"wp-image-8095 avia-img-lazy-loading-not-8095 attachment-portfolio_small size-portfolio_small wp-post-image\" alt=\"\" srcset=\"https:\/\/www.klimmer-gmbh.de\/wp-content\/uploads\/2024\/03\/NEWS_08_Feb_2018_girlsday-maedchen-zukunftstag_800x800.jpg 800w, https:\/\/www.klimmer-gmbh.de\/wp-content\/uploads\/2024\/03\/NEWS_08_Feb_2018_girlsday-maedchen-zukunftstag_800x800-300x300.jpg 300w, https:\/\/www.klimmer-gmbh.de\/wp-content\/uploads\/2024\/03\/NEWS_08_Feb_2018_girlsday-maedchen-zukunftstag_800x800-80x80.jpg 80w, https:\/\/www.klimmer-gmbh.de\/wp-content\/uploads\/2024\/03\/NEWS_08_Feb_2018_girlsday-maedchen-zukunftstag_800x800-768x768.jpg 768w, https:\/\/www.klimmer-gmbh.de\/wp-content\/uploads\/2024\/03\/NEWS_08_Feb_2018_girlsday-maedchen-zukunftstag_800x800-36x36.jpg 36w\" sizes=\"(max-width: 800px) 100vw, 800px\" \/><\/a><div class=\"slide-content\"><header class=\"entry-content-header\" aria-label=\"Slide: Girl\u00b4s Day am 26. April 2018.\"><h3 class='slide-entry-title entry-title '  itemprop=\"headline\" ><a href='https:\/\/www.klimmer-gmbh.de\/de\/girls-day-26-04-2018-2\/' title='Girl\u00b4s Day am 26. April 2018.'>Girl\u00b4s Day am 26. April 2018.<\/a><\/h3><span class=\"av-vertical-delimiter\"><\/span><\/header><div class=\"slide-meta\"><time class='slide-meta-time updated'  itemprop=\"datePublished\" datetime=\"2018-02-08T10:39:00+01:00\" >8. Februar 2018<\/time><\/div><div class='slide-entry-excerpt entry-content'  itemprop=\"text\" >Mach mit beim M\u00e4dchen Zukunftstag!\n\nDu lernst hierbei alle Bereiche kennen, die f\u00fcr die Herstellung eines ausgew\u00e4hlten technischen Produktes notwendig sind.<div class=\"read-more-link\"><a href=\"https:\/\/www.klimmer-gmbh.de\/de\/girls-day-26-04-2018-2\/\" class=\"more-link\">Weiterlesen<span class='more-link-arrow avia-svg-icon avia-font-svg_entypo-fontello' data-av_svg_icon='right-open-big' data-av_iconset='svg_entypo-fontello'><svg version=\"1.1\" xmlns=\"http:\/\/www.w3.org\/2000\/svg\" width=\"15\" height=\"32\" viewBox=\"0 0 15 32\" preserveAspectRatio=\"xMidYMid meet\" role=\"graphics-symbol\" aria-hidden=\"true\">\n<path d=\"M0.416 27.84l11.456-11.84-11.456-11.904q-0.832-0.832 0-1.536 0.832-0.832 1.536 0l12.544 12.608q0.768 0.832 0 1.6l-12.544 12.608q-0.704 0.832-1.536 0-0.832-0.704 0-1.536z\"><\/path>\n<\/svg><\/span><\/a><\/div><\/div><\/div><footer class=\"entry-footer\"><\/footer><span class='hidden'>\n\t\t\t\t<span class='av-structured-data'  itemprop=\"image\" itemscope=\"itemscope\" itemtype=\"https:\/\/schema.org\/ImageObject\" >\n\t\t\t\t\t\t<span itemprop='url'>https:\/\/www.klimmer-gmbh.de\/wp-content\/uploads\/2024\/03\/NEWS_08_Feb_2018_girlsday-maedchen-zukunftstag_800x800.jpg<\/span>\n\t\t\t\t\t\t<span itemprop='height'>800<\/span>\n\t\t\t\t\t\t<span itemprop='width'>800<\/span>\n\t\t\t\t<\/span>\n\t\t\t\t<span class='av-structured-data'  itemprop=\"publisher\" itemtype=\"https:\/\/schema.org\/Organization\" itemscope=\"itemscope\" >\n\t\t\t\t\t\t<span itemprop='name'>Agentur Baur<\/span>\n\t\t\t\t\t\t<span itemprop='logo' itemscope itemtype='https:\/\/schema.org\/ImageObject'>\n\t\t\t\t\t\t\t<span itemprop='url'>https:\/\/www.klimmer-gmbh.de\/wp-content\/uploads\/2023\/05\/klimmergmbhde.svg<\/span>\n\t\t\t\t\t\t<\/span>\n\t\t\t\t<\/span><span class='av-structured-data'  itemprop=\"author\" itemscope=\"itemscope\" itemtype=\"https:\/\/schema.org\/Person\" ><span itemprop='name'>Agentur Baur<\/span><\/span><span class='av-structured-data'  itemprop=\"datePublished\" datetime=\"2023-05-27T13:35:19+02:00\" >2018-02-08 10:39:00<\/span><span class='av-structured-data'  itemprop=\"dateModified\" itemtype=\"https:\/\/schema.org\/dateModified\" >2024-03-26 10:46:10<\/span><span class='av-structured-data'  itemprop=\"mainEntityOfPage\" itemtype=\"https:\/\/schema.org\/mainEntityOfPage\" ><span itemprop='name'>Girl\u00b4s Day am 26. April 2018.<\/span><\/span><\/span><\/article><article class='slide-entry flex_column  post-entry post-entry-8099 slide-entry-overview slide-loop-35 slide-parity-odd  post-entry-last  av_one_fourth  real-thumbnail posttype-post post-format-standard'  itemscope=\"itemscope\" itemtype=\"https:\/\/schema.org\/CreativeWork\" ><a href='https:\/\/www.klimmer-gmbh.de\/de\/blechexpo-stuttgart-2017\/' data-rel='slide-1' class='slide-image' title='Blechexpo in Stuttgart \/ 07.11. \u2013 10.11.2017.'><img decoding=\"async\" fetchpriority=\"high\" width=\"800\" height=\"800\" src=\"https:\/\/www.klimmer-gmbh.de\/wp-content\/uploads\/2024\/03\/NEWS_15_Nov_2017_Blechexpo-2017-800x800-1.jpg\" class=\"wp-image-8105 avia-img-lazy-loading-not-8105 attachment-portfolio_small size-portfolio_small wp-post-image\" alt=\"\" srcset=\"https:\/\/www.klimmer-gmbh.de\/wp-content\/uploads\/2024\/03\/NEWS_15_Nov_2017_Blechexpo-2017-800x800-1.jpg 800w, https:\/\/www.klimmer-gmbh.de\/wp-content\/uploads\/2024\/03\/NEWS_15_Nov_2017_Blechexpo-2017-800x800-1-300x300.jpg 300w, https:\/\/www.klimmer-gmbh.de\/wp-content\/uploads\/2024\/03\/NEWS_15_Nov_2017_Blechexpo-2017-800x800-1-80x80.jpg 80w, https:\/\/www.klimmer-gmbh.de\/wp-content\/uploads\/2024\/03\/NEWS_15_Nov_2017_Blechexpo-2017-800x800-1-768x768.jpg 768w, https:\/\/www.klimmer-gmbh.de\/wp-content\/uploads\/2024\/03\/NEWS_15_Nov_2017_Blechexpo-2017-800x800-1-36x36.jpg 36w\" sizes=\"(max-width: 800px) 100vw, 800px\" \/><\/a><div class=\"slide-content\"><header class=\"entry-content-header\" aria-label=\"Slide: Blechexpo in Stuttgart \/ 07.11. \u2013 10.11.2017.\"><h3 class='slide-entry-title entry-title '  itemprop=\"headline\" ><a href='https:\/\/www.klimmer-gmbh.de\/de\/blechexpo-stuttgart-2017\/' title='Blechexpo in Stuttgart \/ 07.11. \u2013 10.11.2017.'>Blechexpo in Stuttgart \/ 07.11. \u2013 10.11.2017.<\/a><\/h3><span class=\"av-vertical-delimiter\"><\/span><\/header><div class=\"slide-meta\"><time class='slide-meta-time updated'  itemprop=\"datePublished\" datetime=\"2017-11-15T10:46:00+01:00\" >15. November 2017<\/time><\/div><div class='slide-entry-excerpt entry-content'  itemprop=\"text\" >Wir waren Teil der Stuttgarter Messe Blechexpo und erfreuten uns einer starken Nachfrage und einer hohen Besucherfrequenz.<div class=\"read-more-link\"><a href=\"https:\/\/www.klimmer-gmbh.de\/de\/blechexpo-stuttgart-2017\/\" class=\"more-link\">Weiterlesen<span class='more-link-arrow avia-svg-icon avia-font-svg_entypo-fontello' data-av_svg_icon='right-open-big' data-av_iconset='svg_entypo-fontello'><svg version=\"1.1\" xmlns=\"http:\/\/www.w3.org\/2000\/svg\" width=\"15\" height=\"32\" viewBox=\"0 0 15 32\" preserveAspectRatio=\"xMidYMid meet\" role=\"graphics-symbol\" aria-hidden=\"true\">\n<path d=\"M0.416 27.84l11.456-11.84-11.456-11.904q-0.832-0.832 0-1.536 0.832-0.832 1.536 0l12.544 12.608q0.768 0.832 0 1.6l-12.544 12.608q-0.704 0.832-1.536 0-0.832-0.704 0-1.536z\"><\/path>\n<\/svg><\/span><\/a><\/div><\/div><\/div><footer class=\"entry-footer\"><\/footer><span class='hidden'>\n\t\t\t\t<span class='av-structured-data'  itemprop=\"image\" itemscope=\"itemscope\" itemtype=\"https:\/\/schema.org\/ImageObject\" >\n\t\t\t\t\t\t<span itemprop='url'>https:\/\/www.klimmer-gmbh.de\/wp-content\/uploads\/2024\/03\/NEWS_15_Nov_2017_Blechexpo-2017-800x800-1.jpg<\/span>\n\t\t\t\t\t\t<span itemprop='height'>800<\/span>\n\t\t\t\t\t\t<span itemprop='width'>800<\/span>\n\t\t\t\t<\/span>\n\t\t\t\t<span class='av-structured-data'  itemprop=\"publisher\" itemtype=\"https:\/\/schema.org\/Organization\" itemscope=\"itemscope\" >\n\t\t\t\t\t\t<span itemprop='name'>Agentur Baur<\/span>\n\t\t\t\t\t\t<span itemprop='logo' itemscope itemtype='https:\/\/schema.org\/ImageObject'>\n\t\t\t\t\t\t\t<span itemprop='url'>https:\/\/www.klimmer-gmbh.de\/wp-content\/uploads\/2023\/05\/klimmergmbhde.svg<\/span>\n\t\t\t\t\t\t<\/span>\n\t\t\t\t<\/span><span class='av-structured-data'  itemprop=\"author\" itemscope=\"itemscope\" itemtype=\"https:\/\/schema.org\/Person\" ><span itemprop='name'>Agentur Baur<\/span><\/span><span class='av-structured-data'  itemprop=\"datePublished\" datetime=\"2023-05-27T13:35:19+02:00\" >2017-11-15 10:46:00<\/span><span class='av-structured-data'  itemprop=\"dateModified\" itemtype=\"https:\/\/schema.org\/dateModified\" >2024-03-26 11:00:14<\/span><span class='av-structured-data'  itemprop=\"mainEntityOfPage\" itemtype=\"https:\/\/schema.org\/mainEntityOfPage\" ><span itemprop='name'>Blechexpo in Stuttgart \/ 07.11. \u2013 10.11.2017.<\/span><\/span><\/span><\/article><\/div><\/div><\/div>\n<div  data-slideshow-options=\"{&quot;animation&quot;:&quot;fade&quot;,&quot;autoplay&quot;:false,&quot;loop_autoplay&quot;:&quot;once&quot;,&quot;interval&quot;:5,&quot;loop_manual&quot;:&quot;manual-endless&quot;,&quot;autoplay_stopper&quot;:false,&quot;noNavigation&quot;:false,&quot;show_slide_delay&quot;:90}\" class='avia-content-slider avia-content-grid-active avia-content-slider2 avia-content-slider-even  avia-builder-el-11  el_after_av_blog  el_before_av_blog  av-slideshow-ui av-control-default   av-no-slider-navigation av-slideshow-manual av-loop-once av-loop-manual-endless  av-desktop-hide av-small-hide av-mini-hide'  itemscope=\"itemscope\" itemtype=\"https:\/\/schema.org\/Blog\" ><div class=\"avia-content-slider-inner\"><div class=\"slide-entry-wrap\"><article class='slide-entry flex_column  post-entry post-entry-9304 slide-entry-overview slide-loop-1 slide-parity-odd  av_one_half first real-thumbnail posttype-post post-format-standard'  itemscope=\"itemscope\" itemtype=\"https:\/\/schema.org\/CreativeWork\" ><a href='https:\/\/www.klimmer-gmbh.de\/de\/ehrung-der-jubilare-2025\/' data-rel='slide-2' class='slide-image' title='EHRUNG DER JUBILARE 2025.'><img decoding=\"async\" fetchpriority=\"high\" width=\"800\" height=\"800\" src=\"https:\/\/www.klimmer-gmbh.de\/wp-content\/uploads\/2026\/01\/Klimmer_NewsBeitragsbild_800x800_Jubilare2025-1.jpg\" class=\"wp-image-9315 avia-img-lazy-loading-not-9315 attachment-portfolio size-portfolio wp-post-image\" alt=\"Jubilare der Ernst Klimmer GmbH 2025\" srcset=\"https:\/\/www.klimmer-gmbh.de\/wp-content\/uploads\/2026\/01\/Klimmer_NewsBeitragsbild_800x800_Jubilare2025-1.jpg 800w, https:\/\/www.klimmer-gmbh.de\/wp-content\/uploads\/2026\/01\/Klimmer_NewsBeitragsbild_800x800_Jubilare2025-1-300x300.jpg 300w, https:\/\/www.klimmer-gmbh.de\/wp-content\/uploads\/2026\/01\/Klimmer_NewsBeitragsbild_800x800_Jubilare2025-1-80x80.jpg 80w, https:\/\/www.klimmer-gmbh.de\/wp-content\/uploads\/2026\/01\/Klimmer_NewsBeitragsbild_800x800_Jubilare2025-1-768x768.jpg 768w, https:\/\/www.klimmer-gmbh.de\/wp-content\/uploads\/2026\/01\/Klimmer_NewsBeitragsbild_800x800_Jubilare2025-1-36x36.jpg 36w\" sizes=\"(max-width: 800px) 100vw, 800px\" \/><\/a><div class=\"slide-content\"><header class=\"entry-content-header\" aria-label=\"Slide: EHRUNG DER JUBILARE 2025.\"><h3 class='slide-entry-title entry-title '  itemprop=\"headline\" ><a href='https:\/\/www.klimmer-gmbh.de\/de\/ehrung-der-jubilare-2025\/' title='EHRUNG DER JUBILARE 2025.'>EHRUNG DER JUBILARE 2025.<\/a><\/h3><span class=\"av-vertical-delimiter\"><\/span><\/header><div class=\"slide-meta\"><time class='slide-meta-time updated'  itemprop=\"datePublished\" datetime=\"2026-01-20T11:02:09+01:00\" >20. Januar 2026<\/time><\/div><div class='slide-entry-excerpt entry-content'  itemprop=\"text\" >Ehrung der Jubilare der Ernst Klimmer GmbH am 13.01.2026. Wir sagen Danke f\u00fcr 10, 25 oder sogar 40 Jahre Betriebszugeh\u00f6rigkeit. <div class=\"read-more-link\"><a href=\"https:\/\/www.klimmer-gmbh.de\/de\/ehrung-der-jubilare-2025\/\" class=\"more-link\">Weiterlesen<span class='more-link-arrow avia-svg-icon avia-font-svg_entypo-fontello' data-av_svg_icon='right-open-big' data-av_iconset='svg_entypo-fontello'><svg version=\"1.1\" xmlns=\"http:\/\/www.w3.org\/2000\/svg\" width=\"15\" height=\"32\" viewBox=\"0 0 15 32\" preserveAspectRatio=\"xMidYMid meet\" role=\"graphics-symbol\" aria-hidden=\"true\">\n<path d=\"M0.416 27.84l11.456-11.84-11.456-11.904q-0.832-0.832 0-1.536 0.832-0.832 1.536 0l12.544 12.608q0.768 0.832 0 1.6l-12.544 12.608q-0.704 0.832-1.536 0-0.832-0.704 0-1.536z\"><\/path>\n<\/svg><\/span><\/a><\/div><\/div><\/div><footer class=\"entry-footer\"><\/footer><span class='hidden'>\n\t\t\t\t<span class='av-structured-data'  itemprop=\"image\" itemscope=\"itemscope\" itemtype=\"https:\/\/schema.org\/ImageObject\" >\n\t\t\t\t\t\t<span itemprop='url'>https:\/\/www.klimmer-gmbh.de\/wp-content\/uploads\/2026\/01\/Klimmer_NewsBeitragsbild_800x800_Jubilare2025-1.jpg<\/span>\n\t\t\t\t\t\t<span itemprop='height'>800<\/span>\n\t\t\t\t\t\t<span itemprop='width'>800<\/span>\n\t\t\t\t<\/span>\n\t\t\t\t<span class='av-structured-data'  itemprop=\"publisher\" itemtype=\"https:\/\/schema.org\/Organization\" itemscope=\"itemscope\" >\n\t\t\t\t\t\t<span itemprop='name'>Agentur Baur<\/span>\n\t\t\t\t\t\t<span itemprop='logo' itemscope itemtype='https:\/\/schema.org\/ImageObject'>\n\t\t\t\t\t\t\t<span itemprop='url'>https:\/\/www.klimmer-gmbh.de\/wp-content\/uploads\/2023\/05\/klimmergmbhde.svg<\/span>\n\t\t\t\t\t\t<\/span>\n\t\t\t\t<\/span><span class='av-structured-data'  itemprop=\"author\" itemscope=\"itemscope\" itemtype=\"https:\/\/schema.org\/Person\" ><span itemprop='name'>Agentur Baur<\/span><\/span><span class='av-structured-data'  itemprop=\"datePublished\" datetime=\"2023-05-27T13:35:19+02:00\" >2026-01-20 11:02:09<\/span><span class='av-structured-data'  itemprop=\"dateModified\" itemtype=\"https:\/\/schema.org\/dateModified\" >2026-01-28 11:48:48<\/span><span class='av-structured-data'  itemprop=\"mainEntityOfPage\" itemtype=\"https:\/\/schema.org\/mainEntityOfPage\" ><span itemprop='name'>EHRUNG DER JUBILARE 2025.<\/span><\/span><\/span><\/article><article class='slide-entry flex_column  post-entry post-entry-9037 slide-entry-overview slide-loop-2 slide-parity-even  av_one_half  real-thumbnail posttype-post post-format-standard'  itemscope=\"itemscope\" itemtype=\"https:\/\/schema.org\/CreativeWork\" ><a href='https:\/\/www.klimmer-gmbh.de\/de\/reviewinfotag-ausbildung-und-studium-2025\/' data-rel='slide-2' class='slide-image' title='REVIEW INFOTAG 2025.'><img decoding=\"async\" fetchpriority=\"high\" width=\"800\" height=\"800\" src=\"https:\/\/www.klimmer-gmbh.de\/wp-content\/uploads\/2025\/10\/Klimmer_NewsBeitragsbild_800x800_Infotag2025.jpg\" class=\"wp-image-9046 avia-img-lazy-loading-not-9046 attachment-portfolio size-portfolio wp-post-image\" alt=\"\" srcset=\"https:\/\/www.klimmer-gmbh.de\/wp-content\/uploads\/2025\/10\/Klimmer_NewsBeitragsbild_800x800_Infotag2025.jpg 800w, https:\/\/www.klimmer-gmbh.de\/wp-content\/uploads\/2025\/10\/Klimmer_NewsBeitragsbild_800x800_Infotag2025-300x300.jpg 300w, https:\/\/www.klimmer-gmbh.de\/wp-content\/uploads\/2025\/10\/Klimmer_NewsBeitragsbild_800x800_Infotag2025-80x80.jpg 80w, https:\/\/www.klimmer-gmbh.de\/wp-content\/uploads\/2025\/10\/Klimmer_NewsBeitragsbild_800x800_Infotag2025-768x768.jpg 768w, https:\/\/www.klimmer-gmbh.de\/wp-content\/uploads\/2025\/10\/Klimmer_NewsBeitragsbild_800x800_Infotag2025-36x36.jpg 36w\" sizes=\"(max-width: 800px) 100vw, 800px\" \/><\/a><div class=\"slide-content\"><header class=\"entry-content-header\" aria-label=\"Slide: REVIEW INFOTAG 2025.\"><h3 class='slide-entry-title entry-title '  itemprop=\"headline\" ><a href='https:\/\/www.klimmer-gmbh.de\/de\/reviewinfotag-ausbildung-und-studium-2025\/' title='REVIEW INFOTAG 2025.'>REVIEW INFOTAG 2025.<\/a><\/h3><span class=\"av-vertical-delimiter\"><\/span><\/header><div class=\"slide-meta\"><time class='slide-meta-time updated'  itemprop=\"datePublished\" datetime=\"2025-10-10T12:42:23+02:00\" >10. Oktober 2025<\/time><\/div><div class='slide-entry-excerpt entry-content'  itemprop=\"text\" >INFOTAG BEGEISTERT JUNG UND ALT. Klimmer Group begeistert mit spannenden Aktionen und vielf\u00e4ltigen Infos rund um Ausbildung und Studium<div class=\"read-more-link\"><a href=\"https:\/\/www.klimmer-gmbh.de\/de\/reviewinfotag-ausbildung-und-studium-2025\/\" class=\"more-link\">Weiterlesen<span class='more-link-arrow avia-svg-icon avia-font-svg_entypo-fontello' data-av_svg_icon='right-open-big' data-av_iconset='svg_entypo-fontello'><svg version=\"1.1\" xmlns=\"http:\/\/www.w3.org\/2000\/svg\" width=\"15\" height=\"32\" viewBox=\"0 0 15 32\" preserveAspectRatio=\"xMidYMid meet\" role=\"graphics-symbol\" aria-hidden=\"true\">\n<path d=\"M0.416 27.84l11.456-11.84-11.456-11.904q-0.832-0.832 0-1.536 0.832-0.832 1.536 0l12.544 12.608q0.768 0.832 0 1.6l-12.544 12.608q-0.704 0.832-1.536 0-0.832-0.704 0-1.536z\"><\/path>\n<\/svg><\/span><\/a><\/div><\/div><\/div><footer class=\"entry-footer\"><\/footer><span class='hidden'>\n\t\t\t\t<span class='av-structured-data'  itemprop=\"image\" itemscope=\"itemscope\" itemtype=\"https:\/\/schema.org\/ImageObject\" >\n\t\t\t\t\t\t<span itemprop='url'>https:\/\/www.klimmer-gmbh.de\/wp-content\/uploads\/2025\/10\/Klimmer_NewsBeitragsbild_800x800_Infotag2025.jpg<\/span>\n\t\t\t\t\t\t<span itemprop='height'>800<\/span>\n\t\t\t\t\t\t<span itemprop='width'>800<\/span>\n\t\t\t\t<\/span>\n\t\t\t\t<span class='av-structured-data'  itemprop=\"publisher\" itemtype=\"https:\/\/schema.org\/Organization\" itemscope=\"itemscope\" >\n\t\t\t\t\t\t<span itemprop='name'>Agentur Baur<\/span>\n\t\t\t\t\t\t<span itemprop='logo' itemscope itemtype='https:\/\/schema.org\/ImageObject'>\n\t\t\t\t\t\t\t<span itemprop='url'>https:\/\/www.klimmer-gmbh.de\/wp-content\/uploads\/2023\/05\/klimmergmbhde.svg<\/span>\n\t\t\t\t\t\t<\/span>\n\t\t\t\t<\/span><span class='av-structured-data'  itemprop=\"author\" itemscope=\"itemscope\" itemtype=\"https:\/\/schema.org\/Person\" ><span itemprop='name'>Agentur Baur<\/span><\/span><span class='av-structured-data'  itemprop=\"datePublished\" datetime=\"2023-05-27T13:35:19+02:00\" >2025-10-10 12:42:23<\/span><span class='av-structured-data'  itemprop=\"dateModified\" itemtype=\"https:\/\/schema.org\/dateModified\" >2025-10-10 12:42:25<\/span><span class='av-structured-data'  itemprop=\"mainEntityOfPage\" itemtype=\"https:\/\/schema.org\/mainEntityOfPage\" ><span itemprop='name'>REVIEW INFOTAG 2025.<\/span><\/span><\/span><\/article><\/div><div class=\"slide-entry-wrap\"><article class='slide-entry flex_column  post-entry post-entry-9000 slide-entry-overview slide-loop-3 slide-parity-odd  av_one_half first real-thumbnail posttype-post post-format-standard'  itemscope=\"itemscope\" itemtype=\"https:\/\/schema.org\/CreativeWork\" ><a href='https:\/\/www.klimmer-gmbh.de\/de\/infotag-ausbildung-und-studium-2025\/' data-rel='slide-2' class='slide-image' title='INFOTAG AUSBILDUNG UND STUDIUM 2025.'><img decoding=\"async\" fetchpriority=\"high\" width=\"2160\" height=\"2700\" src=\"https:\/\/www.klimmer-gmbh.de\/wp-content\/uploads\/2025\/09\/Klimmer_Tag-der-Ausbildung_Pop-Up_2025_RZ.jpg\" class=\"wp-image-8960 avia-img-lazy-loading-not-8960 attachment-portfolio size-portfolio wp-post-image\" alt=\"\" srcset=\"https:\/\/www.klimmer-gmbh.de\/wp-content\/uploads\/2025\/09\/Klimmer_Tag-der-Ausbildung_Pop-Up_2025_RZ.jpg 2160w, https:\/\/www.klimmer-gmbh.de\/wp-content\/uploads\/2025\/09\/Klimmer_Tag-der-Ausbildung_Pop-Up_2025_RZ-240x300.jpg 240w, https:\/\/www.klimmer-gmbh.de\/wp-content\/uploads\/2025\/09\/Klimmer_Tag-der-Ausbildung_Pop-Up_2025_RZ-824x1030.jpg 824w, https:\/\/www.klimmer-gmbh.de\/wp-content\/uploads\/2025\/09\/Klimmer_Tag-der-Ausbildung_Pop-Up_2025_RZ-768x960.jpg 768w, https:\/\/www.klimmer-gmbh.de\/wp-content\/uploads\/2025\/09\/Klimmer_Tag-der-Ausbildung_Pop-Up_2025_RZ-1229x1536.jpg 1229w, https:\/\/www.klimmer-gmbh.de\/wp-content\/uploads\/2025\/09\/Klimmer_Tag-der-Ausbildung_Pop-Up_2025_RZ-1638x2048.jpg 1638w, https:\/\/www.klimmer-gmbh.de\/wp-content\/uploads\/2025\/09\/Klimmer_Tag-der-Ausbildung_Pop-Up_2025_RZ-1200x1500.jpg 1200w\" sizes=\"(max-width: 2160px) 100vw, 2160px\" \/><\/a><div class=\"slide-content\"><header class=\"entry-content-header\" aria-label=\"Slide: INFOTAG AUSBILDUNG UND STUDIUM 2025.\"><h3 class='slide-entry-title entry-title '  itemprop=\"headline\" ><a href='https:\/\/www.klimmer-gmbh.de\/de\/infotag-ausbildung-und-studium-2025\/' title='INFOTAG AUSBILDUNG UND STUDIUM 2025.'>INFOTAG AUSBILDUNG UND STUDIUM 2025.<\/a><\/h3><span class=\"av-vertical-delimiter\"><\/span><\/header><div class=\"slide-meta\"><time class='slide-meta-time updated'  itemprop=\"datePublished\" datetime=\"2025-09-04T12:20:45+02:00\" >4. September 2025<\/time><\/div><div class='slide-entry-excerpt entry-content'  itemprop=\"text\" >Die Klimmer Group l\u00e4dt alle Interessierten herzlich zum Infotag Ausbildung und Studium am 27. September 2025 von 11 bis 15 Uhr ein. <div class=\"read-more-link\"><a href=\"https:\/\/www.klimmer-gmbh.de\/de\/infotag-ausbildung-und-studium-2025\/\" class=\"more-link\">Weiterlesen<span class='more-link-arrow avia-svg-icon avia-font-svg_entypo-fontello' data-av_svg_icon='right-open-big' data-av_iconset='svg_entypo-fontello'><svg version=\"1.1\" xmlns=\"http:\/\/www.w3.org\/2000\/svg\" width=\"15\" height=\"32\" viewBox=\"0 0 15 32\" preserveAspectRatio=\"xMidYMid meet\" role=\"graphics-symbol\" aria-hidden=\"true\">\n<path d=\"M0.416 27.84l11.456-11.84-11.456-11.904q-0.832-0.832 0-1.536 0.832-0.832 1.536 0l12.544 12.608q0.768 0.832 0 1.6l-12.544 12.608q-0.704 0.832-1.536 0-0.832-0.704 0-1.536z\"><\/path>\n<\/svg><\/span><\/a><\/div><\/div><\/div><footer class=\"entry-footer\"><\/footer><span class='hidden'>\n\t\t\t\t<span class='av-structured-data'  itemprop=\"image\" itemscope=\"itemscope\" itemtype=\"https:\/\/schema.org\/ImageObject\" >\n\t\t\t\t\t\t<span itemprop='url'>https:\/\/www.klimmer-gmbh.de\/wp-content\/uploads\/2025\/09\/Klimmer_Tag-der-Ausbildung_Pop-Up_2025_RZ.jpg<\/span>\n\t\t\t\t\t\t<span itemprop='height'>2700<\/span>\n\t\t\t\t\t\t<span itemprop='width'>2160<\/span>\n\t\t\t\t<\/span>\n\t\t\t\t<span class='av-structured-data'  itemprop=\"publisher\" itemtype=\"https:\/\/schema.org\/Organization\" itemscope=\"itemscope\" >\n\t\t\t\t\t\t<span itemprop='name'>Agentur Baur<\/span>\n\t\t\t\t\t\t<span itemprop='logo' itemscope itemtype='https:\/\/schema.org\/ImageObject'>\n\t\t\t\t\t\t\t<span itemprop='url'>https:\/\/www.klimmer-gmbh.de\/wp-content\/uploads\/2023\/05\/klimmergmbhde.svg<\/span>\n\t\t\t\t\t\t<\/span>\n\t\t\t\t<\/span><span class='av-structured-data'  itemprop=\"author\" itemscope=\"itemscope\" itemtype=\"https:\/\/schema.org\/Person\" ><span itemprop='name'>Agentur Baur<\/span><\/span><span class='av-structured-data'  itemprop=\"datePublished\" datetime=\"2023-05-27T13:35:19+02:00\" >2025-09-04 12:20:45<\/span><span class='av-structured-data'  itemprop=\"dateModified\" itemtype=\"https:\/\/schema.org\/dateModified\" >2025-09-04 12:38:37<\/span><span class='av-structured-data'  itemprop=\"mainEntityOfPage\" itemtype=\"https:\/\/schema.org\/mainEntityOfPage\" ><span itemprop='name'>INFOTAG AUSBILDUNG UND STUDIUM 2025.<\/span><\/span><\/span><\/article><article class='slide-entry flex_column  post-entry post-entry-8972 slide-entry-overview slide-loop-4 slide-parity-even  av_one_half  real-thumbnail posttype-post post-format-standard'  itemscope=\"itemscope\" itemtype=\"https:\/\/schema.org\/CreativeWork\" ><a href='https:\/\/www.klimmer-gmbh.de\/de\/neue-auszubildende-2025\/' data-rel='slide-2' class='slide-image' title='NEUE AUSZUBILDENDE 2025.'><img decoding=\"async\" fetchpriority=\"high\" width=\"1667\" height=\"1667\" src=\"https:\/\/www.klimmer-gmbh.de\/wp-content\/uploads\/2025\/09\/2025_1_Klimmer_Azubis.jpg\" class=\"wp-image-8981 avia-img-lazy-loading-not-8981 attachment-portfolio size-portfolio wp-post-image\" alt=\"\" srcset=\"https:\/\/www.klimmer-gmbh.de\/wp-content\/uploads\/2025\/09\/2025_1_Klimmer_Azubis.jpg 1667w, https:\/\/www.klimmer-gmbh.de\/wp-content\/uploads\/2025\/09\/2025_1_Klimmer_Azubis-300x300.jpg 300w, https:\/\/www.klimmer-gmbh.de\/wp-content\/uploads\/2025\/09\/2025_1_Klimmer_Azubis-1030x1030.jpg 1030w, https:\/\/www.klimmer-gmbh.de\/wp-content\/uploads\/2025\/09\/2025_1_Klimmer_Azubis-80x80.jpg 80w, https:\/\/www.klimmer-gmbh.de\/wp-content\/uploads\/2025\/09\/2025_1_Klimmer_Azubis-768x768.jpg 768w, https:\/\/www.klimmer-gmbh.de\/wp-content\/uploads\/2025\/09\/2025_1_Klimmer_Azubis-1536x1536.jpg 1536w, https:\/\/www.klimmer-gmbh.de\/wp-content\/uploads\/2025\/09\/2025_1_Klimmer_Azubis-36x36.jpg 36w, https:\/\/www.klimmer-gmbh.de\/wp-content\/uploads\/2025\/09\/2025_1_Klimmer_Azubis-1500x1500.jpg 1500w\" sizes=\"(max-width: 1667px) 100vw, 1667px\" \/><\/a><div class=\"slide-content\"><header class=\"entry-content-header\" aria-label=\"Slide: NEUE AUSZUBILDENDE 2025.\"><h3 class='slide-entry-title entry-title '  itemprop=\"headline\" ><a href='https:\/\/www.klimmer-gmbh.de\/de\/neue-auszubildende-2025\/' title='NEUE AUSZUBILDENDE 2025.'>NEUE AUSZUBILDENDE 2025.<\/a><\/h3><span class=\"av-vertical-delimiter\"><\/span><\/header><div class=\"slide-meta\"><time class='slide-meta-time updated'  itemprop=\"datePublished\" datetime=\"2025-09-04T11:47:31+02:00\" >4. September 2025<\/time><\/div><div class='slide-entry-excerpt entry-content'  itemprop=\"text\" >Ein neuer Lebensabschnitt voller Chancen und M\u00f6glichkeiten beginnt f\u00fcr 21 Auszubildende und duale Studierende bei der Klimmer Group.<div class=\"read-more-link\"><a href=\"https:\/\/www.klimmer-gmbh.de\/de\/neue-auszubildende-2025\/\" class=\"more-link\">Weiterlesen<span class='more-link-arrow avia-svg-icon avia-font-svg_entypo-fontello' data-av_svg_icon='right-open-big' data-av_iconset='svg_entypo-fontello'><svg version=\"1.1\" xmlns=\"http:\/\/www.w3.org\/2000\/svg\" width=\"15\" height=\"32\" viewBox=\"0 0 15 32\" preserveAspectRatio=\"xMidYMid meet\" role=\"graphics-symbol\" aria-hidden=\"true\">\n<path d=\"M0.416 27.84l11.456-11.84-11.456-11.904q-0.832-0.832 0-1.536 0.832-0.832 1.536 0l12.544 12.608q0.768 0.832 0 1.6l-12.544 12.608q-0.704 0.832-1.536 0-0.832-0.704 0-1.536z\"><\/path>\n<\/svg><\/span><\/a><\/div><\/div><\/div><footer class=\"entry-footer\"><\/footer><span class='hidden'>\n\t\t\t\t<span class='av-structured-data'  itemprop=\"image\" itemscope=\"itemscope\" itemtype=\"https:\/\/schema.org\/ImageObject\" >\n\t\t\t\t\t\t<span itemprop='url'>https:\/\/www.klimmer-gmbh.de\/wp-content\/uploads\/2025\/09\/2025_1_Klimmer_Azubis.jpg<\/span>\n\t\t\t\t\t\t<span itemprop='height'>1667<\/span>\n\t\t\t\t\t\t<span itemprop='width'>1667<\/span>\n\t\t\t\t<\/span>\n\t\t\t\t<span class='av-structured-data'  itemprop=\"publisher\" itemtype=\"https:\/\/schema.org\/Organization\" itemscope=\"itemscope\" >\n\t\t\t\t\t\t<span itemprop='name'>Agentur Baur<\/span>\n\t\t\t\t\t\t<span itemprop='logo' itemscope itemtype='https:\/\/schema.org\/ImageObject'>\n\t\t\t\t\t\t\t<span itemprop='url'>https:\/\/www.klimmer-gmbh.de\/wp-content\/uploads\/2023\/05\/klimmergmbhde.svg<\/span>\n\t\t\t\t\t\t<\/span>\n\t\t\t\t<\/span><span class='av-structured-data'  itemprop=\"author\" itemscope=\"itemscope\" itemtype=\"https:\/\/schema.org\/Person\" ><span itemprop='name'>Agentur Baur<\/span><\/span><span class='av-structured-data'  itemprop=\"datePublished\" datetime=\"2023-05-27T13:35:19+02:00\" >2025-09-04 11:47:31<\/span><span class='av-structured-data'  itemprop=\"dateModified\" itemtype=\"https:\/\/schema.org\/dateModified\" >2025-09-30 10:12:54<\/span><span class='av-structured-data'  itemprop=\"mainEntityOfPage\" itemtype=\"https:\/\/schema.org\/mainEntityOfPage\" ><span itemprop='name'>NEUE AUSZUBILDENDE 2025.<\/span><\/span><\/span><\/article><\/div><div class=\"slide-entry-wrap\"><article class='slide-entry flex_column  post-entry post-entry-8951 slide-entry-overview slide-loop-5 slide-parity-odd  av_one_half first real-thumbnail posttype-post post-format-standard'  itemscope=\"itemscope\" itemtype=\"https:\/\/schema.org\/CreativeWork\" ><a href='https:\/\/www.klimmer-gmbh.de\/de\/azubi-ausflug-2025\/' data-rel='slide-2' class='slide-image' title='AZUBI-AUSFLUG 2025.'><img decoding=\"async\" fetchpriority=\"high\" width=\"1667\" height=\"1667\" src=\"https:\/\/www.klimmer-gmbh.de\/wp-content\/uploads\/2025\/09\/2023_Klimmer_Azubis_Ausflug.jpg\" class=\"wp-image-8956 avia-img-lazy-loading-not-8956 attachment-portfolio size-portfolio wp-post-image\" alt=\"Azubi-Ausflug 2025 der Klimmer Group\" srcset=\"https:\/\/www.klimmer-gmbh.de\/wp-content\/uploads\/2025\/09\/2023_Klimmer_Azubis_Ausflug.jpg 1667w, https:\/\/www.klimmer-gmbh.de\/wp-content\/uploads\/2025\/09\/2023_Klimmer_Azubis_Ausflug-300x300.jpg 300w, https:\/\/www.klimmer-gmbh.de\/wp-content\/uploads\/2025\/09\/2023_Klimmer_Azubis_Ausflug-1030x1030.jpg 1030w, https:\/\/www.klimmer-gmbh.de\/wp-content\/uploads\/2025\/09\/2023_Klimmer_Azubis_Ausflug-80x80.jpg 80w, https:\/\/www.klimmer-gmbh.de\/wp-content\/uploads\/2025\/09\/2023_Klimmer_Azubis_Ausflug-768x768.jpg 768w, https:\/\/www.klimmer-gmbh.de\/wp-content\/uploads\/2025\/09\/2023_Klimmer_Azubis_Ausflug-1536x1536.jpg 1536w, https:\/\/www.klimmer-gmbh.de\/wp-content\/uploads\/2025\/09\/2023_Klimmer_Azubis_Ausflug-36x36.jpg 36w, https:\/\/www.klimmer-gmbh.de\/wp-content\/uploads\/2025\/09\/2023_Klimmer_Azubis_Ausflug-1500x1500.jpg 1500w\" sizes=\"(max-width: 1667px) 100vw, 1667px\" \/><\/a><div class=\"slide-content\"><header class=\"entry-content-header\" aria-label=\"Slide: AZUBI-AUSFLUG 2025.\"><h3 class='slide-entry-title entry-title '  itemprop=\"headline\" ><a href='https:\/\/www.klimmer-gmbh.de\/de\/azubi-ausflug-2025\/' title='AZUBI-AUSFLUG 2025.'>AZUBI-AUSFLUG 2025.<\/a><\/h3><span class=\"av-vertical-delimiter\"><\/span><\/header><div class=\"slide-meta\"><time class='slide-meta-time updated'  itemprop=\"datePublished\" datetime=\"2025-09-04T09:42:00+02:00\" >4. September 2025<\/time><\/div><div class='slide-entry-excerpt entry-content'  itemprop=\"text\" >Azubi-Ausflug 2025: Teamgeist und Erlebnisse in M\u00fcnchen.\nNeue Eindr\u00fccke sammeln, Spa\u00df haben und sich besser kennenlernen.<div class=\"read-more-link\"><a href=\"https:\/\/www.klimmer-gmbh.de\/de\/azubi-ausflug-2025\/\" class=\"more-link\">Weiterlesen<span class='more-link-arrow avia-svg-icon avia-font-svg_entypo-fontello' data-av_svg_icon='right-open-big' data-av_iconset='svg_entypo-fontello'><svg version=\"1.1\" xmlns=\"http:\/\/www.w3.org\/2000\/svg\" width=\"15\" height=\"32\" viewBox=\"0 0 15 32\" preserveAspectRatio=\"xMidYMid meet\" role=\"graphics-symbol\" aria-hidden=\"true\">\n<path d=\"M0.416 27.84l11.456-11.84-11.456-11.904q-0.832-0.832 0-1.536 0.832-0.832 1.536 0l12.544 12.608q0.768 0.832 0 1.6l-12.544 12.608q-0.704 0.832-1.536 0-0.832-0.704 0-1.536z\"><\/path>\n<\/svg><\/span><\/a><\/div><\/div><\/div><footer class=\"entry-footer\"><\/footer><span class='hidden'>\n\t\t\t\t<span class='av-structured-data'  itemprop=\"image\" itemscope=\"itemscope\" itemtype=\"https:\/\/schema.org\/ImageObject\" >\n\t\t\t\t\t\t<span itemprop='url'>https:\/\/www.klimmer-gmbh.de\/wp-content\/uploads\/2025\/09\/2023_Klimmer_Azubis_Ausflug.jpg<\/span>\n\t\t\t\t\t\t<span itemprop='height'>1667<\/span>\n\t\t\t\t\t\t<span itemprop='width'>1667<\/span>\n\t\t\t\t<\/span>\n\t\t\t\t<span class='av-structured-data'  itemprop=\"publisher\" itemtype=\"https:\/\/schema.org\/Organization\" itemscope=\"itemscope\" >\n\t\t\t\t\t\t<span itemprop='name'>Agentur Baur<\/span>\n\t\t\t\t\t\t<span itemprop='logo' itemscope itemtype='https:\/\/schema.org\/ImageObject'>\n\t\t\t\t\t\t\t<span itemprop='url'>https:\/\/www.klimmer-gmbh.de\/wp-content\/uploads\/2023\/05\/klimmergmbhde.svg<\/span>\n\t\t\t\t\t\t<\/span>\n\t\t\t\t<\/span><span class='av-structured-data'  itemprop=\"author\" itemscope=\"itemscope\" itemtype=\"https:\/\/schema.org\/Person\" ><span itemprop='name'>Agentur Baur<\/span><\/span><span class='av-structured-data'  itemprop=\"datePublished\" datetime=\"2023-05-27T13:35:19+02:00\" >2025-09-04 09:42:00<\/span><span class='av-structured-data'  itemprop=\"dateModified\" itemtype=\"https:\/\/schema.org\/dateModified\" >2025-10-30 08:57:25<\/span><span class='av-structured-data'  itemprop=\"mainEntityOfPage\" itemtype=\"https:\/\/schema.org\/mainEntityOfPage\" ><span itemprop='name'>AZUBI-AUSFLUG 2025.<\/span><\/span><\/span><\/article><article class='slide-entry flex_column  post-entry post-entry-8376 slide-entry-overview slide-loop-6 slide-parity-even  av_one_half  real-thumbnail posttype-post post-format-standard'  itemscope=\"itemscope\" itemtype=\"https:\/\/schema.org\/CreativeWork\" ><a href='https:\/\/www.klimmer-gmbh.de\/de\/ehrung-der-jubilare-2024\/' data-rel='slide-2' class='slide-image' title='EHRUNG DER JUBILARE 2024.'><img decoding=\"async\" fetchpriority=\"high\" width=\"800\" height=\"800\" src=\"https:\/\/www.klimmer-gmbh.de\/wp-content\/uploads\/2025\/02\/2025_Klimmer_Jubilare2024_News2.jpg\" class=\"wp-image-8350 avia-img-lazy-loading-not-8350 attachment-portfolio size-portfolio wp-post-image\" alt=\"Jubilare 2024 Ernst Klimmer GmbH\" srcset=\"https:\/\/www.klimmer-gmbh.de\/wp-content\/uploads\/2025\/02\/2025_Klimmer_Jubilare2024_News2.jpg 800w, https:\/\/www.klimmer-gmbh.de\/wp-content\/uploads\/2025\/02\/2025_Klimmer_Jubilare2024_News2-300x300.jpg 300w, https:\/\/www.klimmer-gmbh.de\/wp-content\/uploads\/2025\/02\/2025_Klimmer_Jubilare2024_News2-80x80.jpg 80w, https:\/\/www.klimmer-gmbh.de\/wp-content\/uploads\/2025\/02\/2025_Klimmer_Jubilare2024_News2-768x768.jpg 768w, https:\/\/www.klimmer-gmbh.de\/wp-content\/uploads\/2025\/02\/2025_Klimmer_Jubilare2024_News2-36x36.jpg 36w\" sizes=\"(max-width: 800px) 100vw, 800px\" \/><\/a><div class=\"slide-content\"><header class=\"entry-content-header\" aria-label=\"Slide: EHRUNG DER JUBILARE 2024.\"><h3 class='slide-entry-title entry-title '  itemprop=\"headline\" ><a href='https:\/\/www.klimmer-gmbh.de\/de\/ehrung-der-jubilare-2024\/' title='EHRUNG DER JUBILARE 2024.'>EHRUNG DER JUBILARE 2024.<\/a><\/h3><span class=\"av-vertical-delimiter\"><\/span><\/header><div class=\"slide-meta\"><time class='slide-meta-time updated'  itemprop=\"datePublished\" datetime=\"2025-01-16T13:22:31+01:00\" >16. Januar 2025<\/time><\/div><div class='slide-entry-excerpt entry-content'  itemprop=\"text\" >330 Jahre Erfahrung, Engagement und Treue. Ehrung der Jubilare der Ernst Klimmer GmbH am 16.01.2025.<div class=\"read-more-link\"><a href=\"https:\/\/www.klimmer-gmbh.de\/de\/ehrung-der-jubilare-2024\/\" class=\"more-link\">Weiterlesen<span class='more-link-arrow avia-svg-icon avia-font-svg_entypo-fontello' data-av_svg_icon='right-open-big' data-av_iconset='svg_entypo-fontello'><svg version=\"1.1\" xmlns=\"http:\/\/www.w3.org\/2000\/svg\" width=\"15\" height=\"32\" viewBox=\"0 0 15 32\" preserveAspectRatio=\"xMidYMid meet\" role=\"graphics-symbol\" aria-hidden=\"true\">\n<path d=\"M0.416 27.84l11.456-11.84-11.456-11.904q-0.832-0.832 0-1.536 0.832-0.832 1.536 0l12.544 12.608q0.768 0.832 0 1.6l-12.544 12.608q-0.704 0.832-1.536 0-0.832-0.704 0-1.536z\"><\/path>\n<\/svg><\/span><\/a><\/div><\/div><\/div><footer class=\"entry-footer\"><\/footer><span class='hidden'>\n\t\t\t\t<span class='av-structured-data'  itemprop=\"image\" itemscope=\"itemscope\" itemtype=\"https:\/\/schema.org\/ImageObject\" >\n\t\t\t\t\t\t<span itemprop='url'>https:\/\/www.klimmer-gmbh.de\/wp-content\/uploads\/2025\/02\/2025_Klimmer_Jubilare2024_News2.jpg<\/span>\n\t\t\t\t\t\t<span itemprop='height'>800<\/span>\n\t\t\t\t\t\t<span itemprop='width'>800<\/span>\n\t\t\t\t<\/span>\n\t\t\t\t<span class='av-structured-data'  itemprop=\"publisher\" itemtype=\"https:\/\/schema.org\/Organization\" itemscope=\"itemscope\" >\n\t\t\t\t\t\t<span itemprop='name'>Agentur Baur<\/span>\n\t\t\t\t\t\t<span itemprop='logo' itemscope itemtype='https:\/\/schema.org\/ImageObject'>\n\t\t\t\t\t\t\t<span itemprop='url'>https:\/\/www.klimmer-gmbh.de\/wp-content\/uploads\/2023\/05\/klimmergmbhde.svg<\/span>\n\t\t\t\t\t\t<\/span>\n\t\t\t\t<\/span><span class='av-structured-data'  itemprop=\"author\" itemscope=\"itemscope\" itemtype=\"https:\/\/schema.org\/Person\" ><span itemprop='name'>Agentur Baur<\/span><\/span><span class='av-structured-data'  itemprop=\"datePublished\" datetime=\"2023-05-27T13:35:19+02:00\" >2025-01-16 13:22:31<\/span><span class='av-structured-data'  itemprop=\"dateModified\" itemtype=\"https:\/\/schema.org\/dateModified\" >2025-02-04 13:26:45<\/span><span class='av-structured-data'  itemprop=\"mainEntityOfPage\" itemtype=\"https:\/\/schema.org\/mainEntityOfPage\" ><span itemprop='name'>EHRUNG DER JUBILARE 2024.<\/span><\/span><\/span><\/article><\/div><div class=\"slide-entry-wrap\"><article class='slide-entry flex_column  post-entry post-entry-8366 slide-entry-overview slide-loop-7 slide-parity-odd  av_one_half first real-thumbnail posttype-post post-format-standard'  itemscope=\"itemscope\" itemtype=\"https:\/\/schema.org\/CreativeWork\" ><a href='https:\/\/www.klimmer-gmbh.de\/de\/infotag-ausbildung-und-studium\/' data-rel='slide-2' class='slide-image' title='INFOTAG AUSBILDUNG UND STUDIUM.'><img decoding=\"async\" fetchpriority=\"high\" width=\"600\" height=\"600\" src=\"https:\/\/www.klimmer-gmbh.de\/wp-content\/uploads\/2025\/02\/BSB_BWB_Beitrag_Infotag2024_600x600.jpg\" class=\"wp-image-8372 avia-img-lazy-loading-not-8372 attachment-portfolio size-portfolio wp-post-image\" alt=\"\" srcset=\"https:\/\/www.klimmer-gmbh.de\/wp-content\/uploads\/2025\/02\/BSB_BWB_Beitrag_Infotag2024_600x600.jpg 600w, https:\/\/www.klimmer-gmbh.de\/wp-content\/uploads\/2025\/02\/BSB_BWB_Beitrag_Infotag2024_600x600-300x300.jpg 300w, https:\/\/www.klimmer-gmbh.de\/wp-content\/uploads\/2025\/02\/BSB_BWB_Beitrag_Infotag2024_600x600-80x80.jpg 80w, https:\/\/www.klimmer-gmbh.de\/wp-content\/uploads\/2025\/02\/BSB_BWB_Beitrag_Infotag2024_600x600-36x36.jpg 36w\" sizes=\"(max-width: 600px) 100vw, 600px\" \/><\/a><div class=\"slide-content\"><header class=\"entry-content-header\" aria-label=\"Slide: INFOTAG AUSBILDUNG UND STUDIUM.\"><h3 class='slide-entry-title entry-title '  itemprop=\"headline\" ><a href='https:\/\/www.klimmer-gmbh.de\/de\/infotag-ausbildung-und-studium\/' title='INFOTAG AUSBILDUNG UND STUDIUM.'>INFOTAG AUSBILDUNG UND STUDIUM.<\/a><\/h3><span class=\"av-vertical-delimiter\"><\/span><\/header><div class=\"slide-meta\"><time class='slide-meta-time updated'  itemprop=\"datePublished\" datetime=\"2024-11-13T13:14:17+01:00\" >13. November 2024<\/time><\/div><div class='slide-entry-excerpt entry-content'  itemprop=\"text\" >INFOTAG BEGEISTERT JUNG UND ALT.\nKlimmer Group begeistert mit spannenden Aktionen und vielf\u00e4ltigen Infos rund um Ausbildung und Studium.<div class=\"read-more-link\"><a href=\"https:\/\/www.klimmer-gmbh.de\/de\/infotag-ausbildung-und-studium\/\" class=\"more-link\">Weiterlesen<span class='more-link-arrow avia-svg-icon avia-font-svg_entypo-fontello' data-av_svg_icon='right-open-big' data-av_iconset='svg_entypo-fontello'><svg version=\"1.1\" xmlns=\"http:\/\/www.w3.org\/2000\/svg\" width=\"15\" height=\"32\" viewBox=\"0 0 15 32\" preserveAspectRatio=\"xMidYMid meet\" role=\"graphics-symbol\" aria-hidden=\"true\">\n<path d=\"M0.416 27.84l11.456-11.84-11.456-11.904q-0.832-0.832 0-1.536 0.832-0.832 1.536 0l12.544 12.608q0.768 0.832 0 1.6l-12.544 12.608q-0.704 0.832-1.536 0-0.832-0.704 0-1.536z\"><\/path>\n<\/svg><\/span><\/a><\/div><\/div><\/div><footer class=\"entry-footer\"><\/footer><span class='hidden'>\n\t\t\t\t<span class='av-structured-data'  itemprop=\"image\" itemscope=\"itemscope\" itemtype=\"https:\/\/schema.org\/ImageObject\" >\n\t\t\t\t\t\t<span itemprop='url'>https:\/\/www.klimmer-gmbh.de\/wp-content\/uploads\/2025\/02\/BSB_BWB_Beitrag_Infotag2024_600x600.jpg<\/span>\n\t\t\t\t\t\t<span itemprop='height'>600<\/span>\n\t\t\t\t\t\t<span itemprop='width'>600<\/span>\n\t\t\t\t<\/span>\n\t\t\t\t<span class='av-structured-data'  itemprop=\"publisher\" itemtype=\"https:\/\/schema.org\/Organization\" itemscope=\"itemscope\" >\n\t\t\t\t\t\t<span itemprop='name'>Agentur Baur<\/span>\n\t\t\t\t\t\t<span itemprop='logo' itemscope itemtype='https:\/\/schema.org\/ImageObject'>\n\t\t\t\t\t\t\t<span itemprop='url'>https:\/\/www.klimmer-gmbh.de\/wp-content\/uploads\/2023\/05\/klimmergmbhde.svg<\/span>\n\t\t\t\t\t\t<\/span>\n\t\t\t\t<\/span><span class='av-structured-data'  itemprop=\"author\" itemscope=\"itemscope\" itemtype=\"https:\/\/schema.org\/Person\" ><span itemprop='name'>Agentur Baur<\/span><\/span><span class='av-structured-data'  itemprop=\"datePublished\" datetime=\"2023-05-27T13:35:19+02:00\" >2024-11-13 13:14:17<\/span><span class='av-structured-data'  itemprop=\"dateModified\" itemtype=\"https:\/\/schema.org\/dateModified\" >2025-02-04 13:21:55<\/span><span class='av-structured-data'  itemprop=\"mainEntityOfPage\" itemtype=\"https:\/\/schema.org\/mainEntityOfPage\" ><span itemprop='name'>INFOTAG AUSBILDUNG UND STUDIUM.<\/span><\/span><\/span><\/article><article class='slide-entry flex_column  post-entry post-entry-8352 slide-entry-overview slide-loop-8 slide-parity-even  av_one_half  real-thumbnail posttype-post post-format-standard'  itemscope=\"itemscope\" itemtype=\"https:\/\/schema.org\/CreativeWork\" ><a href='https:\/\/www.klimmer-gmbh.de\/de\/infotag-ausbildung-und-studium-2024\/' data-rel='slide-2' class='slide-image' title='INFOTAG AUSBILDUNG UND STUDIUM 2024.'><img decoding=\"async\" fetchpriority=\"high\" width=\"1250\" height=\"1050\" src=\"https:\/\/www.klimmer-gmbh.de\/wp-content\/uploads\/2025\/02\/Tag-der-Ausbildung_neben_Text_1250x1050.jpg\" class=\"wp-image-8358 avia-img-lazy-loading-not-8358 attachment-portfolio size-portfolio wp-post-image\" alt=\"\" srcset=\"https:\/\/www.klimmer-gmbh.de\/wp-content\/uploads\/2025\/02\/Tag-der-Ausbildung_neben_Text_1250x1050.jpg 1250w, https:\/\/www.klimmer-gmbh.de\/wp-content\/uploads\/2025\/02\/Tag-der-Ausbildung_neben_Text_1250x1050-300x252.jpg 300w, https:\/\/www.klimmer-gmbh.de\/wp-content\/uploads\/2025\/02\/Tag-der-Ausbildung_neben_Text_1250x1050-1030x865.jpg 1030w, https:\/\/www.klimmer-gmbh.de\/wp-content\/uploads\/2025\/02\/Tag-der-Ausbildung_neben_Text_1250x1050-768x645.jpg 768w\" sizes=\"(max-width: 1250px) 100vw, 1250px\" \/><\/a><div class=\"slide-content\"><header class=\"entry-content-header\" aria-label=\"Slide: INFOTAG AUSBILDUNG UND STUDIUM 2024.\"><h3 class='slide-entry-title entry-title '  itemprop=\"headline\" ><a href='https:\/\/www.klimmer-gmbh.de\/de\/infotag-ausbildung-und-studium-2024\/' title='INFOTAG AUSBILDUNG UND STUDIUM 2024.'>INFOTAG AUSBILDUNG UND STUDIUM 2024.<\/a><\/h3><span class=\"av-vertical-delimiter\"><\/span><\/header><div class=\"slide-meta\"><time class='slide-meta-time updated'  itemprop=\"datePublished\" datetime=\"2024-11-08T13:12:15+01:00\" >8. November 2024<\/time><\/div><div class='slide-entry-excerpt entry-content'  itemprop=\"text\" >KARRIERE BEI KLIMMER LIVE ERLEBEN. Die Klimmer Group l\u00e4dt alle Interessierten herzlich zum Infotag Ausbildung & Studium am 9. November 2024 im Geb\u00e4ude der Ernst Klimmer GmbH.<div class=\"read-more-link\"><a href=\"https:\/\/www.klimmer-gmbh.de\/de\/infotag-ausbildung-und-studium-2024\/\" class=\"more-link\">Weiterlesen<span class='more-link-arrow avia-svg-icon avia-font-svg_entypo-fontello' data-av_svg_icon='right-open-big' data-av_iconset='svg_entypo-fontello'><svg version=\"1.1\" xmlns=\"http:\/\/www.w3.org\/2000\/svg\" width=\"15\" height=\"32\" viewBox=\"0 0 15 32\" preserveAspectRatio=\"xMidYMid meet\" role=\"graphics-symbol\" aria-hidden=\"true\">\n<path d=\"M0.416 27.84l11.456-11.84-11.456-11.904q-0.832-0.832 0-1.536 0.832-0.832 1.536 0l12.544 12.608q0.768 0.832 0 1.6l-12.544 12.608q-0.704 0.832-1.536 0-0.832-0.704 0-1.536z\"><\/path>\n<\/svg><\/span><\/a><\/div><\/div><\/div><footer class=\"entry-footer\"><\/footer><span class='hidden'>\n\t\t\t\t<span class='av-structured-data'  itemprop=\"image\" itemscope=\"itemscope\" itemtype=\"https:\/\/schema.org\/ImageObject\" >\n\t\t\t\t\t\t<span itemprop='url'>https:\/\/www.klimmer-gmbh.de\/wp-content\/uploads\/2025\/02\/Tag-der-Ausbildung_neben_Text_1250x1050.jpg<\/span>\n\t\t\t\t\t\t<span itemprop='height'>1050<\/span>\n\t\t\t\t\t\t<span itemprop='width'>1250<\/span>\n\t\t\t\t<\/span>\n\t\t\t\t<span class='av-structured-data'  itemprop=\"publisher\" itemtype=\"https:\/\/schema.org\/Organization\" itemscope=\"itemscope\" >\n\t\t\t\t\t\t<span itemprop='name'>Agentur Baur<\/span>\n\t\t\t\t\t\t<span itemprop='logo' itemscope itemtype='https:\/\/schema.org\/ImageObject'>\n\t\t\t\t\t\t\t<span itemprop='url'>https:\/\/www.klimmer-gmbh.de\/wp-content\/uploads\/2023\/05\/klimmergmbhde.svg<\/span>\n\t\t\t\t\t\t<\/span>\n\t\t\t\t<\/span><span class='av-structured-data'  itemprop=\"author\" itemscope=\"itemscope\" itemtype=\"https:\/\/schema.org\/Person\" ><span itemprop='name'>Agentur Baur<\/span><\/span><span class='av-structured-data'  itemprop=\"datePublished\" datetime=\"2023-05-27T13:35:19+02:00\" >2024-11-08 13:12:15<\/span><span class='av-structured-data'  itemprop=\"dateModified\" itemtype=\"https:\/\/schema.org\/dateModified\" >2025-10-30 09:15:48<\/span><span class='av-structured-data'  itemprop=\"mainEntityOfPage\" itemtype=\"https:\/\/schema.org\/mainEntityOfPage\" ><span itemprop='name'>INFOTAG AUSBILDUNG UND STUDIUM 2024.<\/span><\/span><\/span><\/article><\/div><div class=\"slide-entry-wrap\"><article class='slide-entry flex_column  post-entry post-entry-7615 slide-entry-overview slide-loop-9 slide-parity-odd  av_one_half first real-thumbnail posttype-post post-format-standard'  itemscope=\"itemscope\" itemtype=\"https:\/\/schema.org\/CreativeWork\" ><a href='https:\/\/www.klimmer-gmbh.de\/de\/jubilare-2023\/' data-rel='slide-2' class='slide-image' title='EHRUNG DER JUBILARE 2023.'><img decoding=\"async\" fetchpriority=\"high\" width=\"1667\" height=\"1667\" src=\"https:\/\/www.klimmer-gmbh.de\/wp-content\/uploads\/2024\/01\/2023_Klimmer_Jubilare2.jpg\" class=\"wp-image-7621 avia-img-lazy-loading-not-7621 attachment-portfolio size-portfolio wp-post-image\" alt=\"Jubilare 2023\" srcset=\"https:\/\/www.klimmer-gmbh.de\/wp-content\/uploads\/2024\/01\/2023_Klimmer_Jubilare2.jpg 1667w, https:\/\/www.klimmer-gmbh.de\/wp-content\/uploads\/2024\/01\/2023_Klimmer_Jubilare2-300x300.jpg 300w, https:\/\/www.klimmer-gmbh.de\/wp-content\/uploads\/2024\/01\/2023_Klimmer_Jubilare2-1030x1030.jpg 1030w, https:\/\/www.klimmer-gmbh.de\/wp-content\/uploads\/2024\/01\/2023_Klimmer_Jubilare2-80x80.jpg 80w, https:\/\/www.klimmer-gmbh.de\/wp-content\/uploads\/2024\/01\/2023_Klimmer_Jubilare2-768x768.jpg 768w, https:\/\/www.klimmer-gmbh.de\/wp-content\/uploads\/2024\/01\/2023_Klimmer_Jubilare2-1536x1536.jpg 1536w, https:\/\/www.klimmer-gmbh.de\/wp-content\/uploads\/2024\/01\/2023_Klimmer_Jubilare2-36x36.jpg 36w, https:\/\/www.klimmer-gmbh.de\/wp-content\/uploads\/2024\/01\/2023_Klimmer_Jubilare2-1500x1500.jpg 1500w\" sizes=\"(max-width: 1667px) 100vw, 1667px\" \/><\/a><div class=\"slide-content\"><header class=\"entry-content-header\" aria-label=\"Slide: EHRUNG DER JUBILARE 2023.\"><h3 class='slide-entry-title entry-title '  itemprop=\"headline\" ><a href='https:\/\/www.klimmer-gmbh.de\/de\/jubilare-2023\/' title='EHRUNG DER JUBILARE 2023.'>EHRUNG DER JUBILARE 2023.<\/a><\/h3><span class=\"av-vertical-delimiter\"><\/span><\/header><div class=\"slide-meta\"><time class='slide-meta-time updated'  itemprop=\"datePublished\" datetime=\"2024-01-24T09:35:34+01:00\" >24. Januar 2024<\/time><\/div><div class='slide-entry-excerpt entry-content'  itemprop=\"text\" >Ehrung der Jubilare der Ernst Klimmer GmbH am 18.01.2024.<div class=\"read-more-link\"><a href=\"https:\/\/www.klimmer-gmbh.de\/de\/jubilare-2023\/\" class=\"more-link\">Weiterlesen<span class='more-link-arrow avia-svg-icon avia-font-svg_entypo-fontello' data-av_svg_icon='right-open-big' data-av_iconset='svg_entypo-fontello'><svg version=\"1.1\" xmlns=\"http:\/\/www.w3.org\/2000\/svg\" width=\"15\" height=\"32\" viewBox=\"0 0 15 32\" preserveAspectRatio=\"xMidYMid meet\" role=\"graphics-symbol\" aria-hidden=\"true\">\n<path d=\"M0.416 27.84l11.456-11.84-11.456-11.904q-0.832-0.832 0-1.536 0.832-0.832 1.536 0l12.544 12.608q0.768 0.832 0 1.6l-12.544 12.608q-0.704 0.832-1.536 0-0.832-0.704 0-1.536z\"><\/path>\n<\/svg><\/span><\/a><\/div><\/div><\/div><footer class=\"entry-footer\"><\/footer><span class='hidden'>\n\t\t\t\t<span class='av-structured-data'  itemprop=\"image\" itemscope=\"itemscope\" itemtype=\"https:\/\/schema.org\/ImageObject\" >\n\t\t\t\t\t\t<span itemprop='url'>https:\/\/www.klimmer-gmbh.de\/wp-content\/uploads\/2024\/01\/2023_Klimmer_Jubilare2.jpg<\/span>\n\t\t\t\t\t\t<span itemprop='height'>1667<\/span>\n\t\t\t\t\t\t<span itemprop='width'>1667<\/span>\n\t\t\t\t<\/span>\n\t\t\t\t<span class='av-structured-data'  itemprop=\"publisher\" itemtype=\"https:\/\/schema.org\/Organization\" itemscope=\"itemscope\" >\n\t\t\t\t\t\t<span itemprop='name'>Agentur Baur<\/span>\n\t\t\t\t\t\t<span itemprop='logo' itemscope itemtype='https:\/\/schema.org\/ImageObject'>\n\t\t\t\t\t\t\t<span itemprop='url'>https:\/\/www.klimmer-gmbh.de\/wp-content\/uploads\/2023\/05\/klimmergmbhde.svg<\/span>\n\t\t\t\t\t\t<\/span>\n\t\t\t\t<\/span><span class='av-structured-data'  itemprop=\"author\" itemscope=\"itemscope\" itemtype=\"https:\/\/schema.org\/Person\" ><span itemprop='name'>Agentur Baur<\/span><\/span><span class='av-structured-data'  itemprop=\"datePublished\" datetime=\"2023-05-27T13:35:19+02:00\" >2024-01-24 09:35:34<\/span><span class='av-structured-data'  itemprop=\"dateModified\" itemtype=\"https:\/\/schema.org\/dateModified\" >2024-03-25 16:43:11<\/span><span class='av-structured-data'  itemprop=\"mainEntityOfPage\" itemtype=\"https:\/\/schema.org\/mainEntityOfPage\" ><span itemprop='name'>EHRUNG DER JUBILARE 2023.<\/span><\/span><\/span><\/article><article class='slide-entry flex_column  post-entry post-entry-7605 slide-entry-overview slide-loop-10 slide-parity-even  av_one_half  real-thumbnail posttype-post post-format-standard'  itemscope=\"itemscope\" itemtype=\"https:\/\/schema.org\/CreativeWork\" ><a href='https:\/\/www.klimmer-gmbh.de\/de\/ausbildungsvideo-atv\/' data-rel='slide-2' class='slide-image' title='AUSBILDUNGSPROGRAMM AUF A.TV.'><img decoding=\"async\" fetchpriority=\"high\" width=\"800\" height=\"800\" src=\"https:\/\/www.klimmer-gmbh.de\/wp-content\/uploads\/2024\/01\/2023_Klimmer_atv-Beitrag.jpg\" class=\"wp-image-7611 avia-img-lazy-loading-not-7611 attachment-portfolio size-portfolio wp-post-image\" alt=\"Ausbildungsbeitrag a.tv\" srcset=\"https:\/\/www.klimmer-gmbh.de\/wp-content\/uploads\/2024\/01\/2023_Klimmer_atv-Beitrag.jpg 800w, https:\/\/www.klimmer-gmbh.de\/wp-content\/uploads\/2024\/01\/2023_Klimmer_atv-Beitrag-300x300.jpg 300w, https:\/\/www.klimmer-gmbh.de\/wp-content\/uploads\/2024\/01\/2023_Klimmer_atv-Beitrag-80x80.jpg 80w, https:\/\/www.klimmer-gmbh.de\/wp-content\/uploads\/2024\/01\/2023_Klimmer_atv-Beitrag-768x768.jpg 768w, https:\/\/www.klimmer-gmbh.de\/wp-content\/uploads\/2024\/01\/2023_Klimmer_atv-Beitrag-36x36.jpg 36w\" sizes=\"(max-width: 800px) 100vw, 800px\" \/><\/a><div class=\"slide-content\"><header class=\"entry-content-header\" aria-label=\"Slide: AUSBILDUNGSPROGRAMM AUF A.TV.\"><h3 class='slide-entry-title entry-title '  itemprop=\"headline\" ><a href='https:\/\/www.klimmer-gmbh.de\/de\/ausbildungsvideo-atv\/' title='AUSBILDUNGSPROGRAMM AUF A.TV.'>AUSBILDUNGSPROGRAMM AUF A.TV.<\/a><\/h3><span class=\"av-vertical-delimiter\"><\/span><\/header><div class=\"slide-meta\"><time class='slide-meta-time updated'  itemprop=\"datePublished\" datetime=\"2023-10-25T09:20:00+02:00\" >25. Oktober 2023<\/time><\/div><div class='slide-entry-excerpt entry-content'  itemprop=\"text\" >augsburg.tv war bei uns zu Besuch und hat einen tollen Beitrag \u00fcber die Ausbildungsm\u00f6glichkeiten bei der Klimmer Group gedreht. Erfahre, was Dich w\u00e4hrend Deiner Ausbildung bei der Ernst Klimmer GmbH erwartet und worauf Du Dich freuen darfst.<div class=\"read-more-link\"><a href=\"https:\/\/www.klimmer-gmbh.de\/de\/ausbildungsvideo-atv\/\" class=\"more-link\">Weiterlesen<span class='more-link-arrow avia-svg-icon avia-font-svg_entypo-fontello' data-av_svg_icon='right-open-big' data-av_iconset='svg_entypo-fontello'><svg version=\"1.1\" xmlns=\"http:\/\/www.w3.org\/2000\/svg\" width=\"15\" height=\"32\" viewBox=\"0 0 15 32\" preserveAspectRatio=\"xMidYMid meet\" role=\"graphics-symbol\" aria-hidden=\"true\">\n<path d=\"M0.416 27.84l11.456-11.84-11.456-11.904q-0.832-0.832 0-1.536 0.832-0.832 1.536 0l12.544 12.608q0.768 0.832 0 1.6l-12.544 12.608q-0.704 0.832-1.536 0-0.832-0.704 0-1.536z\"><\/path>\n<\/svg><\/span><\/a><\/div><\/div><\/div><footer class=\"entry-footer\"><\/footer><span class='hidden'>\n\t\t\t\t<span class='av-structured-data'  itemprop=\"image\" itemscope=\"itemscope\" itemtype=\"https:\/\/schema.org\/ImageObject\" >\n\t\t\t\t\t\t<span itemprop='url'>https:\/\/www.klimmer-gmbh.de\/wp-content\/uploads\/2024\/01\/2023_Klimmer_atv-Beitrag.jpg<\/span>\n\t\t\t\t\t\t<span itemprop='height'>800<\/span>\n\t\t\t\t\t\t<span itemprop='width'>800<\/span>\n\t\t\t\t<\/span>\n\t\t\t\t<span class='av-structured-data'  itemprop=\"publisher\" itemtype=\"https:\/\/schema.org\/Organization\" itemscope=\"itemscope\" >\n\t\t\t\t\t\t<span itemprop='name'>Agentur Baur<\/span>\n\t\t\t\t\t\t<span itemprop='logo' itemscope itemtype='https:\/\/schema.org\/ImageObject'>\n\t\t\t\t\t\t\t<span itemprop='url'>https:\/\/www.klimmer-gmbh.de\/wp-content\/uploads\/2023\/05\/klimmergmbhde.svg<\/span>\n\t\t\t\t\t\t<\/span>\n\t\t\t\t<\/span><span class='av-structured-data'  itemprop=\"author\" itemscope=\"itemscope\" itemtype=\"https:\/\/schema.org\/Person\" ><span itemprop='name'>Agentur Baur<\/span><\/span><span class='av-structured-data'  itemprop=\"datePublished\" datetime=\"2023-05-27T13:35:19+02:00\" >2023-10-25 09:20:00<\/span><span class='av-structured-data'  itemprop=\"dateModified\" itemtype=\"https:\/\/schema.org\/dateModified\" >2024-01-24 09:30:02<\/span><span class='av-structured-data'  itemprop=\"mainEntityOfPage\" itemtype=\"https:\/\/schema.org\/mainEntityOfPage\" ><span itemprop='name'>AUSBILDUNGSPROGRAMM AUF A.TV.<\/span><\/span><\/span><\/article><\/div><div class=\"slide-entry-wrap\"><article class='slide-entry flex_column  post-entry post-entry-7830 slide-entry-overview slide-loop-11 slide-parity-odd  av_one_half first real-thumbnail posttype-post post-format-standard'  itemscope=\"itemscope\" itemtype=\"https:\/\/schema.org\/CreativeWork\" ><a href='https:\/\/www.klimmer-gmbh.de\/de\/neue-azubis-bei-klimmer\/' data-rel='slide-2' class='slide-image' title='NEUE AUSZUBILDENDE 2023.'><img decoding=\"async\" fetchpriority=\"high\" width=\"800\" height=\"800\" src=\"https:\/\/www.klimmer-gmbh.de\/wp-content\/uploads\/2024\/03\/NEWS_5_Sept_2023_Klimmer_Azubis6-800x800-1.jpg\" class=\"wp-image-7836 avia-img-lazy-loading-not-7836 attachment-portfolio size-portfolio wp-post-image\" alt=\"\" srcset=\"https:\/\/www.klimmer-gmbh.de\/wp-content\/uploads\/2024\/03\/NEWS_5_Sept_2023_Klimmer_Azubis6-800x800-1.jpg 800w, https:\/\/www.klimmer-gmbh.de\/wp-content\/uploads\/2024\/03\/NEWS_5_Sept_2023_Klimmer_Azubis6-800x800-1-300x300.jpg 300w, https:\/\/www.klimmer-gmbh.de\/wp-content\/uploads\/2024\/03\/NEWS_5_Sept_2023_Klimmer_Azubis6-800x800-1-80x80.jpg 80w, https:\/\/www.klimmer-gmbh.de\/wp-content\/uploads\/2024\/03\/NEWS_5_Sept_2023_Klimmer_Azubis6-800x800-1-768x768.jpg 768w, https:\/\/www.klimmer-gmbh.de\/wp-content\/uploads\/2024\/03\/NEWS_5_Sept_2023_Klimmer_Azubis6-800x800-1-36x36.jpg 36w\" sizes=\"(max-width: 800px) 100vw, 800px\" \/><\/a><div class=\"slide-content\"><header class=\"entry-content-header\" aria-label=\"Slide: NEUE AUSZUBILDENDE 2023.\"><h3 class='slide-entry-title entry-title '  itemprop=\"headline\" ><a href='https:\/\/www.klimmer-gmbh.de\/de\/neue-azubis-bei-klimmer\/' title='NEUE AUSZUBILDENDE 2023.'>NEUE AUSZUBILDENDE 2023.<\/a><\/h3><span class=\"av-vertical-delimiter\"><\/span><\/header><div class=\"slide-meta\"><time class='slide-meta-time updated'  itemprop=\"datePublished\" datetime=\"2023-09-05T16:58:00+02:00\" >5. September 2023<\/time><\/div><div class='slide-entry-excerpt entry-content'  itemprop=\"text\" >Neue Auszubildende bei der Klimmer Group.<div class=\"read-more-link\"><a href=\"https:\/\/www.klimmer-gmbh.de\/de\/neue-azubis-bei-klimmer\/\" class=\"more-link\">Weiterlesen<span class='more-link-arrow avia-svg-icon avia-font-svg_entypo-fontello' data-av_svg_icon='right-open-big' data-av_iconset='svg_entypo-fontello'><svg version=\"1.1\" xmlns=\"http:\/\/www.w3.org\/2000\/svg\" width=\"15\" height=\"32\" viewBox=\"0 0 15 32\" preserveAspectRatio=\"xMidYMid meet\" role=\"graphics-symbol\" aria-hidden=\"true\">\n<path d=\"M0.416 27.84l11.456-11.84-11.456-11.904q-0.832-0.832 0-1.536 0.832-0.832 1.536 0l12.544 12.608q0.768 0.832 0 1.6l-12.544 12.608q-0.704 0.832-1.536 0-0.832-0.704 0-1.536z\"><\/path>\n<\/svg><\/span><\/a><\/div><\/div><\/div><footer class=\"entry-footer\"><\/footer><span class='hidden'>\n\t\t\t\t<span class='av-structured-data'  itemprop=\"image\" itemscope=\"itemscope\" itemtype=\"https:\/\/schema.org\/ImageObject\" >\n\t\t\t\t\t\t<span itemprop='url'>https:\/\/www.klimmer-gmbh.de\/wp-content\/uploads\/2024\/03\/NEWS_5_Sept_2023_Klimmer_Azubis6-800x800-1.jpg<\/span>\n\t\t\t\t\t\t<span itemprop='height'>800<\/span>\n\t\t\t\t\t\t<span itemprop='width'>800<\/span>\n\t\t\t\t<\/span>\n\t\t\t\t<span class='av-structured-data'  itemprop=\"publisher\" itemtype=\"https:\/\/schema.org\/Organization\" itemscope=\"itemscope\" >\n\t\t\t\t\t\t<span itemprop='name'>Agentur Baur<\/span>\n\t\t\t\t\t\t<span itemprop='logo' itemscope itemtype='https:\/\/schema.org\/ImageObject'>\n\t\t\t\t\t\t\t<span itemprop='url'>https:\/\/www.klimmer-gmbh.de\/wp-content\/uploads\/2023\/05\/klimmergmbhde.svg<\/span>\n\t\t\t\t\t\t<\/span>\n\t\t\t\t<\/span><span class='av-structured-data'  itemprop=\"author\" itemscope=\"itemscope\" itemtype=\"https:\/\/schema.org\/Person\" ><span itemprop='name'>Agentur Baur<\/span><\/span><span class='av-structured-data'  itemprop=\"datePublished\" datetime=\"2023-05-27T13:35:19+02:00\" >2023-09-05 16:58:00<\/span><span class='av-structured-data'  itemprop=\"dateModified\" itemtype=\"https:\/\/schema.org\/dateModified\" >2024-03-26 07:56:44<\/span><span class='av-structured-data'  itemprop=\"mainEntityOfPage\" itemtype=\"https:\/\/schema.org\/mainEntityOfPage\" ><span itemprop='name'>NEUE AUSZUBILDENDE 2023.<\/span><\/span><\/span><\/article><article class='slide-entry flex_column  post-entry post-entry-5160 slide-entry-overview slide-loop-12 slide-parity-even  av_one_half  real-thumbnail posttype-post post-format-standard'  itemscope=\"itemscope\" itemtype=\"https:\/\/schema.org\/CreativeWork\" ><a href='https:\/\/www.klimmer-gmbh.de\/de\/neue-azubis-2022\/' data-rel='slide-2' class='slide-image' title='ADAC GT MASTERS 2023.'><img decoding=\"async\" fetchpriority=\"high\" width=\"800\" height=\"800\" src=\"https:\/\/www.klimmer-gmbh.de\/wp-content\/uploads\/2023\/05\/ADAC_NewsBeitragsbild_800x800.jpg\" class=\"wp-image-7407 avia-img-lazy-loading-not-7407 attachment-portfolio size-portfolio wp-post-image\" alt=\"\" srcset=\"https:\/\/www.klimmer-gmbh.de\/wp-content\/uploads\/2023\/05\/ADAC_NewsBeitragsbild_800x800.jpg 800w, https:\/\/www.klimmer-gmbh.de\/wp-content\/uploads\/2023\/05\/ADAC_NewsBeitragsbild_800x800-300x300.jpg 300w, https:\/\/www.klimmer-gmbh.de\/wp-content\/uploads\/2023\/05\/ADAC_NewsBeitragsbild_800x800-80x80.jpg 80w, https:\/\/www.klimmer-gmbh.de\/wp-content\/uploads\/2023\/05\/ADAC_NewsBeitragsbild_800x800-768x768.jpg 768w, https:\/\/www.klimmer-gmbh.de\/wp-content\/uploads\/2023\/05\/ADAC_NewsBeitragsbild_800x800-36x36.jpg 36w\" sizes=\"(max-width: 800px) 100vw, 800px\" \/><\/a><div class=\"slide-content\"><header class=\"entry-content-header\" aria-label=\"Slide: ADAC GT MASTERS 2023.\"><h3 class='slide-entry-title entry-title '  itemprop=\"headline\" ><a href='https:\/\/www.klimmer-gmbh.de\/de\/neue-azubis-2022\/' title='ADAC GT MASTERS 2023.'>ADAC GT MASTERS 2023.<\/a><\/h3><span class=\"av-vertical-delimiter\"><\/span><\/header><div class=\"slide-meta\"><time class='slide-meta-time updated'  itemprop=\"datePublished\" datetime=\"2023-05-02T09:48:55+02:00\" >2. Mai 2023<\/time><\/div><div class='slide-entry-excerpt entry-content'  itemprop=\"text\" >Die Ernst Klimmer GmbH unterst\u00fctzt auch 2023 das Team JOOS Sportwagentechnik bei den ADAC GT MASTERS.<div class=\"read-more-link\"><a href=\"https:\/\/www.klimmer-gmbh.de\/de\/neue-azubis-2022\/\" class=\"more-link\">Weiterlesen<span class='more-link-arrow avia-svg-icon avia-font-svg_entypo-fontello' data-av_svg_icon='right-open-big' data-av_iconset='svg_entypo-fontello'><svg version=\"1.1\" xmlns=\"http:\/\/www.w3.org\/2000\/svg\" width=\"15\" height=\"32\" viewBox=\"0 0 15 32\" preserveAspectRatio=\"xMidYMid meet\" role=\"graphics-symbol\" aria-hidden=\"true\">\n<path d=\"M0.416 27.84l11.456-11.84-11.456-11.904q-0.832-0.832 0-1.536 0.832-0.832 1.536 0l12.544 12.608q0.768 0.832 0 1.6l-12.544 12.608q-0.704 0.832-1.536 0-0.832-0.704 0-1.536z\"><\/path>\n<\/svg><\/span><\/a><\/div><\/div><\/div><footer class=\"entry-footer\"><\/footer><span class='hidden'>\n\t\t\t\t<span class='av-structured-data'  itemprop=\"image\" itemscope=\"itemscope\" itemtype=\"https:\/\/schema.org\/ImageObject\" >\n\t\t\t\t\t\t<span itemprop='url'>https:\/\/www.klimmer-gmbh.de\/wp-content\/uploads\/2023\/05\/ADAC_NewsBeitragsbild_800x800.jpg<\/span>\n\t\t\t\t\t\t<span itemprop='height'>800<\/span>\n\t\t\t\t\t\t<span itemprop='width'>800<\/span>\n\t\t\t\t<\/span>\n\t\t\t\t<span class='av-structured-data'  itemprop=\"publisher\" itemtype=\"https:\/\/schema.org\/Organization\" itemscope=\"itemscope\" >\n\t\t\t\t\t\t<span itemprop='name'>IT Abteilung BSB BWB<\/span>\n\t\t\t\t\t\t<span itemprop='logo' itemscope itemtype='https:\/\/schema.org\/ImageObject'>\n\t\t\t\t\t\t\t<span itemprop='url'>https:\/\/www.klimmer-gmbh.de\/wp-content\/uploads\/2023\/05\/klimmergmbhde.svg<\/span>\n\t\t\t\t\t\t<\/span>\n\t\t\t\t<\/span><span class='av-structured-data'  itemprop=\"author\" itemscope=\"itemscope\" itemtype=\"https:\/\/schema.org\/Person\" ><span itemprop='name'>IT Abteilung BSB BWB<\/span><\/span><span class='av-structured-data'  itemprop=\"datePublished\" datetime=\"2023-05-27T13:35:19+02:00\" >2023-05-02 09:48:55<\/span><span class='av-structured-data'  itemprop=\"dateModified\" itemtype=\"https:\/\/schema.org\/dateModified\" >2024-03-22 09:48:32<\/span><span class='av-structured-data'  itemprop=\"mainEntityOfPage\" itemtype=\"https:\/\/schema.org\/mainEntityOfPage\" ><span itemprop='name'>ADAC GT MASTERS 2023.<\/span><\/span><\/span><\/article><\/div><div class=\"slide-entry-wrap\"><article class='slide-entry flex_column  post-entry post-entry-7708 slide-entry-overview slide-loop-13 slide-parity-odd  av_one_half first real-thumbnail posttype-post post-format-standard'  itemscope=\"itemscope\" itemtype=\"https:\/\/schema.org\/CreativeWork\" ><a href='https:\/\/www.klimmer-gmbh.de\/de\/infomesse-beruf-studium\/' data-rel='slide-2' class='slide-image' title='INFOMESSE BERUF &#038; STUDIUM.'><img decoding=\"async\" fetchpriority=\"high\" width=\"800\" height=\"800\" src=\"https:\/\/www.klimmer-gmbh.de\/wp-content\/uploads\/2024\/03\/NEWS_21_Oktober_2022_PXL_20221008_065017333.MP_-1.jpg\" class=\"wp-image-7712 avia-img-lazy-loading-not-7712 attachment-portfolio size-portfolio wp-post-image\" alt=\"IBS 2022\" srcset=\"https:\/\/www.klimmer-gmbh.de\/wp-content\/uploads\/2024\/03\/NEWS_21_Oktober_2022_PXL_20221008_065017333.MP_-1.jpg 800w, https:\/\/www.klimmer-gmbh.de\/wp-content\/uploads\/2024\/03\/NEWS_21_Oktober_2022_PXL_20221008_065017333.MP_-1-300x300.jpg 300w, https:\/\/www.klimmer-gmbh.de\/wp-content\/uploads\/2024\/03\/NEWS_21_Oktober_2022_PXL_20221008_065017333.MP_-1-80x80.jpg 80w, https:\/\/www.klimmer-gmbh.de\/wp-content\/uploads\/2024\/03\/NEWS_21_Oktober_2022_PXL_20221008_065017333.MP_-1-768x768.jpg 768w, https:\/\/www.klimmer-gmbh.de\/wp-content\/uploads\/2024\/03\/NEWS_21_Oktober_2022_PXL_20221008_065017333.MP_-1-36x36.jpg 36w\" sizes=\"(max-width: 800px) 100vw, 800px\" \/><\/a><div class=\"slide-content\"><header class=\"entry-content-header\" aria-label=\"Slide: INFOMESSE BERUF &amp; STUDIUM.\"><h3 class='slide-entry-title entry-title '  itemprop=\"headline\" ><a href='https:\/\/www.klimmer-gmbh.de\/de\/infomesse-beruf-studium\/' title='INFOMESSE BERUF &#038; STUDIUM.'>INFOMESSE BERUF &#038; STUDIUM.<\/a><\/h3><span class=\"av-vertical-delimiter\"><\/span><\/header><div class=\"slide-meta\"><time class='slide-meta-time updated'  itemprop=\"datePublished\" datetime=\"2022-10-21T09:33:00+02:00\" >21. Oktober 2022<\/time><\/div><div class='slide-entry-excerpt entry-content'  itemprop=\"text\" >Zum 13. mal fand am Samstag den 8.Oktober 2022 in G\u00fcnzburg wieder die Infomesse Beruf und Studium statt und wir waren mit unseren Infost\u00e4nden vertreten.<div class=\"read-more-link\"><a href=\"https:\/\/www.klimmer-gmbh.de\/de\/infomesse-beruf-studium\/\" class=\"more-link\">Weiterlesen<span class='more-link-arrow avia-svg-icon avia-font-svg_entypo-fontello' data-av_svg_icon='right-open-big' data-av_iconset='svg_entypo-fontello'><svg version=\"1.1\" xmlns=\"http:\/\/www.w3.org\/2000\/svg\" width=\"15\" height=\"32\" viewBox=\"0 0 15 32\" preserveAspectRatio=\"xMidYMid meet\" role=\"graphics-symbol\" aria-hidden=\"true\">\n<path d=\"M0.416 27.84l11.456-11.84-11.456-11.904q-0.832-0.832 0-1.536 0.832-0.832 1.536 0l12.544 12.608q0.768 0.832 0 1.6l-12.544 12.608q-0.704 0.832-1.536 0-0.832-0.704 0-1.536z\"><\/path>\n<\/svg><\/span><\/a><\/div><\/div><\/div><footer class=\"entry-footer\"><\/footer><span class='hidden'>\n\t\t\t\t<span class='av-structured-data'  itemprop=\"image\" itemscope=\"itemscope\" itemtype=\"https:\/\/schema.org\/ImageObject\" >\n\t\t\t\t\t\t<span itemprop='url'>https:\/\/www.klimmer-gmbh.de\/wp-content\/uploads\/2024\/03\/NEWS_21_Oktober_2022_PXL_20221008_065017333.MP_-1.jpg<\/span>\n\t\t\t\t\t\t<span itemprop='height'>800<\/span>\n\t\t\t\t\t\t<span itemprop='width'>800<\/span>\n\t\t\t\t<\/span>\n\t\t\t\t<span class='av-structured-data'  itemprop=\"publisher\" itemtype=\"https:\/\/schema.org\/Organization\" itemscope=\"itemscope\" >\n\t\t\t\t\t\t<span itemprop='name'>Agentur Baur<\/span>\n\t\t\t\t\t\t<span itemprop='logo' itemscope itemtype='https:\/\/schema.org\/ImageObject'>\n\t\t\t\t\t\t\t<span itemprop='url'>https:\/\/www.klimmer-gmbh.de\/wp-content\/uploads\/2023\/05\/klimmergmbhde.svg<\/span>\n\t\t\t\t\t\t<\/span>\n\t\t\t\t<\/span><span class='av-structured-data'  itemprop=\"author\" itemscope=\"itemscope\" itemtype=\"https:\/\/schema.org\/Person\" ><span itemprop='name'>Agentur Baur<\/span><\/span><span class='av-structured-data'  itemprop=\"datePublished\" datetime=\"2023-05-27T13:35:19+02:00\" >2022-10-21 09:33:00<\/span><span class='av-structured-data'  itemprop=\"dateModified\" itemtype=\"https:\/\/schema.org\/dateModified\" >2024-03-25 16:43:41<\/span><span class='av-structured-data'  itemprop=\"mainEntityOfPage\" itemtype=\"https:\/\/schema.org\/mainEntityOfPage\" ><span itemprop='name'>INFOMESSE BERUF &#038; STUDIUM.<\/span><\/span><\/span><\/article><article class='slide-entry flex_column  post-entry post-entry-7853 slide-entry-overview slide-loop-14 slide-parity-even  av_one_half  real-thumbnail posttype-post post-format-standard'  itemscope=\"itemscope\" itemtype=\"https:\/\/schema.org\/CreativeWork\" ><a href='https:\/\/www.klimmer-gmbh.de\/de\/neue-azubis-bei-klimmer-group\/' data-rel='slide-2' class='slide-image' title='Unsere neuen Auszubildenden 2022.'><img decoding=\"async\" fetchpriority=\"high\" width=\"800\" height=\"800\" src=\"https:\/\/www.klimmer-gmbh.de\/wp-content\/uploads\/2024\/03\/NEWS_6_Sep_2022_Bild_10.jpg\" class=\"wp-image-7861 avia-img-lazy-loading-not-7861 attachment-portfolio size-portfolio wp-post-image\" alt=\"\" srcset=\"https:\/\/www.klimmer-gmbh.de\/wp-content\/uploads\/2024\/03\/NEWS_6_Sep_2022_Bild_10.jpg 800w, https:\/\/www.klimmer-gmbh.de\/wp-content\/uploads\/2024\/03\/NEWS_6_Sep_2022_Bild_10-300x300.jpg 300w, https:\/\/www.klimmer-gmbh.de\/wp-content\/uploads\/2024\/03\/NEWS_6_Sep_2022_Bild_10-80x80.jpg 80w, https:\/\/www.klimmer-gmbh.de\/wp-content\/uploads\/2024\/03\/NEWS_6_Sep_2022_Bild_10-768x768.jpg 768w, https:\/\/www.klimmer-gmbh.de\/wp-content\/uploads\/2024\/03\/NEWS_6_Sep_2022_Bild_10-36x36.jpg 36w\" sizes=\"(max-width: 800px) 100vw, 800px\" \/><\/a><div class=\"slide-content\"><header class=\"entry-content-header\" aria-label=\"Slide: Unsere neuen Auszubildenden 2022.\"><h3 class='slide-entry-title entry-title '  itemprop=\"headline\" ><a href='https:\/\/www.klimmer-gmbh.de\/de\/neue-azubis-bei-klimmer-group\/' title='Unsere neuen Auszubildenden 2022.'>Unsere neuen Auszubildenden 2022.<\/a><\/h3><span class=\"av-vertical-delimiter\"><\/span><\/header><div class=\"slide-meta\"><time class='slide-meta-time updated'  itemprop=\"datePublished\" datetime=\"2022-09-06T17:10:00+02:00\" >6. September 2022<\/time><\/div><div class='slide-entry-excerpt entry-content'  itemprop=\"text\" >F\u00fcr uns ist es elementar wichtig, verst\u00e4rkt auf eigene Nachwuchskr\u00e4fte zu setzen.<div class=\"read-more-link\"><a href=\"https:\/\/www.klimmer-gmbh.de\/de\/neue-azubis-bei-klimmer-group\/\" class=\"more-link\">Weiterlesen<span class='more-link-arrow avia-svg-icon avia-font-svg_entypo-fontello' data-av_svg_icon='right-open-big' data-av_iconset='svg_entypo-fontello'><svg version=\"1.1\" xmlns=\"http:\/\/www.w3.org\/2000\/svg\" width=\"15\" height=\"32\" viewBox=\"0 0 15 32\" preserveAspectRatio=\"xMidYMid meet\" role=\"graphics-symbol\" aria-hidden=\"true\">\n<path d=\"M0.416 27.84l11.456-11.84-11.456-11.904q-0.832-0.832 0-1.536 0.832-0.832 1.536 0l12.544 12.608q0.768 0.832 0 1.6l-12.544 12.608q-0.704 0.832-1.536 0-0.832-0.704 0-1.536z\"><\/path>\n<\/svg><\/span><\/a><\/div><\/div><\/div><footer class=\"entry-footer\"><\/footer><span class='hidden'>\n\t\t\t\t<span class='av-structured-data'  itemprop=\"image\" itemscope=\"itemscope\" itemtype=\"https:\/\/schema.org\/ImageObject\" >\n\t\t\t\t\t\t<span itemprop='url'>https:\/\/www.klimmer-gmbh.de\/wp-content\/uploads\/2024\/03\/NEWS_6_Sep_2022_Bild_10.jpg<\/span>\n\t\t\t\t\t\t<span itemprop='height'>800<\/span>\n\t\t\t\t\t\t<span itemprop='width'>800<\/span>\n\t\t\t\t<\/span>\n\t\t\t\t<span class='av-structured-data'  itemprop=\"publisher\" itemtype=\"https:\/\/schema.org\/Organization\" itemscope=\"itemscope\" >\n\t\t\t\t\t\t<span itemprop='name'>Agentur Baur<\/span>\n\t\t\t\t\t\t<span itemprop='logo' itemscope itemtype='https:\/\/schema.org\/ImageObject'>\n\t\t\t\t\t\t\t<span itemprop='url'>https:\/\/www.klimmer-gmbh.de\/wp-content\/uploads\/2023\/05\/klimmergmbhde.svg<\/span>\n\t\t\t\t\t\t<\/span>\n\t\t\t\t<\/span><span class='av-structured-data'  itemprop=\"author\" itemscope=\"itemscope\" itemtype=\"https:\/\/schema.org\/Person\" ><span itemprop='name'>Agentur Baur<\/span><\/span><span class='av-structured-data'  itemprop=\"datePublished\" datetime=\"2023-05-27T13:35:19+02:00\" >2022-09-06 17:10:00<\/span><span class='av-structured-data'  itemprop=\"dateModified\" itemtype=\"https:\/\/schema.org\/dateModified\" >2024-03-26 08:23:46<\/span><span class='av-structured-data'  itemprop=\"mainEntityOfPage\" itemtype=\"https:\/\/schema.org\/mainEntityOfPage\" ><span itemprop='name'>Unsere neuen Auszubildenden 2022.<\/span><\/span><\/span><\/article><\/div><div class=\"slide-entry-wrap\"><article class='slide-entry flex_column  post-entry post-entry-1468 slide-entry-overview slide-loop-15 slide-parity-odd  av_one_half first real-thumbnail posttype-post post-format-standard'  itemscope=\"itemscope\" itemtype=\"https:\/\/schema.org\/CreativeWork\" ><a href='https:\/\/www.klimmer-gmbh.de\/de\/einbringung-presse\/' data-rel='slide-2' class='slide-image' title='Neue Azubis 2021'><img decoding=\"async\" fetchpriority=\"high\" width=\"800\" height=\"800\" src=\"https:\/\/www.klimmer-gmbh.de\/wp-content\/uploads\/2021\/09\/BSB_BWB_Bild_Azubi_800x800.jpg\" class=\"wp-image-3597 avia-img-lazy-loading-not-3597 attachment-portfolio size-portfolio wp-post-image\" alt=\"Azubis Klimmer BSB BWB\" srcset=\"https:\/\/www.klimmer-gmbh.de\/wp-content\/uploads\/2021\/09\/BSB_BWB_Bild_Azubi_800x800.jpg 800w, https:\/\/www.klimmer-gmbh.de\/wp-content\/uploads\/2021\/09\/BSB_BWB_Bild_Azubi_800x800-300x300.jpg 300w, https:\/\/www.klimmer-gmbh.de\/wp-content\/uploads\/2021\/09\/BSB_BWB_Bild_Azubi_800x800-80x80.jpg 80w, https:\/\/www.klimmer-gmbh.de\/wp-content\/uploads\/2021\/09\/BSB_BWB_Bild_Azubi_800x800-768x768.jpg 768w, https:\/\/www.klimmer-gmbh.de\/wp-content\/uploads\/2021\/09\/BSB_BWB_Bild_Azubi_800x800-36x36.jpg 36w\" sizes=\"(max-width: 800px) 100vw, 800px\" \/><\/a><div class=\"slide-content\"><header class=\"entry-content-header\" aria-label=\"Slide: Neue Azubis 2021\"><h3 class='slide-entry-title entry-title '  itemprop=\"headline\" ><a href='https:\/\/www.klimmer-gmbh.de\/de\/einbringung-presse\/' title='Neue Azubis 2021'>Neue Azubis 2021<\/a><\/h3><span class=\"av-vertical-delimiter\"><\/span><\/header><div class=\"slide-meta\"><time class='slide-meta-time updated'  itemprop=\"datePublished\" datetime=\"2021-09-01T14:10:00+02:00\" >1. September 2021<\/time><\/div><div class='slide-entry-excerpt entry-content'  itemprop=\"text\" >F\u00fcr 8 Auszubildende beginnt ein neuer Lebensabschnitt<div class=\"read-more-link\"><a href=\"https:\/\/www.klimmer-gmbh.de\/de\/einbringung-presse\/\" class=\"more-link\">Weiterlesen<span class='more-link-arrow avia-svg-icon avia-font-svg_entypo-fontello' data-av_svg_icon='right-open-big' data-av_iconset='svg_entypo-fontello'><svg version=\"1.1\" xmlns=\"http:\/\/www.w3.org\/2000\/svg\" width=\"15\" height=\"32\" viewBox=\"0 0 15 32\" preserveAspectRatio=\"xMidYMid meet\" role=\"graphics-symbol\" aria-hidden=\"true\">\n<path d=\"M0.416 27.84l11.456-11.84-11.456-11.904q-0.832-0.832 0-1.536 0.832-0.832 1.536 0l12.544 12.608q0.768 0.832 0 1.6l-12.544 12.608q-0.704 0.832-1.536 0-0.832-0.704 0-1.536z\"><\/path>\n<\/svg><\/span><\/a><\/div><\/div><\/div><footer class=\"entry-footer\"><\/footer><span class='hidden'>\n\t\t\t\t<span class='av-structured-data'  itemprop=\"image\" itemscope=\"itemscope\" itemtype=\"https:\/\/schema.org\/ImageObject\" >\n\t\t\t\t\t\t<span itemprop='url'>https:\/\/www.klimmer-gmbh.de\/wp-content\/uploads\/2021\/09\/BSB_BWB_Bild_Azubi_800x800.jpg<\/span>\n\t\t\t\t\t\t<span itemprop='height'>800<\/span>\n\t\t\t\t\t\t<span itemprop='width'>800<\/span>\n\t\t\t\t<\/span>\n\t\t\t\t<span class='av-structured-data'  itemprop=\"publisher\" itemtype=\"https:\/\/schema.org\/Organization\" itemscope=\"itemscope\" >\n\t\t\t\t\t\t<span itemprop='name'>Agentur Baur<\/span>\n\t\t\t\t\t\t<span itemprop='logo' itemscope itemtype='https:\/\/schema.org\/ImageObject'>\n\t\t\t\t\t\t\t<span itemprop='url'>https:\/\/www.klimmer-gmbh.de\/wp-content\/uploads\/2023\/05\/klimmergmbhde.svg<\/span>\n\t\t\t\t\t\t<\/span>\n\t\t\t\t<\/span><span class='av-structured-data'  itemprop=\"author\" itemscope=\"itemscope\" itemtype=\"https:\/\/schema.org\/Person\" ><span itemprop='name'>Agentur Baur<\/span><\/span><span class='av-structured-data'  itemprop=\"datePublished\" datetime=\"2023-05-27T13:35:19+02:00\" >2021-09-01 14:10:00<\/span><span class='av-structured-data'  itemprop=\"dateModified\" itemtype=\"https:\/\/schema.org\/dateModified\" >2023-05-27 15:57:32<\/span><span class='av-structured-data'  itemprop=\"mainEntityOfPage\" itemtype=\"https:\/\/schema.org\/mainEntityOfPage\" ><span itemprop='name'>Neue Azubis 2021<\/span><\/span><\/span><\/article><article class='slide-entry flex_column  post-entry post-entry-7866 slide-entry-overview slide-loop-16 slide-parity-even  av_one_half  real-thumbnail posttype-post post-format-standard'  itemscope=\"itemscope\" itemtype=\"https:\/\/schema.org\/CreativeWork\" ><a href='https:\/\/www.klimmer-gmbh.de\/de\/mitgliedschaft-der-ernst-klimmer-gmbh\/' data-rel='slide-2' class='slide-image' title='Unternehmensnetzwerk Erfolgsfaktor Familie.'><img decoding=\"async\" fetchpriority=\"high\" width=\"800\" height=\"800\" src=\"https:\/\/www.klimmer-gmbh.de\/wp-content\/uploads\/2024\/03\/newsroom_klimmer-burgau-eingangsbereich.jpg\" class=\"wp-image-7883 avia-img-lazy-loading-not-7883 attachment-portfolio size-portfolio wp-post-image\" alt=\"\" srcset=\"https:\/\/www.klimmer-gmbh.de\/wp-content\/uploads\/2024\/03\/newsroom_klimmer-burgau-eingangsbereich.jpg 800w, https:\/\/www.klimmer-gmbh.de\/wp-content\/uploads\/2024\/03\/newsroom_klimmer-burgau-eingangsbereich-300x300.jpg 300w, https:\/\/www.klimmer-gmbh.de\/wp-content\/uploads\/2024\/03\/newsroom_klimmer-burgau-eingangsbereich-80x80.jpg 80w, https:\/\/www.klimmer-gmbh.de\/wp-content\/uploads\/2024\/03\/newsroom_klimmer-burgau-eingangsbereich-768x768.jpg 768w, https:\/\/www.klimmer-gmbh.de\/wp-content\/uploads\/2024\/03\/newsroom_klimmer-burgau-eingangsbereich-36x36.jpg 36w\" sizes=\"(max-width: 800px) 100vw, 800px\" \/><\/a><div class=\"slide-content\"><header class=\"entry-content-header\" aria-label=\"Slide: Unternehmensnetzwerk Erfolgsfaktor Familie.\"><h3 class='slide-entry-title entry-title '  itemprop=\"headline\" ><a href='https:\/\/www.klimmer-gmbh.de\/de\/mitgliedschaft-der-ernst-klimmer-gmbh\/' title='Unternehmensnetzwerk Erfolgsfaktor Familie.'>Unternehmensnetzwerk Erfolgsfaktor Familie.<\/a><\/h3><span class=\"av-vertical-delimiter\"><\/span><\/header><div class=\"slide-meta\"><time class='slide-meta-time updated'  itemprop=\"datePublished\" datetime=\"2021-06-08T07:21:00+02:00\" >8. Juni 2021<\/time><\/div><div class='slide-entry-excerpt entry-content'  itemprop=\"text\" >Mitgliedschaft der Ernst Klimmer GmbH zu einer familienorientierten Personalpolitik beim Unternehmensnetzwerk Erfolgsfaktor Familie.<div class=\"read-more-link\"><a href=\"https:\/\/www.klimmer-gmbh.de\/de\/mitgliedschaft-der-ernst-klimmer-gmbh\/\" class=\"more-link\">Weiterlesen<span class='more-link-arrow avia-svg-icon avia-font-svg_entypo-fontello' data-av_svg_icon='right-open-big' data-av_iconset='svg_entypo-fontello'><svg version=\"1.1\" xmlns=\"http:\/\/www.w3.org\/2000\/svg\" width=\"15\" height=\"32\" viewBox=\"0 0 15 32\" preserveAspectRatio=\"xMidYMid meet\" role=\"graphics-symbol\" aria-hidden=\"true\">\n<path d=\"M0.416 27.84l11.456-11.84-11.456-11.904q-0.832-0.832 0-1.536 0.832-0.832 1.536 0l12.544 12.608q0.768 0.832 0 1.6l-12.544 12.608q-0.704 0.832-1.536 0-0.832-0.704 0-1.536z\"><\/path>\n<\/svg><\/span><\/a><\/div><\/div><\/div><footer class=\"entry-footer\"><\/footer><span class='hidden'>\n\t\t\t\t<span class='av-structured-data'  itemprop=\"image\" itemscope=\"itemscope\" itemtype=\"https:\/\/schema.org\/ImageObject\" >\n\t\t\t\t\t\t<span itemprop='url'>https:\/\/www.klimmer-gmbh.de\/wp-content\/uploads\/2024\/03\/newsroom_klimmer-burgau-eingangsbereich.jpg<\/span>\n\t\t\t\t\t\t<span itemprop='height'>800<\/span>\n\t\t\t\t\t\t<span itemprop='width'>800<\/span>\n\t\t\t\t<\/span>\n\t\t\t\t<span class='av-structured-data'  itemprop=\"publisher\" itemtype=\"https:\/\/schema.org\/Organization\" itemscope=\"itemscope\" >\n\t\t\t\t\t\t<span itemprop='name'>Agentur Baur<\/span>\n\t\t\t\t\t\t<span itemprop='logo' itemscope itemtype='https:\/\/schema.org\/ImageObject'>\n\t\t\t\t\t\t\t<span itemprop='url'>https:\/\/www.klimmer-gmbh.de\/wp-content\/uploads\/2023\/05\/klimmergmbhde.svg<\/span>\n\t\t\t\t\t\t<\/span>\n\t\t\t\t<\/span><span class='av-structured-data'  itemprop=\"author\" itemscope=\"itemscope\" itemtype=\"https:\/\/schema.org\/Person\" ><span itemprop='name'>Agentur Baur<\/span><\/span><span class='av-structured-data'  itemprop=\"datePublished\" datetime=\"2023-05-27T13:35:19+02:00\" >2021-06-08 07:21:00<\/span><span class='av-structured-data'  itemprop=\"dateModified\" itemtype=\"https:\/\/schema.org\/dateModified\" >2024-03-26 08:08:20<\/span><span class='av-structured-data'  itemprop=\"mainEntityOfPage\" itemtype=\"https:\/\/schema.org\/mainEntityOfPage\" ><span itemprop='name'>Unternehmensnetzwerk Erfolgsfaktor Familie.<\/span><\/span><\/span><\/article><\/div><div class=\"slide-entry-wrap\"><article class='slide-entry flex_column  post-entry post-entry-7934 slide-entry-overview slide-loop-17 slide-parity-odd  av_one_half first real-thumbnail posttype-post post-format-standard'  itemscope=\"itemscope\" itemtype=\"https:\/\/schema.org\/CreativeWork\" ><a href='https:\/\/www.klimmer-gmbh.de\/de\/belieferung-europaweit-automobil\/' data-rel='slide-2' class='slide-image' title='Klimmer beliefert Automobilbauer in ganz Europa.'><img decoding=\"async\" fetchpriority=\"high\" width=\"800\" height=\"800\" src=\"https:\/\/www.klimmer-gmbh.de\/wp-content\/uploads\/2024\/03\/NEWS_31_Mai_2021_qualitaet-und-umwelt-klimmer-burgau.jpg\" class=\"wp-image-7891 avia-img-lazy-loading-not-7891 attachment-portfolio size-portfolio wp-post-image\" alt=\"\" srcset=\"https:\/\/www.klimmer-gmbh.de\/wp-content\/uploads\/2024\/03\/NEWS_31_Mai_2021_qualitaet-und-umwelt-klimmer-burgau.jpg 800w, https:\/\/www.klimmer-gmbh.de\/wp-content\/uploads\/2024\/03\/NEWS_31_Mai_2021_qualitaet-und-umwelt-klimmer-burgau-300x300.jpg 300w, https:\/\/www.klimmer-gmbh.de\/wp-content\/uploads\/2024\/03\/NEWS_31_Mai_2021_qualitaet-und-umwelt-klimmer-burgau-80x80.jpg 80w, https:\/\/www.klimmer-gmbh.de\/wp-content\/uploads\/2024\/03\/NEWS_31_Mai_2021_qualitaet-und-umwelt-klimmer-burgau-768x768.jpg 768w, https:\/\/www.klimmer-gmbh.de\/wp-content\/uploads\/2024\/03\/NEWS_31_Mai_2021_qualitaet-und-umwelt-klimmer-burgau-36x36.jpg 36w\" sizes=\"(max-width: 800px) 100vw, 800px\" \/><\/a><div class=\"slide-content\"><header class=\"entry-content-header\" aria-label=\"Slide: Klimmer beliefert Automobilbauer in ganz Europa.\"><h3 class='slide-entry-title entry-title '  itemprop=\"headline\" ><a href='https:\/\/www.klimmer-gmbh.de\/de\/belieferung-europaweit-automobil\/' title='Klimmer beliefert Automobilbauer in ganz Europa.'>Klimmer beliefert Automobilbauer in ganz Europa.<\/a><\/h3><span class=\"av-vertical-delimiter\"><\/span><\/header><div class=\"slide-meta\"><time class='slide-meta-time updated'  itemprop=\"datePublished\" datetime=\"2021-05-31T08:02:00+02:00\" >31. Mai 2021<\/time><\/div><div class='slide-entry-excerpt entry-content'  itemprop=\"text\" >Klimmer beliefert Autobauer in ganz Europa.<div class=\"read-more-link\"><a href=\"https:\/\/www.klimmer-gmbh.de\/de\/belieferung-europaweit-automobil\/\" class=\"more-link\">Weiterlesen<span class='more-link-arrow avia-svg-icon avia-font-svg_entypo-fontello' data-av_svg_icon='right-open-big' data-av_iconset='svg_entypo-fontello'><svg version=\"1.1\" xmlns=\"http:\/\/www.w3.org\/2000\/svg\" width=\"15\" height=\"32\" viewBox=\"0 0 15 32\" preserveAspectRatio=\"xMidYMid meet\" role=\"graphics-symbol\" aria-hidden=\"true\">\n<path d=\"M0.416 27.84l11.456-11.84-11.456-11.904q-0.832-0.832 0-1.536 0.832-0.832 1.536 0l12.544 12.608q0.768 0.832 0 1.6l-12.544 12.608q-0.704 0.832-1.536 0-0.832-0.704 0-1.536z\"><\/path>\n<\/svg><\/span><\/a><\/div><\/div><\/div><footer class=\"entry-footer\"><\/footer><span class='hidden'>\n\t\t\t\t<span class='av-structured-data'  itemprop=\"image\" itemscope=\"itemscope\" itemtype=\"https:\/\/schema.org\/ImageObject\" >\n\t\t\t\t\t\t<span itemprop='url'>https:\/\/www.klimmer-gmbh.de\/wp-content\/uploads\/2024\/03\/NEWS_31_Mai_2021_qualitaet-und-umwelt-klimmer-burgau.jpg<\/span>\n\t\t\t\t\t\t<span itemprop='height'>800<\/span>\n\t\t\t\t\t\t<span itemprop='width'>800<\/span>\n\t\t\t\t<\/span>\n\t\t\t\t<span class='av-structured-data'  itemprop=\"publisher\" itemtype=\"https:\/\/schema.org\/Organization\" itemscope=\"itemscope\" >\n\t\t\t\t\t\t<span itemprop='name'>Agentur Baur<\/span>\n\t\t\t\t\t\t<span itemprop='logo' itemscope itemtype='https:\/\/schema.org\/ImageObject'>\n\t\t\t\t\t\t\t<span itemprop='url'>https:\/\/www.klimmer-gmbh.de\/wp-content\/uploads\/2023\/05\/klimmergmbhde.svg<\/span>\n\t\t\t\t\t\t<\/span>\n\t\t\t\t<\/span><span class='av-structured-data'  itemprop=\"author\" itemscope=\"itemscope\" itemtype=\"https:\/\/schema.org\/Person\" ><span itemprop='name'>Agentur Baur<\/span><\/span><span class='av-structured-data'  itemprop=\"datePublished\" datetime=\"2023-05-27T13:35:19+02:00\" >2021-05-31 08:02:00<\/span><span class='av-structured-data'  itemprop=\"dateModified\" itemtype=\"https:\/\/schema.org\/dateModified\" >2024-03-26 08:07:26<\/span><span class='av-structured-data'  itemprop=\"mainEntityOfPage\" itemtype=\"https:\/\/schema.org\/mainEntityOfPage\" ><span itemprop='name'>Klimmer beliefert Automobilbauer in ganz Europa.<\/span><\/span><\/span><\/article><article class='slide-entry flex_column  post-entry post-entry-7845 slide-entry-overview slide-loop-18 slide-parity-even  av_one_half  real-thumbnail posttype-post post-format-standard'  itemscope=\"itemscope\" itemtype=\"https:\/\/schema.org\/CreativeWork\" ><a href='https:\/\/www.klimmer-gmbh.de\/de\/neue-laser-schweissanlage-ct-conni\/' data-rel='slide-2' class='slide-image' title='Das Fachmagazin \u201eBLECH\u201c \u2013 unsere neue Laser-Schwei\u00dfanlage'><img decoding=\"async\" fetchpriority=\"high\" width=\"750\" height=\"258\" src=\"https:\/\/www.klimmer-gmbh.de\/wp-content\/uploads\/2024\/03\/2_Dez_2020_conni-750x258-1.jpg\" class=\"wp-image-7849 avia-img-lazy-loading-not-7849 attachment-portfolio size-portfolio wp-post-image\" alt=\"\" srcset=\"https:\/\/www.klimmer-gmbh.de\/wp-content\/uploads\/2024\/03\/2_Dez_2020_conni-750x258-1.jpg 750w, https:\/\/www.klimmer-gmbh.de\/wp-content\/uploads\/2024\/03\/2_Dez_2020_conni-750x258-1-300x103.jpg 300w\" sizes=\"(max-width: 750px) 100vw, 750px\" \/><\/a><div class=\"slide-content\"><header class=\"entry-content-header\" aria-label=\"Slide: Das Fachmagazin \u201eBLECH\u201c \u2013 unsere neue Laser-Schwei\u00dfanlage\"><h3 class='slide-entry-title entry-title '  itemprop=\"headline\" ><a href='https:\/\/www.klimmer-gmbh.de\/de\/neue-laser-schweissanlage-ct-conni\/' title='Das Fachmagazin \u201eBLECH\u201c \u2013 unsere neue Laser-Schwei\u00dfanlage'>Das Fachmagazin \u201eBLECH\u201c \u2013 unsere neue Laser-Schwei\u00dfanlage<\/a><\/h3><span class=\"av-vertical-delimiter\"><\/span><\/header><div class=\"slide-meta\"><time class='slide-meta-time updated'  itemprop=\"datePublished\" datetime=\"2020-12-02T17:02:00+01:00\" >2. Dezember 2020<\/time><\/div><div class='slide-entry-excerpt entry-content'  itemprop=\"text\" >Unsere neue Laser-Schwei\u00dfanlage CT-Conni von Conntronic - KLEIN, KOMPAKT und hoch FLEXIBEL<div class=\"read-more-link\"><a href=\"https:\/\/www.klimmer-gmbh.de\/de\/neue-laser-schweissanlage-ct-conni\/\" class=\"more-link\">Weiterlesen<span class='more-link-arrow avia-svg-icon avia-font-svg_entypo-fontello' data-av_svg_icon='right-open-big' data-av_iconset='svg_entypo-fontello'><svg version=\"1.1\" xmlns=\"http:\/\/www.w3.org\/2000\/svg\" width=\"15\" height=\"32\" viewBox=\"0 0 15 32\" preserveAspectRatio=\"xMidYMid meet\" role=\"graphics-symbol\" aria-hidden=\"true\">\n<path d=\"M0.416 27.84l11.456-11.84-11.456-11.904q-0.832-0.832 0-1.536 0.832-0.832 1.536 0l12.544 12.608q0.768 0.832 0 1.6l-12.544 12.608q-0.704 0.832-1.536 0-0.832-0.704 0-1.536z\"><\/path>\n<\/svg><\/span><\/a><\/div><\/div><\/div><footer class=\"entry-footer\"><\/footer><span class='hidden'>\n\t\t\t\t<span class='av-structured-data'  itemprop=\"image\" itemscope=\"itemscope\" itemtype=\"https:\/\/schema.org\/ImageObject\" >\n\t\t\t\t\t\t<span itemprop='url'>https:\/\/www.klimmer-gmbh.de\/wp-content\/uploads\/2024\/03\/2_Dez_2020_conni-750x258-1.jpg<\/span>\n\t\t\t\t\t\t<span itemprop='height'>258<\/span>\n\t\t\t\t\t\t<span itemprop='width'>750<\/span>\n\t\t\t\t<\/span>\n\t\t\t\t<span class='av-structured-data'  itemprop=\"publisher\" itemtype=\"https:\/\/schema.org\/Organization\" itemscope=\"itemscope\" >\n\t\t\t\t\t\t<span itemprop='name'>Agentur Baur<\/span>\n\t\t\t\t\t\t<span itemprop='logo' itemscope itemtype='https:\/\/schema.org\/ImageObject'>\n\t\t\t\t\t\t\t<span itemprop='url'>https:\/\/www.klimmer-gmbh.de\/wp-content\/uploads\/2023\/05\/klimmergmbhde.svg<\/span>\n\t\t\t\t\t\t<\/span>\n\t\t\t\t<\/span><span class='av-structured-data'  itemprop=\"author\" itemscope=\"itemscope\" itemtype=\"https:\/\/schema.org\/Person\" ><span itemprop='name'>Agentur Baur<\/span><\/span><span class='av-structured-data'  itemprop=\"datePublished\" datetime=\"2023-05-27T13:35:19+02:00\" >2020-12-02 17:02:00<\/span><span class='av-structured-data'  itemprop=\"dateModified\" itemtype=\"https:\/\/schema.org\/dateModified\" >2024-03-25 17:08:12<\/span><span class='av-structured-data'  itemprop=\"mainEntityOfPage\" itemtype=\"https:\/\/schema.org\/mainEntityOfPage\" ><span itemprop='name'>Das Fachmagazin \u201eBLECH\u201c \u2013 unsere neue Laser-Schwei\u00dfanlage<\/span><\/span><\/span><\/article><\/div><div class=\"slide-entry-wrap\"><article class='slide-entry flex_column  post-entry post-entry-7871 slide-entry-overview slide-loop-19 slide-parity-odd  av_one_half first real-thumbnail posttype-post post-format-standard'  itemscope=\"itemscope\" itemtype=\"https:\/\/schema.org\/CreativeWork\" ><a href='https:\/\/www.klimmer-gmbh.de\/de\/familienstiftung-klimmer-indien\/' data-rel='slide-2' class='slide-image' title='Familienstiftung Klimmer \u2013 Indien \u2013 Child Fund Hilfe f\u00fcr 1.000 indische B\u00e4uerinnen.'><img decoding=\"async\" fetchpriority=\"high\" width=\"800\" height=\"800\" src=\"https:\/\/www.klimmer-gmbh.de\/wp-content\/uploads\/2024\/03\/NEWS_29_Okt_2020_WhatsApp-Image-2020-05-22-at-20.25.59-2.jpg\" class=\"wp-image-7899 avia-img-lazy-loading-not-7899 attachment-portfolio size-portfolio wp-post-image\" alt=\"\" srcset=\"https:\/\/www.klimmer-gmbh.de\/wp-content\/uploads\/2024\/03\/NEWS_29_Okt_2020_WhatsApp-Image-2020-05-22-at-20.25.59-2.jpg 800w, https:\/\/www.klimmer-gmbh.de\/wp-content\/uploads\/2024\/03\/NEWS_29_Okt_2020_WhatsApp-Image-2020-05-22-at-20.25.59-2-300x300.jpg 300w, https:\/\/www.klimmer-gmbh.de\/wp-content\/uploads\/2024\/03\/NEWS_29_Okt_2020_WhatsApp-Image-2020-05-22-at-20.25.59-2-80x80.jpg 80w, https:\/\/www.klimmer-gmbh.de\/wp-content\/uploads\/2024\/03\/NEWS_29_Okt_2020_WhatsApp-Image-2020-05-22-at-20.25.59-2-768x768.jpg 768w, https:\/\/www.klimmer-gmbh.de\/wp-content\/uploads\/2024\/03\/NEWS_29_Okt_2020_WhatsApp-Image-2020-05-22-at-20.25.59-2-36x36.jpg 36w\" sizes=\"(max-width: 800px) 100vw, 800px\" \/><\/a><div class=\"slide-content\"><header class=\"entry-content-header\" aria-label=\"Slide: Familienstiftung Klimmer \u2013 Indien \u2013 Child Fund Hilfe f\u00fcr 1.000 indische B\u00e4uerinnen.\"><h3 class='slide-entry-title entry-title '  itemprop=\"headline\" ><a href='https:\/\/www.klimmer-gmbh.de\/de\/familienstiftung-klimmer-indien\/' title='Familienstiftung Klimmer \u2013 Indien \u2013 Child Fund Hilfe f\u00fcr 1.000 indische B\u00e4uerinnen.'>Familienstiftung Klimmer \u2013 Indien \u2013 Child Fund Hilfe f\u00fcr 1.000 indische B\u00e4uerinnen.<\/a><\/h3><span class=\"av-vertical-delimiter\"><\/span><\/header><div class=\"slide-meta\"><time class='slide-meta-time updated'  itemprop=\"datePublished\" datetime=\"2020-10-29T07:21:00+01:00\" >29. Oktober 2020<\/time><\/div><div class='slide-entry-excerpt entry-content'  itemprop=\"text\" >Familienstiftung Klimmer \u2013 Indien \u2013 Child Fund Hilfe f\u00fcr 1.000 indische B\u00e4uerinnen.<div class=\"read-more-link\"><a href=\"https:\/\/www.klimmer-gmbh.de\/de\/familienstiftung-klimmer-indien\/\" class=\"more-link\">Weiterlesen<span class='more-link-arrow avia-svg-icon avia-font-svg_entypo-fontello' data-av_svg_icon='right-open-big' data-av_iconset='svg_entypo-fontello'><svg version=\"1.1\" xmlns=\"http:\/\/www.w3.org\/2000\/svg\" width=\"15\" height=\"32\" viewBox=\"0 0 15 32\" preserveAspectRatio=\"xMidYMid meet\" role=\"graphics-symbol\" aria-hidden=\"true\">\n<path d=\"M0.416 27.84l11.456-11.84-11.456-11.904q-0.832-0.832 0-1.536 0.832-0.832 1.536 0l12.544 12.608q0.768 0.832 0 1.6l-12.544 12.608q-0.704 0.832-1.536 0-0.832-0.704 0-1.536z\"><\/path>\n<\/svg><\/span><\/a><\/div><\/div><\/div><footer class=\"entry-footer\"><\/footer><span class='hidden'>\n\t\t\t\t<span class='av-structured-data'  itemprop=\"image\" itemscope=\"itemscope\" itemtype=\"https:\/\/schema.org\/ImageObject\" >\n\t\t\t\t\t\t<span itemprop='url'>https:\/\/www.klimmer-gmbh.de\/wp-content\/uploads\/2024\/03\/NEWS_29_Okt_2020_WhatsApp-Image-2020-05-22-at-20.25.59-2.jpg<\/span>\n\t\t\t\t\t\t<span itemprop='height'>800<\/span>\n\t\t\t\t\t\t<span itemprop='width'>800<\/span>\n\t\t\t\t<\/span>\n\t\t\t\t<span class='av-structured-data'  itemprop=\"publisher\" itemtype=\"https:\/\/schema.org\/Organization\" itemscope=\"itemscope\" >\n\t\t\t\t\t\t<span itemprop='name'>Agentur Baur<\/span>\n\t\t\t\t\t\t<span itemprop='logo' itemscope itemtype='https:\/\/schema.org\/ImageObject'>\n\t\t\t\t\t\t\t<span itemprop='url'>https:\/\/www.klimmer-gmbh.de\/wp-content\/uploads\/2023\/05\/klimmergmbhde.svg<\/span>\n\t\t\t\t\t\t<\/span>\n\t\t\t\t<\/span><span class='av-structured-data'  itemprop=\"author\" itemscope=\"itemscope\" itemtype=\"https:\/\/schema.org\/Person\" ><span itemprop='name'>Agentur Baur<\/span><\/span><span class='av-structured-data'  itemprop=\"datePublished\" datetime=\"2023-05-27T13:35:19+02:00\" >2020-10-29 07:21:00<\/span><span class='av-structured-data'  itemprop=\"dateModified\" itemtype=\"https:\/\/schema.org\/dateModified\" >2024-03-26 07:36:16<\/span><span class='av-structured-data'  itemprop=\"mainEntityOfPage\" itemtype=\"https:\/\/schema.org\/mainEntityOfPage\" ><span itemprop='name'>Familienstiftung Klimmer \u2013 Indien \u2013 Child Fund Hilfe f\u00fcr 1.000 indische B\u00e4uerinnen.<\/span><\/span><\/span><\/article><article class='slide-entry flex_column  post-entry post-entry-259 slide-entry-overview slide-loop-20 slide-parity-even  av_one_half  real-thumbnail posttype-post post-format-standard'  itemscope=\"itemscope\" itemtype=\"https:\/\/schema.org\/CreativeWork\" ><a href='https:\/\/www.klimmer-gmbh.de\/de\/klimmer-burgau-beteiligt-sich-an-hmt-gmbh\/' data-rel='slide-2' class='slide-image' title='Klimmer erweitert Unternehmensportfolio'><img decoding=\"async\" fetchpriority=\"high\" width=\"800\" height=\"800\" src=\"https:\/\/www.klimmer-gmbh.de\/wp-content\/uploads\/2021\/05\/BSB_BWB_Startseite_Bild_800x800_4.jpg\" class=\"wp-image-2977 avia-img-lazy-loading-not-2977 attachment-portfolio size-portfolio wp-post-image\" alt=\"F\u00fchrungskr\u00e4fte BSB BWB Torsten Klimmer, Gesch\u00e4ftsf\u00fchrender Gesellschafter, Wolfgang Laurer, Kaufm\u00e4nnischer Leiter, Oskar Hennig, Technischer Leiter\" srcset=\"https:\/\/www.klimmer-gmbh.de\/wp-content\/uploads\/2021\/05\/BSB_BWB_Startseite_Bild_800x800_4.jpg 800w, https:\/\/www.klimmer-gmbh.de\/wp-content\/uploads\/2021\/05\/BSB_BWB_Startseite_Bild_800x800_4-300x300.jpg 300w, https:\/\/www.klimmer-gmbh.de\/wp-content\/uploads\/2021\/05\/BSB_BWB_Startseite_Bild_800x800_4-80x80.jpg 80w, https:\/\/www.klimmer-gmbh.de\/wp-content\/uploads\/2021\/05\/BSB_BWB_Startseite_Bild_800x800_4-768x768.jpg 768w, https:\/\/www.klimmer-gmbh.de\/wp-content\/uploads\/2021\/05\/BSB_BWB_Startseite_Bild_800x800_4-36x36.jpg 36w\" sizes=\"(max-width: 800px) 100vw, 800px\" \/><\/a><div class=\"slide-content\"><header class=\"entry-content-header\" aria-label=\"Slide: Klimmer erweitert Unternehmensportfolio\"><h3 class='slide-entry-title entry-title '  itemprop=\"headline\" ><a href='https:\/\/www.klimmer-gmbh.de\/de\/klimmer-burgau-beteiligt-sich-an-hmt-gmbh\/' title='Klimmer erweitert Unternehmensportfolio'>Klimmer erweitert Unternehmensportfolio<\/a><\/h3><span class=\"av-vertical-delimiter\"><\/span><\/header><div class=\"slide-meta\"><time class='slide-meta-time updated'  itemprop=\"datePublished\" datetime=\"2020-10-05T17:17:00+02:00\" >5. Oktober 2020<\/time><\/div><div class='slide-entry-excerpt entry-content'  itemprop=\"text\" >Das Traditionsunternehmen Klimmer in Burgau erweitert sein Portfolio um die BSB Metallverformung GmbH + Co. Stanzwerk und die BWB Beh\u00e4lter-Werk Burgau GmbH + Co. KG und sichert \u00fcber 350 Arbeitspl\u00e4tze.<div class=\"read-more-link\"><a href=\"https:\/\/www.klimmer-gmbh.de\/de\/klimmer-burgau-beteiligt-sich-an-hmt-gmbh\/\" class=\"more-link\">Weiterlesen<span class='more-link-arrow avia-svg-icon avia-font-svg_entypo-fontello' data-av_svg_icon='right-open-big' data-av_iconset='svg_entypo-fontello'><svg version=\"1.1\" xmlns=\"http:\/\/www.w3.org\/2000\/svg\" width=\"15\" height=\"32\" viewBox=\"0 0 15 32\" preserveAspectRatio=\"xMidYMid meet\" role=\"graphics-symbol\" aria-hidden=\"true\">\n<path d=\"M0.416 27.84l11.456-11.84-11.456-11.904q-0.832-0.832 0-1.536 0.832-0.832 1.536 0l12.544 12.608q0.768 0.832 0 1.6l-12.544 12.608q-0.704 0.832-1.536 0-0.832-0.704 0-1.536z\"><\/path>\n<\/svg><\/span><\/a><\/div><\/div><\/div><footer class=\"entry-footer\"><\/footer><span class='hidden'>\n\t\t\t\t<span class='av-structured-data'  itemprop=\"image\" itemscope=\"itemscope\" itemtype=\"https:\/\/schema.org\/ImageObject\" >\n\t\t\t\t\t\t<span itemprop='url'>https:\/\/www.klimmer-gmbh.de\/wp-content\/uploads\/2021\/05\/BSB_BWB_Startseite_Bild_800x800_4.jpg<\/span>\n\t\t\t\t\t\t<span itemprop='height'>800<\/span>\n\t\t\t\t\t\t<span itemprop='width'>800<\/span>\n\t\t\t\t<\/span>\n\t\t\t\t<span class='av-structured-data'  itemprop=\"publisher\" itemtype=\"https:\/\/schema.org\/Organization\" itemscope=\"itemscope\" >\n\t\t\t\t\t\t<span itemprop='name'>Evendril<\/span>\n\t\t\t\t\t\t<span itemprop='logo' itemscope itemtype='https:\/\/schema.org\/ImageObject'>\n\t\t\t\t\t\t\t<span itemprop='url'>https:\/\/www.klimmer-gmbh.de\/wp-content\/uploads\/2023\/05\/klimmergmbhde.svg<\/span>\n\t\t\t\t\t\t<\/span>\n\t\t\t\t<\/span><span class='av-structured-data'  itemprop=\"author\" itemscope=\"itemscope\" itemtype=\"https:\/\/schema.org\/Person\" ><span itemprop='name'>Evendril<\/span><\/span><span class='av-structured-data'  itemprop=\"datePublished\" datetime=\"2023-05-27T13:35:19+02:00\" >2020-10-05 17:17:00<\/span><span class='av-structured-data'  itemprop=\"dateModified\" itemtype=\"https:\/\/schema.org\/dateModified\" >2024-03-26 09:24:00<\/span><span class='av-structured-data'  itemprop=\"mainEntityOfPage\" itemtype=\"https:\/\/schema.org\/mainEntityOfPage\" ><span itemprop='name'>Klimmer erweitert Unternehmensportfolio<\/span><\/span><\/span><\/article><\/div><div class=\"slide-entry-wrap\"><article class='slide-entry flex_column  post-entry post-entry-7909 slide-entry-overview slide-loop-21 slide-parity-odd  av_one_half first real-thumbnail posttype-post post-format-standard'  itemscope=\"itemscope\" itemtype=\"https:\/\/schema.org\/CreativeWork\" ><a href='https:\/\/www.klimmer-gmbh.de\/de\/ehrung-der-jubilare-2019\/' data-rel='slide-2' class='slide-image' title='Ehrung der Jubilare am 12.12.2019.'><img decoding=\"async\" fetchpriority=\"high\" width=\"800\" height=\"800\" src=\"https:\/\/www.klimmer-gmbh.de\/wp-content\/uploads\/2024\/03\/NEWS_16_Dez_2019_jubilare-2019-klimmer-mitarbeiter.jpg\" class=\"wp-image-7913 avia-img-lazy-loading-not-7913 attachment-portfolio size-portfolio wp-post-image\" alt=\"\" srcset=\"https:\/\/www.klimmer-gmbh.de\/wp-content\/uploads\/2024\/03\/NEWS_16_Dez_2019_jubilare-2019-klimmer-mitarbeiter.jpg 800w, https:\/\/www.klimmer-gmbh.de\/wp-content\/uploads\/2024\/03\/NEWS_16_Dez_2019_jubilare-2019-klimmer-mitarbeiter-300x300.jpg 300w, https:\/\/www.klimmer-gmbh.de\/wp-content\/uploads\/2024\/03\/NEWS_16_Dez_2019_jubilare-2019-klimmer-mitarbeiter-80x80.jpg 80w, https:\/\/www.klimmer-gmbh.de\/wp-content\/uploads\/2024\/03\/NEWS_16_Dez_2019_jubilare-2019-klimmer-mitarbeiter-768x768.jpg 768w, https:\/\/www.klimmer-gmbh.de\/wp-content\/uploads\/2024\/03\/NEWS_16_Dez_2019_jubilare-2019-klimmer-mitarbeiter-36x36.jpg 36w\" sizes=\"(max-width: 800px) 100vw, 800px\" \/><\/a><div class=\"slide-content\"><header class=\"entry-content-header\" aria-label=\"Slide: Ehrung der Jubilare am 12.12.2019.\"><h3 class='slide-entry-title entry-title '  itemprop=\"headline\" ><a href='https:\/\/www.klimmer-gmbh.de\/de\/ehrung-der-jubilare-2019\/' title='Ehrung der Jubilare am 12.12.2019.'>Ehrung der Jubilare am 12.12.2019.<\/a><\/h3><span class=\"av-vertical-delimiter\"><\/span><\/header><div class=\"slide-meta\"><time class='slide-meta-time updated'  itemprop=\"datePublished\" datetime=\"2019-12-12T07:45:00+01:00\" >12. Dezember 2019<\/time><\/div><div class='slide-entry-excerpt entry-content'  itemprop=\"text\" >Ehrung der Jubilare der Ernst Klimmer GmbH am 12.12.2019.<div class=\"read-more-link\"><a href=\"https:\/\/www.klimmer-gmbh.de\/de\/ehrung-der-jubilare-2019\/\" class=\"more-link\">Weiterlesen<span class='more-link-arrow avia-svg-icon avia-font-svg_entypo-fontello' data-av_svg_icon='right-open-big' data-av_iconset='svg_entypo-fontello'><svg version=\"1.1\" xmlns=\"http:\/\/www.w3.org\/2000\/svg\" width=\"15\" height=\"32\" viewBox=\"0 0 15 32\" preserveAspectRatio=\"xMidYMid meet\" role=\"graphics-symbol\" aria-hidden=\"true\">\n<path d=\"M0.416 27.84l11.456-11.84-11.456-11.904q-0.832-0.832 0-1.536 0.832-0.832 1.536 0l12.544 12.608q0.768 0.832 0 1.6l-12.544 12.608q-0.704 0.832-1.536 0-0.832-0.704 0-1.536z\"><\/path>\n<\/svg><\/span><\/a><\/div><\/div><\/div><footer class=\"entry-footer\"><\/footer><span class='hidden'>\n\t\t\t\t<span class='av-structured-data'  itemprop=\"image\" itemscope=\"itemscope\" itemtype=\"https:\/\/schema.org\/ImageObject\" >\n\t\t\t\t\t\t<span itemprop='url'>https:\/\/www.klimmer-gmbh.de\/wp-content\/uploads\/2024\/03\/NEWS_16_Dez_2019_jubilare-2019-klimmer-mitarbeiter.jpg<\/span>\n\t\t\t\t\t\t<span itemprop='height'>800<\/span>\n\t\t\t\t\t\t<span itemprop='width'>800<\/span>\n\t\t\t\t<\/span>\n\t\t\t\t<span class='av-structured-data'  itemprop=\"publisher\" itemtype=\"https:\/\/schema.org\/Organization\" itemscope=\"itemscope\" >\n\t\t\t\t\t\t<span itemprop='name'>Agentur Baur<\/span>\n\t\t\t\t\t\t<span itemprop='logo' itemscope itemtype='https:\/\/schema.org\/ImageObject'>\n\t\t\t\t\t\t\t<span itemprop='url'>https:\/\/www.klimmer-gmbh.de\/wp-content\/uploads\/2023\/05\/klimmergmbhde.svg<\/span>\n\t\t\t\t\t\t<\/span>\n\t\t\t\t<\/span><span class='av-structured-data'  itemprop=\"author\" itemscope=\"itemscope\" itemtype=\"https:\/\/schema.org\/Person\" ><span itemprop='name'>Agentur Baur<\/span><\/span><span class='av-structured-data'  itemprop=\"datePublished\" datetime=\"2023-05-27T13:35:19+02:00\" >2019-12-12 07:45:00<\/span><span class='av-structured-data'  itemprop=\"dateModified\" itemtype=\"https:\/\/schema.org\/dateModified\" >2024-03-26 08:02:20<\/span><span class='av-structured-data'  itemprop=\"mainEntityOfPage\" itemtype=\"https:\/\/schema.org\/mainEntityOfPage\" ><span itemprop='name'>Ehrung der Jubilare am 12.12.2019.<\/span><\/span><\/span><\/article><article class='slide-entry flex_column  post-entry post-entry-7944 slide-entry-overview slide-loop-22 slide-parity-even  av_one_half  real-thumbnail posttype-post post-format-standard'  itemscope=\"itemscope\" itemtype=\"https:\/\/schema.org\/CreativeWork\" ><a href='https:\/\/www.klimmer-gmbh.de\/de\/familienstiftung-projekt-gesichter-der-hoffnung\/' data-rel='slide-2' class='slide-image' title='Familienstiftung Ernst und Ria Klimmer \u2013 Projekt Gesichter der Hoffnung.'><img decoding=\"async\" fetchpriority=\"high\" width=\"800\" height=\"800\" src=\"https:\/\/www.klimmer-gmbh.de\/wp-content\/uploads\/2024\/03\/NEWS_30_Okt_2019_Familienstiftung-Projekt-Gesichter-Hoffnung.jpg\" class=\"wp-image-7950 avia-img-lazy-loading-not-7950 attachment-portfolio size-portfolio wp-post-image\" alt=\"\" srcset=\"https:\/\/www.klimmer-gmbh.de\/wp-content\/uploads\/2024\/03\/NEWS_30_Okt_2019_Familienstiftung-Projekt-Gesichter-Hoffnung.jpg 800w, https:\/\/www.klimmer-gmbh.de\/wp-content\/uploads\/2024\/03\/NEWS_30_Okt_2019_Familienstiftung-Projekt-Gesichter-Hoffnung-300x300.jpg 300w, https:\/\/www.klimmer-gmbh.de\/wp-content\/uploads\/2024\/03\/NEWS_30_Okt_2019_Familienstiftung-Projekt-Gesichter-Hoffnung-80x80.jpg 80w, https:\/\/www.klimmer-gmbh.de\/wp-content\/uploads\/2024\/03\/NEWS_30_Okt_2019_Familienstiftung-Projekt-Gesichter-Hoffnung-768x768.jpg 768w, https:\/\/www.klimmer-gmbh.de\/wp-content\/uploads\/2024\/03\/NEWS_30_Okt_2019_Familienstiftung-Projekt-Gesichter-Hoffnung-36x36.jpg 36w\" sizes=\"(max-width: 800px) 100vw, 800px\" \/><\/a><div class=\"slide-content\"><header class=\"entry-content-header\" aria-label=\"Slide: Familienstiftung Ernst und Ria Klimmer \u2013 Projekt Gesichter der Hoffnung.\"><h3 class='slide-entry-title entry-title '  itemprop=\"headline\" ><a href='https:\/\/www.klimmer-gmbh.de\/de\/familienstiftung-projekt-gesichter-der-hoffnung\/' title='Familienstiftung Ernst und Ria Klimmer \u2013 Projekt Gesichter der Hoffnung.'>Familienstiftung Ernst und Ria Klimmer \u2013 Projekt Gesichter der Hoffnung.<\/a><\/h3><span class=\"av-vertical-delimiter\"><\/span><\/header><div class=\"slide-meta\"><time class='slide-meta-time updated'  itemprop=\"datePublished\" datetime=\"2019-10-30T08:09:00+01:00\" >30. Oktober 2019<\/time><\/div><div class='slide-entry-excerpt entry-content'  itemprop=\"text\" >Von der Ver\u00adwirk\u00adli\u00adchung ei\u00adge\u00adner Pro\u00adjekte \u00fcber die an\u00adtei\u00adlige F\u00f6r\u00adde\u00adrung ge\u00admein\u00adschaft\u00adlicher Vor\u00adhaben bis hin zur Fort\u00adset\u00adzung eta\u00adblier\u00adter Konzepte.<div class=\"read-more-link\"><a href=\"https:\/\/www.klimmer-gmbh.de\/de\/familienstiftung-projekt-gesichter-der-hoffnung\/\" class=\"more-link\">Weiterlesen<span class='more-link-arrow avia-svg-icon avia-font-svg_entypo-fontello' data-av_svg_icon='right-open-big' data-av_iconset='svg_entypo-fontello'><svg version=\"1.1\" xmlns=\"http:\/\/www.w3.org\/2000\/svg\" width=\"15\" height=\"32\" viewBox=\"0 0 15 32\" preserveAspectRatio=\"xMidYMid meet\" role=\"graphics-symbol\" aria-hidden=\"true\">\n<path d=\"M0.416 27.84l11.456-11.84-11.456-11.904q-0.832-0.832 0-1.536 0.832-0.832 1.536 0l12.544 12.608q0.768 0.832 0 1.6l-12.544 12.608q-0.704 0.832-1.536 0-0.832-0.704 0-1.536z\"><\/path>\n<\/svg><\/span><\/a><\/div><\/div><\/div><footer class=\"entry-footer\"><\/footer><span class='hidden'>\n\t\t\t\t<span class='av-structured-data'  itemprop=\"image\" itemscope=\"itemscope\" itemtype=\"https:\/\/schema.org\/ImageObject\" >\n\t\t\t\t\t\t<span itemprop='url'>https:\/\/www.klimmer-gmbh.de\/wp-content\/uploads\/2024\/03\/NEWS_30_Okt_2019_Familienstiftung-Projekt-Gesichter-Hoffnung.jpg<\/span>\n\t\t\t\t\t\t<span itemprop='height'>800<\/span>\n\t\t\t\t\t\t<span itemprop='width'>800<\/span>\n\t\t\t\t<\/span>\n\t\t\t\t<span class='av-structured-data'  itemprop=\"publisher\" itemtype=\"https:\/\/schema.org\/Organization\" itemscope=\"itemscope\" >\n\t\t\t\t\t\t<span itemprop='name'>Agentur Baur<\/span>\n\t\t\t\t\t\t<span itemprop='logo' itemscope itemtype='https:\/\/schema.org\/ImageObject'>\n\t\t\t\t\t\t\t<span itemprop='url'>https:\/\/www.klimmer-gmbh.de\/wp-content\/uploads\/2023\/05\/klimmergmbhde.svg<\/span>\n\t\t\t\t\t\t<\/span>\n\t\t\t\t<\/span><span class='av-structured-data'  itemprop=\"author\" itemscope=\"itemscope\" itemtype=\"https:\/\/schema.org\/Person\" ><span itemprop='name'>Agentur Baur<\/span><\/span><span class='av-structured-data'  itemprop=\"datePublished\" datetime=\"2023-05-27T13:35:19+02:00\" >2019-10-30 08:09:00<\/span><span class='av-structured-data'  itemprop=\"dateModified\" itemtype=\"https:\/\/schema.org\/dateModified\" >2024-03-26 08:30:02<\/span><span class='av-structured-data'  itemprop=\"mainEntityOfPage\" itemtype=\"https:\/\/schema.org\/mainEntityOfPage\" ><span itemprop='name'>Familienstiftung Ernst und Ria Klimmer \u2013 Projekt Gesichter der Hoffnung.<\/span><\/span><\/span><\/article><\/div><div class=\"slide-entry-wrap\"><article class='slide-entry flex_column  post-entry post-entry-7954 slide-entry-overview slide-loop-23 slide-parity-odd  av_one_half first real-thumbnail posttype-post post-format-standard'  itemscope=\"itemscope\" itemtype=\"https:\/\/schema.org\/CreativeWork\" ><a href='https:\/\/www.klimmer-gmbh.de\/de\/unsere-neuen-azubis-2019\/' data-rel='slide-2' class='slide-image' title='Unsere 6 neuen Azubis 2019.'><img decoding=\"async\" fetchpriority=\"high\" width=\"800\" height=\"800\" src=\"https:\/\/www.klimmer-gmbh.de\/wp-content\/uploads\/2024\/03\/NEWS_10_Sept_2019_Klimmer-Azubis-2019.jpg\" class=\"wp-image-7971 avia-img-lazy-loading-not-7971 attachment-portfolio size-portfolio wp-post-image\" alt=\"\" srcset=\"https:\/\/www.klimmer-gmbh.de\/wp-content\/uploads\/2024\/03\/NEWS_10_Sept_2019_Klimmer-Azubis-2019.jpg 800w, https:\/\/www.klimmer-gmbh.de\/wp-content\/uploads\/2024\/03\/NEWS_10_Sept_2019_Klimmer-Azubis-2019-300x300.jpg 300w, https:\/\/www.klimmer-gmbh.de\/wp-content\/uploads\/2024\/03\/NEWS_10_Sept_2019_Klimmer-Azubis-2019-80x80.jpg 80w, https:\/\/www.klimmer-gmbh.de\/wp-content\/uploads\/2024\/03\/NEWS_10_Sept_2019_Klimmer-Azubis-2019-768x768.jpg 768w, https:\/\/www.klimmer-gmbh.de\/wp-content\/uploads\/2024\/03\/NEWS_10_Sept_2019_Klimmer-Azubis-2019-36x36.jpg 36w\" sizes=\"(max-width: 800px) 100vw, 800px\" \/><\/a><div class=\"slide-content\"><header class=\"entry-content-header\" aria-label=\"Slide: Unsere 6 neuen Azubis 2019.\"><h3 class='slide-entry-title entry-title '  itemprop=\"headline\" ><a href='https:\/\/www.klimmer-gmbh.de\/de\/unsere-neuen-azubis-2019\/' title='Unsere 6 neuen Azubis 2019.'>Unsere 6 neuen Azubis 2019.<\/a><\/h3><span class=\"av-vertical-delimiter\"><\/span><\/header><div class=\"slide-meta\"><time class='slide-meta-time updated'  itemprop=\"datePublished\" datetime=\"2019-09-10T08:16:00+02:00\" >10. September 2019<\/time><\/div><div class='slide-entry-excerpt entry-content'  itemprop=\"text\" >Wir w\u00fcnschen allen einen guten Start und eine erfolgreiche interessante Ausbildungszeit.<div class=\"read-more-link\"><a href=\"https:\/\/www.klimmer-gmbh.de\/de\/unsere-neuen-azubis-2019\/\" class=\"more-link\">Weiterlesen<span class='more-link-arrow avia-svg-icon avia-font-svg_entypo-fontello' data-av_svg_icon='right-open-big' data-av_iconset='svg_entypo-fontello'><svg version=\"1.1\" xmlns=\"http:\/\/www.w3.org\/2000\/svg\" width=\"15\" height=\"32\" viewBox=\"0 0 15 32\" preserveAspectRatio=\"xMidYMid meet\" role=\"graphics-symbol\" aria-hidden=\"true\">\n<path d=\"M0.416 27.84l11.456-11.84-11.456-11.904q-0.832-0.832 0-1.536 0.832-0.832 1.536 0l12.544 12.608q0.768 0.832 0 1.6l-12.544 12.608q-0.704 0.832-1.536 0-0.832-0.704 0-1.536z\"><\/path>\n<\/svg><\/span><\/a><\/div><\/div><\/div><footer class=\"entry-footer\"><\/footer><span class='hidden'>\n\t\t\t\t<span class='av-structured-data'  itemprop=\"image\" itemscope=\"itemscope\" itemtype=\"https:\/\/schema.org\/ImageObject\" >\n\t\t\t\t\t\t<span itemprop='url'>https:\/\/www.klimmer-gmbh.de\/wp-content\/uploads\/2024\/03\/NEWS_10_Sept_2019_Klimmer-Azubis-2019.jpg<\/span>\n\t\t\t\t\t\t<span itemprop='height'>800<\/span>\n\t\t\t\t\t\t<span itemprop='width'>800<\/span>\n\t\t\t\t<\/span>\n\t\t\t\t<span class='av-structured-data'  itemprop=\"publisher\" itemtype=\"https:\/\/schema.org\/Organization\" itemscope=\"itemscope\" >\n\t\t\t\t\t\t<span itemprop='name'>Agentur Baur<\/span>\n\t\t\t\t\t\t<span itemprop='logo' itemscope itemtype='https:\/\/schema.org\/ImageObject'>\n\t\t\t\t\t\t\t<span itemprop='url'>https:\/\/www.klimmer-gmbh.de\/wp-content\/uploads\/2023\/05\/klimmergmbhde.svg<\/span>\n\t\t\t\t\t\t<\/span>\n\t\t\t\t<\/span><span class='av-structured-data'  itemprop=\"author\" itemscope=\"itemscope\" itemtype=\"https:\/\/schema.org\/Person\" ><span itemprop='name'>Agentur Baur<\/span><\/span><span class='av-structured-data'  itemprop=\"datePublished\" datetime=\"2023-05-27T13:35:19+02:00\" >2019-09-10 08:16:00<\/span><span class='av-structured-data'  itemprop=\"dateModified\" itemtype=\"https:\/\/schema.org\/dateModified\" >2024-03-26 08:40:14<\/span><span class='av-structured-data'  itemprop=\"mainEntityOfPage\" itemtype=\"https:\/\/schema.org\/mainEntityOfPage\" ><span itemprop='name'>Unsere 6 neuen Azubis 2019.<\/span><\/span><\/span><\/article><article class='slide-entry flex_column  post-entry post-entry-7975 slide-entry-overview slide-loop-24 slide-parity-even  av_one_half  real-thumbnail posttype-post post-format-standard'  itemscope=\"itemscope\" itemtype=\"https:\/\/schema.org\/CreativeWork\" ><a href='https:\/\/www.klimmer-gmbh.de\/de\/bauteilsauberkeit-porentief\/' data-rel='slide-2' class='slide-image' title='Porentief entfettete Bauteile der Ernst Klimmer GmbH'><img decoding=\"async\" fetchpriority=\"high\" width=\"800\" height=\"800\" src=\"https:\/\/www.klimmer-gmbh.de\/wp-content\/uploads\/2024\/03\/NEWS_5_Sept_2019_klimmer-umformflansch-vetrieb-sales.jpg\" class=\"wp-image-7983 avia-img-lazy-loading-not-7983 attachment-portfolio size-portfolio wp-post-image\" alt=\"\" srcset=\"https:\/\/www.klimmer-gmbh.de\/wp-content\/uploads\/2024\/03\/NEWS_5_Sept_2019_klimmer-umformflansch-vetrieb-sales.jpg 800w, https:\/\/www.klimmer-gmbh.de\/wp-content\/uploads\/2024\/03\/NEWS_5_Sept_2019_klimmer-umformflansch-vetrieb-sales-300x300.jpg 300w, https:\/\/www.klimmer-gmbh.de\/wp-content\/uploads\/2024\/03\/NEWS_5_Sept_2019_klimmer-umformflansch-vetrieb-sales-80x80.jpg 80w, https:\/\/www.klimmer-gmbh.de\/wp-content\/uploads\/2024\/03\/NEWS_5_Sept_2019_klimmer-umformflansch-vetrieb-sales-768x768.jpg 768w, https:\/\/www.klimmer-gmbh.de\/wp-content\/uploads\/2024\/03\/NEWS_5_Sept_2019_klimmer-umformflansch-vetrieb-sales-36x36.jpg 36w\" sizes=\"(max-width: 800px) 100vw, 800px\" \/><\/a><div class=\"slide-content\"><header class=\"entry-content-header\" aria-label=\"Slide: Porentief entfettete Bauteile der Ernst Klimmer GmbH\"><h3 class='slide-entry-title entry-title '  itemprop=\"headline\" ><a href='https:\/\/www.klimmer-gmbh.de\/de\/bauteilsauberkeit-porentief\/' title='Porentief entfettete Bauteile der Ernst Klimmer GmbH'>Porentief entfettete Bauteile der Ernst Klimmer GmbH<\/a><\/h3><span class=\"av-vertical-delimiter\"><\/span><\/header><div class=\"slide-meta\"><time class='slide-meta-time updated'  itemprop=\"datePublished\" datetime=\"2019-09-05T08:41:00+02:00\" >5. September 2019<\/time><\/div><div class='slide-entry-excerpt entry-content'  itemprop=\"text\" >Um dem Qualit\u00e4tsniveau auf h\u00f6chstem Standard dauerhaft gerecht zu werden, haben wir die Entfettung unserer Flansche und Platten an einen sehr erfahrenen Lohnentfetter \u00fcbergeben.<div class=\"read-more-link\"><a href=\"https:\/\/www.klimmer-gmbh.de\/de\/bauteilsauberkeit-porentief\/\" class=\"more-link\">Weiterlesen<span class='more-link-arrow avia-svg-icon avia-font-svg_entypo-fontello' data-av_svg_icon='right-open-big' data-av_iconset='svg_entypo-fontello'><svg version=\"1.1\" xmlns=\"http:\/\/www.w3.org\/2000\/svg\" width=\"15\" height=\"32\" viewBox=\"0 0 15 32\" preserveAspectRatio=\"xMidYMid meet\" role=\"graphics-symbol\" aria-hidden=\"true\">\n<path d=\"M0.416 27.84l11.456-11.84-11.456-11.904q-0.832-0.832 0-1.536 0.832-0.832 1.536 0l12.544 12.608q0.768 0.832 0 1.6l-12.544 12.608q-0.704 0.832-1.536 0-0.832-0.704 0-1.536z\"><\/path>\n<\/svg><\/span><\/a><\/div><\/div><\/div><footer class=\"entry-footer\"><\/footer><span class='hidden'>\n\t\t\t\t<span class='av-structured-data'  itemprop=\"image\" itemscope=\"itemscope\" itemtype=\"https:\/\/schema.org\/ImageObject\" >\n\t\t\t\t\t\t<span itemprop='url'>https:\/\/www.klimmer-gmbh.de\/wp-content\/uploads\/2024\/03\/NEWS_5_Sept_2019_klimmer-umformflansch-vetrieb-sales.jpg<\/span>\n\t\t\t\t\t\t<span itemprop='height'>800<\/span>\n\t\t\t\t\t\t<span itemprop='width'>800<\/span>\n\t\t\t\t<\/span>\n\t\t\t\t<span class='av-structured-data'  itemprop=\"publisher\" itemtype=\"https:\/\/schema.org\/Organization\" itemscope=\"itemscope\" >\n\t\t\t\t\t\t<span itemprop='name'>Agentur Baur<\/span>\n\t\t\t\t\t\t<span itemprop='logo' itemscope itemtype='https:\/\/schema.org\/ImageObject'>\n\t\t\t\t\t\t\t<span itemprop='url'>https:\/\/www.klimmer-gmbh.de\/wp-content\/uploads\/2023\/05\/klimmergmbhde.svg<\/span>\n\t\t\t\t\t\t<\/span>\n\t\t\t\t<\/span><span class='av-structured-data'  itemprop=\"author\" itemscope=\"itemscope\" itemtype=\"https:\/\/schema.org\/Person\" ><span itemprop='name'>Agentur Baur<\/span><\/span><span class='av-structured-data'  itemprop=\"datePublished\" datetime=\"2023-05-27T13:35:19+02:00\" >2019-09-05 08:41:00<\/span><span class='av-structured-data'  itemprop=\"dateModified\" itemtype=\"https:\/\/schema.org\/dateModified\" >2024-04-02 08:46:14<\/span><span class='av-structured-data'  itemprop=\"mainEntityOfPage\" itemtype=\"https:\/\/schema.org\/mainEntityOfPage\" ><span itemprop='name'>Porentief entfettete Bauteile der Ernst Klimmer GmbH<\/span><\/span><\/span><\/article><\/div><div class=\"slide-entry-wrap\"><article class='slide-entry flex_column  post-entry post-entry-7987 slide-entry-overview slide-loop-25 slide-parity-odd  av_one_half first real-thumbnail posttype-post post-format-standard'  itemscope=\"itemscope\" itemtype=\"https:\/\/schema.org\/CreativeWork\" ><a href='https:\/\/www.klimmer-gmbh.de\/de\/tag-der-offenen-tuer-2019\/' data-rel='slide-2' class='slide-image' title='Tag der offenen T\u00fcre am 20. Juli 2019.'><img decoding=\"async\" fetchpriority=\"high\" width=\"800\" height=\"800\" src=\"https:\/\/www.klimmer-gmbh.de\/wp-content\/uploads\/2024\/03\/NEWS_20_Juli_2019_Tag-der-offenen-Tuer-Klimmer-Burgau.jpg\" class=\"wp-image-7993 avia-img-lazy-loading-not-7993 attachment-portfolio size-portfolio wp-post-image\" alt=\"\" srcset=\"https:\/\/www.klimmer-gmbh.de\/wp-content\/uploads\/2024\/03\/NEWS_20_Juli_2019_Tag-der-offenen-Tuer-Klimmer-Burgau.jpg 800w, https:\/\/www.klimmer-gmbh.de\/wp-content\/uploads\/2024\/03\/NEWS_20_Juli_2019_Tag-der-offenen-Tuer-Klimmer-Burgau-300x300.jpg 300w, https:\/\/www.klimmer-gmbh.de\/wp-content\/uploads\/2024\/03\/NEWS_20_Juli_2019_Tag-der-offenen-Tuer-Klimmer-Burgau-80x80.jpg 80w, https:\/\/www.klimmer-gmbh.de\/wp-content\/uploads\/2024\/03\/NEWS_20_Juli_2019_Tag-der-offenen-Tuer-Klimmer-Burgau-768x768.jpg 768w, https:\/\/www.klimmer-gmbh.de\/wp-content\/uploads\/2024\/03\/NEWS_20_Juli_2019_Tag-der-offenen-Tuer-Klimmer-Burgau-36x36.jpg 36w\" sizes=\"(max-width: 800px) 100vw, 800px\" \/><\/a><div class=\"slide-content\"><header class=\"entry-content-header\" aria-label=\"Slide: Tag der offenen T\u00fcre am 20. Juli 2019.\"><h3 class='slide-entry-title entry-title '  itemprop=\"headline\" ><a href='https:\/\/www.klimmer-gmbh.de\/de\/tag-der-offenen-tuer-2019\/' title='Tag der offenen T\u00fcre am 20. Juli 2019.'>Tag der offenen T\u00fcre am 20. Juli 2019.<\/a><\/h3><span class=\"av-vertical-delimiter\"><\/span><\/header><div class=\"slide-meta\"><time class='slide-meta-time updated'  itemprop=\"datePublished\" datetime=\"2019-07-20T08:48:00+02:00\" >20. Juli 2019<\/time><\/div><div class='slide-entry-excerpt entry-content'  itemprop=\"text\" >Kommen Sie vorbei und lernen Sie uns besser kennen. Erwarten Sie spannende Einblicke in die Klimmer Group.<div class=\"read-more-link\"><a href=\"https:\/\/www.klimmer-gmbh.de\/de\/tag-der-offenen-tuer-2019\/\" class=\"more-link\">Weiterlesen<span class='more-link-arrow avia-svg-icon avia-font-svg_entypo-fontello' data-av_svg_icon='right-open-big' data-av_iconset='svg_entypo-fontello'><svg version=\"1.1\" xmlns=\"http:\/\/www.w3.org\/2000\/svg\" width=\"15\" height=\"32\" viewBox=\"0 0 15 32\" preserveAspectRatio=\"xMidYMid meet\" role=\"graphics-symbol\" aria-hidden=\"true\">\n<path d=\"M0.416 27.84l11.456-11.84-11.456-11.904q-0.832-0.832 0-1.536 0.832-0.832 1.536 0l12.544 12.608q0.768 0.832 0 1.6l-12.544 12.608q-0.704 0.832-1.536 0-0.832-0.704 0-1.536z\"><\/path>\n<\/svg><\/span><\/a><\/div><\/div><\/div><footer class=\"entry-footer\"><\/footer><span class='hidden'>\n\t\t\t\t<span class='av-structured-data'  itemprop=\"image\" itemscope=\"itemscope\" itemtype=\"https:\/\/schema.org\/ImageObject\" >\n\t\t\t\t\t\t<span itemprop='url'>https:\/\/www.klimmer-gmbh.de\/wp-content\/uploads\/2024\/03\/NEWS_20_Juli_2019_Tag-der-offenen-Tuer-Klimmer-Burgau.jpg<\/span>\n\t\t\t\t\t\t<span itemprop='height'>800<\/span>\n\t\t\t\t\t\t<span itemprop='width'>800<\/span>\n\t\t\t\t<\/span>\n\t\t\t\t<span class='av-structured-data'  itemprop=\"publisher\" itemtype=\"https:\/\/schema.org\/Organization\" itemscope=\"itemscope\" >\n\t\t\t\t\t\t<span itemprop='name'>Agentur Baur<\/span>\n\t\t\t\t\t\t<span itemprop='logo' itemscope itemtype='https:\/\/schema.org\/ImageObject'>\n\t\t\t\t\t\t\t<span itemprop='url'>https:\/\/www.klimmer-gmbh.de\/wp-content\/uploads\/2023\/05\/klimmergmbhde.svg<\/span>\n\t\t\t\t\t\t<\/span>\n\t\t\t\t<\/span><span class='av-structured-data'  itemprop=\"author\" itemscope=\"itemscope\" itemtype=\"https:\/\/schema.org\/Person\" ><span itemprop='name'>Agentur Baur<\/span><\/span><span class='av-structured-data'  itemprop=\"datePublished\" datetime=\"2023-05-27T13:35:19+02:00\" >2019-07-20 08:48:00<\/span><span class='av-structured-data'  itemprop=\"dateModified\" itemtype=\"https:\/\/schema.org\/dateModified\" >2024-03-26 08:52:56<\/span><span class='av-structured-data'  itemprop=\"mainEntityOfPage\" itemtype=\"https:\/\/schema.org\/mainEntityOfPage\" ><span itemprop='name'>Tag der offenen T\u00fcre am 20. Juli 2019.<\/span><\/span><\/span><\/article><article class='slide-entry flex_column  post-entry post-entry-7997 slide-entry-overview slide-loop-26 slide-parity-even  av_one_half  real-thumbnail posttype-post post-format-standard'  itemscope=\"itemscope\" itemtype=\"https:\/\/schema.org\/CreativeWork\" ><a href='https:\/\/www.klimmer-gmbh.de\/de\/maedchenzukunftstag-girls-day\/' data-rel='slide-2' class='slide-image' title='Girl\u00b4s Day 28.03.2019.'><img decoding=\"async\" fetchpriority=\"high\" width=\"800\" height=\"800\" src=\"https:\/\/www.klimmer-gmbh.de\/wp-content\/uploads\/2024\/03\/NEWS_1_April_2019_Girls-Day.jpg\" class=\"wp-image-8003 avia-img-lazy-loading-not-8003 attachment-portfolio size-portfolio wp-post-image\" alt=\"\" srcset=\"https:\/\/www.klimmer-gmbh.de\/wp-content\/uploads\/2024\/03\/NEWS_1_April_2019_Girls-Day.jpg 800w, https:\/\/www.klimmer-gmbh.de\/wp-content\/uploads\/2024\/03\/NEWS_1_April_2019_Girls-Day-300x300.jpg 300w, https:\/\/www.klimmer-gmbh.de\/wp-content\/uploads\/2024\/03\/NEWS_1_April_2019_Girls-Day-80x80.jpg 80w, https:\/\/www.klimmer-gmbh.de\/wp-content\/uploads\/2024\/03\/NEWS_1_April_2019_Girls-Day-768x768.jpg 768w, https:\/\/www.klimmer-gmbh.de\/wp-content\/uploads\/2024\/03\/NEWS_1_April_2019_Girls-Day-36x36.jpg 36w\" sizes=\"(max-width: 800px) 100vw, 800px\" \/><\/a><div class=\"slide-content\"><header class=\"entry-content-header\" aria-label=\"Slide: Girl\u00b4s Day 28.03.2019.\"><h3 class='slide-entry-title entry-title '  itemprop=\"headline\" ><a href='https:\/\/www.klimmer-gmbh.de\/de\/maedchenzukunftstag-girls-day\/' title='Girl\u00b4s Day 28.03.2019.'>Girl\u00b4s Day 28.03.2019.<\/a><\/h3><span class=\"av-vertical-delimiter\"><\/span><\/header><div class=\"slide-meta\"><time class='slide-meta-time updated'  itemprop=\"datePublished\" datetime=\"2019-04-01T08:53:00+02:00\" >1. April 2019<\/time><\/div><div class='slide-entry-excerpt entry-content'  itemprop=\"text\" >Die Ernst Klimmer GmbH nahm\u00a0wieder am M\u00e4dchen-Zukunftstag (Girl\u00b4s day) teil.<div class=\"read-more-link\"><a href=\"https:\/\/www.klimmer-gmbh.de\/de\/maedchenzukunftstag-girls-day\/\" class=\"more-link\">Weiterlesen<span class='more-link-arrow avia-svg-icon avia-font-svg_entypo-fontello' data-av_svg_icon='right-open-big' data-av_iconset='svg_entypo-fontello'><svg version=\"1.1\" xmlns=\"http:\/\/www.w3.org\/2000\/svg\" width=\"15\" height=\"32\" viewBox=\"0 0 15 32\" preserveAspectRatio=\"xMidYMid meet\" role=\"graphics-symbol\" aria-hidden=\"true\">\n<path d=\"M0.416 27.84l11.456-11.84-11.456-11.904q-0.832-0.832 0-1.536 0.832-0.832 1.536 0l12.544 12.608q0.768 0.832 0 1.6l-12.544 12.608q-0.704 0.832-1.536 0-0.832-0.704 0-1.536z\"><\/path>\n<\/svg><\/span><\/a><\/div><\/div><\/div><footer class=\"entry-footer\"><\/footer><span class='hidden'>\n\t\t\t\t<span class='av-structured-data'  itemprop=\"image\" itemscope=\"itemscope\" itemtype=\"https:\/\/schema.org\/ImageObject\" >\n\t\t\t\t\t\t<span itemprop='url'>https:\/\/www.klimmer-gmbh.de\/wp-content\/uploads\/2024\/03\/NEWS_1_April_2019_Girls-Day.jpg<\/span>\n\t\t\t\t\t\t<span itemprop='height'>800<\/span>\n\t\t\t\t\t\t<span itemprop='width'>800<\/span>\n\t\t\t\t<\/span>\n\t\t\t\t<span class='av-structured-data'  itemprop=\"publisher\" itemtype=\"https:\/\/schema.org\/Organization\" itemscope=\"itemscope\" >\n\t\t\t\t\t\t<span itemprop='name'>Agentur Baur<\/span>\n\t\t\t\t\t\t<span itemprop='logo' itemscope itemtype='https:\/\/schema.org\/ImageObject'>\n\t\t\t\t\t\t\t<span itemprop='url'>https:\/\/www.klimmer-gmbh.de\/wp-content\/uploads\/2023\/05\/klimmergmbhde.svg<\/span>\n\t\t\t\t\t\t<\/span>\n\t\t\t\t<\/span><span class='av-structured-data'  itemprop=\"author\" itemscope=\"itemscope\" itemtype=\"https:\/\/schema.org\/Person\" ><span itemprop='name'>Agentur Baur<\/span><\/span><span class='av-structured-data'  itemprop=\"datePublished\" datetime=\"2023-05-27T13:35:19+02:00\" >2019-04-01 08:53:00<\/span><span class='av-structured-data'  itemprop=\"dateModified\" itemtype=\"https:\/\/schema.org\/dateModified\" >2024-03-26 08:58:49<\/span><span class='av-structured-data'  itemprop=\"mainEntityOfPage\" itemtype=\"https:\/\/schema.org\/mainEntityOfPage\" ><span itemprop='name'>Girl\u00b4s Day 28.03.2019.<\/span><\/span><\/span><\/article><\/div><div class=\"slide-entry-wrap\"><article class='slide-entry flex_column  post-entry post-entry-8007 slide-entry-overview slide-loop-27 slide-parity-odd  av_one_half first real-thumbnail posttype-post post-format-standard'  itemscope=\"itemscope\" itemtype=\"https:\/\/schema.org\/CreativeWork\" ><a href='https:\/\/www.klimmer-gmbh.de\/de\/ehrung-der-jubilare-2018\/' data-rel='slide-2' class='slide-image' title='Jubilarsfeier 29.11.2018.'><img decoding=\"async\" fetchpriority=\"high\" width=\"800\" height=\"800\" src=\"https:\/\/www.klimmer-gmbh.de\/wp-content\/uploads\/2024\/03\/NEWS_3_Dez_2018_Jubilare-2018.jpg\" class=\"wp-image-8013 avia-img-lazy-loading-not-8013 attachment-portfolio size-portfolio wp-post-image\" alt=\"\" srcset=\"https:\/\/www.klimmer-gmbh.de\/wp-content\/uploads\/2024\/03\/NEWS_3_Dez_2018_Jubilare-2018.jpg 800w, https:\/\/www.klimmer-gmbh.de\/wp-content\/uploads\/2024\/03\/NEWS_3_Dez_2018_Jubilare-2018-300x300.jpg 300w, https:\/\/www.klimmer-gmbh.de\/wp-content\/uploads\/2024\/03\/NEWS_3_Dez_2018_Jubilare-2018-80x80.jpg 80w, https:\/\/www.klimmer-gmbh.de\/wp-content\/uploads\/2024\/03\/NEWS_3_Dez_2018_Jubilare-2018-768x768.jpg 768w, https:\/\/www.klimmer-gmbh.de\/wp-content\/uploads\/2024\/03\/NEWS_3_Dez_2018_Jubilare-2018-36x36.jpg 36w\" sizes=\"(max-width: 800px) 100vw, 800px\" \/><\/a><div class=\"slide-content\"><header class=\"entry-content-header\" aria-label=\"Slide: Jubilarsfeier 29.11.2018.\"><h3 class='slide-entry-title entry-title '  itemprop=\"headline\" ><a href='https:\/\/www.klimmer-gmbh.de\/de\/ehrung-der-jubilare-2018\/' title='Jubilarsfeier 29.11.2018.'>Jubilarsfeier 29.11.2018.<\/a><\/h3><span class=\"av-vertical-delimiter\"><\/span><\/header><div class=\"slide-meta\"><time class='slide-meta-time updated'  itemprop=\"datePublished\" datetime=\"2018-12-03T09:01:00+01:00\" >3. Dezember 2018<\/time><\/div><div class='slide-entry-excerpt entry-content'  itemprop=\"text\" >Auch dieses Jahr wurden 15 Jubilare der Ernst Klimmer GmbH geehrt.\n\nWir bedanken uns auch an dieser Stelle nochmals f\u00fcr die gute und treue Mitarbeit bei allen Jubilaren und freuen uns auf eine weiterhin gute Zusammenarbeit.<div class=\"read-more-link\"><a href=\"https:\/\/www.klimmer-gmbh.de\/de\/ehrung-der-jubilare-2018\/\" class=\"more-link\">Weiterlesen<span class='more-link-arrow avia-svg-icon avia-font-svg_entypo-fontello' data-av_svg_icon='right-open-big' data-av_iconset='svg_entypo-fontello'><svg version=\"1.1\" xmlns=\"http:\/\/www.w3.org\/2000\/svg\" width=\"15\" height=\"32\" viewBox=\"0 0 15 32\" preserveAspectRatio=\"xMidYMid meet\" role=\"graphics-symbol\" aria-hidden=\"true\">\n<path d=\"M0.416 27.84l11.456-11.84-11.456-11.904q-0.832-0.832 0-1.536 0.832-0.832 1.536 0l12.544 12.608q0.768 0.832 0 1.6l-12.544 12.608q-0.704 0.832-1.536 0-0.832-0.704 0-1.536z\"><\/path>\n<\/svg><\/span><\/a><\/div><\/div><\/div><footer class=\"entry-footer\"><\/footer><span class='hidden'>\n\t\t\t\t<span class='av-structured-data'  itemprop=\"image\" itemscope=\"itemscope\" itemtype=\"https:\/\/schema.org\/ImageObject\" >\n\t\t\t\t\t\t<span itemprop='url'>https:\/\/www.klimmer-gmbh.de\/wp-content\/uploads\/2024\/03\/NEWS_3_Dez_2018_Jubilare-2018.jpg<\/span>\n\t\t\t\t\t\t<span itemprop='height'>800<\/span>\n\t\t\t\t\t\t<span itemprop='width'>800<\/span>\n\t\t\t\t<\/span>\n\t\t\t\t<span class='av-structured-data'  itemprop=\"publisher\" itemtype=\"https:\/\/schema.org\/Organization\" itemscope=\"itemscope\" >\n\t\t\t\t\t\t<span itemprop='name'>Agentur Baur<\/span>\n\t\t\t\t\t\t<span itemprop='logo' itemscope itemtype='https:\/\/schema.org\/ImageObject'>\n\t\t\t\t\t\t\t<span itemprop='url'>https:\/\/www.klimmer-gmbh.de\/wp-content\/uploads\/2023\/05\/klimmergmbhde.svg<\/span>\n\t\t\t\t\t\t<\/span>\n\t\t\t\t<\/span><span class='av-structured-data'  itemprop=\"author\" itemscope=\"itemscope\" itemtype=\"https:\/\/schema.org\/Person\" ><span itemprop='name'>Agentur Baur<\/span><\/span><span class='av-structured-data'  itemprop=\"datePublished\" datetime=\"2023-05-27T13:35:19+02:00\" >2018-12-03 09:01:00<\/span><span class='av-structured-data'  itemprop=\"dateModified\" itemtype=\"https:\/\/schema.org\/dateModified\" >2024-03-26 09:06:08<\/span><span class='av-structured-data'  itemprop=\"mainEntityOfPage\" itemtype=\"https:\/\/schema.org\/mainEntityOfPage\" ><span itemprop='name'>Jubilarsfeier 29.11.2018.<\/span><\/span><\/span><\/article><article class='slide-entry flex_column  post-entry post-entry-8021 slide-entry-overview slide-loop-28 slide-parity-even  av_one_half  real-thumbnail posttype-post post-format-standard'  itemscope=\"itemscope\" itemtype=\"https:\/\/schema.org\/CreativeWork\" ><a href='https:\/\/www.klimmer-gmbh.de\/de\/familienstiftung-klimmer-childfund-kongolische-strassenkinder\/' data-rel='slide-2' class='slide-image' title='ChildFund Deutschland \u2013 Familienstiftung Klimmer neues Projekt: Hoffnung f\u00fcr kongolesische Strassenkinder.'><img decoding=\"async\" fetchpriority=\"high\" width=\"800\" height=\"800\" src=\"https:\/\/www.klimmer-gmbh.de\/wp-content\/uploads\/2024\/03\/NEWS_23_Okt_2018_konglosesische-strassenkinder-familienstiftung-childfund-800x800-1.jpg\" class=\"wp-image-8025 avia-img-lazy-loading-not-8025 attachment-portfolio size-portfolio wp-post-image\" alt=\"\" srcset=\"https:\/\/www.klimmer-gmbh.de\/wp-content\/uploads\/2024\/03\/NEWS_23_Okt_2018_konglosesische-strassenkinder-familienstiftung-childfund-800x800-1.jpg 800w, https:\/\/www.klimmer-gmbh.de\/wp-content\/uploads\/2024\/03\/NEWS_23_Okt_2018_konglosesische-strassenkinder-familienstiftung-childfund-800x800-1-300x300.jpg 300w, https:\/\/www.klimmer-gmbh.de\/wp-content\/uploads\/2024\/03\/NEWS_23_Okt_2018_konglosesische-strassenkinder-familienstiftung-childfund-800x800-1-80x80.jpg 80w, https:\/\/www.klimmer-gmbh.de\/wp-content\/uploads\/2024\/03\/NEWS_23_Okt_2018_konglosesische-strassenkinder-familienstiftung-childfund-800x800-1-768x768.jpg 768w, https:\/\/www.klimmer-gmbh.de\/wp-content\/uploads\/2024\/03\/NEWS_23_Okt_2018_konglosesische-strassenkinder-familienstiftung-childfund-800x800-1-36x36.jpg 36w\" sizes=\"(max-width: 800px) 100vw, 800px\" \/><\/a><div class=\"slide-content\"><header class=\"entry-content-header\" aria-label=\"Slide: ChildFund Deutschland \u2013 Familienstiftung Klimmer neues Projekt: Hoffnung f\u00fcr kongolesische Strassenkinder.\"><h3 class='slide-entry-title entry-title '  itemprop=\"headline\" ><a href='https:\/\/www.klimmer-gmbh.de\/de\/familienstiftung-klimmer-childfund-kongolische-strassenkinder\/' title='ChildFund Deutschland \u2013 Familienstiftung Klimmer neues Projekt: Hoffnung f\u00fcr kongolesische Strassenkinder.'>ChildFund Deutschland \u2013 Familienstiftung Klimmer neues Projekt: Hoffnung f\u00fcr kongolesische Strassenkinder.<\/a><\/h3><span class=\"av-vertical-delimiter\"><\/span><\/header><div class=\"slide-meta\"><time class='slide-meta-time updated'  itemprop=\"datePublished\" datetime=\"2018-10-23T09:07:00+02:00\" >23. Oktober 2018<\/time><\/div><div class='slide-entry-excerpt entry-content'  itemprop=\"text\" >Seit Oktober dieses Jahres engagiert sich die Ernst Klimmer GmbH mit dem neuen 3-j\u00e4hrigen Projekt f\u00fcr kongolesische Stra\u00dfenkinder.<div class=\"read-more-link\"><a href=\"https:\/\/www.klimmer-gmbh.de\/de\/familienstiftung-klimmer-childfund-kongolische-strassenkinder\/\" class=\"more-link\">Weiterlesen<span class='more-link-arrow avia-svg-icon avia-font-svg_entypo-fontello' data-av_svg_icon='right-open-big' data-av_iconset='svg_entypo-fontello'><svg version=\"1.1\" xmlns=\"http:\/\/www.w3.org\/2000\/svg\" width=\"15\" height=\"32\" viewBox=\"0 0 15 32\" preserveAspectRatio=\"xMidYMid meet\" role=\"graphics-symbol\" aria-hidden=\"true\">\n<path d=\"M0.416 27.84l11.456-11.84-11.456-11.904q-0.832-0.832 0-1.536 0.832-0.832 1.536 0l12.544 12.608q0.768 0.832 0 1.6l-12.544 12.608q-0.704 0.832-1.536 0-0.832-0.704 0-1.536z\"><\/path>\n<\/svg><\/span><\/a><\/div><\/div><\/div><footer class=\"entry-footer\"><\/footer><span class='hidden'>\n\t\t\t\t<span class='av-structured-data'  itemprop=\"image\" itemscope=\"itemscope\" itemtype=\"https:\/\/schema.org\/ImageObject\" >\n\t\t\t\t\t\t<span itemprop='url'>https:\/\/www.klimmer-gmbh.de\/wp-content\/uploads\/2024\/03\/NEWS_23_Okt_2018_konglosesische-strassenkinder-familienstiftung-childfund-800x800-1.jpg<\/span>\n\t\t\t\t\t\t<span itemprop='height'>800<\/span>\n\t\t\t\t\t\t<span itemprop='width'>800<\/span>\n\t\t\t\t<\/span>\n\t\t\t\t<span class='av-structured-data'  itemprop=\"publisher\" itemtype=\"https:\/\/schema.org\/Organization\" itemscope=\"itemscope\" >\n\t\t\t\t\t\t<span itemprop='name'>Agentur Baur<\/span>\n\t\t\t\t\t\t<span itemprop='logo' itemscope itemtype='https:\/\/schema.org\/ImageObject'>\n\t\t\t\t\t\t\t<span itemprop='url'>https:\/\/www.klimmer-gmbh.de\/wp-content\/uploads\/2023\/05\/klimmergmbhde.svg<\/span>\n\t\t\t\t\t\t<\/span>\n\t\t\t\t<\/span><span class='av-structured-data'  itemprop=\"author\" itemscope=\"itemscope\" itemtype=\"https:\/\/schema.org\/Person\" ><span itemprop='name'>Agentur Baur<\/span><\/span><span class='av-structured-data'  itemprop=\"datePublished\" datetime=\"2023-05-27T13:35:19+02:00\" >2018-10-23 09:07:00<\/span><span class='av-structured-data'  itemprop=\"dateModified\" itemtype=\"https:\/\/schema.org\/dateModified\" >2024-03-26 09:17:03<\/span><span class='av-structured-data'  itemprop=\"mainEntityOfPage\" itemtype=\"https:\/\/schema.org\/mainEntityOfPage\" ><span itemprop='name'>ChildFund Deutschland \u2013 Familienstiftung Klimmer neues Projekt: Hoffnung f\u00fcr kongolesische Strassenkinder.<\/span><\/span><\/span><\/article><\/div><div class=\"slide-entry-wrap\"><article class='slide-entry flex_column  post-entry post-entry-8035 slide-entry-overview slide-loop-29 slide-parity-odd  av_one_half first real-thumbnail posttype-post post-format-standard'  itemscope=\"itemscope\" itemtype=\"https:\/\/schema.org\/CreativeWork\" ><a href='https:\/\/www.klimmer-gmbh.de\/de\/internationale-zulieferboerse-wolfsburg-2018\/' data-rel='slide-2' class='slide-image' title='Internationale Zuliefererb\u00f6rse 2018.'><img decoding=\"async\" fetchpriority=\"high\" width=\"800\" height=\"800\" src=\"https:\/\/www.klimmer-gmbh.de\/wp-content\/uploads\/2024\/03\/NEWS_16_Okt_2018_IZB-2018-Bild-800x800-1.jpg\" class=\"wp-image-8041 avia-img-lazy-loading-not-8041 attachment-portfolio size-portfolio wp-post-image\" alt=\"\" srcset=\"https:\/\/www.klimmer-gmbh.de\/wp-content\/uploads\/2024\/03\/NEWS_16_Okt_2018_IZB-2018-Bild-800x800-1.jpg 800w, https:\/\/www.klimmer-gmbh.de\/wp-content\/uploads\/2024\/03\/NEWS_16_Okt_2018_IZB-2018-Bild-800x800-1-300x300.jpg 300w, https:\/\/www.klimmer-gmbh.de\/wp-content\/uploads\/2024\/03\/NEWS_16_Okt_2018_IZB-2018-Bild-800x800-1-80x80.jpg 80w, https:\/\/www.klimmer-gmbh.de\/wp-content\/uploads\/2024\/03\/NEWS_16_Okt_2018_IZB-2018-Bild-800x800-1-768x768.jpg 768w, https:\/\/www.klimmer-gmbh.de\/wp-content\/uploads\/2024\/03\/NEWS_16_Okt_2018_IZB-2018-Bild-800x800-1-36x36.jpg 36w\" sizes=\"(max-width: 800px) 100vw, 800px\" \/><\/a><div class=\"slide-content\"><header class=\"entry-content-header\" aria-label=\"Slide: Internationale Zuliefererb\u00f6rse 2018.\"><h3 class='slide-entry-title entry-title '  itemprop=\"headline\" ><a href='https:\/\/www.klimmer-gmbh.de\/de\/internationale-zulieferboerse-wolfsburg-2018\/' title='Internationale Zuliefererb\u00f6rse 2018.'>Internationale Zuliefererb\u00f6rse 2018.<\/a><\/h3><span class=\"av-vertical-delimiter\"><\/span><\/header><div class=\"slide-meta\"><time class='slide-meta-time updated'  itemprop=\"datePublished\" datetime=\"2018-10-16T09:34:00+02:00\" >16. Oktober 2018<\/time><\/div><div class='slide-entry-excerpt entry-content'  itemprop=\"text\" >Wir waren auf der IZB in Wolfsburg. Die internationale Zuliefererb\u00f6rse (IZB) richtet sich an Zulieferer der Automobilindustrie und genie\u00dft gro\u00dfes Ansehen in der internationalen Fachwelt.<div class=\"read-more-link\"><a href=\"https:\/\/www.klimmer-gmbh.de\/de\/internationale-zulieferboerse-wolfsburg-2018\/\" class=\"more-link\">Weiterlesen<span class='more-link-arrow avia-svg-icon avia-font-svg_entypo-fontello' data-av_svg_icon='right-open-big' data-av_iconset='svg_entypo-fontello'><svg version=\"1.1\" xmlns=\"http:\/\/www.w3.org\/2000\/svg\" width=\"15\" height=\"32\" viewBox=\"0 0 15 32\" preserveAspectRatio=\"xMidYMid meet\" role=\"graphics-symbol\" aria-hidden=\"true\">\n<path d=\"M0.416 27.84l11.456-11.84-11.456-11.904q-0.832-0.832 0-1.536 0.832-0.832 1.536 0l12.544 12.608q0.768 0.832 0 1.6l-12.544 12.608q-0.704 0.832-1.536 0-0.832-0.704 0-1.536z\"><\/path>\n<\/svg><\/span><\/a><\/div><\/div><\/div><footer class=\"entry-footer\"><\/footer><span class='hidden'>\n\t\t\t\t<span class='av-structured-data'  itemprop=\"image\" itemscope=\"itemscope\" itemtype=\"https:\/\/schema.org\/ImageObject\" >\n\t\t\t\t\t\t<span itemprop='url'>https:\/\/www.klimmer-gmbh.de\/wp-content\/uploads\/2024\/03\/NEWS_16_Okt_2018_IZB-2018-Bild-800x800-1.jpg<\/span>\n\t\t\t\t\t\t<span itemprop='height'>800<\/span>\n\t\t\t\t\t\t<span itemprop='width'>800<\/span>\n\t\t\t\t<\/span>\n\t\t\t\t<span class='av-structured-data'  itemprop=\"publisher\" itemtype=\"https:\/\/schema.org\/Organization\" itemscope=\"itemscope\" >\n\t\t\t\t\t\t<span itemprop='name'>Agentur Baur<\/span>\n\t\t\t\t\t\t<span itemprop='logo' itemscope itemtype='https:\/\/schema.org\/ImageObject'>\n\t\t\t\t\t\t\t<span itemprop='url'>https:\/\/www.klimmer-gmbh.de\/wp-content\/uploads\/2023\/05\/klimmergmbhde.svg<\/span>\n\t\t\t\t\t\t<\/span>\n\t\t\t\t<\/span><span class='av-structured-data'  itemprop=\"author\" itemscope=\"itemscope\" itemtype=\"https:\/\/schema.org\/Person\" ><span itemprop='name'>Agentur Baur<\/span><\/span><span class='av-structured-data'  itemprop=\"datePublished\" datetime=\"2023-05-27T13:35:19+02:00\" >2018-10-16 09:34:00<\/span><span class='av-structured-data'  itemprop=\"dateModified\" itemtype=\"https:\/\/schema.org\/dateModified\" >2024-03-26 09:43:12<\/span><span class='av-structured-data'  itemprop=\"mainEntityOfPage\" itemtype=\"https:\/\/schema.org\/mainEntityOfPage\" ><span itemprop='name'>Internationale Zuliefererb\u00f6rse 2018.<\/span><\/span><\/span><\/article><article class='slide-entry flex_column  post-entry post-entry-8047 slide-entry-overview slide-loop-30 slide-parity-even  av_one_half  real-thumbnail posttype-post post-format-standard'  itemscope=\"itemscope\" itemtype=\"https:\/\/schema.org\/CreativeWork\" ><a href='https:\/\/www.klimmer-gmbh.de\/de\/ferienarbeiter-gesucht-juli-september-2018\/' data-rel='slide-2' class='slide-image' title='Ferienarbeiter Juli-September 2018 gesucht.'><img decoding=\"async\" fetchpriority=\"high\" width=\"800\" height=\"800\" src=\"https:\/\/www.klimmer-gmbh.de\/wp-content\/uploads\/2024\/03\/NEWS_19_Jun_2018_Girls-Day-Picture-800x800-1.jpg\" class=\"wp-image-8053 avia-img-lazy-loading-not-8053 attachment-portfolio size-portfolio wp-post-image\" alt=\"\" srcset=\"https:\/\/www.klimmer-gmbh.de\/wp-content\/uploads\/2024\/03\/NEWS_19_Jun_2018_Girls-Day-Picture-800x800-1.jpg 800w, https:\/\/www.klimmer-gmbh.de\/wp-content\/uploads\/2024\/03\/NEWS_19_Jun_2018_Girls-Day-Picture-800x800-1-300x300.jpg 300w, https:\/\/www.klimmer-gmbh.de\/wp-content\/uploads\/2024\/03\/NEWS_19_Jun_2018_Girls-Day-Picture-800x800-1-80x80.jpg 80w, https:\/\/www.klimmer-gmbh.de\/wp-content\/uploads\/2024\/03\/NEWS_19_Jun_2018_Girls-Day-Picture-800x800-1-768x768.jpg 768w, https:\/\/www.klimmer-gmbh.de\/wp-content\/uploads\/2024\/03\/NEWS_19_Jun_2018_Girls-Day-Picture-800x800-1-36x36.jpg 36w\" sizes=\"(max-width: 800px) 100vw, 800px\" \/><\/a><div class=\"slide-content\"><header class=\"entry-content-header\" aria-label=\"Slide: Ferienarbeiter Juli-September 2018 gesucht.\"><h3 class='slide-entry-title entry-title '  itemprop=\"headline\" ><a href='https:\/\/www.klimmer-gmbh.de\/de\/ferienarbeiter-gesucht-juli-september-2018\/' title='Ferienarbeiter Juli-September 2018 gesucht.'>Ferienarbeiter Juli-September 2018 gesucht.<\/a><\/h3><span class=\"av-vertical-delimiter\"><\/span><\/header><div class=\"slide-meta\"><time class='slide-meta-time updated'  itemprop=\"datePublished\" datetime=\"2018-06-19T09:43:00+02:00\" >19. Juni 2018<\/time><\/div><div class='slide-entry-excerpt entry-content'  itemprop=\"text\" >Sie sind auf der Suche nach einem Ferienjob (Juli-September), arbeiten gerne im Team oder haben Freunde\/Bekannte\/Verwandte, die erste Erfahrungen in der Berufswelt sammeln m\u00f6chten?<div class=\"read-more-link\"><a href=\"https:\/\/www.klimmer-gmbh.de\/de\/ferienarbeiter-gesucht-juli-september-2018\/\" class=\"more-link\">Weiterlesen<span class='more-link-arrow avia-svg-icon avia-font-svg_entypo-fontello' data-av_svg_icon='right-open-big' data-av_iconset='svg_entypo-fontello'><svg version=\"1.1\" xmlns=\"http:\/\/www.w3.org\/2000\/svg\" width=\"15\" height=\"32\" viewBox=\"0 0 15 32\" preserveAspectRatio=\"xMidYMid meet\" role=\"graphics-symbol\" aria-hidden=\"true\">\n<path d=\"M0.416 27.84l11.456-11.84-11.456-11.904q-0.832-0.832 0-1.536 0.832-0.832 1.536 0l12.544 12.608q0.768 0.832 0 1.6l-12.544 12.608q-0.704 0.832-1.536 0-0.832-0.704 0-1.536z\"><\/path>\n<\/svg><\/span><\/a><\/div><\/div><\/div><footer class=\"entry-footer\"><\/footer><span class='hidden'>\n\t\t\t\t<span class='av-structured-data'  itemprop=\"image\" itemscope=\"itemscope\" itemtype=\"https:\/\/schema.org\/ImageObject\" >\n\t\t\t\t\t\t<span itemprop='url'>https:\/\/www.klimmer-gmbh.de\/wp-content\/uploads\/2024\/03\/NEWS_19_Jun_2018_Girls-Day-Picture-800x800-1.jpg<\/span>\n\t\t\t\t\t\t<span itemprop='height'>800<\/span>\n\t\t\t\t\t\t<span itemprop='width'>800<\/span>\n\t\t\t\t<\/span>\n\t\t\t\t<span class='av-structured-data'  itemprop=\"publisher\" itemtype=\"https:\/\/schema.org\/Organization\" itemscope=\"itemscope\" >\n\t\t\t\t\t\t<span itemprop='name'>Agentur Baur<\/span>\n\t\t\t\t\t\t<span itemprop='logo' itemscope itemtype='https:\/\/schema.org\/ImageObject'>\n\t\t\t\t\t\t\t<span itemprop='url'>https:\/\/www.klimmer-gmbh.de\/wp-content\/uploads\/2023\/05\/klimmergmbhde.svg<\/span>\n\t\t\t\t\t\t<\/span>\n\t\t\t\t<\/span><span class='av-structured-data'  itemprop=\"author\" itemscope=\"itemscope\" itemtype=\"https:\/\/schema.org\/Person\" ><span itemprop='name'>Agentur Baur<\/span><\/span><span class='av-structured-data'  itemprop=\"datePublished\" datetime=\"2023-05-27T13:35:19+02:00\" >2018-06-19 09:43:00<\/span><span class='av-structured-data'  itemprop=\"dateModified\" itemtype=\"https:\/\/schema.org\/dateModified\" >2024-03-26 09:48:32<\/span><span class='av-structured-data'  itemprop=\"mainEntityOfPage\" itemtype=\"https:\/\/schema.org\/mainEntityOfPage\" ><span itemprop='name'>Ferienarbeiter Juli-September 2018 gesucht.<\/span><\/span><\/span><\/article><\/div><div class=\"slide-entry-wrap\"><article class='slide-entry flex_column  post-entry post-entry-8057 slide-entry-overview slide-loop-31 slide-parity-odd  av_one_half first real-thumbnail posttype-post post-format-standard'  itemscope=\"itemscope\" itemtype=\"https:\/\/schema.org\/CreativeWork\" ><a href='https:\/\/www.klimmer-gmbh.de\/de\/facebook-praesenz-datenschutzgrundverordnung\/' data-rel='slide-2' class='slide-image' title='FACEBOOK Pr\u00e4senz \/ Datenschutz Grundverordnung.'><img decoding=\"async\" fetchpriority=\"high\" width=\"800\" height=\"800\" src=\"https:\/\/www.klimmer-gmbh.de\/wp-content\/uploads\/2024\/03\/NEWS_11_Jun_2018_klimmer-verwaltung-buero-800x800-1.jpg\" class=\"wp-image-8063 avia-img-lazy-loading-not-8063 attachment-portfolio size-portfolio wp-post-image\" alt=\"\" srcset=\"https:\/\/www.klimmer-gmbh.de\/wp-content\/uploads\/2024\/03\/NEWS_11_Jun_2018_klimmer-verwaltung-buero-800x800-1.jpg 800w, https:\/\/www.klimmer-gmbh.de\/wp-content\/uploads\/2024\/03\/NEWS_11_Jun_2018_klimmer-verwaltung-buero-800x800-1-300x300.jpg 300w, https:\/\/www.klimmer-gmbh.de\/wp-content\/uploads\/2024\/03\/NEWS_11_Jun_2018_klimmer-verwaltung-buero-800x800-1-80x80.jpg 80w, https:\/\/www.klimmer-gmbh.de\/wp-content\/uploads\/2024\/03\/NEWS_11_Jun_2018_klimmer-verwaltung-buero-800x800-1-768x768.jpg 768w, https:\/\/www.klimmer-gmbh.de\/wp-content\/uploads\/2024\/03\/NEWS_11_Jun_2018_klimmer-verwaltung-buero-800x800-1-36x36.jpg 36w\" sizes=\"(max-width: 800px) 100vw, 800px\" \/><\/a><div class=\"slide-content\"><header class=\"entry-content-header\" aria-label=\"Slide: FACEBOOK Pr\u00e4senz \/ Datenschutz Grundverordnung.\"><h3 class='slide-entry-title entry-title '  itemprop=\"headline\" ><a href='https:\/\/www.klimmer-gmbh.de\/de\/facebook-praesenz-datenschutzgrundverordnung\/' title='FACEBOOK Pr\u00e4senz \/ Datenschutz Grundverordnung.'>FACEBOOK Pr\u00e4senz \/ Datenschutz Grundverordnung.<\/a><\/h3><span class=\"av-vertical-delimiter\"><\/span><\/header><div class=\"slide-meta\"><time class='slide-meta-time updated'  itemprop=\"datePublished\" datetime=\"2018-06-11T09:51:00+02:00\" >11. Juni 2018<\/time><\/div><div class='slide-entry-excerpt entry-content'  itemprop=\"text\" >Wir verarbeiten personenbezogene Daten gem\u00e4\u00df den Bestimmungen der europ\u00e4ischen Datenschutz-Grundverordnung.<div class=\"read-more-link\"><a href=\"https:\/\/www.klimmer-gmbh.de\/de\/facebook-praesenz-datenschutzgrundverordnung\/\" class=\"more-link\">Weiterlesen<span class='more-link-arrow avia-svg-icon avia-font-svg_entypo-fontello' data-av_svg_icon='right-open-big' data-av_iconset='svg_entypo-fontello'><svg version=\"1.1\" xmlns=\"http:\/\/www.w3.org\/2000\/svg\" width=\"15\" height=\"32\" viewBox=\"0 0 15 32\" preserveAspectRatio=\"xMidYMid meet\" role=\"graphics-symbol\" aria-hidden=\"true\">\n<path d=\"M0.416 27.84l11.456-11.84-11.456-11.904q-0.832-0.832 0-1.536 0.832-0.832 1.536 0l12.544 12.608q0.768 0.832 0 1.6l-12.544 12.608q-0.704 0.832-1.536 0-0.832-0.704 0-1.536z\"><\/path>\n<\/svg><\/span><\/a><\/div><\/div><\/div><footer class=\"entry-footer\"><\/footer><span class='hidden'>\n\t\t\t\t<span class='av-structured-data'  itemprop=\"image\" itemscope=\"itemscope\" itemtype=\"https:\/\/schema.org\/ImageObject\" >\n\t\t\t\t\t\t<span itemprop='url'>https:\/\/www.klimmer-gmbh.de\/wp-content\/uploads\/2024\/03\/NEWS_11_Jun_2018_klimmer-verwaltung-buero-800x800-1.jpg<\/span>\n\t\t\t\t\t\t<span itemprop='height'>800<\/span>\n\t\t\t\t\t\t<span itemprop='width'>800<\/span>\n\t\t\t\t<\/span>\n\t\t\t\t<span class='av-structured-data'  itemprop=\"publisher\" itemtype=\"https:\/\/schema.org\/Organization\" itemscope=\"itemscope\" >\n\t\t\t\t\t\t<span itemprop='name'>Agentur Baur<\/span>\n\t\t\t\t\t\t<span itemprop='logo' itemscope itemtype='https:\/\/schema.org\/ImageObject'>\n\t\t\t\t\t\t\t<span itemprop='url'>https:\/\/www.klimmer-gmbh.de\/wp-content\/uploads\/2023\/05\/klimmergmbhde.svg<\/span>\n\t\t\t\t\t\t<\/span>\n\t\t\t\t<\/span><span class='av-structured-data'  itemprop=\"author\" itemscope=\"itemscope\" itemtype=\"https:\/\/schema.org\/Person\" ><span itemprop='name'>Agentur Baur<\/span><\/span><span class='av-structured-data'  itemprop=\"datePublished\" datetime=\"2023-05-27T13:35:19+02:00\" >2018-06-11 09:51:00<\/span><span class='av-structured-data'  itemprop=\"dateModified\" itemtype=\"https:\/\/schema.org\/dateModified\" >2024-03-26 09:54:42<\/span><span class='av-structured-data'  itemprop=\"mainEntityOfPage\" itemtype=\"https:\/\/schema.org\/mainEntityOfPage\" ><span itemprop='name'>FACEBOOK Pr\u00e4senz \/ Datenschutz Grundverordnung.<\/span><\/span><\/span><\/article><article class='slide-entry flex_column  post-entry post-entry-8067 slide-entry-overview slide-loop-32 slide-parity-even  av_one_half  real-thumbnail posttype-post post-format-standard'  itemscope=\"itemscope\" itemtype=\"https:\/\/schema.org\/CreativeWork\" ><a href='https:\/\/www.klimmer-gmbh.de\/de\/girls-day-26-04-2018\/' data-rel='slide-2' class='slide-image' title='Girl\u00b4s Day 26.04.2018.'><img decoding=\"async\" fetchpriority=\"high\" width=\"800\" height=\"800\" src=\"https:\/\/www.klimmer-gmbh.de\/wp-content\/uploads\/2024\/03\/NEWS_30_Apr_2018_girls-day-2018-klimmer-burgau-800x800-1.jpg\" class=\"wp-image-8073 avia-img-lazy-loading-not-8073 attachment-portfolio size-portfolio wp-post-image\" alt=\"\" srcset=\"https:\/\/www.klimmer-gmbh.de\/wp-content\/uploads\/2024\/03\/NEWS_30_Apr_2018_girls-day-2018-klimmer-burgau-800x800-1.jpg 800w, https:\/\/www.klimmer-gmbh.de\/wp-content\/uploads\/2024\/03\/NEWS_30_Apr_2018_girls-day-2018-klimmer-burgau-800x800-1-300x300.jpg 300w, https:\/\/www.klimmer-gmbh.de\/wp-content\/uploads\/2024\/03\/NEWS_30_Apr_2018_girls-day-2018-klimmer-burgau-800x800-1-80x80.jpg 80w, https:\/\/www.klimmer-gmbh.de\/wp-content\/uploads\/2024\/03\/NEWS_30_Apr_2018_girls-day-2018-klimmer-burgau-800x800-1-768x768.jpg 768w, https:\/\/www.klimmer-gmbh.de\/wp-content\/uploads\/2024\/03\/NEWS_30_Apr_2018_girls-day-2018-klimmer-burgau-800x800-1-36x36.jpg 36w\" sizes=\"(max-width: 800px) 100vw, 800px\" \/><\/a><div class=\"slide-content\"><header class=\"entry-content-header\" aria-label=\"Slide: Girl\u00b4s Day 26.04.2018.\"><h3 class='slide-entry-title entry-title '  itemprop=\"headline\" ><a href='https:\/\/www.klimmer-gmbh.de\/de\/girls-day-26-04-2018\/' title='Girl\u00b4s Day 26.04.2018.'>Girl\u00b4s Day 26.04.2018.<\/a><\/h3><span class=\"av-vertical-delimiter\"><\/span><\/header><div class=\"slide-meta\"><time class='slide-meta-time updated'  itemprop=\"datePublished\" datetime=\"2018-04-30T09:57:00+02:00\" >30. April 2018<\/time><\/div><div class='slide-entry-excerpt entry-content'  itemprop=\"text\" >Alle Teilnehmerinnen lernten\u00a0hierbei alle Bereiche kennen, die f\u00fcr die Herstellung eines ausgew\u00e4hlten technischen Produktes notwendig sind.<div class=\"read-more-link\"><a href=\"https:\/\/www.klimmer-gmbh.de\/de\/girls-day-26-04-2018\/\" class=\"more-link\">Weiterlesen<span class='more-link-arrow avia-svg-icon avia-font-svg_entypo-fontello' data-av_svg_icon='right-open-big' data-av_iconset='svg_entypo-fontello'><svg version=\"1.1\" xmlns=\"http:\/\/www.w3.org\/2000\/svg\" width=\"15\" height=\"32\" viewBox=\"0 0 15 32\" preserveAspectRatio=\"xMidYMid meet\" role=\"graphics-symbol\" aria-hidden=\"true\">\n<path d=\"M0.416 27.84l11.456-11.84-11.456-11.904q-0.832-0.832 0-1.536 0.832-0.832 1.536 0l12.544 12.608q0.768 0.832 0 1.6l-12.544 12.608q-0.704 0.832-1.536 0-0.832-0.704 0-1.536z\"><\/path>\n<\/svg><\/span><\/a><\/div><\/div><\/div><footer class=\"entry-footer\"><\/footer><span class='hidden'>\n\t\t\t\t<span class='av-structured-data'  itemprop=\"image\" itemscope=\"itemscope\" itemtype=\"https:\/\/schema.org\/ImageObject\" >\n\t\t\t\t\t\t<span itemprop='url'>https:\/\/www.klimmer-gmbh.de\/wp-content\/uploads\/2024\/03\/NEWS_30_Apr_2018_girls-day-2018-klimmer-burgau-800x800-1.jpg<\/span>\n\t\t\t\t\t\t<span itemprop='height'>800<\/span>\n\t\t\t\t\t\t<span itemprop='width'>800<\/span>\n\t\t\t\t<\/span>\n\t\t\t\t<span class='av-structured-data'  itemprop=\"publisher\" itemtype=\"https:\/\/schema.org\/Organization\" itemscope=\"itemscope\" >\n\t\t\t\t\t\t<span itemprop='name'>Agentur Baur<\/span>\n\t\t\t\t\t\t<span itemprop='logo' itemscope itemtype='https:\/\/schema.org\/ImageObject'>\n\t\t\t\t\t\t\t<span itemprop='url'>https:\/\/www.klimmer-gmbh.de\/wp-content\/uploads\/2023\/05\/klimmergmbhde.svg<\/span>\n\t\t\t\t\t\t<\/span>\n\t\t\t\t<\/span><span class='av-structured-data'  itemprop=\"author\" itemscope=\"itemscope\" itemtype=\"https:\/\/schema.org\/Person\" ><span itemprop='name'>Agentur Baur<\/span><\/span><span class='av-structured-data'  itemprop=\"datePublished\" datetime=\"2023-05-27T13:35:19+02:00\" >2018-04-30 09:57:00<\/span><span class='av-structured-data'  itemprop=\"dateModified\" itemtype=\"https:\/\/schema.org\/dateModified\" >2024-03-26 09:59:58<\/span><span class='av-structured-data'  itemprop=\"mainEntityOfPage\" itemtype=\"https:\/\/schema.org\/mainEntityOfPage\" ><span itemprop='name'>Girl\u00b4s Day 26.04.2018.<\/span><\/span><\/span><\/article><\/div><div class=\"slide-entry-wrap\"><article class='slide-entry flex_column  post-entry post-entry-8077 slide-entry-overview slide-loop-33 slide-parity-odd  av_one_half first real-thumbnail posttype-post post-format-standard'  itemscope=\"itemscope\" itemtype=\"https:\/\/schema.org\/CreativeWork\" ><a href='https:\/\/www.klimmer-gmbh.de\/de\/ausbildung-studiengaenge-2018\/' data-rel='slide-2' class='slide-image' title='Lust auf (heavy) metal(l)? Ausbildung und duale Studieng\u00e4nge 2018'><img decoding=\"async\" fetchpriority=\"high\" width=\"800\" height=\"800\" src=\"https:\/\/www.klimmer-gmbh.de\/wp-content\/uploads\/2024\/03\/NEWS_12_Feb_2018_bewerbung-heavy-metal-beruf_800x800.jpg\" class=\"wp-image-8083 avia-img-lazy-loading-not-8083 attachment-portfolio size-portfolio wp-post-image\" alt=\"\" srcset=\"https:\/\/www.klimmer-gmbh.de\/wp-content\/uploads\/2024\/03\/NEWS_12_Feb_2018_bewerbung-heavy-metal-beruf_800x800.jpg 800w, https:\/\/www.klimmer-gmbh.de\/wp-content\/uploads\/2024\/03\/NEWS_12_Feb_2018_bewerbung-heavy-metal-beruf_800x800-300x300.jpg 300w, https:\/\/www.klimmer-gmbh.de\/wp-content\/uploads\/2024\/03\/NEWS_12_Feb_2018_bewerbung-heavy-metal-beruf_800x800-80x80.jpg 80w, https:\/\/www.klimmer-gmbh.de\/wp-content\/uploads\/2024\/03\/NEWS_12_Feb_2018_bewerbung-heavy-metal-beruf_800x800-768x768.jpg 768w, https:\/\/www.klimmer-gmbh.de\/wp-content\/uploads\/2024\/03\/NEWS_12_Feb_2018_bewerbung-heavy-metal-beruf_800x800-36x36.jpg 36w\" sizes=\"(max-width: 800px) 100vw, 800px\" \/><\/a><div class=\"slide-content\"><header class=\"entry-content-header\" aria-label=\"Slide: Lust auf (heavy) metal(l)? Ausbildung und duale Studieng\u00e4nge 2018\"><h3 class='slide-entry-title entry-title '  itemprop=\"headline\" ><a href='https:\/\/www.klimmer-gmbh.de\/de\/ausbildung-studiengaenge-2018\/' title='Lust auf (heavy) metal(l)? Ausbildung und duale Studieng\u00e4nge 2018'>Lust auf (heavy) metal(l)? Ausbildung und duale Studieng\u00e4nge 2018<\/a><\/h3><span class=\"av-vertical-delimiter\"><\/span><\/header><div class=\"slide-meta\"><time class='slide-meta-time updated'  itemprop=\"datePublished\" datetime=\"2018-02-12T10:27:00+01:00\" >12. Februar 2018<\/time><\/div><div class='slide-entry-excerpt entry-content'  itemprop=\"text\" >Du bist auf der Suche nach einer Ausbildung oder einem dualen Studium? Dann komm zu uns!<div class=\"read-more-link\"><a href=\"https:\/\/www.klimmer-gmbh.de\/de\/ausbildung-studiengaenge-2018\/\" class=\"more-link\">Weiterlesen<span class='more-link-arrow avia-svg-icon avia-font-svg_entypo-fontello' data-av_svg_icon='right-open-big' data-av_iconset='svg_entypo-fontello'><svg version=\"1.1\" xmlns=\"http:\/\/www.w3.org\/2000\/svg\" width=\"15\" height=\"32\" viewBox=\"0 0 15 32\" preserveAspectRatio=\"xMidYMid meet\" role=\"graphics-symbol\" aria-hidden=\"true\">\n<path d=\"M0.416 27.84l11.456-11.84-11.456-11.904q-0.832-0.832 0-1.536 0.832-0.832 1.536 0l12.544 12.608q0.768 0.832 0 1.6l-12.544 12.608q-0.704 0.832-1.536 0-0.832-0.704 0-1.536z\"><\/path>\n<\/svg><\/span><\/a><\/div><\/div><\/div><footer class=\"entry-footer\"><\/footer><span class='hidden'>\n\t\t\t\t<span class='av-structured-data'  itemprop=\"image\" itemscope=\"itemscope\" itemtype=\"https:\/\/schema.org\/ImageObject\" >\n\t\t\t\t\t\t<span itemprop='url'>https:\/\/www.klimmer-gmbh.de\/wp-content\/uploads\/2024\/03\/NEWS_12_Feb_2018_bewerbung-heavy-metal-beruf_800x800.jpg<\/span>\n\t\t\t\t\t\t<span itemprop='height'>800<\/span>\n\t\t\t\t\t\t<span itemprop='width'>800<\/span>\n\t\t\t\t<\/span>\n\t\t\t\t<span class='av-structured-data'  itemprop=\"publisher\" itemtype=\"https:\/\/schema.org\/Organization\" itemscope=\"itemscope\" >\n\t\t\t\t\t\t<span itemprop='name'>Agentur Baur<\/span>\n\t\t\t\t\t\t<span itemprop='logo' itemscope itemtype='https:\/\/schema.org\/ImageObject'>\n\t\t\t\t\t\t\t<span itemprop='url'>https:\/\/www.klimmer-gmbh.de\/wp-content\/uploads\/2023\/05\/klimmergmbhde.svg<\/span>\n\t\t\t\t\t\t<\/span>\n\t\t\t\t<\/span><span class='av-structured-data'  itemprop=\"author\" itemscope=\"itemscope\" itemtype=\"https:\/\/schema.org\/Person\" ><span itemprop='name'>Agentur Baur<\/span><\/span><span class='av-structured-data'  itemprop=\"datePublished\" datetime=\"2023-05-27T13:35:19+02:00\" >2018-02-12 10:27:00<\/span><span class='av-structured-data'  itemprop=\"dateModified\" itemtype=\"https:\/\/schema.org\/dateModified\" >2024-03-26 10:38:36<\/span><span class='av-structured-data'  itemprop=\"mainEntityOfPage\" itemtype=\"https:\/\/schema.org\/mainEntityOfPage\" ><span itemprop='name'>Lust auf (heavy) metal(l)? Ausbildung und duale Studieng\u00e4nge 2018<\/span><\/span><\/span><\/article><article class='slide-entry flex_column  post-entry post-entry-8089 slide-entry-overview slide-loop-34 slide-parity-even  av_one_half  real-thumbnail posttype-post post-format-standard'  itemscope=\"itemscope\" itemtype=\"https:\/\/schema.org\/CreativeWork\" ><a href='https:\/\/www.klimmer-gmbh.de\/de\/girls-day-26-04-2018-2\/' data-rel='slide-2' class='slide-image' title='Girl\u00b4s Day am 26. April 2018.'><img decoding=\"async\" fetchpriority=\"high\" width=\"800\" height=\"800\" src=\"https:\/\/www.klimmer-gmbh.de\/wp-content\/uploads\/2024\/03\/NEWS_08_Feb_2018_girlsday-maedchen-zukunftstag_800x800.jpg\" class=\"wp-image-8095 avia-img-lazy-loading-not-8095 attachment-portfolio size-portfolio wp-post-image\" alt=\"\" srcset=\"https:\/\/www.klimmer-gmbh.de\/wp-content\/uploads\/2024\/03\/NEWS_08_Feb_2018_girlsday-maedchen-zukunftstag_800x800.jpg 800w, https:\/\/www.klimmer-gmbh.de\/wp-content\/uploads\/2024\/03\/NEWS_08_Feb_2018_girlsday-maedchen-zukunftstag_800x800-300x300.jpg 300w, https:\/\/www.klimmer-gmbh.de\/wp-content\/uploads\/2024\/03\/NEWS_08_Feb_2018_girlsday-maedchen-zukunftstag_800x800-80x80.jpg 80w, https:\/\/www.klimmer-gmbh.de\/wp-content\/uploads\/2024\/03\/NEWS_08_Feb_2018_girlsday-maedchen-zukunftstag_800x800-768x768.jpg 768w, https:\/\/www.klimmer-gmbh.de\/wp-content\/uploads\/2024\/03\/NEWS_08_Feb_2018_girlsday-maedchen-zukunftstag_800x800-36x36.jpg 36w\" sizes=\"(max-width: 800px) 100vw, 800px\" \/><\/a><div class=\"slide-content\"><header class=\"entry-content-header\" aria-label=\"Slide: Girl\u00b4s Day am 26. April 2018.\"><h3 class='slide-entry-title entry-title '  itemprop=\"headline\" ><a href='https:\/\/www.klimmer-gmbh.de\/de\/girls-day-26-04-2018-2\/' title='Girl\u00b4s Day am 26. April 2018.'>Girl\u00b4s Day am 26. April 2018.<\/a><\/h3><span class=\"av-vertical-delimiter\"><\/span><\/header><div class=\"slide-meta\"><time class='slide-meta-time updated'  itemprop=\"datePublished\" datetime=\"2018-02-08T10:39:00+01:00\" >8. Februar 2018<\/time><\/div><div class='slide-entry-excerpt entry-content'  itemprop=\"text\" >Mach mit beim M\u00e4dchen Zukunftstag!\n\nDu lernst hierbei alle Bereiche kennen, die f\u00fcr die Herstellung eines ausgew\u00e4hlten technischen Produktes notwendig sind.<div class=\"read-more-link\"><a href=\"https:\/\/www.klimmer-gmbh.de\/de\/girls-day-26-04-2018-2\/\" class=\"more-link\">Weiterlesen<span class='more-link-arrow avia-svg-icon avia-font-svg_entypo-fontello' data-av_svg_icon='right-open-big' data-av_iconset='svg_entypo-fontello'><svg version=\"1.1\" xmlns=\"http:\/\/www.w3.org\/2000\/svg\" width=\"15\" height=\"32\" viewBox=\"0 0 15 32\" preserveAspectRatio=\"xMidYMid meet\" role=\"graphics-symbol\" aria-hidden=\"true\">\n<path d=\"M0.416 27.84l11.456-11.84-11.456-11.904q-0.832-0.832 0-1.536 0.832-0.832 1.536 0l12.544 12.608q0.768 0.832 0 1.6l-12.544 12.608q-0.704 0.832-1.536 0-0.832-0.704 0-1.536z\"><\/path>\n<\/svg><\/span><\/a><\/div><\/div><\/div><footer class=\"entry-footer\"><\/footer><span class='hidden'>\n\t\t\t\t<span class='av-structured-data'  itemprop=\"image\" itemscope=\"itemscope\" itemtype=\"https:\/\/schema.org\/ImageObject\" >\n\t\t\t\t\t\t<span itemprop='url'>https:\/\/www.klimmer-gmbh.de\/wp-content\/uploads\/2024\/03\/NEWS_08_Feb_2018_girlsday-maedchen-zukunftstag_800x800.jpg<\/span>\n\t\t\t\t\t\t<span itemprop='height'>800<\/span>\n\t\t\t\t\t\t<span itemprop='width'>800<\/span>\n\t\t\t\t<\/span>\n\t\t\t\t<span class='av-structured-data'  itemprop=\"publisher\" itemtype=\"https:\/\/schema.org\/Organization\" itemscope=\"itemscope\" >\n\t\t\t\t\t\t<span itemprop='name'>Agentur Baur<\/span>\n\t\t\t\t\t\t<span itemprop='logo' itemscope itemtype='https:\/\/schema.org\/ImageObject'>\n\t\t\t\t\t\t\t<span itemprop='url'>https:\/\/www.klimmer-gmbh.de\/wp-content\/uploads\/2023\/05\/klimmergmbhde.svg<\/span>\n\t\t\t\t\t\t<\/span>\n\t\t\t\t<\/span><span class='av-structured-data'  itemprop=\"author\" itemscope=\"itemscope\" itemtype=\"https:\/\/schema.org\/Person\" ><span itemprop='name'>Agentur Baur<\/span><\/span><span class='av-structured-data'  itemprop=\"datePublished\" datetime=\"2023-05-27T13:35:19+02:00\" >2018-02-08 10:39:00<\/span><span class='av-structured-data'  itemprop=\"dateModified\" itemtype=\"https:\/\/schema.org\/dateModified\" >2024-03-26 10:46:10<\/span><span class='av-structured-data'  itemprop=\"mainEntityOfPage\" itemtype=\"https:\/\/schema.org\/mainEntityOfPage\" ><span itemprop='name'>Girl\u00b4s Day am 26. April 2018.<\/span><\/span><\/span><\/article><\/div><div class=\"slide-entry-wrap\"><article class='slide-entry flex_column  post-entry post-entry-8099 slide-entry-overview slide-loop-35 slide-parity-odd  post-entry-last  av_one_half first real-thumbnail posttype-post post-format-standard'  itemscope=\"itemscope\" itemtype=\"https:\/\/schema.org\/CreativeWork\" ><a href='https:\/\/www.klimmer-gmbh.de\/de\/blechexpo-stuttgart-2017\/' data-rel='slide-2' class='slide-image' title='Blechexpo in Stuttgart \/ 07.11. \u2013 10.11.2017.'><img decoding=\"async\" fetchpriority=\"high\" width=\"800\" height=\"800\" src=\"https:\/\/www.klimmer-gmbh.de\/wp-content\/uploads\/2024\/03\/NEWS_15_Nov_2017_Blechexpo-2017-800x800-1.jpg\" class=\"wp-image-8105 avia-img-lazy-loading-not-8105 attachment-portfolio size-portfolio wp-post-image\" alt=\"\" srcset=\"https:\/\/www.klimmer-gmbh.de\/wp-content\/uploads\/2024\/03\/NEWS_15_Nov_2017_Blechexpo-2017-800x800-1.jpg 800w, https:\/\/www.klimmer-gmbh.de\/wp-content\/uploads\/2024\/03\/NEWS_15_Nov_2017_Blechexpo-2017-800x800-1-300x300.jpg 300w, https:\/\/www.klimmer-gmbh.de\/wp-content\/uploads\/2024\/03\/NEWS_15_Nov_2017_Blechexpo-2017-800x800-1-80x80.jpg 80w, https:\/\/www.klimmer-gmbh.de\/wp-content\/uploads\/2024\/03\/NEWS_15_Nov_2017_Blechexpo-2017-800x800-1-768x768.jpg 768w, https:\/\/www.klimmer-gmbh.de\/wp-content\/uploads\/2024\/03\/NEWS_15_Nov_2017_Blechexpo-2017-800x800-1-36x36.jpg 36w\" sizes=\"(max-width: 800px) 100vw, 800px\" \/><\/a><div class=\"slide-content\"><header class=\"entry-content-header\" aria-label=\"Slide: Blechexpo in Stuttgart \/ 07.11. \u2013 10.11.2017.\"><h3 class='slide-entry-title entry-title '  itemprop=\"headline\" ><a href='https:\/\/www.klimmer-gmbh.de\/de\/blechexpo-stuttgart-2017\/' title='Blechexpo in Stuttgart \/ 07.11. \u2013 10.11.2017.'>Blechexpo in Stuttgart \/ 07.11. \u2013 10.11.2017.<\/a><\/h3><span class=\"av-vertical-delimiter\"><\/span><\/header><div class=\"slide-meta\"><time class='slide-meta-time updated'  itemprop=\"datePublished\" datetime=\"2017-11-15T10:46:00+01:00\" >15. November 2017<\/time><\/div><div class='slide-entry-excerpt entry-content'  itemprop=\"text\" >Wir waren Teil der Stuttgarter Messe Blechexpo und erfreuten uns einer starken Nachfrage und einer hohen Besucherfrequenz.<div class=\"read-more-link\"><a href=\"https:\/\/www.klimmer-gmbh.de\/de\/blechexpo-stuttgart-2017\/\" class=\"more-link\">Weiterlesen<span class='more-link-arrow avia-svg-icon avia-font-svg_entypo-fontello' data-av_svg_icon='right-open-big' data-av_iconset='svg_entypo-fontello'><svg version=\"1.1\" xmlns=\"http:\/\/www.w3.org\/2000\/svg\" width=\"15\" height=\"32\" viewBox=\"0 0 15 32\" preserveAspectRatio=\"xMidYMid meet\" role=\"graphics-symbol\" aria-hidden=\"true\">\n<path d=\"M0.416 27.84l11.456-11.84-11.456-11.904q-0.832-0.832 0-1.536 0.832-0.832 1.536 0l12.544 12.608q0.768 0.832 0 1.6l-12.544 12.608q-0.704 0.832-1.536 0-0.832-0.704 0-1.536z\"><\/path>\n<\/svg><\/span><\/a><\/div><\/div><\/div><footer class=\"entry-footer\"><\/footer><span class='hidden'>\n\t\t\t\t<span class='av-structured-data'  itemprop=\"image\" itemscope=\"itemscope\" itemtype=\"https:\/\/schema.org\/ImageObject\" >\n\t\t\t\t\t\t<span itemprop='url'>https:\/\/www.klimmer-gmbh.de\/wp-content\/uploads\/2024\/03\/NEWS_15_Nov_2017_Blechexpo-2017-800x800-1.jpg<\/span>\n\t\t\t\t\t\t<span itemprop='height'>800<\/span>\n\t\t\t\t\t\t<span itemprop='width'>800<\/span>\n\t\t\t\t<\/span>\n\t\t\t\t<span class='av-structured-data'  itemprop=\"publisher\" itemtype=\"https:\/\/schema.org\/Organization\" itemscope=\"itemscope\" >\n\t\t\t\t\t\t<span itemprop='name'>Agentur Baur<\/span>\n\t\t\t\t\t\t<span itemprop='logo' itemscope itemtype='https:\/\/schema.org\/ImageObject'>\n\t\t\t\t\t\t\t<span itemprop='url'>https:\/\/www.klimmer-gmbh.de\/wp-content\/uploads\/2023\/05\/klimmergmbhde.svg<\/span>\n\t\t\t\t\t\t<\/span>\n\t\t\t\t<\/span><span class='av-structured-data'  itemprop=\"author\" itemscope=\"itemscope\" itemtype=\"https:\/\/schema.org\/Person\" ><span itemprop='name'>Agentur Baur<\/span><\/span><span class='av-structured-data'  itemprop=\"datePublished\" datetime=\"2023-05-27T13:35:19+02:00\" >2017-11-15 10:46:00<\/span><span class='av-structured-data'  itemprop=\"dateModified\" itemtype=\"https:\/\/schema.org\/dateModified\" >2024-03-26 11:00:14<\/span><span class='av-structured-data'  itemprop=\"mainEntityOfPage\" itemtype=\"https:\/\/schema.org\/mainEntityOfPage\" ><span itemprop='name'>Blechexpo in Stuttgart \/ 07.11. \u2013 10.11.2017.<\/span><\/span><\/span><\/article><\/div><\/div><\/div>\n<div  data-slideshow-options=\"{&quot;animation&quot;:&quot;fade&quot;,&quot;autoplay&quot;:false,&quot;loop_autoplay&quot;:&quot;once&quot;,&quot;interval&quot;:5,&quot;loop_manual&quot;:&quot;manual-endless&quot;,&quot;autoplay_stopper&quot;:false,&quot;noNavigation&quot;:false,&quot;show_slide_delay&quot;:90}\" class='avia-content-slider avia-content-grid-active avia-content-slider3 avia-content-slider-odd  avia-builder-el-12  el_after_av_blog  avia-builder-el-last  av-slideshow-ui av-control-default   av-no-slider-navigation av-slideshow-manual av-loop-once av-loop-manual-endless  av-desktop-hide av-medium-hide'  itemscope=\"itemscope\" itemtype=\"https:\/\/schema.org\/Blog\" ><div class=\"avia-content-slider-inner\"><div class=\"slide-entry-wrap\"><article class='slide-entry flex_column  post-entry post-entry-9304 slide-entry-overview slide-loop-1 slide-parity-odd  av_fullwidth first real-thumbnail posttype-post post-format-standard'  itemscope=\"itemscope\" itemtype=\"https:\/\/schema.org\/CreativeWork\" ><a href='https:\/\/www.klimmer-gmbh.de\/de\/ehrung-der-jubilare-2025\/' data-rel='slide-3' class='slide-image' title='EHRUNG DER JUBILARE 2025.'><img decoding=\"async\" fetchpriority=\"high\" width=\"800\" height=\"800\" src=\"https:\/\/www.klimmer-gmbh.de\/wp-content\/uploads\/2026\/01\/Klimmer_NewsBeitragsbild_800x800_Jubilare2025-1.jpg\" class=\"wp-image-9315 avia-img-lazy-loading-not-9315 attachment-large size-large wp-post-image\" alt=\"Jubilare der Ernst Klimmer GmbH 2025\" srcset=\"https:\/\/www.klimmer-gmbh.de\/wp-content\/uploads\/2026\/01\/Klimmer_NewsBeitragsbild_800x800_Jubilare2025-1.jpg 800w, https:\/\/www.klimmer-gmbh.de\/wp-content\/uploads\/2026\/01\/Klimmer_NewsBeitragsbild_800x800_Jubilare2025-1-300x300.jpg 300w, https:\/\/www.klimmer-gmbh.de\/wp-content\/uploads\/2026\/01\/Klimmer_NewsBeitragsbild_800x800_Jubilare2025-1-80x80.jpg 80w, https:\/\/www.klimmer-gmbh.de\/wp-content\/uploads\/2026\/01\/Klimmer_NewsBeitragsbild_800x800_Jubilare2025-1-768x768.jpg 768w, https:\/\/www.klimmer-gmbh.de\/wp-content\/uploads\/2026\/01\/Klimmer_NewsBeitragsbild_800x800_Jubilare2025-1-36x36.jpg 36w\" sizes=\"(max-width: 800px) 100vw, 800px\" \/><\/a><div class=\"slide-content\"><header class=\"entry-content-header\" aria-label=\"Slide: EHRUNG DER JUBILARE 2025.\"><h3 class='slide-entry-title entry-title '  itemprop=\"headline\" ><a href='https:\/\/www.klimmer-gmbh.de\/de\/ehrung-der-jubilare-2025\/' title='EHRUNG DER JUBILARE 2025.'>EHRUNG DER JUBILARE 2025.<\/a><\/h3><span class=\"av-vertical-delimiter\"><\/span><\/header><div class=\"slide-meta\"><time class='slide-meta-time updated'  itemprop=\"datePublished\" datetime=\"2026-01-20T11:02:09+01:00\" >20. Januar 2026<\/time><\/div><div class='slide-entry-excerpt entry-content'  itemprop=\"text\" >Ehrung der Jubilare der Ernst Klimmer GmbH am 13.01.2026. Wir sagen Danke f\u00fcr 10, 25 oder sogar 40 Jahre Betriebszugeh\u00f6rigkeit. <div class=\"read-more-link\"><a href=\"https:\/\/www.klimmer-gmbh.de\/de\/ehrung-der-jubilare-2025\/\" class=\"more-link\">Weiterlesen<span class='more-link-arrow avia-svg-icon avia-font-svg_entypo-fontello' data-av_svg_icon='right-open-big' data-av_iconset='svg_entypo-fontello'><svg version=\"1.1\" xmlns=\"http:\/\/www.w3.org\/2000\/svg\" width=\"15\" height=\"32\" viewBox=\"0 0 15 32\" preserveAspectRatio=\"xMidYMid meet\" role=\"graphics-symbol\" aria-hidden=\"true\">\n<path d=\"M0.416 27.84l11.456-11.84-11.456-11.904q-0.832-0.832 0-1.536 0.832-0.832 1.536 0l12.544 12.608q0.768 0.832 0 1.6l-12.544 12.608q-0.704 0.832-1.536 0-0.832-0.704 0-1.536z\"><\/path>\n<\/svg><\/span><\/a><\/div><\/div><\/div><footer class=\"entry-footer\"><\/footer><span class='hidden'>\n\t\t\t\t<span class='av-structured-data'  itemprop=\"image\" itemscope=\"itemscope\" itemtype=\"https:\/\/schema.org\/ImageObject\" >\n\t\t\t\t\t\t<span itemprop='url'>https:\/\/www.klimmer-gmbh.de\/wp-content\/uploads\/2026\/01\/Klimmer_NewsBeitragsbild_800x800_Jubilare2025-1.jpg<\/span>\n\t\t\t\t\t\t<span itemprop='height'>800<\/span>\n\t\t\t\t\t\t<span itemprop='width'>800<\/span>\n\t\t\t\t<\/span>\n\t\t\t\t<span class='av-structured-data'  itemprop=\"publisher\" itemtype=\"https:\/\/schema.org\/Organization\" itemscope=\"itemscope\" >\n\t\t\t\t\t\t<span itemprop='name'>Agentur Baur<\/span>\n\t\t\t\t\t\t<span itemprop='logo' itemscope itemtype='https:\/\/schema.org\/ImageObject'>\n\t\t\t\t\t\t\t<span itemprop='url'>https:\/\/www.klimmer-gmbh.de\/wp-content\/uploads\/2023\/05\/klimmergmbhde.svg<\/span>\n\t\t\t\t\t\t<\/span>\n\t\t\t\t<\/span><span class='av-structured-data'  itemprop=\"author\" itemscope=\"itemscope\" itemtype=\"https:\/\/schema.org\/Person\" ><span itemprop='name'>Agentur Baur<\/span><\/span><span class='av-structured-data'  itemprop=\"datePublished\" datetime=\"2023-05-27T13:35:19+02:00\" >2026-01-20 11:02:09<\/span><span class='av-structured-data'  itemprop=\"dateModified\" itemtype=\"https:\/\/schema.org\/dateModified\" >2026-01-28 11:48:48<\/span><span class='av-structured-data'  itemprop=\"mainEntityOfPage\" itemtype=\"https:\/\/schema.org\/mainEntityOfPage\" ><span itemprop='name'>EHRUNG DER JUBILARE 2025.<\/span><\/span><\/span><\/article><\/div><div class=\"slide-entry-wrap\"><article class='slide-entry flex_column  post-entry post-entry-9037 slide-entry-overview slide-loop-2 slide-parity-odd  av_fullwidth first real-thumbnail posttype-post post-format-standard'  itemscope=\"itemscope\" itemtype=\"https:\/\/schema.org\/CreativeWork\" ><a href='https:\/\/www.klimmer-gmbh.de\/de\/reviewinfotag-ausbildung-und-studium-2025\/' data-rel='slide-3' class='slide-image' title='REVIEW INFOTAG 2025.'><img decoding=\"async\" fetchpriority=\"high\" width=\"800\" height=\"800\" src=\"https:\/\/www.klimmer-gmbh.de\/wp-content\/uploads\/2025\/10\/Klimmer_NewsBeitragsbild_800x800_Infotag2025.jpg\" class=\"wp-image-9046 avia-img-lazy-loading-not-9046 attachment-large size-large wp-post-image\" alt=\"\" srcset=\"https:\/\/www.klimmer-gmbh.de\/wp-content\/uploads\/2025\/10\/Klimmer_NewsBeitragsbild_800x800_Infotag2025.jpg 800w, https:\/\/www.klimmer-gmbh.de\/wp-content\/uploads\/2025\/10\/Klimmer_NewsBeitragsbild_800x800_Infotag2025-300x300.jpg 300w, https:\/\/www.klimmer-gmbh.de\/wp-content\/uploads\/2025\/10\/Klimmer_NewsBeitragsbild_800x800_Infotag2025-80x80.jpg 80w, https:\/\/www.klimmer-gmbh.de\/wp-content\/uploads\/2025\/10\/Klimmer_NewsBeitragsbild_800x800_Infotag2025-768x768.jpg 768w, https:\/\/www.klimmer-gmbh.de\/wp-content\/uploads\/2025\/10\/Klimmer_NewsBeitragsbild_800x800_Infotag2025-36x36.jpg 36w\" sizes=\"(max-width: 800px) 100vw, 800px\" \/><\/a><div class=\"slide-content\"><header class=\"entry-content-header\" aria-label=\"Slide: REVIEW INFOTAG 2025.\"><h3 class='slide-entry-title entry-title '  itemprop=\"headline\" ><a href='https:\/\/www.klimmer-gmbh.de\/de\/reviewinfotag-ausbildung-und-studium-2025\/' title='REVIEW INFOTAG 2025.'>REVIEW INFOTAG 2025.<\/a><\/h3><span class=\"av-vertical-delimiter\"><\/span><\/header><div class=\"slide-meta\"><time class='slide-meta-time updated'  itemprop=\"datePublished\" datetime=\"2025-10-10T12:42:23+02:00\" >10. Oktober 2025<\/time><\/div><div class='slide-entry-excerpt entry-content'  itemprop=\"text\" >INFOTAG BEGEISTERT JUNG UND ALT. Klimmer Group begeistert mit spannenden Aktionen und vielf\u00e4ltigen Infos rund um Ausbildung und Studium<div class=\"read-more-link\"><a href=\"https:\/\/www.klimmer-gmbh.de\/de\/reviewinfotag-ausbildung-und-studium-2025\/\" class=\"more-link\">Weiterlesen<span class='more-link-arrow avia-svg-icon avia-font-svg_entypo-fontello' data-av_svg_icon='right-open-big' data-av_iconset='svg_entypo-fontello'><svg version=\"1.1\" xmlns=\"http:\/\/www.w3.org\/2000\/svg\" width=\"15\" height=\"32\" viewBox=\"0 0 15 32\" preserveAspectRatio=\"xMidYMid meet\" role=\"graphics-symbol\" aria-hidden=\"true\">\n<path d=\"M0.416 27.84l11.456-11.84-11.456-11.904q-0.832-0.832 0-1.536 0.832-0.832 1.536 0l12.544 12.608q0.768 0.832 0 1.6l-12.544 12.608q-0.704 0.832-1.536 0-0.832-0.704 0-1.536z\"><\/path>\n<\/svg><\/span><\/a><\/div><\/div><\/div><footer class=\"entry-footer\"><\/footer><span class='hidden'>\n\t\t\t\t<span class='av-structured-data'  itemprop=\"image\" itemscope=\"itemscope\" itemtype=\"https:\/\/schema.org\/ImageObject\" >\n\t\t\t\t\t\t<span itemprop='url'>https:\/\/www.klimmer-gmbh.de\/wp-content\/uploads\/2025\/10\/Klimmer_NewsBeitragsbild_800x800_Infotag2025.jpg<\/span>\n\t\t\t\t\t\t<span itemprop='height'>800<\/span>\n\t\t\t\t\t\t<span itemprop='width'>800<\/span>\n\t\t\t\t<\/span>\n\t\t\t\t<span class='av-structured-data'  itemprop=\"publisher\" itemtype=\"https:\/\/schema.org\/Organization\" itemscope=\"itemscope\" >\n\t\t\t\t\t\t<span itemprop='name'>Agentur Baur<\/span>\n\t\t\t\t\t\t<span itemprop='logo' itemscope itemtype='https:\/\/schema.org\/ImageObject'>\n\t\t\t\t\t\t\t<span itemprop='url'>https:\/\/www.klimmer-gmbh.de\/wp-content\/uploads\/2023\/05\/klimmergmbhde.svg<\/span>\n\t\t\t\t\t\t<\/span>\n\t\t\t\t<\/span><span class='av-structured-data'  itemprop=\"author\" itemscope=\"itemscope\" itemtype=\"https:\/\/schema.org\/Person\" ><span itemprop='name'>Agentur Baur<\/span><\/span><span class='av-structured-data'  itemprop=\"datePublished\" datetime=\"2023-05-27T13:35:19+02:00\" >2025-10-10 12:42:23<\/span><span class='av-structured-data'  itemprop=\"dateModified\" itemtype=\"https:\/\/schema.org\/dateModified\" >2025-10-10 12:42:25<\/span><span class='av-structured-data'  itemprop=\"mainEntityOfPage\" itemtype=\"https:\/\/schema.org\/mainEntityOfPage\" ><span itemprop='name'>REVIEW INFOTAG 2025.<\/span><\/span><\/span><\/article><\/div><div class=\"slide-entry-wrap\"><article class='slide-entry flex_column  post-entry post-entry-9000 slide-entry-overview slide-loop-3 slide-parity-odd  av_fullwidth first real-thumbnail posttype-post post-format-standard'  itemscope=\"itemscope\" itemtype=\"https:\/\/schema.org\/CreativeWork\" ><a href='https:\/\/www.klimmer-gmbh.de\/de\/infotag-ausbildung-und-studium-2025\/' data-rel='slide-3' class='slide-image' title='INFOTAG AUSBILDUNG UND STUDIUM 2025.'><img decoding=\"async\" fetchpriority=\"high\" width=\"824\" height=\"1030\" src=\"https:\/\/www.klimmer-gmbh.de\/wp-content\/uploads\/2025\/09\/Klimmer_Tag-der-Ausbildung_Pop-Up_2025_RZ-824x1030.jpg\" class=\"wp-image-8960 avia-img-lazy-loading-not-8960 attachment-large size-large wp-post-image\" alt=\"\" srcset=\"https:\/\/www.klimmer-gmbh.de\/wp-content\/uploads\/2025\/09\/Klimmer_Tag-der-Ausbildung_Pop-Up_2025_RZ-824x1030.jpg 824w, https:\/\/www.klimmer-gmbh.de\/wp-content\/uploads\/2025\/09\/Klimmer_Tag-der-Ausbildung_Pop-Up_2025_RZ-240x300.jpg 240w, https:\/\/www.klimmer-gmbh.de\/wp-content\/uploads\/2025\/09\/Klimmer_Tag-der-Ausbildung_Pop-Up_2025_RZ-768x960.jpg 768w, https:\/\/www.klimmer-gmbh.de\/wp-content\/uploads\/2025\/09\/Klimmer_Tag-der-Ausbildung_Pop-Up_2025_RZ-1229x1536.jpg 1229w, https:\/\/www.klimmer-gmbh.de\/wp-content\/uploads\/2025\/09\/Klimmer_Tag-der-Ausbildung_Pop-Up_2025_RZ-1638x2048.jpg 1638w, https:\/\/www.klimmer-gmbh.de\/wp-content\/uploads\/2025\/09\/Klimmer_Tag-der-Ausbildung_Pop-Up_2025_RZ-1200x1500.jpg 1200w\" sizes=\"(max-width: 824px) 100vw, 824px\" \/><\/a><div class=\"slide-content\"><header class=\"entry-content-header\" aria-label=\"Slide: INFOTAG AUSBILDUNG UND STUDIUM 2025.\"><h3 class='slide-entry-title entry-title '  itemprop=\"headline\" ><a href='https:\/\/www.klimmer-gmbh.de\/de\/infotag-ausbildung-und-studium-2025\/' title='INFOTAG AUSBILDUNG UND STUDIUM 2025.'>INFOTAG AUSBILDUNG UND STUDIUM 2025.<\/a><\/h3><span class=\"av-vertical-delimiter\"><\/span><\/header><div class=\"slide-meta\"><time class='slide-meta-time updated'  itemprop=\"datePublished\" datetime=\"2025-09-04T12:20:45+02:00\" >4. September 2025<\/time><\/div><div class='slide-entry-excerpt entry-content'  itemprop=\"text\" >Die Klimmer Group l\u00e4dt alle Interessierten herzlich zum Infotag Ausbildung und Studium am 27. September 2025 von 11 bis 15 Uhr ein. <div class=\"read-more-link\"><a href=\"https:\/\/www.klimmer-gmbh.de\/de\/infotag-ausbildung-und-studium-2025\/\" class=\"more-link\">Weiterlesen<span class='more-link-arrow avia-svg-icon avia-font-svg_entypo-fontello' data-av_svg_icon='right-open-big' data-av_iconset='svg_entypo-fontello'><svg version=\"1.1\" xmlns=\"http:\/\/www.w3.org\/2000\/svg\" width=\"15\" height=\"32\" viewBox=\"0 0 15 32\" preserveAspectRatio=\"xMidYMid meet\" role=\"graphics-symbol\" aria-hidden=\"true\">\n<path d=\"M0.416 27.84l11.456-11.84-11.456-11.904q-0.832-0.832 0-1.536 0.832-0.832 1.536 0l12.544 12.608q0.768 0.832 0 1.6l-12.544 12.608q-0.704 0.832-1.536 0-0.832-0.704 0-1.536z\"><\/path>\n<\/svg><\/span><\/a><\/div><\/div><\/div><footer class=\"entry-footer\"><\/footer><span class='hidden'>\n\t\t\t\t<span class='av-structured-data'  itemprop=\"image\" itemscope=\"itemscope\" itemtype=\"https:\/\/schema.org\/ImageObject\" >\n\t\t\t\t\t\t<span itemprop='url'>https:\/\/www.klimmer-gmbh.de\/wp-content\/uploads\/2025\/09\/Klimmer_Tag-der-Ausbildung_Pop-Up_2025_RZ.jpg<\/span>\n\t\t\t\t\t\t<span itemprop='height'>2700<\/span>\n\t\t\t\t\t\t<span itemprop='width'>2160<\/span>\n\t\t\t\t<\/span>\n\t\t\t\t<span class='av-structured-data'  itemprop=\"publisher\" itemtype=\"https:\/\/schema.org\/Organization\" itemscope=\"itemscope\" >\n\t\t\t\t\t\t<span itemprop='name'>Agentur Baur<\/span>\n\t\t\t\t\t\t<span itemprop='logo' itemscope itemtype='https:\/\/schema.org\/ImageObject'>\n\t\t\t\t\t\t\t<span itemprop='url'>https:\/\/www.klimmer-gmbh.de\/wp-content\/uploads\/2023\/05\/klimmergmbhde.svg<\/span>\n\t\t\t\t\t\t<\/span>\n\t\t\t\t<\/span><span class='av-structured-data'  itemprop=\"author\" itemscope=\"itemscope\" itemtype=\"https:\/\/schema.org\/Person\" ><span itemprop='name'>Agentur Baur<\/span><\/span><span class='av-structured-data'  itemprop=\"datePublished\" datetime=\"2023-05-27T13:35:19+02:00\" >2025-09-04 12:20:45<\/span><span class='av-structured-data'  itemprop=\"dateModified\" itemtype=\"https:\/\/schema.org\/dateModified\" >2025-09-04 12:38:37<\/span><span class='av-structured-data'  itemprop=\"mainEntityOfPage\" itemtype=\"https:\/\/schema.org\/mainEntityOfPage\" ><span itemprop='name'>INFOTAG AUSBILDUNG UND STUDIUM 2025.<\/span><\/span><\/span><\/article><\/div><div class=\"slide-entry-wrap\"><article class='slide-entry flex_column  post-entry post-entry-8972 slide-entry-overview slide-loop-4 slide-parity-odd  av_fullwidth first real-thumbnail posttype-post post-format-standard'  itemscope=\"itemscope\" itemtype=\"https:\/\/schema.org\/CreativeWork\" ><a href='https:\/\/www.klimmer-gmbh.de\/de\/neue-auszubildende-2025\/' data-rel='slide-3' class='slide-image' title='NEUE AUSZUBILDENDE 2025.'><img decoding=\"async\" fetchpriority=\"high\" width=\"1030\" height=\"1030\" src=\"https:\/\/www.klimmer-gmbh.de\/wp-content\/uploads\/2025\/09\/2025_1_Klimmer_Azubis-1030x1030.jpg\" class=\"wp-image-8981 avia-img-lazy-loading-not-8981 attachment-large size-large wp-post-image\" alt=\"\" srcset=\"https:\/\/www.klimmer-gmbh.de\/wp-content\/uploads\/2025\/09\/2025_1_Klimmer_Azubis-1030x1030.jpg 1030w, https:\/\/www.klimmer-gmbh.de\/wp-content\/uploads\/2025\/09\/2025_1_Klimmer_Azubis-300x300.jpg 300w, https:\/\/www.klimmer-gmbh.de\/wp-content\/uploads\/2025\/09\/2025_1_Klimmer_Azubis-80x80.jpg 80w, https:\/\/www.klimmer-gmbh.de\/wp-content\/uploads\/2025\/09\/2025_1_Klimmer_Azubis-768x768.jpg 768w, https:\/\/www.klimmer-gmbh.de\/wp-content\/uploads\/2025\/09\/2025_1_Klimmer_Azubis-1536x1536.jpg 1536w, https:\/\/www.klimmer-gmbh.de\/wp-content\/uploads\/2025\/09\/2025_1_Klimmer_Azubis-36x36.jpg 36w, https:\/\/www.klimmer-gmbh.de\/wp-content\/uploads\/2025\/09\/2025_1_Klimmer_Azubis-1500x1500.jpg 1500w, https:\/\/www.klimmer-gmbh.de\/wp-content\/uploads\/2025\/09\/2025_1_Klimmer_Azubis.jpg 1667w\" sizes=\"(max-width: 1030px) 100vw, 1030px\" \/><\/a><div class=\"slide-content\"><header class=\"entry-content-header\" aria-label=\"Slide: NEUE AUSZUBILDENDE 2025.\"><h3 class='slide-entry-title entry-title '  itemprop=\"headline\" ><a href='https:\/\/www.klimmer-gmbh.de\/de\/neue-auszubildende-2025\/' title='NEUE AUSZUBILDENDE 2025.'>NEUE AUSZUBILDENDE 2025.<\/a><\/h3><span class=\"av-vertical-delimiter\"><\/span><\/header><div class=\"slide-meta\"><time class='slide-meta-time updated'  itemprop=\"datePublished\" datetime=\"2025-09-04T11:47:31+02:00\" >4. September 2025<\/time><\/div><div class='slide-entry-excerpt entry-content'  itemprop=\"text\" >Ein neuer Lebensabschnitt voller Chancen und M\u00f6glichkeiten beginnt f\u00fcr 21 Auszubildende und duale Studierende bei der Klimmer Group.<div class=\"read-more-link\"><a href=\"https:\/\/www.klimmer-gmbh.de\/de\/neue-auszubildende-2025\/\" class=\"more-link\">Weiterlesen<span class='more-link-arrow avia-svg-icon avia-font-svg_entypo-fontello' data-av_svg_icon='right-open-big' data-av_iconset='svg_entypo-fontello'><svg version=\"1.1\" xmlns=\"http:\/\/www.w3.org\/2000\/svg\" width=\"15\" height=\"32\" viewBox=\"0 0 15 32\" preserveAspectRatio=\"xMidYMid meet\" role=\"graphics-symbol\" aria-hidden=\"true\">\n<path d=\"M0.416 27.84l11.456-11.84-11.456-11.904q-0.832-0.832 0-1.536 0.832-0.832 1.536 0l12.544 12.608q0.768 0.832 0 1.6l-12.544 12.608q-0.704 0.832-1.536 0-0.832-0.704 0-1.536z\"><\/path>\n<\/svg><\/span><\/a><\/div><\/div><\/div><footer class=\"entry-footer\"><\/footer><span class='hidden'>\n\t\t\t\t<span class='av-structured-data'  itemprop=\"image\" itemscope=\"itemscope\" itemtype=\"https:\/\/schema.org\/ImageObject\" >\n\t\t\t\t\t\t<span itemprop='url'>https:\/\/www.klimmer-gmbh.de\/wp-content\/uploads\/2025\/09\/2025_1_Klimmer_Azubis.jpg<\/span>\n\t\t\t\t\t\t<span itemprop='height'>1667<\/span>\n\t\t\t\t\t\t<span itemprop='width'>1667<\/span>\n\t\t\t\t<\/span>\n\t\t\t\t<span class='av-structured-data'  itemprop=\"publisher\" itemtype=\"https:\/\/schema.org\/Organization\" itemscope=\"itemscope\" >\n\t\t\t\t\t\t<span itemprop='name'>Agentur Baur<\/span>\n\t\t\t\t\t\t<span itemprop='logo' itemscope itemtype='https:\/\/schema.org\/ImageObject'>\n\t\t\t\t\t\t\t<span itemprop='url'>https:\/\/www.klimmer-gmbh.de\/wp-content\/uploads\/2023\/05\/klimmergmbhde.svg<\/span>\n\t\t\t\t\t\t<\/span>\n\t\t\t\t<\/span><span class='av-structured-data'  itemprop=\"author\" itemscope=\"itemscope\" itemtype=\"https:\/\/schema.org\/Person\" ><span itemprop='name'>Agentur Baur<\/span><\/span><span class='av-structured-data'  itemprop=\"datePublished\" datetime=\"2023-05-27T13:35:19+02:00\" >2025-09-04 11:47:31<\/span><span class='av-structured-data'  itemprop=\"dateModified\" itemtype=\"https:\/\/schema.org\/dateModified\" >2025-09-30 10:12:54<\/span><span class='av-structured-data'  itemprop=\"mainEntityOfPage\" itemtype=\"https:\/\/schema.org\/mainEntityOfPage\" ><span itemprop='name'>NEUE AUSZUBILDENDE 2025.<\/span><\/span><\/span><\/article><\/div><div class=\"slide-entry-wrap\"><article class='slide-entry flex_column  post-entry post-entry-8951 slide-entry-overview slide-loop-5 slide-parity-odd  av_fullwidth first real-thumbnail posttype-post post-format-standard'  itemscope=\"itemscope\" itemtype=\"https:\/\/schema.org\/CreativeWork\" ><a href='https:\/\/www.klimmer-gmbh.de\/de\/azubi-ausflug-2025\/' data-rel='slide-3' class='slide-image' title='AZUBI-AUSFLUG 2025.'><img decoding=\"async\" fetchpriority=\"high\" width=\"1030\" height=\"1030\" src=\"https:\/\/www.klimmer-gmbh.de\/wp-content\/uploads\/2025\/09\/2023_Klimmer_Azubis_Ausflug-1030x1030.jpg\" class=\"wp-image-8956 avia-img-lazy-loading-not-8956 attachment-large size-large wp-post-image\" alt=\"Azubi-Ausflug 2025 der Klimmer Group\" srcset=\"https:\/\/www.klimmer-gmbh.de\/wp-content\/uploads\/2025\/09\/2023_Klimmer_Azubis_Ausflug-1030x1030.jpg 1030w, https:\/\/www.klimmer-gmbh.de\/wp-content\/uploads\/2025\/09\/2023_Klimmer_Azubis_Ausflug-300x300.jpg 300w, https:\/\/www.klimmer-gmbh.de\/wp-content\/uploads\/2025\/09\/2023_Klimmer_Azubis_Ausflug-80x80.jpg 80w, https:\/\/www.klimmer-gmbh.de\/wp-content\/uploads\/2025\/09\/2023_Klimmer_Azubis_Ausflug-768x768.jpg 768w, https:\/\/www.klimmer-gmbh.de\/wp-content\/uploads\/2025\/09\/2023_Klimmer_Azubis_Ausflug-1536x1536.jpg 1536w, https:\/\/www.klimmer-gmbh.de\/wp-content\/uploads\/2025\/09\/2023_Klimmer_Azubis_Ausflug-36x36.jpg 36w, https:\/\/www.klimmer-gmbh.de\/wp-content\/uploads\/2025\/09\/2023_Klimmer_Azubis_Ausflug-1500x1500.jpg 1500w, https:\/\/www.klimmer-gmbh.de\/wp-content\/uploads\/2025\/09\/2023_Klimmer_Azubis_Ausflug.jpg 1667w\" sizes=\"(max-width: 1030px) 100vw, 1030px\" \/><\/a><div class=\"slide-content\"><header class=\"entry-content-header\" aria-label=\"Slide: AZUBI-AUSFLUG 2025.\"><h3 class='slide-entry-title entry-title '  itemprop=\"headline\" ><a href='https:\/\/www.klimmer-gmbh.de\/de\/azubi-ausflug-2025\/' title='AZUBI-AUSFLUG 2025.'>AZUBI-AUSFLUG 2025.<\/a><\/h3><span class=\"av-vertical-delimiter\"><\/span><\/header><div class=\"slide-meta\"><time class='slide-meta-time updated'  itemprop=\"datePublished\" datetime=\"2025-09-04T09:42:00+02:00\" >4. September 2025<\/time><\/div><div class='slide-entry-excerpt entry-content'  itemprop=\"text\" >Azubi-Ausflug 2025: Teamgeist und Erlebnisse in M\u00fcnchen.\nNeue Eindr\u00fccke sammeln, Spa\u00df haben und sich besser kennenlernen.<div class=\"read-more-link\"><a href=\"https:\/\/www.klimmer-gmbh.de\/de\/azubi-ausflug-2025\/\" class=\"more-link\">Weiterlesen<span class='more-link-arrow avia-svg-icon avia-font-svg_entypo-fontello' data-av_svg_icon='right-open-big' data-av_iconset='svg_entypo-fontello'><svg version=\"1.1\" xmlns=\"http:\/\/www.w3.org\/2000\/svg\" width=\"15\" height=\"32\" viewBox=\"0 0 15 32\" preserveAspectRatio=\"xMidYMid meet\" role=\"graphics-symbol\" aria-hidden=\"true\">\n<path d=\"M0.416 27.84l11.456-11.84-11.456-11.904q-0.832-0.832 0-1.536 0.832-0.832 1.536 0l12.544 12.608q0.768 0.832 0 1.6l-12.544 12.608q-0.704 0.832-1.536 0-0.832-0.704 0-1.536z\"><\/path>\n<\/svg><\/span><\/a><\/div><\/div><\/div><footer class=\"entry-footer\"><\/footer><span class='hidden'>\n\t\t\t\t<span class='av-structured-data'  itemprop=\"image\" itemscope=\"itemscope\" itemtype=\"https:\/\/schema.org\/ImageObject\" >\n\t\t\t\t\t\t<span itemprop='url'>https:\/\/www.klimmer-gmbh.de\/wp-content\/uploads\/2025\/09\/2023_Klimmer_Azubis_Ausflug.jpg<\/span>\n\t\t\t\t\t\t<span itemprop='height'>1667<\/span>\n\t\t\t\t\t\t<span itemprop='width'>1667<\/span>\n\t\t\t\t<\/span>\n\t\t\t\t<span class='av-structured-data'  itemprop=\"publisher\" itemtype=\"https:\/\/schema.org\/Organization\" itemscope=\"itemscope\" >\n\t\t\t\t\t\t<span itemprop='name'>Agentur Baur<\/span>\n\t\t\t\t\t\t<span itemprop='logo' itemscope itemtype='https:\/\/schema.org\/ImageObject'>\n\t\t\t\t\t\t\t<span itemprop='url'>https:\/\/www.klimmer-gmbh.de\/wp-content\/uploads\/2023\/05\/klimmergmbhde.svg<\/span>\n\t\t\t\t\t\t<\/span>\n\t\t\t\t<\/span><span class='av-structured-data'  itemprop=\"author\" itemscope=\"itemscope\" itemtype=\"https:\/\/schema.org\/Person\" ><span itemprop='name'>Agentur Baur<\/span><\/span><span class='av-structured-data'  itemprop=\"datePublished\" datetime=\"2023-05-27T13:35:19+02:00\" >2025-09-04 09:42:00<\/span><span class='av-structured-data'  itemprop=\"dateModified\" itemtype=\"https:\/\/schema.org\/dateModified\" >2025-10-30 08:57:25<\/span><span class='av-structured-data'  itemprop=\"mainEntityOfPage\" itemtype=\"https:\/\/schema.org\/mainEntityOfPage\" ><span itemprop='name'>AZUBI-AUSFLUG 2025.<\/span><\/span><\/span><\/article><\/div><div class=\"slide-entry-wrap\"><article class='slide-entry flex_column  post-entry post-entry-8376 slide-entry-overview slide-loop-6 slide-parity-odd  av_fullwidth first real-thumbnail posttype-post post-format-standard'  itemscope=\"itemscope\" itemtype=\"https:\/\/schema.org\/CreativeWork\" ><a href='https:\/\/www.klimmer-gmbh.de\/de\/ehrung-der-jubilare-2024\/' data-rel='slide-3' class='slide-image' title='EHRUNG DER JUBILARE 2024.'><img decoding=\"async\" fetchpriority=\"high\" width=\"800\" height=\"800\" src=\"https:\/\/www.klimmer-gmbh.de\/wp-content\/uploads\/2025\/02\/2025_Klimmer_Jubilare2024_News2.jpg\" class=\"wp-image-8350 avia-img-lazy-loading-not-8350 attachment-large size-large wp-post-image\" alt=\"Jubilare 2024 Ernst Klimmer GmbH\" srcset=\"https:\/\/www.klimmer-gmbh.de\/wp-content\/uploads\/2025\/02\/2025_Klimmer_Jubilare2024_News2.jpg 800w, https:\/\/www.klimmer-gmbh.de\/wp-content\/uploads\/2025\/02\/2025_Klimmer_Jubilare2024_News2-300x300.jpg 300w, https:\/\/www.klimmer-gmbh.de\/wp-content\/uploads\/2025\/02\/2025_Klimmer_Jubilare2024_News2-80x80.jpg 80w, https:\/\/www.klimmer-gmbh.de\/wp-content\/uploads\/2025\/02\/2025_Klimmer_Jubilare2024_News2-768x768.jpg 768w, https:\/\/www.klimmer-gmbh.de\/wp-content\/uploads\/2025\/02\/2025_Klimmer_Jubilare2024_News2-36x36.jpg 36w\" sizes=\"(max-width: 800px) 100vw, 800px\" \/><\/a><div class=\"slide-content\"><header class=\"entry-content-header\" aria-label=\"Slide: EHRUNG DER JUBILARE 2024.\"><h3 class='slide-entry-title entry-title '  itemprop=\"headline\" ><a href='https:\/\/www.klimmer-gmbh.de\/de\/ehrung-der-jubilare-2024\/' title='EHRUNG DER JUBILARE 2024.'>EHRUNG DER JUBILARE 2024.<\/a><\/h3><span class=\"av-vertical-delimiter\"><\/span><\/header><div class=\"slide-meta\"><time class='slide-meta-time updated'  itemprop=\"datePublished\" datetime=\"2025-01-16T13:22:31+01:00\" >16. Januar 2025<\/time><\/div><div class='slide-entry-excerpt entry-content'  itemprop=\"text\" >330 Jahre Erfahrung, Engagement und Treue. Ehrung der Jubilare der Ernst Klimmer GmbH am 16.01.2025.<div class=\"read-more-link\"><a href=\"https:\/\/www.klimmer-gmbh.de\/de\/ehrung-der-jubilare-2024\/\" class=\"more-link\">Weiterlesen<span class='more-link-arrow avia-svg-icon avia-font-svg_entypo-fontello' data-av_svg_icon='right-open-big' data-av_iconset='svg_entypo-fontello'><svg version=\"1.1\" xmlns=\"http:\/\/www.w3.org\/2000\/svg\" width=\"15\" height=\"32\" viewBox=\"0 0 15 32\" preserveAspectRatio=\"xMidYMid meet\" role=\"graphics-symbol\" aria-hidden=\"true\">\n<path d=\"M0.416 27.84l11.456-11.84-11.456-11.904q-0.832-0.832 0-1.536 0.832-0.832 1.536 0l12.544 12.608q0.768 0.832 0 1.6l-12.544 12.608q-0.704 0.832-1.536 0-0.832-0.704 0-1.536z\"><\/path>\n<\/svg><\/span><\/a><\/div><\/div><\/div><footer class=\"entry-footer\"><\/footer><span class='hidden'>\n\t\t\t\t<span class='av-structured-data'  itemprop=\"image\" itemscope=\"itemscope\" itemtype=\"https:\/\/schema.org\/ImageObject\" >\n\t\t\t\t\t\t<span itemprop='url'>https:\/\/www.klimmer-gmbh.de\/wp-content\/uploads\/2025\/02\/2025_Klimmer_Jubilare2024_News2.jpg<\/span>\n\t\t\t\t\t\t<span itemprop='height'>800<\/span>\n\t\t\t\t\t\t<span itemprop='width'>800<\/span>\n\t\t\t\t<\/span>\n\t\t\t\t<span class='av-structured-data'  itemprop=\"publisher\" itemtype=\"https:\/\/schema.org\/Organization\" itemscope=\"itemscope\" >\n\t\t\t\t\t\t<span itemprop='name'>Agentur Baur<\/span>\n\t\t\t\t\t\t<span itemprop='logo' itemscope itemtype='https:\/\/schema.org\/ImageObject'>\n\t\t\t\t\t\t\t<span itemprop='url'>https:\/\/www.klimmer-gmbh.de\/wp-content\/uploads\/2023\/05\/klimmergmbhde.svg<\/span>\n\t\t\t\t\t\t<\/span>\n\t\t\t\t<\/span><span class='av-structured-data'  itemprop=\"author\" itemscope=\"itemscope\" itemtype=\"https:\/\/schema.org\/Person\" ><span itemprop='name'>Agentur Baur<\/span><\/span><span class='av-structured-data'  itemprop=\"datePublished\" datetime=\"2023-05-27T13:35:19+02:00\" >2025-01-16 13:22:31<\/span><span class='av-structured-data'  itemprop=\"dateModified\" itemtype=\"https:\/\/schema.org\/dateModified\" >2025-02-04 13:26:45<\/span><span class='av-structured-data'  itemprop=\"mainEntityOfPage\" itemtype=\"https:\/\/schema.org\/mainEntityOfPage\" ><span itemprop='name'>EHRUNG DER JUBILARE 2024.<\/span><\/span><\/span><\/article><\/div><div class=\"slide-entry-wrap\"><article class='slide-entry flex_column  post-entry post-entry-8366 slide-entry-overview slide-loop-7 slide-parity-odd  av_fullwidth first real-thumbnail posttype-post post-format-standard'  itemscope=\"itemscope\" itemtype=\"https:\/\/schema.org\/CreativeWork\" ><a href='https:\/\/www.klimmer-gmbh.de\/de\/infotag-ausbildung-und-studium\/' data-rel='slide-3' class='slide-image' title='INFOTAG AUSBILDUNG UND STUDIUM.'><img decoding=\"async\" fetchpriority=\"high\" width=\"600\" height=\"600\" src=\"https:\/\/www.klimmer-gmbh.de\/wp-content\/uploads\/2025\/02\/BSB_BWB_Beitrag_Infotag2024_600x600.jpg\" class=\"wp-image-8372 avia-img-lazy-loading-not-8372 attachment-large size-large wp-post-image\" alt=\"\" srcset=\"https:\/\/www.klimmer-gmbh.de\/wp-content\/uploads\/2025\/02\/BSB_BWB_Beitrag_Infotag2024_600x600.jpg 600w, https:\/\/www.klimmer-gmbh.de\/wp-content\/uploads\/2025\/02\/BSB_BWB_Beitrag_Infotag2024_600x600-300x300.jpg 300w, https:\/\/www.klimmer-gmbh.de\/wp-content\/uploads\/2025\/02\/BSB_BWB_Beitrag_Infotag2024_600x600-80x80.jpg 80w, https:\/\/www.klimmer-gmbh.de\/wp-content\/uploads\/2025\/02\/BSB_BWB_Beitrag_Infotag2024_600x600-36x36.jpg 36w\" sizes=\"(max-width: 600px) 100vw, 600px\" \/><\/a><div class=\"slide-content\"><header class=\"entry-content-header\" aria-label=\"Slide: INFOTAG AUSBILDUNG UND STUDIUM.\"><h3 class='slide-entry-title entry-title '  itemprop=\"headline\" ><a href='https:\/\/www.klimmer-gmbh.de\/de\/infotag-ausbildung-und-studium\/' title='INFOTAG AUSBILDUNG UND STUDIUM.'>INFOTAG AUSBILDUNG UND STUDIUM.<\/a><\/h3><span class=\"av-vertical-delimiter\"><\/span><\/header><div class=\"slide-meta\"><time class='slide-meta-time updated'  itemprop=\"datePublished\" datetime=\"2024-11-13T13:14:17+01:00\" >13. November 2024<\/time><\/div><div class='slide-entry-excerpt entry-content'  itemprop=\"text\" >INFOTAG BEGEISTERT JUNG UND ALT.\nKlimmer Group begeistert mit spannenden Aktionen und vielf\u00e4ltigen Infos rund um Ausbildung und Studium.<div class=\"read-more-link\"><a href=\"https:\/\/www.klimmer-gmbh.de\/de\/infotag-ausbildung-und-studium\/\" class=\"more-link\">Weiterlesen<span class='more-link-arrow avia-svg-icon avia-font-svg_entypo-fontello' data-av_svg_icon='right-open-big' data-av_iconset='svg_entypo-fontello'><svg version=\"1.1\" xmlns=\"http:\/\/www.w3.org\/2000\/svg\" width=\"15\" height=\"32\" viewBox=\"0 0 15 32\" preserveAspectRatio=\"xMidYMid meet\" role=\"graphics-symbol\" aria-hidden=\"true\">\n<path d=\"M0.416 27.84l11.456-11.84-11.456-11.904q-0.832-0.832 0-1.536 0.832-0.832 1.536 0l12.544 12.608q0.768 0.832 0 1.6l-12.544 12.608q-0.704 0.832-1.536 0-0.832-0.704 0-1.536z\"><\/path>\n<\/svg><\/span><\/a><\/div><\/div><\/div><footer class=\"entry-footer\"><\/footer><span class='hidden'>\n\t\t\t\t<span class='av-structured-data'  itemprop=\"image\" itemscope=\"itemscope\" itemtype=\"https:\/\/schema.org\/ImageObject\" >\n\t\t\t\t\t\t<span itemprop='url'>https:\/\/www.klimmer-gmbh.de\/wp-content\/uploads\/2025\/02\/BSB_BWB_Beitrag_Infotag2024_600x600.jpg<\/span>\n\t\t\t\t\t\t<span itemprop='height'>600<\/span>\n\t\t\t\t\t\t<span itemprop='width'>600<\/span>\n\t\t\t\t<\/span>\n\t\t\t\t<span class='av-structured-data'  itemprop=\"publisher\" itemtype=\"https:\/\/schema.org\/Organization\" itemscope=\"itemscope\" >\n\t\t\t\t\t\t<span itemprop='name'>Agentur Baur<\/span>\n\t\t\t\t\t\t<span itemprop='logo' itemscope itemtype='https:\/\/schema.org\/ImageObject'>\n\t\t\t\t\t\t\t<span itemprop='url'>https:\/\/www.klimmer-gmbh.de\/wp-content\/uploads\/2023\/05\/klimmergmbhde.svg<\/span>\n\t\t\t\t\t\t<\/span>\n\t\t\t\t<\/span><span class='av-structured-data'  itemprop=\"author\" itemscope=\"itemscope\" itemtype=\"https:\/\/schema.org\/Person\" ><span itemprop='name'>Agentur Baur<\/span><\/span><span class='av-structured-data'  itemprop=\"datePublished\" datetime=\"2023-05-27T13:35:19+02:00\" >2024-11-13 13:14:17<\/span><span class='av-structured-data'  itemprop=\"dateModified\" itemtype=\"https:\/\/schema.org\/dateModified\" >2025-02-04 13:21:55<\/span><span class='av-structured-data'  itemprop=\"mainEntityOfPage\" itemtype=\"https:\/\/schema.org\/mainEntityOfPage\" ><span itemprop='name'>INFOTAG AUSBILDUNG UND STUDIUM.<\/span><\/span><\/span><\/article><\/div><div class=\"slide-entry-wrap\"><article class='slide-entry flex_column  post-entry post-entry-8352 slide-entry-overview slide-loop-8 slide-parity-odd  av_fullwidth first real-thumbnail posttype-post post-format-standard'  itemscope=\"itemscope\" itemtype=\"https:\/\/schema.org\/CreativeWork\" ><a href='https:\/\/www.klimmer-gmbh.de\/de\/infotag-ausbildung-und-studium-2024\/' data-rel='slide-3' class='slide-image' title='INFOTAG AUSBILDUNG UND STUDIUM 2024.'><img decoding=\"async\" fetchpriority=\"high\" width=\"1030\" height=\"865\" src=\"https:\/\/www.klimmer-gmbh.de\/wp-content\/uploads\/2025\/02\/Tag-der-Ausbildung_neben_Text_1250x1050-1030x865.jpg\" class=\"wp-image-8358 avia-img-lazy-loading-not-8358 attachment-large size-large wp-post-image\" alt=\"\" srcset=\"https:\/\/www.klimmer-gmbh.de\/wp-content\/uploads\/2025\/02\/Tag-der-Ausbildung_neben_Text_1250x1050-1030x865.jpg 1030w, https:\/\/www.klimmer-gmbh.de\/wp-content\/uploads\/2025\/02\/Tag-der-Ausbildung_neben_Text_1250x1050-300x252.jpg 300w, https:\/\/www.klimmer-gmbh.de\/wp-content\/uploads\/2025\/02\/Tag-der-Ausbildung_neben_Text_1250x1050-768x645.jpg 768w, https:\/\/www.klimmer-gmbh.de\/wp-content\/uploads\/2025\/02\/Tag-der-Ausbildung_neben_Text_1250x1050.jpg 1250w\" sizes=\"(max-width: 1030px) 100vw, 1030px\" \/><\/a><div class=\"slide-content\"><header class=\"entry-content-header\" aria-label=\"Slide: INFOTAG AUSBILDUNG UND STUDIUM 2024.\"><h3 class='slide-entry-title entry-title '  itemprop=\"headline\" ><a href='https:\/\/www.klimmer-gmbh.de\/de\/infotag-ausbildung-und-studium-2024\/' title='INFOTAG AUSBILDUNG UND STUDIUM 2024.'>INFOTAG AUSBILDUNG UND STUDIUM 2024.<\/a><\/h3><span class=\"av-vertical-delimiter\"><\/span><\/header><div class=\"slide-meta\"><time class='slide-meta-time updated'  itemprop=\"datePublished\" datetime=\"2024-11-08T13:12:15+01:00\" >8. November 2024<\/time><\/div><div class='slide-entry-excerpt entry-content'  itemprop=\"text\" >KARRIERE BEI KLIMMER LIVE ERLEBEN. Die Klimmer Group l\u00e4dt alle Interessierten herzlich zum Infotag Ausbildung & Studium am 9. November 2024 im Geb\u00e4ude der Ernst Klimmer GmbH.<div class=\"read-more-link\"><a href=\"https:\/\/www.klimmer-gmbh.de\/de\/infotag-ausbildung-und-studium-2024\/\" class=\"more-link\">Weiterlesen<span class='more-link-arrow avia-svg-icon avia-font-svg_entypo-fontello' data-av_svg_icon='right-open-big' data-av_iconset='svg_entypo-fontello'><svg version=\"1.1\" xmlns=\"http:\/\/www.w3.org\/2000\/svg\" width=\"15\" height=\"32\" viewBox=\"0 0 15 32\" preserveAspectRatio=\"xMidYMid meet\" role=\"graphics-symbol\" aria-hidden=\"true\">\n<path d=\"M0.416 27.84l11.456-11.84-11.456-11.904q-0.832-0.832 0-1.536 0.832-0.832 1.536 0l12.544 12.608q0.768 0.832 0 1.6l-12.544 12.608q-0.704 0.832-1.536 0-0.832-0.704 0-1.536z\"><\/path>\n<\/svg><\/span><\/a><\/div><\/div><\/div><footer class=\"entry-footer\"><\/footer><span class='hidden'>\n\t\t\t\t<span class='av-structured-data'  itemprop=\"image\" itemscope=\"itemscope\" itemtype=\"https:\/\/schema.org\/ImageObject\" >\n\t\t\t\t\t\t<span itemprop='url'>https:\/\/www.klimmer-gmbh.de\/wp-content\/uploads\/2025\/02\/Tag-der-Ausbildung_neben_Text_1250x1050.jpg<\/span>\n\t\t\t\t\t\t<span itemprop='height'>1050<\/span>\n\t\t\t\t\t\t<span itemprop='width'>1250<\/span>\n\t\t\t\t<\/span>\n\t\t\t\t<span class='av-structured-data'  itemprop=\"publisher\" itemtype=\"https:\/\/schema.org\/Organization\" itemscope=\"itemscope\" >\n\t\t\t\t\t\t<span itemprop='name'>Agentur Baur<\/span>\n\t\t\t\t\t\t<span itemprop='logo' itemscope itemtype='https:\/\/schema.org\/ImageObject'>\n\t\t\t\t\t\t\t<span itemprop='url'>https:\/\/www.klimmer-gmbh.de\/wp-content\/uploads\/2023\/05\/klimmergmbhde.svg<\/span>\n\t\t\t\t\t\t<\/span>\n\t\t\t\t<\/span><span class='av-structured-data'  itemprop=\"author\" itemscope=\"itemscope\" itemtype=\"https:\/\/schema.org\/Person\" ><span itemprop='name'>Agentur Baur<\/span><\/span><span class='av-structured-data'  itemprop=\"datePublished\" datetime=\"2023-05-27T13:35:19+02:00\" >2024-11-08 13:12:15<\/span><span class='av-structured-data'  itemprop=\"dateModified\" itemtype=\"https:\/\/schema.org\/dateModified\" >2025-10-30 09:15:48<\/span><span class='av-structured-data'  itemprop=\"mainEntityOfPage\" itemtype=\"https:\/\/schema.org\/mainEntityOfPage\" ><span itemprop='name'>INFOTAG AUSBILDUNG UND STUDIUM 2024.<\/span><\/span><\/span><\/article><\/div><div class=\"slide-entry-wrap\"><article class='slide-entry flex_column  post-entry post-entry-7615 slide-entry-overview slide-loop-9 slide-parity-odd  av_fullwidth first real-thumbnail posttype-post post-format-standard'  itemscope=\"itemscope\" itemtype=\"https:\/\/schema.org\/CreativeWork\" ><a href='https:\/\/www.klimmer-gmbh.de\/de\/jubilare-2023\/' data-rel='slide-3' class='slide-image' title='EHRUNG DER JUBILARE 2023.'><img decoding=\"async\" fetchpriority=\"high\" width=\"1030\" height=\"1030\" src=\"https:\/\/www.klimmer-gmbh.de\/wp-content\/uploads\/2024\/01\/2023_Klimmer_Jubilare2-1030x1030.jpg\" class=\"wp-image-7621 avia-img-lazy-loading-not-7621 attachment-large size-large wp-post-image\" alt=\"Jubilare 2023\" srcset=\"https:\/\/www.klimmer-gmbh.de\/wp-content\/uploads\/2024\/01\/2023_Klimmer_Jubilare2-1030x1030.jpg 1030w, https:\/\/www.klimmer-gmbh.de\/wp-content\/uploads\/2024\/01\/2023_Klimmer_Jubilare2-300x300.jpg 300w, https:\/\/www.klimmer-gmbh.de\/wp-content\/uploads\/2024\/01\/2023_Klimmer_Jubilare2-80x80.jpg 80w, https:\/\/www.klimmer-gmbh.de\/wp-content\/uploads\/2024\/01\/2023_Klimmer_Jubilare2-768x768.jpg 768w, https:\/\/www.klimmer-gmbh.de\/wp-content\/uploads\/2024\/01\/2023_Klimmer_Jubilare2-1536x1536.jpg 1536w, https:\/\/www.klimmer-gmbh.de\/wp-content\/uploads\/2024\/01\/2023_Klimmer_Jubilare2-36x36.jpg 36w, https:\/\/www.klimmer-gmbh.de\/wp-content\/uploads\/2024\/01\/2023_Klimmer_Jubilare2-1500x1500.jpg 1500w, https:\/\/www.klimmer-gmbh.de\/wp-content\/uploads\/2024\/01\/2023_Klimmer_Jubilare2.jpg 1667w\" sizes=\"(max-width: 1030px) 100vw, 1030px\" \/><\/a><div class=\"slide-content\"><header class=\"entry-content-header\" aria-label=\"Slide: EHRUNG DER JUBILARE 2023.\"><h3 class='slide-entry-title entry-title '  itemprop=\"headline\" ><a href='https:\/\/www.klimmer-gmbh.de\/de\/jubilare-2023\/' title='EHRUNG DER JUBILARE 2023.'>EHRUNG DER JUBILARE 2023.<\/a><\/h3><span class=\"av-vertical-delimiter\"><\/span><\/header><div class=\"slide-meta\"><time class='slide-meta-time updated'  itemprop=\"datePublished\" datetime=\"2024-01-24T09:35:34+01:00\" >24. Januar 2024<\/time><\/div><div class='slide-entry-excerpt entry-content'  itemprop=\"text\" >Ehrung der Jubilare der Ernst Klimmer GmbH am 18.01.2024.<div class=\"read-more-link\"><a href=\"https:\/\/www.klimmer-gmbh.de\/de\/jubilare-2023\/\" class=\"more-link\">Weiterlesen<span class='more-link-arrow avia-svg-icon avia-font-svg_entypo-fontello' data-av_svg_icon='right-open-big' data-av_iconset='svg_entypo-fontello'><svg version=\"1.1\" xmlns=\"http:\/\/www.w3.org\/2000\/svg\" width=\"15\" height=\"32\" viewBox=\"0 0 15 32\" preserveAspectRatio=\"xMidYMid meet\" role=\"graphics-symbol\" aria-hidden=\"true\">\n<path d=\"M0.416 27.84l11.456-11.84-11.456-11.904q-0.832-0.832 0-1.536 0.832-0.832 1.536 0l12.544 12.608q0.768 0.832 0 1.6l-12.544 12.608q-0.704 0.832-1.536 0-0.832-0.704 0-1.536z\"><\/path>\n<\/svg><\/span><\/a><\/div><\/div><\/div><footer class=\"entry-footer\"><\/footer><span class='hidden'>\n\t\t\t\t<span class='av-structured-data'  itemprop=\"image\" itemscope=\"itemscope\" itemtype=\"https:\/\/schema.org\/ImageObject\" >\n\t\t\t\t\t\t<span itemprop='url'>https:\/\/www.klimmer-gmbh.de\/wp-content\/uploads\/2024\/01\/2023_Klimmer_Jubilare2.jpg<\/span>\n\t\t\t\t\t\t<span itemprop='height'>1667<\/span>\n\t\t\t\t\t\t<span itemprop='width'>1667<\/span>\n\t\t\t\t<\/span>\n\t\t\t\t<span class='av-structured-data'  itemprop=\"publisher\" itemtype=\"https:\/\/schema.org\/Organization\" itemscope=\"itemscope\" >\n\t\t\t\t\t\t<span itemprop='name'>Agentur Baur<\/span>\n\t\t\t\t\t\t<span itemprop='logo' itemscope itemtype='https:\/\/schema.org\/ImageObject'>\n\t\t\t\t\t\t\t<span itemprop='url'>https:\/\/www.klimmer-gmbh.de\/wp-content\/uploads\/2023\/05\/klimmergmbhde.svg<\/span>\n\t\t\t\t\t\t<\/span>\n\t\t\t\t<\/span><span class='av-structured-data'  itemprop=\"author\" itemscope=\"itemscope\" itemtype=\"https:\/\/schema.org\/Person\" ><span itemprop='name'>Agentur Baur<\/span><\/span><span class='av-structured-data'  itemprop=\"datePublished\" datetime=\"2023-05-27T13:35:19+02:00\" >2024-01-24 09:35:34<\/span><span class='av-structured-data'  itemprop=\"dateModified\" itemtype=\"https:\/\/schema.org\/dateModified\" >2024-03-25 16:43:11<\/span><span class='av-structured-data'  itemprop=\"mainEntityOfPage\" itemtype=\"https:\/\/schema.org\/mainEntityOfPage\" ><span itemprop='name'>EHRUNG DER JUBILARE 2023.<\/span><\/span><\/span><\/article><\/div><div class=\"slide-entry-wrap\"><article class='slide-entry flex_column  post-entry post-entry-7605 slide-entry-overview slide-loop-10 slide-parity-odd  av_fullwidth first real-thumbnail posttype-post post-format-standard'  itemscope=\"itemscope\" itemtype=\"https:\/\/schema.org\/CreativeWork\" ><a href='https:\/\/www.klimmer-gmbh.de\/de\/ausbildungsvideo-atv\/' data-rel='slide-3' class='slide-image' title='AUSBILDUNGSPROGRAMM AUF A.TV.'><img decoding=\"async\" fetchpriority=\"high\" width=\"800\" height=\"800\" src=\"https:\/\/www.klimmer-gmbh.de\/wp-content\/uploads\/2024\/01\/2023_Klimmer_atv-Beitrag.jpg\" class=\"wp-image-7611 avia-img-lazy-loading-not-7611 attachment-large size-large wp-post-image\" alt=\"Ausbildungsbeitrag a.tv\" srcset=\"https:\/\/www.klimmer-gmbh.de\/wp-content\/uploads\/2024\/01\/2023_Klimmer_atv-Beitrag.jpg 800w, https:\/\/www.klimmer-gmbh.de\/wp-content\/uploads\/2024\/01\/2023_Klimmer_atv-Beitrag-300x300.jpg 300w, https:\/\/www.klimmer-gmbh.de\/wp-content\/uploads\/2024\/01\/2023_Klimmer_atv-Beitrag-80x80.jpg 80w, https:\/\/www.klimmer-gmbh.de\/wp-content\/uploads\/2024\/01\/2023_Klimmer_atv-Beitrag-768x768.jpg 768w, https:\/\/www.klimmer-gmbh.de\/wp-content\/uploads\/2024\/01\/2023_Klimmer_atv-Beitrag-36x36.jpg 36w\" sizes=\"(max-width: 800px) 100vw, 800px\" \/><\/a><div class=\"slide-content\"><header class=\"entry-content-header\" aria-label=\"Slide: AUSBILDUNGSPROGRAMM AUF A.TV.\"><h3 class='slide-entry-title entry-title '  itemprop=\"headline\" ><a href='https:\/\/www.klimmer-gmbh.de\/de\/ausbildungsvideo-atv\/' title='AUSBILDUNGSPROGRAMM AUF A.TV.'>AUSBILDUNGSPROGRAMM AUF A.TV.<\/a><\/h3><span class=\"av-vertical-delimiter\"><\/span><\/header><div class=\"slide-meta\"><time class='slide-meta-time updated'  itemprop=\"datePublished\" datetime=\"2023-10-25T09:20:00+02:00\" >25. Oktober 2023<\/time><\/div><div class='slide-entry-excerpt entry-content'  itemprop=\"text\" >augsburg.tv war bei uns zu Besuch und hat einen tollen Beitrag \u00fcber die Ausbildungsm\u00f6glichkeiten bei der Klimmer Group gedreht. Erfahre, was Dich w\u00e4hrend Deiner Ausbildung bei der Ernst Klimmer GmbH erwartet und worauf Du Dich freuen darfst.<div class=\"read-more-link\"><a href=\"https:\/\/www.klimmer-gmbh.de\/de\/ausbildungsvideo-atv\/\" class=\"more-link\">Weiterlesen<span class='more-link-arrow avia-svg-icon avia-font-svg_entypo-fontello' data-av_svg_icon='right-open-big' data-av_iconset='svg_entypo-fontello'><svg version=\"1.1\" xmlns=\"http:\/\/www.w3.org\/2000\/svg\" width=\"15\" height=\"32\" viewBox=\"0 0 15 32\" preserveAspectRatio=\"xMidYMid meet\" role=\"graphics-symbol\" aria-hidden=\"true\">\n<path d=\"M0.416 27.84l11.456-11.84-11.456-11.904q-0.832-0.832 0-1.536 0.832-0.832 1.536 0l12.544 12.608q0.768 0.832 0 1.6l-12.544 12.608q-0.704 0.832-1.536 0-0.832-0.704 0-1.536z\"><\/path>\n<\/svg><\/span><\/a><\/div><\/div><\/div><footer class=\"entry-footer\"><\/footer><span class='hidden'>\n\t\t\t\t<span class='av-structured-data'  itemprop=\"image\" itemscope=\"itemscope\" itemtype=\"https:\/\/schema.org\/ImageObject\" >\n\t\t\t\t\t\t<span itemprop='url'>https:\/\/www.klimmer-gmbh.de\/wp-content\/uploads\/2024\/01\/2023_Klimmer_atv-Beitrag.jpg<\/span>\n\t\t\t\t\t\t<span itemprop='height'>800<\/span>\n\t\t\t\t\t\t<span itemprop='width'>800<\/span>\n\t\t\t\t<\/span>\n\t\t\t\t<span class='av-structured-data'  itemprop=\"publisher\" itemtype=\"https:\/\/schema.org\/Organization\" itemscope=\"itemscope\" >\n\t\t\t\t\t\t<span itemprop='name'>Agentur Baur<\/span>\n\t\t\t\t\t\t<span itemprop='logo' itemscope itemtype='https:\/\/schema.org\/ImageObject'>\n\t\t\t\t\t\t\t<span itemprop='url'>https:\/\/www.klimmer-gmbh.de\/wp-content\/uploads\/2023\/05\/klimmergmbhde.svg<\/span>\n\t\t\t\t\t\t<\/span>\n\t\t\t\t<\/span><span class='av-structured-data'  itemprop=\"author\" itemscope=\"itemscope\" itemtype=\"https:\/\/schema.org\/Person\" ><span itemprop='name'>Agentur Baur<\/span><\/span><span class='av-structured-data'  itemprop=\"datePublished\" datetime=\"2023-05-27T13:35:19+02:00\" >2023-10-25 09:20:00<\/span><span class='av-structured-data'  itemprop=\"dateModified\" itemtype=\"https:\/\/schema.org\/dateModified\" >2024-01-24 09:30:02<\/span><span class='av-structured-data'  itemprop=\"mainEntityOfPage\" itemtype=\"https:\/\/schema.org\/mainEntityOfPage\" ><span itemprop='name'>AUSBILDUNGSPROGRAMM AUF A.TV.<\/span><\/span><\/span><\/article><\/div><div class=\"slide-entry-wrap\"><article class='slide-entry flex_column  post-entry post-entry-7830 slide-entry-overview slide-loop-11 slide-parity-odd  av_fullwidth first real-thumbnail posttype-post post-format-standard'  itemscope=\"itemscope\" itemtype=\"https:\/\/schema.org\/CreativeWork\" ><a href='https:\/\/www.klimmer-gmbh.de\/de\/neue-azubis-bei-klimmer\/' data-rel='slide-3' class='slide-image' title='NEUE AUSZUBILDENDE 2023.'><img decoding=\"async\" fetchpriority=\"high\" width=\"800\" height=\"800\" src=\"https:\/\/www.klimmer-gmbh.de\/wp-content\/uploads\/2024\/03\/NEWS_5_Sept_2023_Klimmer_Azubis6-800x800-1.jpg\" class=\"wp-image-7836 avia-img-lazy-loading-not-7836 attachment-large size-large wp-post-image\" alt=\"\" srcset=\"https:\/\/www.klimmer-gmbh.de\/wp-content\/uploads\/2024\/03\/NEWS_5_Sept_2023_Klimmer_Azubis6-800x800-1.jpg 800w, https:\/\/www.klimmer-gmbh.de\/wp-content\/uploads\/2024\/03\/NEWS_5_Sept_2023_Klimmer_Azubis6-800x800-1-300x300.jpg 300w, https:\/\/www.klimmer-gmbh.de\/wp-content\/uploads\/2024\/03\/NEWS_5_Sept_2023_Klimmer_Azubis6-800x800-1-80x80.jpg 80w, https:\/\/www.klimmer-gmbh.de\/wp-content\/uploads\/2024\/03\/NEWS_5_Sept_2023_Klimmer_Azubis6-800x800-1-768x768.jpg 768w, https:\/\/www.klimmer-gmbh.de\/wp-content\/uploads\/2024\/03\/NEWS_5_Sept_2023_Klimmer_Azubis6-800x800-1-36x36.jpg 36w\" sizes=\"(max-width: 800px) 100vw, 800px\" \/><\/a><div class=\"slide-content\"><header class=\"entry-content-header\" aria-label=\"Slide: NEUE AUSZUBILDENDE 2023.\"><h3 class='slide-entry-title entry-title '  itemprop=\"headline\" ><a href='https:\/\/www.klimmer-gmbh.de\/de\/neue-azubis-bei-klimmer\/' title='NEUE AUSZUBILDENDE 2023.'>NEUE AUSZUBILDENDE 2023.<\/a><\/h3><span class=\"av-vertical-delimiter\"><\/span><\/header><div class=\"slide-meta\"><time class='slide-meta-time updated'  itemprop=\"datePublished\" datetime=\"2023-09-05T16:58:00+02:00\" >5. September 2023<\/time><\/div><div class='slide-entry-excerpt entry-content'  itemprop=\"text\" >Neue Auszubildende bei der Klimmer Group.<div class=\"read-more-link\"><a href=\"https:\/\/www.klimmer-gmbh.de\/de\/neue-azubis-bei-klimmer\/\" class=\"more-link\">Weiterlesen<span class='more-link-arrow avia-svg-icon avia-font-svg_entypo-fontello' data-av_svg_icon='right-open-big' data-av_iconset='svg_entypo-fontello'><svg version=\"1.1\" xmlns=\"http:\/\/www.w3.org\/2000\/svg\" width=\"15\" height=\"32\" viewBox=\"0 0 15 32\" preserveAspectRatio=\"xMidYMid meet\" role=\"graphics-symbol\" aria-hidden=\"true\">\n<path d=\"M0.416 27.84l11.456-11.84-11.456-11.904q-0.832-0.832 0-1.536 0.832-0.832 1.536 0l12.544 12.608q0.768 0.832 0 1.6l-12.544 12.608q-0.704 0.832-1.536 0-0.832-0.704 0-1.536z\"><\/path>\n<\/svg><\/span><\/a><\/div><\/div><\/div><footer class=\"entry-footer\"><\/footer><span class='hidden'>\n\t\t\t\t<span class='av-structured-data'  itemprop=\"image\" itemscope=\"itemscope\" itemtype=\"https:\/\/schema.org\/ImageObject\" >\n\t\t\t\t\t\t<span itemprop='url'>https:\/\/www.klimmer-gmbh.de\/wp-content\/uploads\/2024\/03\/NEWS_5_Sept_2023_Klimmer_Azubis6-800x800-1.jpg<\/span>\n\t\t\t\t\t\t<span itemprop='height'>800<\/span>\n\t\t\t\t\t\t<span itemprop='width'>800<\/span>\n\t\t\t\t<\/span>\n\t\t\t\t<span class='av-structured-data'  itemprop=\"publisher\" itemtype=\"https:\/\/schema.org\/Organization\" itemscope=\"itemscope\" >\n\t\t\t\t\t\t<span itemprop='name'>Agentur Baur<\/span>\n\t\t\t\t\t\t<span itemprop='logo' itemscope itemtype='https:\/\/schema.org\/ImageObject'>\n\t\t\t\t\t\t\t<span itemprop='url'>https:\/\/www.klimmer-gmbh.de\/wp-content\/uploads\/2023\/05\/klimmergmbhde.svg<\/span>\n\t\t\t\t\t\t<\/span>\n\t\t\t\t<\/span><span class='av-structured-data'  itemprop=\"author\" itemscope=\"itemscope\" itemtype=\"https:\/\/schema.org\/Person\" ><span itemprop='name'>Agentur Baur<\/span><\/span><span class='av-structured-data'  itemprop=\"datePublished\" datetime=\"2023-05-27T13:35:19+02:00\" >2023-09-05 16:58:00<\/span><span class='av-structured-data'  itemprop=\"dateModified\" itemtype=\"https:\/\/schema.org\/dateModified\" >2024-03-26 07:56:44<\/span><span class='av-structured-data'  itemprop=\"mainEntityOfPage\" itemtype=\"https:\/\/schema.org\/mainEntityOfPage\" ><span itemprop='name'>NEUE AUSZUBILDENDE 2023.<\/span><\/span><\/span><\/article><\/div><div class=\"slide-entry-wrap\"><article class='slide-entry flex_column  post-entry post-entry-5160 slide-entry-overview slide-loop-12 slide-parity-odd  av_fullwidth first real-thumbnail posttype-post post-format-standard'  itemscope=\"itemscope\" itemtype=\"https:\/\/schema.org\/CreativeWork\" ><a href='https:\/\/www.klimmer-gmbh.de\/de\/neue-azubis-2022\/' data-rel='slide-3' class='slide-image' title='ADAC GT MASTERS 2023.'><img decoding=\"async\" fetchpriority=\"high\" width=\"800\" height=\"800\" src=\"https:\/\/www.klimmer-gmbh.de\/wp-content\/uploads\/2023\/05\/ADAC_NewsBeitragsbild_800x800.jpg\" class=\"wp-image-7407 avia-img-lazy-loading-not-7407 attachment-large size-large wp-post-image\" alt=\"\" srcset=\"https:\/\/www.klimmer-gmbh.de\/wp-content\/uploads\/2023\/05\/ADAC_NewsBeitragsbild_800x800.jpg 800w, https:\/\/www.klimmer-gmbh.de\/wp-content\/uploads\/2023\/05\/ADAC_NewsBeitragsbild_800x800-300x300.jpg 300w, https:\/\/www.klimmer-gmbh.de\/wp-content\/uploads\/2023\/05\/ADAC_NewsBeitragsbild_800x800-80x80.jpg 80w, https:\/\/www.klimmer-gmbh.de\/wp-content\/uploads\/2023\/05\/ADAC_NewsBeitragsbild_800x800-768x768.jpg 768w, https:\/\/www.klimmer-gmbh.de\/wp-content\/uploads\/2023\/05\/ADAC_NewsBeitragsbild_800x800-36x36.jpg 36w\" sizes=\"(max-width: 800px) 100vw, 800px\" \/><\/a><div class=\"slide-content\"><header class=\"entry-content-header\" aria-label=\"Slide: ADAC GT MASTERS 2023.\"><h3 class='slide-entry-title entry-title '  itemprop=\"headline\" ><a href='https:\/\/www.klimmer-gmbh.de\/de\/neue-azubis-2022\/' title='ADAC GT MASTERS 2023.'>ADAC GT MASTERS 2023.<\/a><\/h3><span class=\"av-vertical-delimiter\"><\/span><\/header><div class=\"slide-meta\"><time class='slide-meta-time updated'  itemprop=\"datePublished\" datetime=\"2023-05-02T09:48:55+02:00\" >2. Mai 2023<\/time><\/div><div class='slide-entry-excerpt entry-content'  itemprop=\"text\" >Die Ernst Klimmer GmbH unterst\u00fctzt auch 2023 das Team JOOS Sportwagentechnik bei den ADAC GT MASTERS.<div class=\"read-more-link\"><a href=\"https:\/\/www.klimmer-gmbh.de\/de\/neue-azubis-2022\/\" class=\"more-link\">Weiterlesen<span class='more-link-arrow avia-svg-icon avia-font-svg_entypo-fontello' data-av_svg_icon='right-open-big' data-av_iconset='svg_entypo-fontello'><svg version=\"1.1\" xmlns=\"http:\/\/www.w3.org\/2000\/svg\" width=\"15\" height=\"32\" viewBox=\"0 0 15 32\" preserveAspectRatio=\"xMidYMid meet\" role=\"graphics-symbol\" aria-hidden=\"true\">\n<path d=\"M0.416 27.84l11.456-11.84-11.456-11.904q-0.832-0.832 0-1.536 0.832-0.832 1.536 0l12.544 12.608q0.768 0.832 0 1.6l-12.544 12.608q-0.704 0.832-1.536 0-0.832-0.704 0-1.536z\"><\/path>\n<\/svg><\/span><\/a><\/div><\/div><\/div><footer class=\"entry-footer\"><\/footer><span class='hidden'>\n\t\t\t\t<span class='av-structured-data'  itemprop=\"image\" itemscope=\"itemscope\" itemtype=\"https:\/\/schema.org\/ImageObject\" >\n\t\t\t\t\t\t<span itemprop='url'>https:\/\/www.klimmer-gmbh.de\/wp-content\/uploads\/2023\/05\/ADAC_NewsBeitragsbild_800x800.jpg<\/span>\n\t\t\t\t\t\t<span itemprop='height'>800<\/span>\n\t\t\t\t\t\t<span itemprop='width'>800<\/span>\n\t\t\t\t<\/span>\n\t\t\t\t<span class='av-structured-data'  itemprop=\"publisher\" itemtype=\"https:\/\/schema.org\/Organization\" itemscope=\"itemscope\" >\n\t\t\t\t\t\t<span itemprop='name'>IT Abteilung BSB BWB<\/span>\n\t\t\t\t\t\t<span itemprop='logo' itemscope itemtype='https:\/\/schema.org\/ImageObject'>\n\t\t\t\t\t\t\t<span itemprop='url'>https:\/\/www.klimmer-gmbh.de\/wp-content\/uploads\/2023\/05\/klimmergmbhde.svg<\/span>\n\t\t\t\t\t\t<\/span>\n\t\t\t\t<\/span><span class='av-structured-data'  itemprop=\"author\" itemscope=\"itemscope\" itemtype=\"https:\/\/schema.org\/Person\" ><span itemprop='name'>IT Abteilung BSB BWB<\/span><\/span><span class='av-structured-data'  itemprop=\"datePublished\" datetime=\"2023-05-27T13:35:19+02:00\" >2023-05-02 09:48:55<\/span><span class='av-structured-data'  itemprop=\"dateModified\" itemtype=\"https:\/\/schema.org\/dateModified\" >2024-03-22 09:48:32<\/span><span class='av-structured-data'  itemprop=\"mainEntityOfPage\" itemtype=\"https:\/\/schema.org\/mainEntityOfPage\" ><span itemprop='name'>ADAC GT MASTERS 2023.<\/span><\/span><\/span><\/article><\/div><div class=\"slide-entry-wrap\"><article class='slide-entry flex_column  post-entry post-entry-7708 slide-entry-overview slide-loop-13 slide-parity-odd  av_fullwidth first real-thumbnail posttype-post post-format-standard'  itemscope=\"itemscope\" itemtype=\"https:\/\/schema.org\/CreativeWork\" ><a href='https:\/\/www.klimmer-gmbh.de\/de\/infomesse-beruf-studium\/' data-rel='slide-3' class='slide-image' title='INFOMESSE BERUF &#038; STUDIUM.'><img decoding=\"async\" fetchpriority=\"high\" width=\"800\" height=\"800\" src=\"https:\/\/www.klimmer-gmbh.de\/wp-content\/uploads\/2024\/03\/NEWS_21_Oktober_2022_PXL_20221008_065017333.MP_-1.jpg\" class=\"wp-image-7712 avia-img-lazy-loading-not-7712 attachment-large size-large wp-post-image\" alt=\"IBS 2022\" srcset=\"https:\/\/www.klimmer-gmbh.de\/wp-content\/uploads\/2024\/03\/NEWS_21_Oktober_2022_PXL_20221008_065017333.MP_-1.jpg 800w, https:\/\/www.klimmer-gmbh.de\/wp-content\/uploads\/2024\/03\/NEWS_21_Oktober_2022_PXL_20221008_065017333.MP_-1-300x300.jpg 300w, https:\/\/www.klimmer-gmbh.de\/wp-content\/uploads\/2024\/03\/NEWS_21_Oktober_2022_PXL_20221008_065017333.MP_-1-80x80.jpg 80w, https:\/\/www.klimmer-gmbh.de\/wp-content\/uploads\/2024\/03\/NEWS_21_Oktober_2022_PXL_20221008_065017333.MP_-1-768x768.jpg 768w, https:\/\/www.klimmer-gmbh.de\/wp-content\/uploads\/2024\/03\/NEWS_21_Oktober_2022_PXL_20221008_065017333.MP_-1-36x36.jpg 36w\" sizes=\"(max-width: 800px) 100vw, 800px\" \/><\/a><div class=\"slide-content\"><header class=\"entry-content-header\" aria-label=\"Slide: INFOMESSE BERUF &amp; STUDIUM.\"><h3 class='slide-entry-title entry-title '  itemprop=\"headline\" ><a href='https:\/\/www.klimmer-gmbh.de\/de\/infomesse-beruf-studium\/' title='INFOMESSE BERUF &#038; STUDIUM.'>INFOMESSE BERUF &#038; STUDIUM.<\/a><\/h3><span class=\"av-vertical-delimiter\"><\/span><\/header><div class=\"slide-meta\"><time class='slide-meta-time updated'  itemprop=\"datePublished\" datetime=\"2022-10-21T09:33:00+02:00\" >21. Oktober 2022<\/time><\/div><div class='slide-entry-excerpt entry-content'  itemprop=\"text\" >Zum 13. mal fand am Samstag den 8.Oktober 2022 in G\u00fcnzburg wieder die Infomesse Beruf und Studium statt und wir waren mit unseren Infost\u00e4nden vertreten.<div class=\"read-more-link\"><a href=\"https:\/\/www.klimmer-gmbh.de\/de\/infomesse-beruf-studium\/\" class=\"more-link\">Weiterlesen<span class='more-link-arrow avia-svg-icon avia-font-svg_entypo-fontello' data-av_svg_icon='right-open-big' data-av_iconset='svg_entypo-fontello'><svg version=\"1.1\" xmlns=\"http:\/\/www.w3.org\/2000\/svg\" width=\"15\" height=\"32\" viewBox=\"0 0 15 32\" preserveAspectRatio=\"xMidYMid meet\" role=\"graphics-symbol\" aria-hidden=\"true\">\n<path d=\"M0.416 27.84l11.456-11.84-11.456-11.904q-0.832-0.832 0-1.536 0.832-0.832 1.536 0l12.544 12.608q0.768 0.832 0 1.6l-12.544 12.608q-0.704 0.832-1.536 0-0.832-0.704 0-1.536z\"><\/path>\n<\/svg><\/span><\/a><\/div><\/div><\/div><footer class=\"entry-footer\"><\/footer><span class='hidden'>\n\t\t\t\t<span class='av-structured-data'  itemprop=\"image\" itemscope=\"itemscope\" itemtype=\"https:\/\/schema.org\/ImageObject\" >\n\t\t\t\t\t\t<span itemprop='url'>https:\/\/www.klimmer-gmbh.de\/wp-content\/uploads\/2024\/03\/NEWS_21_Oktober_2022_PXL_20221008_065017333.MP_-1.jpg<\/span>\n\t\t\t\t\t\t<span itemprop='height'>800<\/span>\n\t\t\t\t\t\t<span itemprop='width'>800<\/span>\n\t\t\t\t<\/span>\n\t\t\t\t<span class='av-structured-data'  itemprop=\"publisher\" itemtype=\"https:\/\/schema.org\/Organization\" itemscope=\"itemscope\" >\n\t\t\t\t\t\t<span itemprop='name'>Agentur Baur<\/span>\n\t\t\t\t\t\t<span itemprop='logo' itemscope itemtype='https:\/\/schema.org\/ImageObject'>\n\t\t\t\t\t\t\t<span itemprop='url'>https:\/\/www.klimmer-gmbh.de\/wp-content\/uploads\/2023\/05\/klimmergmbhde.svg<\/span>\n\t\t\t\t\t\t<\/span>\n\t\t\t\t<\/span><span class='av-structured-data'  itemprop=\"author\" itemscope=\"itemscope\" itemtype=\"https:\/\/schema.org\/Person\" ><span itemprop='name'>Agentur Baur<\/span><\/span><span class='av-structured-data'  itemprop=\"datePublished\" datetime=\"2023-05-27T13:35:19+02:00\" >2022-10-21 09:33:00<\/span><span class='av-structured-data'  itemprop=\"dateModified\" itemtype=\"https:\/\/schema.org\/dateModified\" >2024-03-25 16:43:41<\/span><span class='av-structured-data'  itemprop=\"mainEntityOfPage\" itemtype=\"https:\/\/schema.org\/mainEntityOfPage\" ><span itemprop='name'>INFOMESSE BERUF &#038; STUDIUM.<\/span><\/span><\/span><\/article><\/div><div class=\"slide-entry-wrap\"><article class='slide-entry flex_column  post-entry post-entry-7853 slide-entry-overview slide-loop-14 slide-parity-odd  av_fullwidth first real-thumbnail posttype-post post-format-standard'  itemscope=\"itemscope\" itemtype=\"https:\/\/schema.org\/CreativeWork\" ><a href='https:\/\/www.klimmer-gmbh.de\/de\/neue-azubis-bei-klimmer-group\/' data-rel='slide-3' class='slide-image' title='Unsere neuen Auszubildenden 2022.'><img decoding=\"async\" fetchpriority=\"high\" width=\"800\" height=\"800\" src=\"https:\/\/www.klimmer-gmbh.de\/wp-content\/uploads\/2024\/03\/NEWS_6_Sep_2022_Bild_10.jpg\" class=\"wp-image-7861 avia-img-lazy-loading-not-7861 attachment-large size-large wp-post-image\" alt=\"\" srcset=\"https:\/\/www.klimmer-gmbh.de\/wp-content\/uploads\/2024\/03\/NEWS_6_Sep_2022_Bild_10.jpg 800w, https:\/\/www.klimmer-gmbh.de\/wp-content\/uploads\/2024\/03\/NEWS_6_Sep_2022_Bild_10-300x300.jpg 300w, https:\/\/www.klimmer-gmbh.de\/wp-content\/uploads\/2024\/03\/NEWS_6_Sep_2022_Bild_10-80x80.jpg 80w, https:\/\/www.klimmer-gmbh.de\/wp-content\/uploads\/2024\/03\/NEWS_6_Sep_2022_Bild_10-768x768.jpg 768w, https:\/\/www.klimmer-gmbh.de\/wp-content\/uploads\/2024\/03\/NEWS_6_Sep_2022_Bild_10-36x36.jpg 36w\" sizes=\"(max-width: 800px) 100vw, 800px\" \/><\/a><div class=\"slide-content\"><header class=\"entry-content-header\" aria-label=\"Slide: Unsere neuen Auszubildenden 2022.\"><h3 class='slide-entry-title entry-title '  itemprop=\"headline\" ><a href='https:\/\/www.klimmer-gmbh.de\/de\/neue-azubis-bei-klimmer-group\/' title='Unsere neuen Auszubildenden 2022.'>Unsere neuen Auszubildenden 2022.<\/a><\/h3><span class=\"av-vertical-delimiter\"><\/span><\/header><div class=\"slide-meta\"><time class='slide-meta-time updated'  itemprop=\"datePublished\" datetime=\"2022-09-06T17:10:00+02:00\" >6. September 2022<\/time><\/div><div class='slide-entry-excerpt entry-content'  itemprop=\"text\" >F\u00fcr uns ist es elementar wichtig, verst\u00e4rkt auf eigene Nachwuchskr\u00e4fte zu setzen.<div class=\"read-more-link\"><a href=\"https:\/\/www.klimmer-gmbh.de\/de\/neue-azubis-bei-klimmer-group\/\" class=\"more-link\">Weiterlesen<span class='more-link-arrow avia-svg-icon avia-font-svg_entypo-fontello' data-av_svg_icon='right-open-big' data-av_iconset='svg_entypo-fontello'><svg version=\"1.1\" xmlns=\"http:\/\/www.w3.org\/2000\/svg\" width=\"15\" height=\"32\" viewBox=\"0 0 15 32\" preserveAspectRatio=\"xMidYMid meet\" role=\"graphics-symbol\" aria-hidden=\"true\">\n<path d=\"M0.416 27.84l11.456-11.84-11.456-11.904q-0.832-0.832 0-1.536 0.832-0.832 1.536 0l12.544 12.608q0.768 0.832 0 1.6l-12.544 12.608q-0.704 0.832-1.536 0-0.832-0.704 0-1.536z\"><\/path>\n<\/svg><\/span><\/a><\/div><\/div><\/div><footer class=\"entry-footer\"><\/footer><span class='hidden'>\n\t\t\t\t<span class='av-structured-data'  itemprop=\"image\" itemscope=\"itemscope\" itemtype=\"https:\/\/schema.org\/ImageObject\" >\n\t\t\t\t\t\t<span itemprop='url'>https:\/\/www.klimmer-gmbh.de\/wp-content\/uploads\/2024\/03\/NEWS_6_Sep_2022_Bild_10.jpg<\/span>\n\t\t\t\t\t\t<span itemprop='height'>800<\/span>\n\t\t\t\t\t\t<span itemprop='width'>800<\/span>\n\t\t\t\t<\/span>\n\t\t\t\t<span class='av-structured-data'  itemprop=\"publisher\" itemtype=\"https:\/\/schema.org\/Organization\" itemscope=\"itemscope\" >\n\t\t\t\t\t\t<span itemprop='name'>Agentur Baur<\/span>\n\t\t\t\t\t\t<span itemprop='logo' itemscope itemtype='https:\/\/schema.org\/ImageObject'>\n\t\t\t\t\t\t\t<span itemprop='url'>https:\/\/www.klimmer-gmbh.de\/wp-content\/uploads\/2023\/05\/klimmergmbhde.svg<\/span>\n\t\t\t\t\t\t<\/span>\n\t\t\t\t<\/span><span class='av-structured-data'  itemprop=\"author\" itemscope=\"itemscope\" itemtype=\"https:\/\/schema.org\/Person\" ><span itemprop='name'>Agentur Baur<\/span><\/span><span class='av-structured-data'  itemprop=\"datePublished\" datetime=\"2023-05-27T13:35:19+02:00\" >2022-09-06 17:10:00<\/span><span class='av-structured-data'  itemprop=\"dateModified\" itemtype=\"https:\/\/schema.org\/dateModified\" >2024-03-26 08:23:46<\/span><span class='av-structured-data'  itemprop=\"mainEntityOfPage\" itemtype=\"https:\/\/schema.org\/mainEntityOfPage\" ><span itemprop='name'>Unsere neuen Auszubildenden 2022.<\/span><\/span><\/span><\/article><\/div><div class=\"slide-entry-wrap\"><article class='slide-entry flex_column  post-entry post-entry-1468 slide-entry-overview slide-loop-15 slide-parity-odd  av_fullwidth first real-thumbnail posttype-post post-format-standard'  itemscope=\"itemscope\" itemtype=\"https:\/\/schema.org\/CreativeWork\" ><a href='https:\/\/www.klimmer-gmbh.de\/de\/einbringung-presse\/' data-rel='slide-3' class='slide-image' title='Neue Azubis 2021'><img decoding=\"async\" fetchpriority=\"high\" width=\"800\" height=\"800\" src=\"https:\/\/www.klimmer-gmbh.de\/wp-content\/uploads\/2021\/09\/BSB_BWB_Bild_Azubi_800x800.jpg\" class=\"wp-image-3597 avia-img-lazy-loading-not-3597 attachment-large size-large wp-post-image\" alt=\"Azubis Klimmer BSB BWB\" srcset=\"https:\/\/www.klimmer-gmbh.de\/wp-content\/uploads\/2021\/09\/BSB_BWB_Bild_Azubi_800x800.jpg 800w, https:\/\/www.klimmer-gmbh.de\/wp-content\/uploads\/2021\/09\/BSB_BWB_Bild_Azubi_800x800-300x300.jpg 300w, https:\/\/www.klimmer-gmbh.de\/wp-content\/uploads\/2021\/09\/BSB_BWB_Bild_Azubi_800x800-80x80.jpg 80w, https:\/\/www.klimmer-gmbh.de\/wp-content\/uploads\/2021\/09\/BSB_BWB_Bild_Azubi_800x800-768x768.jpg 768w, https:\/\/www.klimmer-gmbh.de\/wp-content\/uploads\/2021\/09\/BSB_BWB_Bild_Azubi_800x800-36x36.jpg 36w\" sizes=\"(max-width: 800px) 100vw, 800px\" \/><\/a><div class=\"slide-content\"><header class=\"entry-content-header\" aria-label=\"Slide: Neue Azubis 2021\"><h3 class='slide-entry-title entry-title '  itemprop=\"headline\" ><a href='https:\/\/www.klimmer-gmbh.de\/de\/einbringung-presse\/' title='Neue Azubis 2021'>Neue Azubis 2021<\/a><\/h3><span class=\"av-vertical-delimiter\"><\/span><\/header><div class=\"slide-meta\"><time class='slide-meta-time updated'  itemprop=\"datePublished\" datetime=\"2021-09-01T14:10:00+02:00\" >1. September 2021<\/time><\/div><div class='slide-entry-excerpt entry-content'  itemprop=\"text\" >F\u00fcr 8 Auszubildende beginnt ein neuer Lebensabschnitt<div class=\"read-more-link\"><a href=\"https:\/\/www.klimmer-gmbh.de\/de\/einbringung-presse\/\" class=\"more-link\">Weiterlesen<span class='more-link-arrow avia-svg-icon avia-font-svg_entypo-fontello' data-av_svg_icon='right-open-big' data-av_iconset='svg_entypo-fontello'><svg version=\"1.1\" xmlns=\"http:\/\/www.w3.org\/2000\/svg\" width=\"15\" height=\"32\" viewBox=\"0 0 15 32\" preserveAspectRatio=\"xMidYMid meet\" role=\"graphics-symbol\" aria-hidden=\"true\">\n<path d=\"M0.416 27.84l11.456-11.84-11.456-11.904q-0.832-0.832 0-1.536 0.832-0.832 1.536 0l12.544 12.608q0.768 0.832 0 1.6l-12.544 12.608q-0.704 0.832-1.536 0-0.832-0.704 0-1.536z\"><\/path>\n<\/svg><\/span><\/a><\/div><\/div><\/div><footer class=\"entry-footer\"><\/footer><span class='hidden'>\n\t\t\t\t<span class='av-structured-data'  itemprop=\"image\" itemscope=\"itemscope\" itemtype=\"https:\/\/schema.org\/ImageObject\" >\n\t\t\t\t\t\t<span itemprop='url'>https:\/\/www.klimmer-gmbh.de\/wp-content\/uploads\/2021\/09\/BSB_BWB_Bild_Azubi_800x800.jpg<\/span>\n\t\t\t\t\t\t<span itemprop='height'>800<\/span>\n\t\t\t\t\t\t<span itemprop='width'>800<\/span>\n\t\t\t\t<\/span>\n\t\t\t\t<span class='av-structured-data'  itemprop=\"publisher\" itemtype=\"https:\/\/schema.org\/Organization\" itemscope=\"itemscope\" >\n\t\t\t\t\t\t<span itemprop='name'>Agentur Baur<\/span>\n\t\t\t\t\t\t<span itemprop='logo' itemscope itemtype='https:\/\/schema.org\/ImageObject'>\n\t\t\t\t\t\t\t<span itemprop='url'>https:\/\/www.klimmer-gmbh.de\/wp-content\/uploads\/2023\/05\/klimmergmbhde.svg<\/span>\n\t\t\t\t\t\t<\/span>\n\t\t\t\t<\/span><span class='av-structured-data'  itemprop=\"author\" itemscope=\"itemscope\" itemtype=\"https:\/\/schema.org\/Person\" ><span itemprop='name'>Agentur Baur<\/span><\/span><span class='av-structured-data'  itemprop=\"datePublished\" datetime=\"2023-05-27T13:35:19+02:00\" >2021-09-01 14:10:00<\/span><span class='av-structured-data'  itemprop=\"dateModified\" itemtype=\"https:\/\/schema.org\/dateModified\" >2023-05-27 15:57:32<\/span><span class='av-structured-data'  itemprop=\"mainEntityOfPage\" itemtype=\"https:\/\/schema.org\/mainEntityOfPage\" ><span itemprop='name'>Neue Azubis 2021<\/span><\/span><\/span><\/article><\/div><div class=\"slide-entry-wrap\"><article class='slide-entry flex_column  post-entry post-entry-7866 slide-entry-overview slide-loop-16 slide-parity-odd  av_fullwidth first real-thumbnail posttype-post post-format-standard'  itemscope=\"itemscope\" itemtype=\"https:\/\/schema.org\/CreativeWork\" ><a href='https:\/\/www.klimmer-gmbh.de\/de\/mitgliedschaft-der-ernst-klimmer-gmbh\/' data-rel='slide-3' class='slide-image' title='Unternehmensnetzwerk Erfolgsfaktor Familie.'><img decoding=\"async\" fetchpriority=\"high\" width=\"800\" height=\"800\" src=\"https:\/\/www.klimmer-gmbh.de\/wp-content\/uploads\/2024\/03\/newsroom_klimmer-burgau-eingangsbereich.jpg\" class=\"wp-image-7883 avia-img-lazy-loading-not-7883 attachment-large size-large wp-post-image\" alt=\"\" srcset=\"https:\/\/www.klimmer-gmbh.de\/wp-content\/uploads\/2024\/03\/newsroom_klimmer-burgau-eingangsbereich.jpg 800w, https:\/\/www.klimmer-gmbh.de\/wp-content\/uploads\/2024\/03\/newsroom_klimmer-burgau-eingangsbereich-300x300.jpg 300w, https:\/\/www.klimmer-gmbh.de\/wp-content\/uploads\/2024\/03\/newsroom_klimmer-burgau-eingangsbereich-80x80.jpg 80w, https:\/\/www.klimmer-gmbh.de\/wp-content\/uploads\/2024\/03\/newsroom_klimmer-burgau-eingangsbereich-768x768.jpg 768w, https:\/\/www.klimmer-gmbh.de\/wp-content\/uploads\/2024\/03\/newsroom_klimmer-burgau-eingangsbereich-36x36.jpg 36w\" sizes=\"(max-width: 800px) 100vw, 800px\" \/><\/a><div class=\"slide-content\"><header class=\"entry-content-header\" aria-label=\"Slide: Unternehmensnetzwerk Erfolgsfaktor Familie.\"><h3 class='slide-entry-title entry-title '  itemprop=\"headline\" ><a href='https:\/\/www.klimmer-gmbh.de\/de\/mitgliedschaft-der-ernst-klimmer-gmbh\/' title='Unternehmensnetzwerk Erfolgsfaktor Familie.'>Unternehmensnetzwerk Erfolgsfaktor Familie.<\/a><\/h3><span class=\"av-vertical-delimiter\"><\/span><\/header><div class=\"slide-meta\"><time class='slide-meta-time updated'  itemprop=\"datePublished\" datetime=\"2021-06-08T07:21:00+02:00\" >8. Juni 2021<\/time><\/div><div class='slide-entry-excerpt entry-content'  itemprop=\"text\" >Mitgliedschaft der Ernst Klimmer GmbH zu einer familienorientierten Personalpolitik beim Unternehmensnetzwerk Erfolgsfaktor Familie.<div class=\"read-more-link\"><a href=\"https:\/\/www.klimmer-gmbh.de\/de\/mitgliedschaft-der-ernst-klimmer-gmbh\/\" class=\"more-link\">Weiterlesen<span class='more-link-arrow avia-svg-icon avia-font-svg_entypo-fontello' data-av_svg_icon='right-open-big' data-av_iconset='svg_entypo-fontello'><svg version=\"1.1\" xmlns=\"http:\/\/www.w3.org\/2000\/svg\" width=\"15\" height=\"32\" viewBox=\"0 0 15 32\" preserveAspectRatio=\"xMidYMid meet\" role=\"graphics-symbol\" aria-hidden=\"true\">\n<path d=\"M0.416 27.84l11.456-11.84-11.456-11.904q-0.832-0.832 0-1.536 0.832-0.832 1.536 0l12.544 12.608q0.768 0.832 0 1.6l-12.544 12.608q-0.704 0.832-1.536 0-0.832-0.704 0-1.536z\"><\/path>\n<\/svg><\/span><\/a><\/div><\/div><\/div><footer class=\"entry-footer\"><\/footer><span class='hidden'>\n\t\t\t\t<span class='av-structured-data'  itemprop=\"image\" itemscope=\"itemscope\" itemtype=\"https:\/\/schema.org\/ImageObject\" >\n\t\t\t\t\t\t<span itemprop='url'>https:\/\/www.klimmer-gmbh.de\/wp-content\/uploads\/2024\/03\/newsroom_klimmer-burgau-eingangsbereich.jpg<\/span>\n\t\t\t\t\t\t<span itemprop='height'>800<\/span>\n\t\t\t\t\t\t<span itemprop='width'>800<\/span>\n\t\t\t\t<\/span>\n\t\t\t\t<span class='av-structured-data'  itemprop=\"publisher\" itemtype=\"https:\/\/schema.org\/Organization\" itemscope=\"itemscope\" >\n\t\t\t\t\t\t<span itemprop='name'>Agentur Baur<\/span>\n\t\t\t\t\t\t<span itemprop='logo' itemscope itemtype='https:\/\/schema.org\/ImageObject'>\n\t\t\t\t\t\t\t<span itemprop='url'>https:\/\/www.klimmer-gmbh.de\/wp-content\/uploads\/2023\/05\/klimmergmbhde.svg<\/span>\n\t\t\t\t\t\t<\/span>\n\t\t\t\t<\/span><span class='av-structured-data'  itemprop=\"author\" itemscope=\"itemscope\" itemtype=\"https:\/\/schema.org\/Person\" ><span itemprop='name'>Agentur Baur<\/span><\/span><span class='av-structured-data'  itemprop=\"datePublished\" datetime=\"2023-05-27T13:35:19+02:00\" >2021-06-08 07:21:00<\/span><span class='av-structured-data'  itemprop=\"dateModified\" itemtype=\"https:\/\/schema.org\/dateModified\" >2024-03-26 08:08:20<\/span><span class='av-structured-data'  itemprop=\"mainEntityOfPage\" itemtype=\"https:\/\/schema.org\/mainEntityOfPage\" ><span itemprop='name'>Unternehmensnetzwerk Erfolgsfaktor Familie.<\/span><\/span><\/span><\/article><\/div><div class=\"slide-entry-wrap\"><article class='slide-entry flex_column  post-entry post-entry-7934 slide-entry-overview slide-loop-17 slide-parity-odd  av_fullwidth first real-thumbnail posttype-post post-format-standard'  itemscope=\"itemscope\" itemtype=\"https:\/\/schema.org\/CreativeWork\" ><a href='https:\/\/www.klimmer-gmbh.de\/de\/belieferung-europaweit-automobil\/' data-rel='slide-3' class='slide-image' title='Klimmer beliefert Automobilbauer in ganz Europa.'><img decoding=\"async\" fetchpriority=\"high\" width=\"800\" height=\"800\" src=\"https:\/\/www.klimmer-gmbh.de\/wp-content\/uploads\/2024\/03\/NEWS_31_Mai_2021_qualitaet-und-umwelt-klimmer-burgau.jpg\" class=\"wp-image-7891 avia-img-lazy-loading-not-7891 attachment-large size-large wp-post-image\" alt=\"\" srcset=\"https:\/\/www.klimmer-gmbh.de\/wp-content\/uploads\/2024\/03\/NEWS_31_Mai_2021_qualitaet-und-umwelt-klimmer-burgau.jpg 800w, https:\/\/www.klimmer-gmbh.de\/wp-content\/uploads\/2024\/03\/NEWS_31_Mai_2021_qualitaet-und-umwelt-klimmer-burgau-300x300.jpg 300w, https:\/\/www.klimmer-gmbh.de\/wp-content\/uploads\/2024\/03\/NEWS_31_Mai_2021_qualitaet-und-umwelt-klimmer-burgau-80x80.jpg 80w, https:\/\/www.klimmer-gmbh.de\/wp-content\/uploads\/2024\/03\/NEWS_31_Mai_2021_qualitaet-und-umwelt-klimmer-burgau-768x768.jpg 768w, https:\/\/www.klimmer-gmbh.de\/wp-content\/uploads\/2024\/03\/NEWS_31_Mai_2021_qualitaet-und-umwelt-klimmer-burgau-36x36.jpg 36w\" sizes=\"(max-width: 800px) 100vw, 800px\" \/><\/a><div class=\"slide-content\"><header class=\"entry-content-header\" aria-label=\"Slide: Klimmer beliefert Automobilbauer in ganz Europa.\"><h3 class='slide-entry-title entry-title '  itemprop=\"headline\" ><a href='https:\/\/www.klimmer-gmbh.de\/de\/belieferung-europaweit-automobil\/' title='Klimmer beliefert Automobilbauer in ganz Europa.'>Klimmer beliefert Automobilbauer in ganz Europa.<\/a><\/h3><span class=\"av-vertical-delimiter\"><\/span><\/header><div class=\"slide-meta\"><time class='slide-meta-time updated'  itemprop=\"datePublished\" datetime=\"2021-05-31T08:02:00+02:00\" >31. Mai 2021<\/time><\/div><div class='slide-entry-excerpt entry-content'  itemprop=\"text\" >Klimmer beliefert Autobauer in ganz Europa.<div class=\"read-more-link\"><a href=\"https:\/\/www.klimmer-gmbh.de\/de\/belieferung-europaweit-automobil\/\" class=\"more-link\">Weiterlesen<span class='more-link-arrow avia-svg-icon avia-font-svg_entypo-fontello' data-av_svg_icon='right-open-big' data-av_iconset='svg_entypo-fontello'><svg version=\"1.1\" xmlns=\"http:\/\/www.w3.org\/2000\/svg\" width=\"15\" height=\"32\" viewBox=\"0 0 15 32\" preserveAspectRatio=\"xMidYMid meet\" role=\"graphics-symbol\" aria-hidden=\"true\">\n<path d=\"M0.416 27.84l11.456-11.84-11.456-11.904q-0.832-0.832 0-1.536 0.832-0.832 1.536 0l12.544 12.608q0.768 0.832 0 1.6l-12.544 12.608q-0.704 0.832-1.536 0-0.832-0.704 0-1.536z\"><\/path>\n<\/svg><\/span><\/a><\/div><\/div><\/div><footer class=\"entry-footer\"><\/footer><span class='hidden'>\n\t\t\t\t<span class='av-structured-data'  itemprop=\"image\" itemscope=\"itemscope\" itemtype=\"https:\/\/schema.org\/ImageObject\" >\n\t\t\t\t\t\t<span itemprop='url'>https:\/\/www.klimmer-gmbh.de\/wp-content\/uploads\/2024\/03\/NEWS_31_Mai_2021_qualitaet-und-umwelt-klimmer-burgau.jpg<\/span>\n\t\t\t\t\t\t<span itemprop='height'>800<\/span>\n\t\t\t\t\t\t<span itemprop='width'>800<\/span>\n\t\t\t\t<\/span>\n\t\t\t\t<span class='av-structured-data'  itemprop=\"publisher\" itemtype=\"https:\/\/schema.org\/Organization\" itemscope=\"itemscope\" >\n\t\t\t\t\t\t<span itemprop='name'>Agentur Baur<\/span>\n\t\t\t\t\t\t<span itemprop='logo' itemscope itemtype='https:\/\/schema.org\/ImageObject'>\n\t\t\t\t\t\t\t<span itemprop='url'>https:\/\/www.klimmer-gmbh.de\/wp-content\/uploads\/2023\/05\/klimmergmbhde.svg<\/span>\n\t\t\t\t\t\t<\/span>\n\t\t\t\t<\/span><span class='av-structured-data'  itemprop=\"author\" itemscope=\"itemscope\" itemtype=\"https:\/\/schema.org\/Person\" ><span itemprop='name'>Agentur Baur<\/span><\/span><span class='av-structured-data'  itemprop=\"datePublished\" datetime=\"2023-05-27T13:35:19+02:00\" >2021-05-31 08:02:00<\/span><span class='av-structured-data'  itemprop=\"dateModified\" itemtype=\"https:\/\/schema.org\/dateModified\" >2024-03-26 08:07:26<\/span><span class='av-structured-data'  itemprop=\"mainEntityOfPage\" itemtype=\"https:\/\/schema.org\/mainEntityOfPage\" ><span itemprop='name'>Klimmer beliefert Automobilbauer in ganz Europa.<\/span><\/span><\/span><\/article><\/div><div class=\"slide-entry-wrap\"><article class='slide-entry flex_column  post-entry post-entry-7845 slide-entry-overview slide-loop-18 slide-parity-odd  av_fullwidth first real-thumbnail posttype-post post-format-standard'  itemscope=\"itemscope\" itemtype=\"https:\/\/schema.org\/CreativeWork\" ><a href='https:\/\/www.klimmer-gmbh.de\/de\/neue-laser-schweissanlage-ct-conni\/' data-rel='slide-3' class='slide-image' title='Das Fachmagazin \u201eBLECH\u201c \u2013 unsere neue Laser-Schwei\u00dfanlage'><img decoding=\"async\" fetchpriority=\"high\" width=\"750\" height=\"258\" src=\"https:\/\/www.klimmer-gmbh.de\/wp-content\/uploads\/2024\/03\/2_Dez_2020_conni-750x258-1.jpg\" class=\"wp-image-7849 avia-img-lazy-loading-not-7849 attachment-large size-large wp-post-image\" alt=\"\" srcset=\"https:\/\/www.klimmer-gmbh.de\/wp-content\/uploads\/2024\/03\/2_Dez_2020_conni-750x258-1.jpg 750w, https:\/\/www.klimmer-gmbh.de\/wp-content\/uploads\/2024\/03\/2_Dez_2020_conni-750x258-1-300x103.jpg 300w\" sizes=\"(max-width: 750px) 100vw, 750px\" \/><\/a><div class=\"slide-content\"><header class=\"entry-content-header\" aria-label=\"Slide: Das Fachmagazin \u201eBLECH\u201c \u2013 unsere neue Laser-Schwei\u00dfanlage\"><h3 class='slide-entry-title entry-title '  itemprop=\"headline\" ><a href='https:\/\/www.klimmer-gmbh.de\/de\/neue-laser-schweissanlage-ct-conni\/' title='Das Fachmagazin \u201eBLECH\u201c \u2013 unsere neue Laser-Schwei\u00dfanlage'>Das Fachmagazin \u201eBLECH\u201c \u2013 unsere neue Laser-Schwei\u00dfanlage<\/a><\/h3><span class=\"av-vertical-delimiter\"><\/span><\/header><div class=\"slide-meta\"><time class='slide-meta-time updated'  itemprop=\"datePublished\" datetime=\"2020-12-02T17:02:00+01:00\" >2. Dezember 2020<\/time><\/div><div class='slide-entry-excerpt entry-content'  itemprop=\"text\" >Unsere neue Laser-Schwei\u00dfanlage CT-Conni von Conntronic - KLEIN, KOMPAKT und hoch FLEXIBEL<div class=\"read-more-link\"><a href=\"https:\/\/www.klimmer-gmbh.de\/de\/neue-laser-schweissanlage-ct-conni\/\" class=\"more-link\">Weiterlesen<span class='more-link-arrow avia-svg-icon avia-font-svg_entypo-fontello' data-av_svg_icon='right-open-big' data-av_iconset='svg_entypo-fontello'><svg version=\"1.1\" xmlns=\"http:\/\/www.w3.org\/2000\/svg\" width=\"15\" height=\"32\" viewBox=\"0 0 15 32\" preserveAspectRatio=\"xMidYMid meet\" role=\"graphics-symbol\" aria-hidden=\"true\">\n<path d=\"M0.416 27.84l11.456-11.84-11.456-11.904q-0.832-0.832 0-1.536 0.832-0.832 1.536 0l12.544 12.608q0.768 0.832 0 1.6l-12.544 12.608q-0.704 0.832-1.536 0-0.832-0.704 0-1.536z\"><\/path>\n<\/svg><\/span><\/a><\/div><\/div><\/div><footer class=\"entry-footer\"><\/footer><span class='hidden'>\n\t\t\t\t<span class='av-structured-data'  itemprop=\"image\" itemscope=\"itemscope\" itemtype=\"https:\/\/schema.org\/ImageObject\" >\n\t\t\t\t\t\t<span itemprop='url'>https:\/\/www.klimmer-gmbh.de\/wp-content\/uploads\/2024\/03\/2_Dez_2020_conni-750x258-1.jpg<\/span>\n\t\t\t\t\t\t<span itemprop='height'>258<\/span>\n\t\t\t\t\t\t<span itemprop='width'>750<\/span>\n\t\t\t\t<\/span>\n\t\t\t\t<span class='av-structured-data'  itemprop=\"publisher\" itemtype=\"https:\/\/schema.org\/Organization\" itemscope=\"itemscope\" >\n\t\t\t\t\t\t<span itemprop='name'>Agentur Baur<\/span>\n\t\t\t\t\t\t<span itemprop='logo' itemscope itemtype='https:\/\/schema.org\/ImageObject'>\n\t\t\t\t\t\t\t<span itemprop='url'>https:\/\/www.klimmer-gmbh.de\/wp-content\/uploads\/2023\/05\/klimmergmbhde.svg<\/span>\n\t\t\t\t\t\t<\/span>\n\t\t\t\t<\/span><span class='av-structured-data'  itemprop=\"author\" itemscope=\"itemscope\" itemtype=\"https:\/\/schema.org\/Person\" ><span itemprop='name'>Agentur Baur<\/span><\/span><span class='av-structured-data'  itemprop=\"datePublished\" datetime=\"2023-05-27T13:35:19+02:00\" >2020-12-02 17:02:00<\/span><span class='av-structured-data'  itemprop=\"dateModified\" itemtype=\"https:\/\/schema.org\/dateModified\" >2024-03-25 17:08:12<\/span><span class='av-structured-data'  itemprop=\"mainEntityOfPage\" itemtype=\"https:\/\/schema.org\/mainEntityOfPage\" ><span itemprop='name'>Das Fachmagazin \u201eBLECH\u201c \u2013 unsere neue Laser-Schwei\u00dfanlage<\/span><\/span><\/span><\/article><\/div><div class=\"slide-entry-wrap\"><article class='slide-entry flex_column  post-entry post-entry-7871 slide-entry-overview slide-loop-19 slide-parity-odd  av_fullwidth first real-thumbnail posttype-post post-format-standard'  itemscope=\"itemscope\" itemtype=\"https:\/\/schema.org\/CreativeWork\" ><a href='https:\/\/www.klimmer-gmbh.de\/de\/familienstiftung-klimmer-indien\/' data-rel='slide-3' class='slide-image' title='Familienstiftung Klimmer \u2013 Indien \u2013 Child Fund Hilfe f\u00fcr 1.000 indische B\u00e4uerinnen.'><img decoding=\"async\" fetchpriority=\"high\" width=\"800\" height=\"800\" src=\"https:\/\/www.klimmer-gmbh.de\/wp-content\/uploads\/2024\/03\/NEWS_29_Okt_2020_WhatsApp-Image-2020-05-22-at-20.25.59-2.jpg\" class=\"wp-image-7899 avia-img-lazy-loading-not-7899 attachment-large size-large wp-post-image\" alt=\"\" srcset=\"https:\/\/www.klimmer-gmbh.de\/wp-content\/uploads\/2024\/03\/NEWS_29_Okt_2020_WhatsApp-Image-2020-05-22-at-20.25.59-2.jpg 800w, https:\/\/www.klimmer-gmbh.de\/wp-content\/uploads\/2024\/03\/NEWS_29_Okt_2020_WhatsApp-Image-2020-05-22-at-20.25.59-2-300x300.jpg 300w, https:\/\/www.klimmer-gmbh.de\/wp-content\/uploads\/2024\/03\/NEWS_29_Okt_2020_WhatsApp-Image-2020-05-22-at-20.25.59-2-80x80.jpg 80w, https:\/\/www.klimmer-gmbh.de\/wp-content\/uploads\/2024\/03\/NEWS_29_Okt_2020_WhatsApp-Image-2020-05-22-at-20.25.59-2-768x768.jpg 768w, https:\/\/www.klimmer-gmbh.de\/wp-content\/uploads\/2024\/03\/NEWS_29_Okt_2020_WhatsApp-Image-2020-05-22-at-20.25.59-2-36x36.jpg 36w\" sizes=\"(max-width: 800px) 100vw, 800px\" \/><\/a><div class=\"slide-content\"><header class=\"entry-content-header\" aria-label=\"Slide: Familienstiftung Klimmer \u2013 Indien \u2013 Child Fund Hilfe f\u00fcr 1.000 indische B\u00e4uerinnen.\"><h3 class='slide-entry-title entry-title '  itemprop=\"headline\" ><a href='https:\/\/www.klimmer-gmbh.de\/de\/familienstiftung-klimmer-indien\/' title='Familienstiftung Klimmer \u2013 Indien \u2013 Child Fund Hilfe f\u00fcr 1.000 indische B\u00e4uerinnen.'>Familienstiftung Klimmer \u2013 Indien \u2013 Child Fund Hilfe f\u00fcr 1.000 indische B\u00e4uerinnen.<\/a><\/h3><span class=\"av-vertical-delimiter\"><\/span><\/header><div class=\"slide-meta\"><time class='slide-meta-time updated'  itemprop=\"datePublished\" datetime=\"2020-10-29T07:21:00+01:00\" >29. Oktober 2020<\/time><\/div><div class='slide-entry-excerpt entry-content'  itemprop=\"text\" >Familienstiftung Klimmer \u2013 Indien \u2013 Child Fund Hilfe f\u00fcr 1.000 indische B\u00e4uerinnen.<div class=\"read-more-link\"><a href=\"https:\/\/www.klimmer-gmbh.de\/de\/familienstiftung-klimmer-indien\/\" class=\"more-link\">Weiterlesen<span class='more-link-arrow avia-svg-icon avia-font-svg_entypo-fontello' data-av_svg_icon='right-open-big' data-av_iconset='svg_entypo-fontello'><svg version=\"1.1\" xmlns=\"http:\/\/www.w3.org\/2000\/svg\" width=\"15\" height=\"32\" viewBox=\"0 0 15 32\" preserveAspectRatio=\"xMidYMid meet\" role=\"graphics-symbol\" aria-hidden=\"true\">\n<path d=\"M0.416 27.84l11.456-11.84-11.456-11.904q-0.832-0.832 0-1.536 0.832-0.832 1.536 0l12.544 12.608q0.768 0.832 0 1.6l-12.544 12.608q-0.704 0.832-1.536 0-0.832-0.704 0-1.536z\"><\/path>\n<\/svg><\/span><\/a><\/div><\/div><\/div><footer class=\"entry-footer\"><\/footer><span class='hidden'>\n\t\t\t\t<span class='av-structured-data'  itemprop=\"image\" itemscope=\"itemscope\" itemtype=\"https:\/\/schema.org\/ImageObject\" >\n\t\t\t\t\t\t<span itemprop='url'>https:\/\/www.klimmer-gmbh.de\/wp-content\/uploads\/2024\/03\/NEWS_29_Okt_2020_WhatsApp-Image-2020-05-22-at-20.25.59-2.jpg<\/span>\n\t\t\t\t\t\t<span itemprop='height'>800<\/span>\n\t\t\t\t\t\t<span itemprop='width'>800<\/span>\n\t\t\t\t<\/span>\n\t\t\t\t<span class='av-structured-data'  itemprop=\"publisher\" itemtype=\"https:\/\/schema.org\/Organization\" itemscope=\"itemscope\" >\n\t\t\t\t\t\t<span itemprop='name'>Agentur Baur<\/span>\n\t\t\t\t\t\t<span itemprop='logo' itemscope itemtype='https:\/\/schema.org\/ImageObject'>\n\t\t\t\t\t\t\t<span itemprop='url'>https:\/\/www.klimmer-gmbh.de\/wp-content\/uploads\/2023\/05\/klimmergmbhde.svg<\/span>\n\t\t\t\t\t\t<\/span>\n\t\t\t\t<\/span><span class='av-structured-data'  itemprop=\"author\" itemscope=\"itemscope\" itemtype=\"https:\/\/schema.org\/Person\" ><span itemprop='name'>Agentur Baur<\/span><\/span><span class='av-structured-data'  itemprop=\"datePublished\" datetime=\"2023-05-27T13:35:19+02:00\" >2020-10-29 07:21:00<\/span><span class='av-structured-data'  itemprop=\"dateModified\" itemtype=\"https:\/\/schema.org\/dateModified\" >2024-03-26 07:36:16<\/span><span class='av-structured-data'  itemprop=\"mainEntityOfPage\" itemtype=\"https:\/\/schema.org\/mainEntityOfPage\" ><span itemprop='name'>Familienstiftung Klimmer \u2013 Indien \u2013 Child Fund Hilfe f\u00fcr 1.000 indische B\u00e4uerinnen.<\/span><\/span><\/span><\/article><\/div><div class=\"slide-entry-wrap\"><article class='slide-entry flex_column  post-entry post-entry-259 slide-entry-overview slide-loop-20 slide-parity-odd  av_fullwidth first real-thumbnail posttype-post post-format-standard'  itemscope=\"itemscope\" itemtype=\"https:\/\/schema.org\/CreativeWork\" ><a href='https:\/\/www.klimmer-gmbh.de\/de\/klimmer-burgau-beteiligt-sich-an-hmt-gmbh\/' data-rel='slide-3' class='slide-image' title='Klimmer erweitert Unternehmensportfolio'><img decoding=\"async\" fetchpriority=\"high\" width=\"800\" height=\"800\" src=\"https:\/\/www.klimmer-gmbh.de\/wp-content\/uploads\/2021\/05\/BSB_BWB_Startseite_Bild_800x800_4.jpg\" class=\"wp-image-2977 avia-img-lazy-loading-not-2977 attachment-large size-large wp-post-image\" alt=\"F\u00fchrungskr\u00e4fte BSB BWB Torsten Klimmer, Gesch\u00e4ftsf\u00fchrender Gesellschafter, Wolfgang Laurer, Kaufm\u00e4nnischer Leiter, Oskar Hennig, Technischer Leiter\" srcset=\"https:\/\/www.klimmer-gmbh.de\/wp-content\/uploads\/2021\/05\/BSB_BWB_Startseite_Bild_800x800_4.jpg 800w, https:\/\/www.klimmer-gmbh.de\/wp-content\/uploads\/2021\/05\/BSB_BWB_Startseite_Bild_800x800_4-300x300.jpg 300w, https:\/\/www.klimmer-gmbh.de\/wp-content\/uploads\/2021\/05\/BSB_BWB_Startseite_Bild_800x800_4-80x80.jpg 80w, https:\/\/www.klimmer-gmbh.de\/wp-content\/uploads\/2021\/05\/BSB_BWB_Startseite_Bild_800x800_4-768x768.jpg 768w, https:\/\/www.klimmer-gmbh.de\/wp-content\/uploads\/2021\/05\/BSB_BWB_Startseite_Bild_800x800_4-36x36.jpg 36w\" sizes=\"(max-width: 800px) 100vw, 800px\" \/><\/a><div class=\"slide-content\"><header class=\"entry-content-header\" aria-label=\"Slide: Klimmer erweitert Unternehmensportfolio\"><h3 class='slide-entry-title entry-title '  itemprop=\"headline\" ><a href='https:\/\/www.klimmer-gmbh.de\/de\/klimmer-burgau-beteiligt-sich-an-hmt-gmbh\/' title='Klimmer erweitert Unternehmensportfolio'>Klimmer erweitert Unternehmensportfolio<\/a><\/h3><span class=\"av-vertical-delimiter\"><\/span><\/header><div class=\"slide-meta\"><time class='slide-meta-time updated'  itemprop=\"datePublished\" datetime=\"2020-10-05T17:17:00+02:00\" >5. Oktober 2020<\/time><\/div><div class='slide-entry-excerpt entry-content'  itemprop=\"text\" >Das Traditionsunternehmen Klimmer in Burgau erweitert sein Portfolio um die BSB Metallverformung GmbH + Co. Stanzwerk und die BWB Beh\u00e4lter-Werk Burgau GmbH + Co. KG und sichert \u00fcber 350 Arbeitspl\u00e4tze.<div class=\"read-more-link\"><a href=\"https:\/\/www.klimmer-gmbh.de\/de\/klimmer-burgau-beteiligt-sich-an-hmt-gmbh\/\" class=\"more-link\">Weiterlesen<span class='more-link-arrow avia-svg-icon avia-font-svg_entypo-fontello' data-av_svg_icon='right-open-big' data-av_iconset='svg_entypo-fontello'><svg version=\"1.1\" xmlns=\"http:\/\/www.w3.org\/2000\/svg\" width=\"15\" height=\"32\" viewBox=\"0 0 15 32\" preserveAspectRatio=\"xMidYMid meet\" role=\"graphics-symbol\" aria-hidden=\"true\">\n<path d=\"M0.416 27.84l11.456-11.84-11.456-11.904q-0.832-0.832 0-1.536 0.832-0.832 1.536 0l12.544 12.608q0.768 0.832 0 1.6l-12.544 12.608q-0.704 0.832-1.536 0-0.832-0.704 0-1.536z\"><\/path>\n<\/svg><\/span><\/a><\/div><\/div><\/div><footer class=\"entry-footer\"><\/footer><span class='hidden'>\n\t\t\t\t<span class='av-structured-data'  itemprop=\"image\" itemscope=\"itemscope\" itemtype=\"https:\/\/schema.org\/ImageObject\" >\n\t\t\t\t\t\t<span itemprop='url'>https:\/\/www.klimmer-gmbh.de\/wp-content\/uploads\/2021\/05\/BSB_BWB_Startseite_Bild_800x800_4.jpg<\/span>\n\t\t\t\t\t\t<span itemprop='height'>800<\/span>\n\t\t\t\t\t\t<span itemprop='width'>800<\/span>\n\t\t\t\t<\/span>\n\t\t\t\t<span class='av-structured-data'  itemprop=\"publisher\" itemtype=\"https:\/\/schema.org\/Organization\" itemscope=\"itemscope\" >\n\t\t\t\t\t\t<span itemprop='name'>Evendril<\/span>\n\t\t\t\t\t\t<span itemprop='logo' itemscope itemtype='https:\/\/schema.org\/ImageObject'>\n\t\t\t\t\t\t\t<span itemprop='url'>https:\/\/www.klimmer-gmbh.de\/wp-content\/uploads\/2023\/05\/klimmergmbhde.svg<\/span>\n\t\t\t\t\t\t<\/span>\n\t\t\t\t<\/span><span class='av-structured-data'  itemprop=\"author\" itemscope=\"itemscope\" itemtype=\"https:\/\/schema.org\/Person\" ><span itemprop='name'>Evendril<\/span><\/span><span class='av-structured-data'  itemprop=\"datePublished\" datetime=\"2023-05-27T13:35:19+02:00\" >2020-10-05 17:17:00<\/span><span class='av-structured-data'  itemprop=\"dateModified\" itemtype=\"https:\/\/schema.org\/dateModified\" >2024-03-26 09:24:00<\/span><span class='av-structured-data'  itemprop=\"mainEntityOfPage\" itemtype=\"https:\/\/schema.org\/mainEntityOfPage\" ><span itemprop='name'>Klimmer erweitert Unternehmensportfolio<\/span><\/span><\/span><\/article><\/div><div class=\"slide-entry-wrap\"><article class='slide-entry flex_column  post-entry post-entry-7909 slide-entry-overview slide-loop-21 slide-parity-odd  av_fullwidth first real-thumbnail posttype-post post-format-standard'  itemscope=\"itemscope\" itemtype=\"https:\/\/schema.org\/CreativeWork\" ><a href='https:\/\/www.klimmer-gmbh.de\/de\/ehrung-der-jubilare-2019\/' data-rel='slide-3' class='slide-image' title='Ehrung der Jubilare am 12.12.2019.'><img decoding=\"async\" fetchpriority=\"high\" width=\"800\" height=\"800\" src=\"https:\/\/www.klimmer-gmbh.de\/wp-content\/uploads\/2024\/03\/NEWS_16_Dez_2019_jubilare-2019-klimmer-mitarbeiter.jpg\" class=\"wp-image-7913 avia-img-lazy-loading-not-7913 attachment-large size-large wp-post-image\" alt=\"\" srcset=\"https:\/\/www.klimmer-gmbh.de\/wp-content\/uploads\/2024\/03\/NEWS_16_Dez_2019_jubilare-2019-klimmer-mitarbeiter.jpg 800w, https:\/\/www.klimmer-gmbh.de\/wp-content\/uploads\/2024\/03\/NEWS_16_Dez_2019_jubilare-2019-klimmer-mitarbeiter-300x300.jpg 300w, https:\/\/www.klimmer-gmbh.de\/wp-content\/uploads\/2024\/03\/NEWS_16_Dez_2019_jubilare-2019-klimmer-mitarbeiter-80x80.jpg 80w, https:\/\/www.klimmer-gmbh.de\/wp-content\/uploads\/2024\/03\/NEWS_16_Dez_2019_jubilare-2019-klimmer-mitarbeiter-768x768.jpg 768w, https:\/\/www.klimmer-gmbh.de\/wp-content\/uploads\/2024\/03\/NEWS_16_Dez_2019_jubilare-2019-klimmer-mitarbeiter-36x36.jpg 36w\" sizes=\"(max-width: 800px) 100vw, 800px\" \/><\/a><div class=\"slide-content\"><header class=\"entry-content-header\" aria-label=\"Slide: Ehrung der Jubilare am 12.12.2019.\"><h3 class='slide-entry-title entry-title '  itemprop=\"headline\" ><a href='https:\/\/www.klimmer-gmbh.de\/de\/ehrung-der-jubilare-2019\/' title='Ehrung der Jubilare am 12.12.2019.'>Ehrung der Jubilare am 12.12.2019.<\/a><\/h3><span class=\"av-vertical-delimiter\"><\/span><\/header><div class=\"slide-meta\"><time class='slide-meta-time updated'  itemprop=\"datePublished\" datetime=\"2019-12-12T07:45:00+01:00\" >12. Dezember 2019<\/time><\/div><div class='slide-entry-excerpt entry-content'  itemprop=\"text\" >Ehrung der Jubilare der Ernst Klimmer GmbH am 12.12.2019.<div class=\"read-more-link\"><a href=\"https:\/\/www.klimmer-gmbh.de\/de\/ehrung-der-jubilare-2019\/\" class=\"more-link\">Weiterlesen<span class='more-link-arrow avia-svg-icon avia-font-svg_entypo-fontello' data-av_svg_icon='right-open-big' data-av_iconset='svg_entypo-fontello'><svg version=\"1.1\" xmlns=\"http:\/\/www.w3.org\/2000\/svg\" width=\"15\" height=\"32\" viewBox=\"0 0 15 32\" preserveAspectRatio=\"xMidYMid meet\" role=\"graphics-symbol\" aria-hidden=\"true\">\n<path d=\"M0.416 27.84l11.456-11.84-11.456-11.904q-0.832-0.832 0-1.536 0.832-0.832 1.536 0l12.544 12.608q0.768 0.832 0 1.6l-12.544 12.608q-0.704 0.832-1.536 0-0.832-0.704 0-1.536z\"><\/path>\n<\/svg><\/span><\/a><\/div><\/div><\/div><footer class=\"entry-footer\"><\/footer><span class='hidden'>\n\t\t\t\t<span class='av-structured-data'  itemprop=\"image\" itemscope=\"itemscope\" itemtype=\"https:\/\/schema.org\/ImageObject\" >\n\t\t\t\t\t\t<span itemprop='url'>https:\/\/www.klimmer-gmbh.de\/wp-content\/uploads\/2024\/03\/NEWS_16_Dez_2019_jubilare-2019-klimmer-mitarbeiter.jpg<\/span>\n\t\t\t\t\t\t<span itemprop='height'>800<\/span>\n\t\t\t\t\t\t<span itemprop='width'>800<\/span>\n\t\t\t\t<\/span>\n\t\t\t\t<span class='av-structured-data'  itemprop=\"publisher\" itemtype=\"https:\/\/schema.org\/Organization\" itemscope=\"itemscope\" >\n\t\t\t\t\t\t<span itemprop='name'>Agentur Baur<\/span>\n\t\t\t\t\t\t<span itemprop='logo' itemscope itemtype='https:\/\/schema.org\/ImageObject'>\n\t\t\t\t\t\t\t<span itemprop='url'>https:\/\/www.klimmer-gmbh.de\/wp-content\/uploads\/2023\/05\/klimmergmbhde.svg<\/span>\n\t\t\t\t\t\t<\/span>\n\t\t\t\t<\/span><span class='av-structured-data'  itemprop=\"author\" itemscope=\"itemscope\" itemtype=\"https:\/\/schema.org\/Person\" ><span itemprop='name'>Agentur Baur<\/span><\/span><span class='av-structured-data'  itemprop=\"datePublished\" datetime=\"2023-05-27T13:35:19+02:00\" >2019-12-12 07:45:00<\/span><span class='av-structured-data'  itemprop=\"dateModified\" itemtype=\"https:\/\/schema.org\/dateModified\" >2024-03-26 08:02:20<\/span><span class='av-structured-data'  itemprop=\"mainEntityOfPage\" itemtype=\"https:\/\/schema.org\/mainEntityOfPage\" ><span itemprop='name'>Ehrung der Jubilare am 12.12.2019.<\/span><\/span><\/span><\/article><\/div><div class=\"slide-entry-wrap\"><article class='slide-entry flex_column  post-entry post-entry-7944 slide-entry-overview slide-loop-22 slide-parity-odd  av_fullwidth first real-thumbnail posttype-post post-format-standard'  itemscope=\"itemscope\" itemtype=\"https:\/\/schema.org\/CreativeWork\" ><a href='https:\/\/www.klimmer-gmbh.de\/de\/familienstiftung-projekt-gesichter-der-hoffnung\/' data-rel='slide-3' class='slide-image' title='Familienstiftung Ernst und Ria Klimmer \u2013 Projekt Gesichter der Hoffnung.'><img decoding=\"async\" fetchpriority=\"high\" width=\"800\" height=\"800\" src=\"https:\/\/www.klimmer-gmbh.de\/wp-content\/uploads\/2024\/03\/NEWS_30_Okt_2019_Familienstiftung-Projekt-Gesichter-Hoffnung.jpg\" class=\"wp-image-7950 avia-img-lazy-loading-not-7950 attachment-large size-large wp-post-image\" alt=\"\" srcset=\"https:\/\/www.klimmer-gmbh.de\/wp-content\/uploads\/2024\/03\/NEWS_30_Okt_2019_Familienstiftung-Projekt-Gesichter-Hoffnung.jpg 800w, https:\/\/www.klimmer-gmbh.de\/wp-content\/uploads\/2024\/03\/NEWS_30_Okt_2019_Familienstiftung-Projekt-Gesichter-Hoffnung-300x300.jpg 300w, https:\/\/www.klimmer-gmbh.de\/wp-content\/uploads\/2024\/03\/NEWS_30_Okt_2019_Familienstiftung-Projekt-Gesichter-Hoffnung-80x80.jpg 80w, https:\/\/www.klimmer-gmbh.de\/wp-content\/uploads\/2024\/03\/NEWS_30_Okt_2019_Familienstiftung-Projekt-Gesichter-Hoffnung-768x768.jpg 768w, https:\/\/www.klimmer-gmbh.de\/wp-content\/uploads\/2024\/03\/NEWS_30_Okt_2019_Familienstiftung-Projekt-Gesichter-Hoffnung-36x36.jpg 36w\" sizes=\"(max-width: 800px) 100vw, 800px\" \/><\/a><div class=\"slide-content\"><header class=\"entry-content-header\" aria-label=\"Slide: Familienstiftung Ernst und Ria Klimmer \u2013 Projekt Gesichter der Hoffnung.\"><h3 class='slide-entry-title entry-title '  itemprop=\"headline\" ><a href='https:\/\/www.klimmer-gmbh.de\/de\/familienstiftung-projekt-gesichter-der-hoffnung\/' title='Familienstiftung Ernst und Ria Klimmer \u2013 Projekt Gesichter der Hoffnung.'>Familienstiftung Ernst und Ria Klimmer \u2013 Projekt Gesichter der Hoffnung.<\/a><\/h3><span class=\"av-vertical-delimiter\"><\/span><\/header><div class=\"slide-meta\"><time class='slide-meta-time updated'  itemprop=\"datePublished\" datetime=\"2019-10-30T08:09:00+01:00\" >30. Oktober 2019<\/time><\/div><div class='slide-entry-excerpt entry-content'  itemprop=\"text\" >Von der Ver\u00adwirk\u00adli\u00adchung ei\u00adge\u00adner Pro\u00adjekte \u00fcber die an\u00adtei\u00adlige F\u00f6r\u00adde\u00adrung ge\u00admein\u00adschaft\u00adlicher Vor\u00adhaben bis hin zur Fort\u00adset\u00adzung eta\u00adblier\u00adter Konzepte.<div class=\"read-more-link\"><a href=\"https:\/\/www.klimmer-gmbh.de\/de\/familienstiftung-projekt-gesichter-der-hoffnung\/\" class=\"more-link\">Weiterlesen<span class='more-link-arrow avia-svg-icon avia-font-svg_entypo-fontello' data-av_svg_icon='right-open-big' data-av_iconset='svg_entypo-fontello'><svg version=\"1.1\" xmlns=\"http:\/\/www.w3.org\/2000\/svg\" width=\"15\" height=\"32\" viewBox=\"0 0 15 32\" preserveAspectRatio=\"xMidYMid meet\" role=\"graphics-symbol\" aria-hidden=\"true\">\n<path d=\"M0.416 27.84l11.456-11.84-11.456-11.904q-0.832-0.832 0-1.536 0.832-0.832 1.536 0l12.544 12.608q0.768 0.832 0 1.6l-12.544 12.608q-0.704 0.832-1.536 0-0.832-0.704 0-1.536z\"><\/path>\n<\/svg><\/span><\/a><\/div><\/div><\/div><footer class=\"entry-footer\"><\/footer><span class='hidden'>\n\t\t\t\t<span class='av-structured-data'  itemprop=\"image\" itemscope=\"itemscope\" itemtype=\"https:\/\/schema.org\/ImageObject\" >\n\t\t\t\t\t\t<span itemprop='url'>https:\/\/www.klimmer-gmbh.de\/wp-content\/uploads\/2024\/03\/NEWS_30_Okt_2019_Familienstiftung-Projekt-Gesichter-Hoffnung.jpg<\/span>\n\t\t\t\t\t\t<span itemprop='height'>800<\/span>\n\t\t\t\t\t\t<span itemprop='width'>800<\/span>\n\t\t\t\t<\/span>\n\t\t\t\t<span class='av-structured-data'  itemprop=\"publisher\" itemtype=\"https:\/\/schema.org\/Organization\" itemscope=\"itemscope\" >\n\t\t\t\t\t\t<span itemprop='name'>Agentur Baur<\/span>\n\t\t\t\t\t\t<span itemprop='logo' itemscope itemtype='https:\/\/schema.org\/ImageObject'>\n\t\t\t\t\t\t\t<span itemprop='url'>https:\/\/www.klimmer-gmbh.de\/wp-content\/uploads\/2023\/05\/klimmergmbhde.svg<\/span>\n\t\t\t\t\t\t<\/span>\n\t\t\t\t<\/span><span class='av-structured-data'  itemprop=\"author\" itemscope=\"itemscope\" itemtype=\"https:\/\/schema.org\/Person\" ><span itemprop='name'>Agentur Baur<\/span><\/span><span class='av-structured-data'  itemprop=\"datePublished\" datetime=\"2023-05-27T13:35:19+02:00\" >2019-10-30 08:09:00<\/span><span class='av-structured-data'  itemprop=\"dateModified\" itemtype=\"https:\/\/schema.org\/dateModified\" >2024-03-26 08:30:02<\/span><span class='av-structured-data'  itemprop=\"mainEntityOfPage\" itemtype=\"https:\/\/schema.org\/mainEntityOfPage\" ><span itemprop='name'>Familienstiftung Ernst und Ria Klimmer \u2013 Projekt Gesichter der Hoffnung.<\/span><\/span><\/span><\/article><\/div><div class=\"slide-entry-wrap\"><article class='slide-entry flex_column  post-entry post-entry-7954 slide-entry-overview slide-loop-23 slide-parity-odd  av_fullwidth first real-thumbnail posttype-post post-format-standard'  itemscope=\"itemscope\" itemtype=\"https:\/\/schema.org\/CreativeWork\" ><a href='https:\/\/www.klimmer-gmbh.de\/de\/unsere-neuen-azubis-2019\/' data-rel='slide-3' class='slide-image' title='Unsere 6 neuen Azubis 2019.'><img decoding=\"async\" fetchpriority=\"high\" width=\"800\" height=\"800\" src=\"https:\/\/www.klimmer-gmbh.de\/wp-content\/uploads\/2024\/03\/NEWS_10_Sept_2019_Klimmer-Azubis-2019.jpg\" class=\"wp-image-7971 avia-img-lazy-loading-not-7971 attachment-large size-large wp-post-image\" alt=\"\" srcset=\"https:\/\/www.klimmer-gmbh.de\/wp-content\/uploads\/2024\/03\/NEWS_10_Sept_2019_Klimmer-Azubis-2019.jpg 800w, https:\/\/www.klimmer-gmbh.de\/wp-content\/uploads\/2024\/03\/NEWS_10_Sept_2019_Klimmer-Azubis-2019-300x300.jpg 300w, https:\/\/www.klimmer-gmbh.de\/wp-content\/uploads\/2024\/03\/NEWS_10_Sept_2019_Klimmer-Azubis-2019-80x80.jpg 80w, https:\/\/www.klimmer-gmbh.de\/wp-content\/uploads\/2024\/03\/NEWS_10_Sept_2019_Klimmer-Azubis-2019-768x768.jpg 768w, https:\/\/www.klimmer-gmbh.de\/wp-content\/uploads\/2024\/03\/NEWS_10_Sept_2019_Klimmer-Azubis-2019-36x36.jpg 36w\" sizes=\"(max-width: 800px) 100vw, 800px\" \/><\/a><div class=\"slide-content\"><header class=\"entry-content-header\" aria-label=\"Slide: Unsere 6 neuen Azubis 2019.\"><h3 class='slide-entry-title entry-title '  itemprop=\"headline\" ><a href='https:\/\/www.klimmer-gmbh.de\/de\/unsere-neuen-azubis-2019\/' title='Unsere 6 neuen Azubis 2019.'>Unsere 6 neuen Azubis 2019.<\/a><\/h3><span class=\"av-vertical-delimiter\"><\/span><\/header><div class=\"slide-meta\"><time class='slide-meta-time updated'  itemprop=\"datePublished\" datetime=\"2019-09-10T08:16:00+02:00\" >10. September 2019<\/time><\/div><div class='slide-entry-excerpt entry-content'  itemprop=\"text\" >Wir w\u00fcnschen allen einen guten Start und eine erfolgreiche interessante Ausbildungszeit.<div class=\"read-more-link\"><a href=\"https:\/\/www.klimmer-gmbh.de\/de\/unsere-neuen-azubis-2019\/\" class=\"more-link\">Weiterlesen<span class='more-link-arrow avia-svg-icon avia-font-svg_entypo-fontello' data-av_svg_icon='right-open-big' data-av_iconset='svg_entypo-fontello'><svg version=\"1.1\" xmlns=\"http:\/\/www.w3.org\/2000\/svg\" width=\"15\" height=\"32\" viewBox=\"0 0 15 32\" preserveAspectRatio=\"xMidYMid meet\" role=\"graphics-symbol\" aria-hidden=\"true\">\n<path d=\"M0.416 27.84l11.456-11.84-11.456-11.904q-0.832-0.832 0-1.536 0.832-0.832 1.536 0l12.544 12.608q0.768 0.832 0 1.6l-12.544 12.608q-0.704 0.832-1.536 0-0.832-0.704 0-1.536z\"><\/path>\n<\/svg><\/span><\/a><\/div><\/div><\/div><footer class=\"entry-footer\"><\/footer><span class='hidden'>\n\t\t\t\t<span class='av-structured-data'  itemprop=\"image\" itemscope=\"itemscope\" itemtype=\"https:\/\/schema.org\/ImageObject\" >\n\t\t\t\t\t\t<span itemprop='url'>https:\/\/www.klimmer-gmbh.de\/wp-content\/uploads\/2024\/03\/NEWS_10_Sept_2019_Klimmer-Azubis-2019.jpg<\/span>\n\t\t\t\t\t\t<span itemprop='height'>800<\/span>\n\t\t\t\t\t\t<span itemprop='width'>800<\/span>\n\t\t\t\t<\/span>\n\t\t\t\t<span class='av-structured-data'  itemprop=\"publisher\" itemtype=\"https:\/\/schema.org\/Organization\" itemscope=\"itemscope\" >\n\t\t\t\t\t\t<span itemprop='name'>Agentur Baur<\/span>\n\t\t\t\t\t\t<span itemprop='logo' itemscope itemtype='https:\/\/schema.org\/ImageObject'>\n\t\t\t\t\t\t\t<span itemprop='url'>https:\/\/www.klimmer-gmbh.de\/wp-content\/uploads\/2023\/05\/klimmergmbhde.svg<\/span>\n\t\t\t\t\t\t<\/span>\n\t\t\t\t<\/span><span class='av-structured-data'  itemprop=\"author\" itemscope=\"itemscope\" itemtype=\"https:\/\/schema.org\/Person\" ><span itemprop='name'>Agentur Baur<\/span><\/span><span class='av-structured-data'  itemprop=\"datePublished\" datetime=\"2023-05-27T13:35:19+02:00\" >2019-09-10 08:16:00<\/span><span class='av-structured-data'  itemprop=\"dateModified\" itemtype=\"https:\/\/schema.org\/dateModified\" >2024-03-26 08:40:14<\/span><span class='av-structured-data'  itemprop=\"mainEntityOfPage\" itemtype=\"https:\/\/schema.org\/mainEntityOfPage\" ><span itemprop='name'>Unsere 6 neuen Azubis 2019.<\/span><\/span><\/span><\/article><\/div><div class=\"slide-entry-wrap\"><article class='slide-entry flex_column  post-entry post-entry-7975 slide-entry-overview slide-loop-24 slide-parity-odd  av_fullwidth first real-thumbnail posttype-post post-format-standard'  itemscope=\"itemscope\" itemtype=\"https:\/\/schema.org\/CreativeWork\" ><a href='https:\/\/www.klimmer-gmbh.de\/de\/bauteilsauberkeit-porentief\/' data-rel='slide-3' class='slide-image' title='Porentief entfettete Bauteile der Ernst Klimmer GmbH'><img decoding=\"async\" fetchpriority=\"high\" width=\"800\" height=\"800\" src=\"https:\/\/www.klimmer-gmbh.de\/wp-content\/uploads\/2024\/03\/NEWS_5_Sept_2019_klimmer-umformflansch-vetrieb-sales.jpg\" class=\"wp-image-7983 avia-img-lazy-loading-not-7983 attachment-large size-large wp-post-image\" alt=\"\" srcset=\"https:\/\/www.klimmer-gmbh.de\/wp-content\/uploads\/2024\/03\/NEWS_5_Sept_2019_klimmer-umformflansch-vetrieb-sales.jpg 800w, https:\/\/www.klimmer-gmbh.de\/wp-content\/uploads\/2024\/03\/NEWS_5_Sept_2019_klimmer-umformflansch-vetrieb-sales-300x300.jpg 300w, https:\/\/www.klimmer-gmbh.de\/wp-content\/uploads\/2024\/03\/NEWS_5_Sept_2019_klimmer-umformflansch-vetrieb-sales-80x80.jpg 80w, https:\/\/www.klimmer-gmbh.de\/wp-content\/uploads\/2024\/03\/NEWS_5_Sept_2019_klimmer-umformflansch-vetrieb-sales-768x768.jpg 768w, https:\/\/www.klimmer-gmbh.de\/wp-content\/uploads\/2024\/03\/NEWS_5_Sept_2019_klimmer-umformflansch-vetrieb-sales-36x36.jpg 36w\" sizes=\"(max-width: 800px) 100vw, 800px\" \/><\/a><div class=\"slide-content\"><header class=\"entry-content-header\" aria-label=\"Slide: Porentief entfettete Bauteile der Ernst Klimmer GmbH\"><h3 class='slide-entry-title entry-title '  itemprop=\"headline\" ><a href='https:\/\/www.klimmer-gmbh.de\/de\/bauteilsauberkeit-porentief\/' title='Porentief entfettete Bauteile der Ernst Klimmer GmbH'>Porentief entfettete Bauteile der Ernst Klimmer GmbH<\/a><\/h3><span class=\"av-vertical-delimiter\"><\/span><\/header><div class=\"slide-meta\"><time class='slide-meta-time updated'  itemprop=\"datePublished\" datetime=\"2019-09-05T08:41:00+02:00\" >5. September 2019<\/time><\/div><div class='slide-entry-excerpt entry-content'  itemprop=\"text\" >Um dem Qualit\u00e4tsniveau auf h\u00f6chstem Standard dauerhaft gerecht zu werden, haben wir die Entfettung unserer Flansche und Platten an einen sehr erfahrenen Lohnentfetter \u00fcbergeben.<div class=\"read-more-link\"><a href=\"https:\/\/www.klimmer-gmbh.de\/de\/bauteilsauberkeit-porentief\/\" class=\"more-link\">Weiterlesen<span class='more-link-arrow avia-svg-icon avia-font-svg_entypo-fontello' data-av_svg_icon='right-open-big' data-av_iconset='svg_entypo-fontello'><svg version=\"1.1\" xmlns=\"http:\/\/www.w3.org\/2000\/svg\" width=\"15\" height=\"32\" viewBox=\"0 0 15 32\" preserveAspectRatio=\"xMidYMid meet\" role=\"graphics-symbol\" aria-hidden=\"true\">\n<path d=\"M0.416 27.84l11.456-11.84-11.456-11.904q-0.832-0.832 0-1.536 0.832-0.832 1.536 0l12.544 12.608q0.768 0.832 0 1.6l-12.544 12.608q-0.704 0.832-1.536 0-0.832-0.704 0-1.536z\"><\/path>\n<\/svg><\/span><\/a><\/div><\/div><\/div><footer class=\"entry-footer\"><\/footer><span class='hidden'>\n\t\t\t\t<span class='av-structured-data'  itemprop=\"image\" itemscope=\"itemscope\" itemtype=\"https:\/\/schema.org\/ImageObject\" >\n\t\t\t\t\t\t<span itemprop='url'>https:\/\/www.klimmer-gmbh.de\/wp-content\/uploads\/2024\/03\/NEWS_5_Sept_2019_klimmer-umformflansch-vetrieb-sales.jpg<\/span>\n\t\t\t\t\t\t<span itemprop='height'>800<\/span>\n\t\t\t\t\t\t<span itemprop='width'>800<\/span>\n\t\t\t\t<\/span>\n\t\t\t\t<span class='av-structured-data'  itemprop=\"publisher\" itemtype=\"https:\/\/schema.org\/Organization\" itemscope=\"itemscope\" >\n\t\t\t\t\t\t<span itemprop='name'>Agentur Baur<\/span>\n\t\t\t\t\t\t<span itemprop='logo' itemscope itemtype='https:\/\/schema.org\/ImageObject'>\n\t\t\t\t\t\t\t<span itemprop='url'>https:\/\/www.klimmer-gmbh.de\/wp-content\/uploads\/2023\/05\/klimmergmbhde.svg<\/span>\n\t\t\t\t\t\t<\/span>\n\t\t\t\t<\/span><span class='av-structured-data'  itemprop=\"author\" itemscope=\"itemscope\" itemtype=\"https:\/\/schema.org\/Person\" ><span itemprop='name'>Agentur Baur<\/span><\/span><span class='av-structured-data'  itemprop=\"datePublished\" datetime=\"2023-05-27T13:35:19+02:00\" >2019-09-05 08:41:00<\/span><span class='av-structured-data'  itemprop=\"dateModified\" itemtype=\"https:\/\/schema.org\/dateModified\" >2024-04-02 08:46:14<\/span><span class='av-structured-data'  itemprop=\"mainEntityOfPage\" itemtype=\"https:\/\/schema.org\/mainEntityOfPage\" ><span itemprop='name'>Porentief entfettete Bauteile der Ernst Klimmer GmbH<\/span><\/span><\/span><\/article><\/div><div class=\"slide-entry-wrap\"><article class='slide-entry flex_column  post-entry post-entry-7987 slide-entry-overview slide-loop-25 slide-parity-odd  av_fullwidth first real-thumbnail posttype-post post-format-standard'  itemscope=\"itemscope\" itemtype=\"https:\/\/schema.org\/CreativeWork\" ><a href='https:\/\/www.klimmer-gmbh.de\/de\/tag-der-offenen-tuer-2019\/' data-rel='slide-3' class='slide-image' title='Tag der offenen T\u00fcre am 20. Juli 2019.'><img decoding=\"async\" fetchpriority=\"high\" width=\"800\" height=\"800\" src=\"https:\/\/www.klimmer-gmbh.de\/wp-content\/uploads\/2024\/03\/NEWS_20_Juli_2019_Tag-der-offenen-Tuer-Klimmer-Burgau.jpg\" class=\"wp-image-7993 avia-img-lazy-loading-not-7993 attachment-large size-large wp-post-image\" alt=\"\" srcset=\"https:\/\/www.klimmer-gmbh.de\/wp-content\/uploads\/2024\/03\/NEWS_20_Juli_2019_Tag-der-offenen-Tuer-Klimmer-Burgau.jpg 800w, https:\/\/www.klimmer-gmbh.de\/wp-content\/uploads\/2024\/03\/NEWS_20_Juli_2019_Tag-der-offenen-Tuer-Klimmer-Burgau-300x300.jpg 300w, https:\/\/www.klimmer-gmbh.de\/wp-content\/uploads\/2024\/03\/NEWS_20_Juli_2019_Tag-der-offenen-Tuer-Klimmer-Burgau-80x80.jpg 80w, https:\/\/www.klimmer-gmbh.de\/wp-content\/uploads\/2024\/03\/NEWS_20_Juli_2019_Tag-der-offenen-Tuer-Klimmer-Burgau-768x768.jpg 768w, https:\/\/www.klimmer-gmbh.de\/wp-content\/uploads\/2024\/03\/NEWS_20_Juli_2019_Tag-der-offenen-Tuer-Klimmer-Burgau-36x36.jpg 36w\" sizes=\"(max-width: 800px) 100vw, 800px\" \/><\/a><div class=\"slide-content\"><header class=\"entry-content-header\" aria-label=\"Slide: Tag der offenen T\u00fcre am 20. Juli 2019.\"><h3 class='slide-entry-title entry-title '  itemprop=\"headline\" ><a href='https:\/\/www.klimmer-gmbh.de\/de\/tag-der-offenen-tuer-2019\/' title='Tag der offenen T\u00fcre am 20. Juli 2019.'>Tag der offenen T\u00fcre am 20. Juli 2019.<\/a><\/h3><span class=\"av-vertical-delimiter\"><\/span><\/header><div class=\"slide-meta\"><time class='slide-meta-time updated'  itemprop=\"datePublished\" datetime=\"2019-07-20T08:48:00+02:00\" >20. Juli 2019<\/time><\/div><div class='slide-entry-excerpt entry-content'  itemprop=\"text\" >Kommen Sie vorbei und lernen Sie uns besser kennen. Erwarten Sie spannende Einblicke in die Klimmer Group.<div class=\"read-more-link\"><a href=\"https:\/\/www.klimmer-gmbh.de\/de\/tag-der-offenen-tuer-2019\/\" class=\"more-link\">Weiterlesen<span class='more-link-arrow avia-svg-icon avia-font-svg_entypo-fontello' data-av_svg_icon='right-open-big' data-av_iconset='svg_entypo-fontello'><svg version=\"1.1\" xmlns=\"http:\/\/www.w3.org\/2000\/svg\" width=\"15\" height=\"32\" viewBox=\"0 0 15 32\" preserveAspectRatio=\"xMidYMid meet\" role=\"graphics-symbol\" aria-hidden=\"true\">\n<path d=\"M0.416 27.84l11.456-11.84-11.456-11.904q-0.832-0.832 0-1.536 0.832-0.832 1.536 0l12.544 12.608q0.768 0.832 0 1.6l-12.544 12.608q-0.704 0.832-1.536 0-0.832-0.704 0-1.536z\"><\/path>\n<\/svg><\/span><\/a><\/div><\/div><\/div><footer class=\"entry-footer\"><\/footer><span class='hidden'>\n\t\t\t\t<span class='av-structured-data'  itemprop=\"image\" itemscope=\"itemscope\" itemtype=\"https:\/\/schema.org\/ImageObject\" >\n\t\t\t\t\t\t<span itemprop='url'>https:\/\/www.klimmer-gmbh.de\/wp-content\/uploads\/2024\/03\/NEWS_20_Juli_2019_Tag-der-offenen-Tuer-Klimmer-Burgau.jpg<\/span>\n\t\t\t\t\t\t<span itemprop='height'>800<\/span>\n\t\t\t\t\t\t<span itemprop='width'>800<\/span>\n\t\t\t\t<\/span>\n\t\t\t\t<span class='av-structured-data'  itemprop=\"publisher\" itemtype=\"https:\/\/schema.org\/Organization\" itemscope=\"itemscope\" >\n\t\t\t\t\t\t<span itemprop='name'>Agentur Baur<\/span>\n\t\t\t\t\t\t<span itemprop='logo' itemscope itemtype='https:\/\/schema.org\/ImageObject'>\n\t\t\t\t\t\t\t<span itemprop='url'>https:\/\/www.klimmer-gmbh.de\/wp-content\/uploads\/2023\/05\/klimmergmbhde.svg<\/span>\n\t\t\t\t\t\t<\/span>\n\t\t\t\t<\/span><span class='av-structured-data'  itemprop=\"author\" itemscope=\"itemscope\" itemtype=\"https:\/\/schema.org\/Person\" ><span itemprop='name'>Agentur Baur<\/span><\/span><span class='av-structured-data'  itemprop=\"datePublished\" datetime=\"2023-05-27T13:35:19+02:00\" >2019-07-20 08:48:00<\/span><span class='av-structured-data'  itemprop=\"dateModified\" itemtype=\"https:\/\/schema.org\/dateModified\" >2024-03-26 08:52:56<\/span><span class='av-structured-data'  itemprop=\"mainEntityOfPage\" itemtype=\"https:\/\/schema.org\/mainEntityOfPage\" ><span itemprop='name'>Tag der offenen T\u00fcre am 20. Juli 2019.<\/span><\/span><\/span><\/article><\/div><div class=\"slide-entry-wrap\"><article class='slide-entry flex_column  post-entry post-entry-7997 slide-entry-overview slide-loop-26 slide-parity-odd  av_fullwidth first real-thumbnail posttype-post post-format-standard'  itemscope=\"itemscope\" itemtype=\"https:\/\/schema.org\/CreativeWork\" ><a href='https:\/\/www.klimmer-gmbh.de\/de\/maedchenzukunftstag-girls-day\/' data-rel='slide-3' class='slide-image' title='Girl\u00b4s Day 28.03.2019.'><img decoding=\"async\" fetchpriority=\"high\" width=\"800\" height=\"800\" src=\"https:\/\/www.klimmer-gmbh.de\/wp-content\/uploads\/2024\/03\/NEWS_1_April_2019_Girls-Day.jpg\" class=\"wp-image-8003 avia-img-lazy-loading-not-8003 attachment-large size-large wp-post-image\" alt=\"\" srcset=\"https:\/\/www.klimmer-gmbh.de\/wp-content\/uploads\/2024\/03\/NEWS_1_April_2019_Girls-Day.jpg 800w, https:\/\/www.klimmer-gmbh.de\/wp-content\/uploads\/2024\/03\/NEWS_1_April_2019_Girls-Day-300x300.jpg 300w, https:\/\/www.klimmer-gmbh.de\/wp-content\/uploads\/2024\/03\/NEWS_1_April_2019_Girls-Day-80x80.jpg 80w, https:\/\/www.klimmer-gmbh.de\/wp-content\/uploads\/2024\/03\/NEWS_1_April_2019_Girls-Day-768x768.jpg 768w, https:\/\/www.klimmer-gmbh.de\/wp-content\/uploads\/2024\/03\/NEWS_1_April_2019_Girls-Day-36x36.jpg 36w\" sizes=\"(max-width: 800px) 100vw, 800px\" \/><\/a><div class=\"slide-content\"><header class=\"entry-content-header\" aria-label=\"Slide: Girl\u00b4s Day 28.03.2019.\"><h3 class='slide-entry-title entry-title '  itemprop=\"headline\" ><a href='https:\/\/www.klimmer-gmbh.de\/de\/maedchenzukunftstag-girls-day\/' title='Girl\u00b4s Day 28.03.2019.'>Girl\u00b4s Day 28.03.2019.<\/a><\/h3><span class=\"av-vertical-delimiter\"><\/span><\/header><div class=\"slide-meta\"><time class='slide-meta-time updated'  itemprop=\"datePublished\" datetime=\"2019-04-01T08:53:00+02:00\" >1. April 2019<\/time><\/div><div class='slide-entry-excerpt entry-content'  itemprop=\"text\" >Die Ernst Klimmer GmbH nahm\u00a0wieder am M\u00e4dchen-Zukunftstag (Girl\u00b4s day) teil.<div class=\"read-more-link\"><a href=\"https:\/\/www.klimmer-gmbh.de\/de\/maedchenzukunftstag-girls-day\/\" class=\"more-link\">Weiterlesen<span class='more-link-arrow avia-svg-icon avia-font-svg_entypo-fontello' data-av_svg_icon='right-open-big' data-av_iconset='svg_entypo-fontello'><svg version=\"1.1\" xmlns=\"http:\/\/www.w3.org\/2000\/svg\" width=\"15\" height=\"32\" viewBox=\"0 0 15 32\" preserveAspectRatio=\"xMidYMid meet\" role=\"graphics-symbol\" aria-hidden=\"true\">\n<path d=\"M0.416 27.84l11.456-11.84-11.456-11.904q-0.832-0.832 0-1.536 0.832-0.832 1.536 0l12.544 12.608q0.768 0.832 0 1.6l-12.544 12.608q-0.704 0.832-1.536 0-0.832-0.704 0-1.536z\"><\/path>\n<\/svg><\/span><\/a><\/div><\/div><\/div><footer class=\"entry-footer\"><\/footer><span class='hidden'>\n\t\t\t\t<span class='av-structured-data'  itemprop=\"image\" itemscope=\"itemscope\" itemtype=\"https:\/\/schema.org\/ImageObject\" >\n\t\t\t\t\t\t<span itemprop='url'>https:\/\/www.klimmer-gmbh.de\/wp-content\/uploads\/2024\/03\/NEWS_1_April_2019_Girls-Day.jpg<\/span>\n\t\t\t\t\t\t<span itemprop='height'>800<\/span>\n\t\t\t\t\t\t<span itemprop='width'>800<\/span>\n\t\t\t\t<\/span>\n\t\t\t\t<span class='av-structured-data'  itemprop=\"publisher\" itemtype=\"https:\/\/schema.org\/Organization\" itemscope=\"itemscope\" >\n\t\t\t\t\t\t<span itemprop='name'>Agentur Baur<\/span>\n\t\t\t\t\t\t<span itemprop='logo' itemscope itemtype='https:\/\/schema.org\/ImageObject'>\n\t\t\t\t\t\t\t<span itemprop='url'>https:\/\/www.klimmer-gmbh.de\/wp-content\/uploads\/2023\/05\/klimmergmbhde.svg<\/span>\n\t\t\t\t\t\t<\/span>\n\t\t\t\t<\/span><span class='av-structured-data'  itemprop=\"author\" itemscope=\"itemscope\" itemtype=\"https:\/\/schema.org\/Person\" ><span itemprop='name'>Agentur Baur<\/span><\/span><span class='av-structured-data'  itemprop=\"datePublished\" datetime=\"2023-05-27T13:35:19+02:00\" >2019-04-01 08:53:00<\/span><span class='av-structured-data'  itemprop=\"dateModified\" itemtype=\"https:\/\/schema.org\/dateModified\" >2024-03-26 08:58:49<\/span><span class='av-structured-data'  itemprop=\"mainEntityOfPage\" itemtype=\"https:\/\/schema.org\/mainEntityOfPage\" ><span itemprop='name'>Girl\u00b4s Day 28.03.2019.<\/span><\/span><\/span><\/article><\/div><div class=\"slide-entry-wrap\"><article class='slide-entry flex_column  post-entry post-entry-8007 slide-entry-overview slide-loop-27 slide-parity-odd  av_fullwidth first real-thumbnail posttype-post post-format-standard'  itemscope=\"itemscope\" itemtype=\"https:\/\/schema.org\/CreativeWork\" ><a href='https:\/\/www.klimmer-gmbh.de\/de\/ehrung-der-jubilare-2018\/' data-rel='slide-3' class='slide-image' title='Jubilarsfeier 29.11.2018.'><img decoding=\"async\" fetchpriority=\"high\" width=\"800\" height=\"800\" src=\"https:\/\/www.klimmer-gmbh.de\/wp-content\/uploads\/2024\/03\/NEWS_3_Dez_2018_Jubilare-2018.jpg\" class=\"wp-image-8013 avia-img-lazy-loading-not-8013 attachment-large size-large wp-post-image\" alt=\"\" srcset=\"https:\/\/www.klimmer-gmbh.de\/wp-content\/uploads\/2024\/03\/NEWS_3_Dez_2018_Jubilare-2018.jpg 800w, https:\/\/www.klimmer-gmbh.de\/wp-content\/uploads\/2024\/03\/NEWS_3_Dez_2018_Jubilare-2018-300x300.jpg 300w, https:\/\/www.klimmer-gmbh.de\/wp-content\/uploads\/2024\/03\/NEWS_3_Dez_2018_Jubilare-2018-80x80.jpg 80w, https:\/\/www.klimmer-gmbh.de\/wp-content\/uploads\/2024\/03\/NEWS_3_Dez_2018_Jubilare-2018-768x768.jpg 768w, https:\/\/www.klimmer-gmbh.de\/wp-content\/uploads\/2024\/03\/NEWS_3_Dez_2018_Jubilare-2018-36x36.jpg 36w\" sizes=\"(max-width: 800px) 100vw, 800px\" \/><\/a><div class=\"slide-content\"><header class=\"entry-content-header\" aria-label=\"Slide: Jubilarsfeier 29.11.2018.\"><h3 class='slide-entry-title entry-title '  itemprop=\"headline\" ><a href='https:\/\/www.klimmer-gmbh.de\/de\/ehrung-der-jubilare-2018\/' title='Jubilarsfeier 29.11.2018.'>Jubilarsfeier 29.11.2018.<\/a><\/h3><span class=\"av-vertical-delimiter\"><\/span><\/header><div class=\"slide-meta\"><time class='slide-meta-time updated'  itemprop=\"datePublished\" datetime=\"2018-12-03T09:01:00+01:00\" >3. Dezember 2018<\/time><\/div><div class='slide-entry-excerpt entry-content'  itemprop=\"text\" >Auch dieses Jahr wurden 15 Jubilare der Ernst Klimmer GmbH geehrt.\n\nWir bedanken uns auch an dieser Stelle nochmals f\u00fcr die gute und treue Mitarbeit bei allen Jubilaren und freuen uns auf eine weiterhin gute Zusammenarbeit.<div class=\"read-more-link\"><a href=\"https:\/\/www.klimmer-gmbh.de\/de\/ehrung-der-jubilare-2018\/\" class=\"more-link\">Weiterlesen<span class='more-link-arrow avia-svg-icon avia-font-svg_entypo-fontello' data-av_svg_icon='right-open-big' data-av_iconset='svg_entypo-fontello'><svg version=\"1.1\" xmlns=\"http:\/\/www.w3.org\/2000\/svg\" width=\"15\" height=\"32\" viewBox=\"0 0 15 32\" preserveAspectRatio=\"xMidYMid meet\" role=\"graphics-symbol\" aria-hidden=\"true\">\n<path d=\"M0.416 27.84l11.456-11.84-11.456-11.904q-0.832-0.832 0-1.536 0.832-0.832 1.536 0l12.544 12.608q0.768 0.832 0 1.6l-12.544 12.608q-0.704 0.832-1.536 0-0.832-0.704 0-1.536z\"><\/path>\n<\/svg><\/span><\/a><\/div><\/div><\/div><footer class=\"entry-footer\"><\/footer><span class='hidden'>\n\t\t\t\t<span class='av-structured-data'  itemprop=\"image\" itemscope=\"itemscope\" itemtype=\"https:\/\/schema.org\/ImageObject\" >\n\t\t\t\t\t\t<span itemprop='url'>https:\/\/www.klimmer-gmbh.de\/wp-content\/uploads\/2024\/03\/NEWS_3_Dez_2018_Jubilare-2018.jpg<\/span>\n\t\t\t\t\t\t<span itemprop='height'>800<\/span>\n\t\t\t\t\t\t<span itemprop='width'>800<\/span>\n\t\t\t\t<\/span>\n\t\t\t\t<span class='av-structured-data'  itemprop=\"publisher\" itemtype=\"https:\/\/schema.org\/Organization\" itemscope=\"itemscope\" >\n\t\t\t\t\t\t<span itemprop='name'>Agentur Baur<\/span>\n\t\t\t\t\t\t<span itemprop='logo' itemscope itemtype='https:\/\/schema.org\/ImageObject'>\n\t\t\t\t\t\t\t<span itemprop='url'>https:\/\/www.klimmer-gmbh.de\/wp-content\/uploads\/2023\/05\/klimmergmbhde.svg<\/span>\n\t\t\t\t\t\t<\/span>\n\t\t\t\t<\/span><span class='av-structured-data'  itemprop=\"author\" itemscope=\"itemscope\" itemtype=\"https:\/\/schema.org\/Person\" ><span itemprop='name'>Agentur Baur<\/span><\/span><span class='av-structured-data'  itemprop=\"datePublished\" datetime=\"2023-05-27T13:35:19+02:00\" >2018-12-03 09:01:00<\/span><span class='av-structured-data'  itemprop=\"dateModified\" itemtype=\"https:\/\/schema.org\/dateModified\" >2024-03-26 09:06:08<\/span><span class='av-structured-data'  itemprop=\"mainEntityOfPage\" itemtype=\"https:\/\/schema.org\/mainEntityOfPage\" ><span itemprop='name'>Jubilarsfeier 29.11.2018.<\/span><\/span><\/span><\/article><\/div><div class=\"slide-entry-wrap\"><article class='slide-entry flex_column  post-entry post-entry-8021 slide-entry-overview slide-loop-28 slide-parity-odd  av_fullwidth first real-thumbnail posttype-post post-format-standard'  itemscope=\"itemscope\" itemtype=\"https:\/\/schema.org\/CreativeWork\" ><a href='https:\/\/www.klimmer-gmbh.de\/de\/familienstiftung-klimmer-childfund-kongolische-strassenkinder\/' data-rel='slide-3' class='slide-image' title='ChildFund Deutschland \u2013 Familienstiftung Klimmer neues Projekt: Hoffnung f\u00fcr kongolesische Strassenkinder.'><img decoding=\"async\" fetchpriority=\"high\" width=\"800\" height=\"800\" src=\"https:\/\/www.klimmer-gmbh.de\/wp-content\/uploads\/2024\/03\/NEWS_23_Okt_2018_konglosesische-strassenkinder-familienstiftung-childfund-800x800-1.jpg\" class=\"wp-image-8025 avia-img-lazy-loading-not-8025 attachment-large size-large wp-post-image\" alt=\"\" srcset=\"https:\/\/www.klimmer-gmbh.de\/wp-content\/uploads\/2024\/03\/NEWS_23_Okt_2018_konglosesische-strassenkinder-familienstiftung-childfund-800x800-1.jpg 800w, https:\/\/www.klimmer-gmbh.de\/wp-content\/uploads\/2024\/03\/NEWS_23_Okt_2018_konglosesische-strassenkinder-familienstiftung-childfund-800x800-1-300x300.jpg 300w, https:\/\/www.klimmer-gmbh.de\/wp-content\/uploads\/2024\/03\/NEWS_23_Okt_2018_konglosesische-strassenkinder-familienstiftung-childfund-800x800-1-80x80.jpg 80w, https:\/\/www.klimmer-gmbh.de\/wp-content\/uploads\/2024\/03\/NEWS_23_Okt_2018_konglosesische-strassenkinder-familienstiftung-childfund-800x800-1-768x768.jpg 768w, https:\/\/www.klimmer-gmbh.de\/wp-content\/uploads\/2024\/03\/NEWS_23_Okt_2018_konglosesische-strassenkinder-familienstiftung-childfund-800x800-1-36x36.jpg 36w\" sizes=\"(max-width: 800px) 100vw, 800px\" \/><\/a><div class=\"slide-content\"><header class=\"entry-content-header\" aria-label=\"Slide: ChildFund Deutschland \u2013 Familienstiftung Klimmer neues Projekt: Hoffnung f\u00fcr kongolesische Strassenkinder.\"><h3 class='slide-entry-title entry-title '  itemprop=\"headline\" ><a href='https:\/\/www.klimmer-gmbh.de\/de\/familienstiftung-klimmer-childfund-kongolische-strassenkinder\/' title='ChildFund Deutschland \u2013 Familienstiftung Klimmer neues Projekt: Hoffnung f\u00fcr kongolesische Strassenkinder.'>ChildFund Deutschland \u2013 Familienstiftung Klimmer neues Projekt: Hoffnung f\u00fcr kongolesische Strassenkinder.<\/a><\/h3><span class=\"av-vertical-delimiter\"><\/span><\/header><div class=\"slide-meta\"><time class='slide-meta-time updated'  itemprop=\"datePublished\" datetime=\"2018-10-23T09:07:00+02:00\" >23. Oktober 2018<\/time><\/div><div class='slide-entry-excerpt entry-content'  itemprop=\"text\" >Seit Oktober dieses Jahres engagiert sich die Ernst Klimmer GmbH mit dem neuen 3-j\u00e4hrigen Projekt f\u00fcr kongolesische Stra\u00dfenkinder.<div class=\"read-more-link\"><a href=\"https:\/\/www.klimmer-gmbh.de\/de\/familienstiftung-klimmer-childfund-kongolische-strassenkinder\/\" class=\"more-link\">Weiterlesen<span class='more-link-arrow avia-svg-icon avia-font-svg_entypo-fontello' data-av_svg_icon='right-open-big' data-av_iconset='svg_entypo-fontello'><svg version=\"1.1\" xmlns=\"http:\/\/www.w3.org\/2000\/svg\" width=\"15\" height=\"32\" viewBox=\"0 0 15 32\" preserveAspectRatio=\"xMidYMid meet\" role=\"graphics-symbol\" aria-hidden=\"true\">\n<path d=\"M0.416 27.84l11.456-11.84-11.456-11.904q-0.832-0.832 0-1.536 0.832-0.832 1.536 0l12.544 12.608q0.768 0.832 0 1.6l-12.544 12.608q-0.704 0.832-1.536 0-0.832-0.704 0-1.536z\"><\/path>\n<\/svg><\/span><\/a><\/div><\/div><\/div><footer class=\"entry-footer\"><\/footer><span class='hidden'>\n\t\t\t\t<span class='av-structured-data'  itemprop=\"image\" itemscope=\"itemscope\" itemtype=\"https:\/\/schema.org\/ImageObject\" >\n\t\t\t\t\t\t<span itemprop='url'>https:\/\/www.klimmer-gmbh.de\/wp-content\/uploads\/2024\/03\/NEWS_23_Okt_2018_konglosesische-strassenkinder-familienstiftung-childfund-800x800-1.jpg<\/span>\n\t\t\t\t\t\t<span itemprop='height'>800<\/span>\n\t\t\t\t\t\t<span itemprop='width'>800<\/span>\n\t\t\t\t<\/span>\n\t\t\t\t<span class='av-structured-data'  itemprop=\"publisher\" itemtype=\"https:\/\/schema.org\/Organization\" itemscope=\"itemscope\" >\n\t\t\t\t\t\t<span itemprop='name'>Agentur Baur<\/span>\n\t\t\t\t\t\t<span itemprop='logo' itemscope itemtype='https:\/\/schema.org\/ImageObject'>\n\t\t\t\t\t\t\t<span itemprop='url'>https:\/\/www.klimmer-gmbh.de\/wp-content\/uploads\/2023\/05\/klimmergmbhde.svg<\/span>\n\t\t\t\t\t\t<\/span>\n\t\t\t\t<\/span><span class='av-structured-data'  itemprop=\"author\" itemscope=\"itemscope\" itemtype=\"https:\/\/schema.org\/Person\" ><span itemprop='name'>Agentur Baur<\/span><\/span><span class='av-structured-data'  itemprop=\"datePublished\" datetime=\"2023-05-27T13:35:19+02:00\" >2018-10-23 09:07:00<\/span><span class='av-structured-data'  itemprop=\"dateModified\" itemtype=\"https:\/\/schema.org\/dateModified\" >2024-03-26 09:17:03<\/span><span class='av-structured-data'  itemprop=\"mainEntityOfPage\" itemtype=\"https:\/\/schema.org\/mainEntityOfPage\" ><span itemprop='name'>ChildFund Deutschland \u2013 Familienstiftung Klimmer neues Projekt: Hoffnung f\u00fcr kongolesische Strassenkinder.<\/span><\/span><\/span><\/article><\/div><div class=\"slide-entry-wrap\"><article class='slide-entry flex_column  post-entry post-entry-8035 slide-entry-overview slide-loop-29 slide-parity-odd  av_fullwidth first real-thumbnail posttype-post post-format-standard'  itemscope=\"itemscope\" itemtype=\"https:\/\/schema.org\/CreativeWork\" ><a href='https:\/\/www.klimmer-gmbh.de\/de\/internationale-zulieferboerse-wolfsburg-2018\/' data-rel='slide-3' class='slide-image' title='Internationale Zuliefererb\u00f6rse 2018.'><img decoding=\"async\" fetchpriority=\"high\" width=\"800\" height=\"800\" src=\"https:\/\/www.klimmer-gmbh.de\/wp-content\/uploads\/2024\/03\/NEWS_16_Okt_2018_IZB-2018-Bild-800x800-1.jpg\" class=\"wp-image-8041 avia-img-lazy-loading-not-8041 attachment-large size-large wp-post-image\" alt=\"\" srcset=\"https:\/\/www.klimmer-gmbh.de\/wp-content\/uploads\/2024\/03\/NEWS_16_Okt_2018_IZB-2018-Bild-800x800-1.jpg 800w, https:\/\/www.klimmer-gmbh.de\/wp-content\/uploads\/2024\/03\/NEWS_16_Okt_2018_IZB-2018-Bild-800x800-1-300x300.jpg 300w, https:\/\/www.klimmer-gmbh.de\/wp-content\/uploads\/2024\/03\/NEWS_16_Okt_2018_IZB-2018-Bild-800x800-1-80x80.jpg 80w, https:\/\/www.klimmer-gmbh.de\/wp-content\/uploads\/2024\/03\/NEWS_16_Okt_2018_IZB-2018-Bild-800x800-1-768x768.jpg 768w, https:\/\/www.klimmer-gmbh.de\/wp-content\/uploads\/2024\/03\/NEWS_16_Okt_2018_IZB-2018-Bild-800x800-1-36x36.jpg 36w\" sizes=\"(max-width: 800px) 100vw, 800px\" \/><\/a><div class=\"slide-content\"><header class=\"entry-content-header\" aria-label=\"Slide: Internationale Zuliefererb\u00f6rse 2018.\"><h3 class='slide-entry-title entry-title '  itemprop=\"headline\" ><a href='https:\/\/www.klimmer-gmbh.de\/de\/internationale-zulieferboerse-wolfsburg-2018\/' title='Internationale Zuliefererb\u00f6rse 2018.'>Internationale Zuliefererb\u00f6rse 2018.<\/a><\/h3><span class=\"av-vertical-delimiter\"><\/span><\/header><div class=\"slide-meta\"><time class='slide-meta-time updated'  itemprop=\"datePublished\" datetime=\"2018-10-16T09:34:00+02:00\" >16. Oktober 2018<\/time><\/div><div class='slide-entry-excerpt entry-content'  itemprop=\"text\" >Wir waren auf der IZB in Wolfsburg. Die internationale Zuliefererb\u00f6rse (IZB) richtet sich an Zulieferer der Automobilindustrie und genie\u00dft gro\u00dfes Ansehen in der internationalen Fachwelt.<div class=\"read-more-link\"><a href=\"https:\/\/www.klimmer-gmbh.de\/de\/internationale-zulieferboerse-wolfsburg-2018\/\" class=\"more-link\">Weiterlesen<span class='more-link-arrow avia-svg-icon avia-font-svg_entypo-fontello' data-av_svg_icon='right-open-big' data-av_iconset='svg_entypo-fontello'><svg version=\"1.1\" xmlns=\"http:\/\/www.w3.org\/2000\/svg\" width=\"15\" height=\"32\" viewBox=\"0 0 15 32\" preserveAspectRatio=\"xMidYMid meet\" role=\"graphics-symbol\" aria-hidden=\"true\">\n<path d=\"M0.416 27.84l11.456-11.84-11.456-11.904q-0.832-0.832 0-1.536 0.832-0.832 1.536 0l12.544 12.608q0.768 0.832 0 1.6l-12.544 12.608q-0.704 0.832-1.536 0-0.832-0.704 0-1.536z\"><\/path>\n<\/svg><\/span><\/a><\/div><\/div><\/div><footer class=\"entry-footer\"><\/footer><span class='hidden'>\n\t\t\t\t<span class='av-structured-data'  itemprop=\"image\" itemscope=\"itemscope\" itemtype=\"https:\/\/schema.org\/ImageObject\" >\n\t\t\t\t\t\t<span itemprop='url'>https:\/\/www.klimmer-gmbh.de\/wp-content\/uploads\/2024\/03\/NEWS_16_Okt_2018_IZB-2018-Bild-800x800-1.jpg<\/span>\n\t\t\t\t\t\t<span itemprop='height'>800<\/span>\n\t\t\t\t\t\t<span itemprop='width'>800<\/span>\n\t\t\t\t<\/span>\n\t\t\t\t<span class='av-structured-data'  itemprop=\"publisher\" itemtype=\"https:\/\/schema.org\/Organization\" itemscope=\"itemscope\" >\n\t\t\t\t\t\t<span itemprop='name'>Agentur Baur<\/span>\n\t\t\t\t\t\t<span itemprop='logo' itemscope itemtype='https:\/\/schema.org\/ImageObject'>\n\t\t\t\t\t\t\t<span itemprop='url'>https:\/\/www.klimmer-gmbh.de\/wp-content\/uploads\/2023\/05\/klimmergmbhde.svg<\/span>\n\t\t\t\t\t\t<\/span>\n\t\t\t\t<\/span><span class='av-structured-data'  itemprop=\"author\" itemscope=\"itemscope\" itemtype=\"https:\/\/schema.org\/Person\" ><span itemprop='name'>Agentur Baur<\/span><\/span><span class='av-structured-data'  itemprop=\"datePublished\" datetime=\"2023-05-27T13:35:19+02:00\" >2018-10-16 09:34:00<\/span><span class='av-structured-data'  itemprop=\"dateModified\" itemtype=\"https:\/\/schema.org\/dateModified\" >2024-03-26 09:43:12<\/span><span class='av-structured-data'  itemprop=\"mainEntityOfPage\" itemtype=\"https:\/\/schema.org\/mainEntityOfPage\" ><span itemprop='name'>Internationale Zuliefererb\u00f6rse 2018.<\/span><\/span><\/span><\/article><\/div><div class=\"slide-entry-wrap\"><article class='slide-entry flex_column  post-entry post-entry-8047 slide-entry-overview slide-loop-30 slide-parity-odd  av_fullwidth first real-thumbnail posttype-post post-format-standard'  itemscope=\"itemscope\" itemtype=\"https:\/\/schema.org\/CreativeWork\" ><a href='https:\/\/www.klimmer-gmbh.de\/de\/ferienarbeiter-gesucht-juli-september-2018\/' data-rel='slide-3' class='slide-image' title='Ferienarbeiter Juli-September 2018 gesucht.'><img decoding=\"async\" fetchpriority=\"high\" width=\"800\" height=\"800\" src=\"https:\/\/www.klimmer-gmbh.de\/wp-content\/uploads\/2024\/03\/NEWS_19_Jun_2018_Girls-Day-Picture-800x800-1.jpg\" class=\"wp-image-8053 avia-img-lazy-loading-not-8053 attachment-large size-large wp-post-image\" alt=\"\" srcset=\"https:\/\/www.klimmer-gmbh.de\/wp-content\/uploads\/2024\/03\/NEWS_19_Jun_2018_Girls-Day-Picture-800x800-1.jpg 800w, https:\/\/www.klimmer-gmbh.de\/wp-content\/uploads\/2024\/03\/NEWS_19_Jun_2018_Girls-Day-Picture-800x800-1-300x300.jpg 300w, https:\/\/www.klimmer-gmbh.de\/wp-content\/uploads\/2024\/03\/NEWS_19_Jun_2018_Girls-Day-Picture-800x800-1-80x80.jpg 80w, https:\/\/www.klimmer-gmbh.de\/wp-content\/uploads\/2024\/03\/NEWS_19_Jun_2018_Girls-Day-Picture-800x800-1-768x768.jpg 768w, https:\/\/www.klimmer-gmbh.de\/wp-content\/uploads\/2024\/03\/NEWS_19_Jun_2018_Girls-Day-Picture-800x800-1-36x36.jpg 36w\" sizes=\"(max-width: 800px) 100vw, 800px\" \/><\/a><div class=\"slide-content\"><header class=\"entry-content-header\" aria-label=\"Slide: Ferienarbeiter Juli-September 2018 gesucht.\"><h3 class='slide-entry-title entry-title '  itemprop=\"headline\" ><a href='https:\/\/www.klimmer-gmbh.de\/de\/ferienarbeiter-gesucht-juli-september-2018\/' title='Ferienarbeiter Juli-September 2018 gesucht.'>Ferienarbeiter Juli-September 2018 gesucht.<\/a><\/h3><span class=\"av-vertical-delimiter\"><\/span><\/header><div class=\"slide-meta\"><time class='slide-meta-time updated'  itemprop=\"datePublished\" datetime=\"2018-06-19T09:43:00+02:00\" >19. Juni 2018<\/time><\/div><div class='slide-entry-excerpt entry-content'  itemprop=\"text\" >Sie sind auf der Suche nach einem Ferienjob (Juli-September), arbeiten gerne im Team oder haben Freunde\/Bekannte\/Verwandte, die erste Erfahrungen in der Berufswelt sammeln m\u00f6chten?<div class=\"read-more-link\"><a href=\"https:\/\/www.klimmer-gmbh.de\/de\/ferienarbeiter-gesucht-juli-september-2018\/\" class=\"more-link\">Weiterlesen<span class='more-link-arrow avia-svg-icon avia-font-svg_entypo-fontello' data-av_svg_icon='right-open-big' data-av_iconset='svg_entypo-fontello'><svg version=\"1.1\" xmlns=\"http:\/\/www.w3.org\/2000\/svg\" width=\"15\" height=\"32\" viewBox=\"0 0 15 32\" preserveAspectRatio=\"xMidYMid meet\" role=\"graphics-symbol\" aria-hidden=\"true\">\n<path d=\"M0.416 27.84l11.456-11.84-11.456-11.904q-0.832-0.832 0-1.536 0.832-0.832 1.536 0l12.544 12.608q0.768 0.832 0 1.6l-12.544 12.608q-0.704 0.832-1.536 0-0.832-0.704 0-1.536z\"><\/path>\n<\/svg><\/span><\/a><\/div><\/div><\/div><footer class=\"entry-footer\"><\/footer><span class='hidden'>\n\t\t\t\t<span class='av-structured-data'  itemprop=\"image\" itemscope=\"itemscope\" itemtype=\"https:\/\/schema.org\/ImageObject\" >\n\t\t\t\t\t\t<span itemprop='url'>https:\/\/www.klimmer-gmbh.de\/wp-content\/uploads\/2024\/03\/NEWS_19_Jun_2018_Girls-Day-Picture-800x800-1.jpg<\/span>\n\t\t\t\t\t\t<span itemprop='height'>800<\/span>\n\t\t\t\t\t\t<span itemprop='width'>800<\/span>\n\t\t\t\t<\/span>\n\t\t\t\t<span class='av-structured-data'  itemprop=\"publisher\" itemtype=\"https:\/\/schema.org\/Organization\" itemscope=\"itemscope\" >\n\t\t\t\t\t\t<span itemprop='name'>Agentur Baur<\/span>\n\t\t\t\t\t\t<span itemprop='logo' itemscope itemtype='https:\/\/schema.org\/ImageObject'>\n\t\t\t\t\t\t\t<span itemprop='url'>https:\/\/www.klimmer-gmbh.de\/wp-content\/uploads\/2023\/05\/klimmergmbhde.svg<\/span>\n\t\t\t\t\t\t<\/span>\n\t\t\t\t<\/span><span class='av-structured-data'  itemprop=\"author\" itemscope=\"itemscope\" itemtype=\"https:\/\/schema.org\/Person\" ><span itemprop='name'>Agentur Baur<\/span><\/span><span class='av-structured-data'  itemprop=\"datePublished\" datetime=\"2023-05-27T13:35:19+02:00\" >2018-06-19 09:43:00<\/span><span class='av-structured-data'  itemprop=\"dateModified\" itemtype=\"https:\/\/schema.org\/dateModified\" >2024-03-26 09:48:32<\/span><span class='av-structured-data'  itemprop=\"mainEntityOfPage\" itemtype=\"https:\/\/schema.org\/mainEntityOfPage\" ><span itemprop='name'>Ferienarbeiter Juli-September 2018 gesucht.<\/span><\/span><\/span><\/article><\/div><div class=\"slide-entry-wrap\"><article class='slide-entry flex_column  post-entry post-entry-8057 slide-entry-overview slide-loop-31 slide-parity-odd  av_fullwidth first real-thumbnail posttype-post post-format-standard'  itemscope=\"itemscope\" itemtype=\"https:\/\/schema.org\/CreativeWork\" ><a href='https:\/\/www.klimmer-gmbh.de\/de\/facebook-praesenz-datenschutzgrundverordnung\/' data-rel='slide-3' class='slide-image' title='FACEBOOK Pr\u00e4senz \/ Datenschutz Grundverordnung.'><img decoding=\"async\" fetchpriority=\"high\" width=\"800\" height=\"800\" src=\"https:\/\/www.klimmer-gmbh.de\/wp-content\/uploads\/2024\/03\/NEWS_11_Jun_2018_klimmer-verwaltung-buero-800x800-1.jpg\" class=\"wp-image-8063 avia-img-lazy-loading-not-8063 attachment-large size-large wp-post-image\" alt=\"\" srcset=\"https:\/\/www.klimmer-gmbh.de\/wp-content\/uploads\/2024\/03\/NEWS_11_Jun_2018_klimmer-verwaltung-buero-800x800-1.jpg 800w, https:\/\/www.klimmer-gmbh.de\/wp-content\/uploads\/2024\/03\/NEWS_11_Jun_2018_klimmer-verwaltung-buero-800x800-1-300x300.jpg 300w, https:\/\/www.klimmer-gmbh.de\/wp-content\/uploads\/2024\/03\/NEWS_11_Jun_2018_klimmer-verwaltung-buero-800x800-1-80x80.jpg 80w, https:\/\/www.klimmer-gmbh.de\/wp-content\/uploads\/2024\/03\/NEWS_11_Jun_2018_klimmer-verwaltung-buero-800x800-1-768x768.jpg 768w, https:\/\/www.klimmer-gmbh.de\/wp-content\/uploads\/2024\/03\/NEWS_11_Jun_2018_klimmer-verwaltung-buero-800x800-1-36x36.jpg 36w\" sizes=\"(max-width: 800px) 100vw, 800px\" \/><\/a><div class=\"slide-content\"><header class=\"entry-content-header\" aria-label=\"Slide: FACEBOOK Pr\u00e4senz \/ Datenschutz Grundverordnung.\"><h3 class='slide-entry-title entry-title '  itemprop=\"headline\" ><a href='https:\/\/www.klimmer-gmbh.de\/de\/facebook-praesenz-datenschutzgrundverordnung\/' title='FACEBOOK Pr\u00e4senz \/ Datenschutz Grundverordnung.'>FACEBOOK Pr\u00e4senz \/ Datenschutz Grundverordnung.<\/a><\/h3><span class=\"av-vertical-delimiter\"><\/span><\/header><div class=\"slide-meta\"><time class='slide-meta-time updated'  itemprop=\"datePublished\" datetime=\"2018-06-11T09:51:00+02:00\" >11. Juni 2018<\/time><\/div><div class='slide-entry-excerpt entry-content'  itemprop=\"text\" >Wir verarbeiten personenbezogene Daten gem\u00e4\u00df den Bestimmungen der europ\u00e4ischen Datenschutz-Grundverordnung.<div class=\"read-more-link\"><a href=\"https:\/\/www.klimmer-gmbh.de\/de\/facebook-praesenz-datenschutzgrundverordnung\/\" class=\"more-link\">Weiterlesen<span class='more-link-arrow avia-svg-icon avia-font-svg_entypo-fontello' data-av_svg_icon='right-open-big' data-av_iconset='svg_entypo-fontello'><svg version=\"1.1\" xmlns=\"http:\/\/www.w3.org\/2000\/svg\" width=\"15\" height=\"32\" viewBox=\"0 0 15 32\" preserveAspectRatio=\"xMidYMid meet\" role=\"graphics-symbol\" aria-hidden=\"true\">\n<path d=\"M0.416 27.84l11.456-11.84-11.456-11.904q-0.832-0.832 0-1.536 0.832-0.832 1.536 0l12.544 12.608q0.768 0.832 0 1.6l-12.544 12.608q-0.704 0.832-1.536 0-0.832-0.704 0-1.536z\"><\/path>\n<\/svg><\/span><\/a><\/div><\/div><\/div><footer class=\"entry-footer\"><\/footer><span class='hidden'>\n\t\t\t\t<span class='av-structured-data'  itemprop=\"image\" itemscope=\"itemscope\" itemtype=\"https:\/\/schema.org\/ImageObject\" >\n\t\t\t\t\t\t<span itemprop='url'>https:\/\/www.klimmer-gmbh.de\/wp-content\/uploads\/2024\/03\/NEWS_11_Jun_2018_klimmer-verwaltung-buero-800x800-1.jpg<\/span>\n\t\t\t\t\t\t<span itemprop='height'>800<\/span>\n\t\t\t\t\t\t<span itemprop='width'>800<\/span>\n\t\t\t\t<\/span>\n\t\t\t\t<span class='av-structured-data'  itemprop=\"publisher\" itemtype=\"https:\/\/schema.org\/Organization\" itemscope=\"itemscope\" >\n\t\t\t\t\t\t<span itemprop='name'>Agentur Baur<\/span>\n\t\t\t\t\t\t<span itemprop='logo' itemscope itemtype='https:\/\/schema.org\/ImageObject'>\n\t\t\t\t\t\t\t<span itemprop='url'>https:\/\/www.klimmer-gmbh.de\/wp-content\/uploads\/2023\/05\/klimmergmbhde.svg<\/span>\n\t\t\t\t\t\t<\/span>\n\t\t\t\t<\/span><span class='av-structured-data'  itemprop=\"author\" itemscope=\"itemscope\" itemtype=\"https:\/\/schema.org\/Person\" ><span itemprop='name'>Agentur Baur<\/span><\/span><span class='av-structured-data'  itemprop=\"datePublished\" datetime=\"2023-05-27T13:35:19+02:00\" >2018-06-11 09:51:00<\/span><span class='av-structured-data'  itemprop=\"dateModified\" itemtype=\"https:\/\/schema.org\/dateModified\" >2024-03-26 09:54:42<\/span><span class='av-structured-data'  itemprop=\"mainEntityOfPage\" itemtype=\"https:\/\/schema.org\/mainEntityOfPage\" ><span itemprop='name'>FACEBOOK Pr\u00e4senz \/ Datenschutz Grundverordnung.<\/span><\/span><\/span><\/article><\/div><div class=\"slide-entry-wrap\"><article class='slide-entry flex_column  post-entry post-entry-8067 slide-entry-overview slide-loop-32 slide-parity-odd  av_fullwidth first real-thumbnail posttype-post post-format-standard'  itemscope=\"itemscope\" itemtype=\"https:\/\/schema.org\/CreativeWork\" ><a href='https:\/\/www.klimmer-gmbh.de\/de\/girls-day-26-04-2018\/' data-rel='slide-3' class='slide-image' title='Girl\u00b4s Day 26.04.2018.'><img decoding=\"async\" fetchpriority=\"high\" width=\"800\" height=\"800\" src=\"https:\/\/www.klimmer-gmbh.de\/wp-content\/uploads\/2024\/03\/NEWS_30_Apr_2018_girls-day-2018-klimmer-burgau-800x800-1.jpg\" class=\"wp-image-8073 avia-img-lazy-loading-not-8073 attachment-large size-large wp-post-image\" alt=\"\" srcset=\"https:\/\/www.klimmer-gmbh.de\/wp-content\/uploads\/2024\/03\/NEWS_30_Apr_2018_girls-day-2018-klimmer-burgau-800x800-1.jpg 800w, https:\/\/www.klimmer-gmbh.de\/wp-content\/uploads\/2024\/03\/NEWS_30_Apr_2018_girls-day-2018-klimmer-burgau-800x800-1-300x300.jpg 300w, https:\/\/www.klimmer-gmbh.de\/wp-content\/uploads\/2024\/03\/NEWS_30_Apr_2018_girls-day-2018-klimmer-burgau-800x800-1-80x80.jpg 80w, https:\/\/www.klimmer-gmbh.de\/wp-content\/uploads\/2024\/03\/NEWS_30_Apr_2018_girls-day-2018-klimmer-burgau-800x800-1-768x768.jpg 768w, https:\/\/www.klimmer-gmbh.de\/wp-content\/uploads\/2024\/03\/NEWS_30_Apr_2018_girls-day-2018-klimmer-burgau-800x800-1-36x36.jpg 36w\" sizes=\"(max-width: 800px) 100vw, 800px\" \/><\/a><div class=\"slide-content\"><header class=\"entry-content-header\" aria-label=\"Slide: Girl\u00b4s Day 26.04.2018.\"><h3 class='slide-entry-title entry-title '  itemprop=\"headline\" ><a href='https:\/\/www.klimmer-gmbh.de\/de\/girls-day-26-04-2018\/' title='Girl\u00b4s Day 26.04.2018.'>Girl\u00b4s Day 26.04.2018.<\/a><\/h3><span class=\"av-vertical-delimiter\"><\/span><\/header><div class=\"slide-meta\"><time class='slide-meta-time updated'  itemprop=\"datePublished\" datetime=\"2018-04-30T09:57:00+02:00\" >30. April 2018<\/time><\/div><div class='slide-entry-excerpt entry-content'  itemprop=\"text\" >Alle Teilnehmerinnen lernten\u00a0hierbei alle Bereiche kennen, die f\u00fcr die Herstellung eines ausgew\u00e4hlten technischen Produktes notwendig sind.<div class=\"read-more-link\"><a href=\"https:\/\/www.klimmer-gmbh.de\/de\/girls-day-26-04-2018\/\" class=\"more-link\">Weiterlesen<span class='more-link-arrow avia-svg-icon avia-font-svg_entypo-fontello' data-av_svg_icon='right-open-big' data-av_iconset='svg_entypo-fontello'><svg version=\"1.1\" xmlns=\"http:\/\/www.w3.org\/2000\/svg\" width=\"15\" height=\"32\" viewBox=\"0 0 15 32\" preserveAspectRatio=\"xMidYMid meet\" role=\"graphics-symbol\" aria-hidden=\"true\">\n<path d=\"M0.416 27.84l11.456-11.84-11.456-11.904q-0.832-0.832 0-1.536 0.832-0.832 1.536 0l12.544 12.608q0.768 0.832 0 1.6l-12.544 12.608q-0.704 0.832-1.536 0-0.832-0.704 0-1.536z\"><\/path>\n<\/svg><\/span><\/a><\/div><\/div><\/div><footer class=\"entry-footer\"><\/footer><span class='hidden'>\n\t\t\t\t<span class='av-structured-data'  itemprop=\"image\" itemscope=\"itemscope\" itemtype=\"https:\/\/schema.org\/ImageObject\" >\n\t\t\t\t\t\t<span itemprop='url'>https:\/\/www.klimmer-gmbh.de\/wp-content\/uploads\/2024\/03\/NEWS_30_Apr_2018_girls-day-2018-klimmer-burgau-800x800-1.jpg<\/span>\n\t\t\t\t\t\t<span itemprop='height'>800<\/span>\n\t\t\t\t\t\t<span itemprop='width'>800<\/span>\n\t\t\t\t<\/span>\n\t\t\t\t<span class='av-structured-data'  itemprop=\"publisher\" itemtype=\"https:\/\/schema.org\/Organization\" itemscope=\"itemscope\" >\n\t\t\t\t\t\t<span itemprop='name'>Agentur Baur<\/span>\n\t\t\t\t\t\t<span itemprop='logo' itemscope itemtype='https:\/\/schema.org\/ImageObject'>\n\t\t\t\t\t\t\t<span itemprop='url'>https:\/\/www.klimmer-gmbh.de\/wp-content\/uploads\/2023\/05\/klimmergmbhde.svg<\/span>\n\t\t\t\t\t\t<\/span>\n\t\t\t\t<\/span><span class='av-structured-data'  itemprop=\"author\" itemscope=\"itemscope\" itemtype=\"https:\/\/schema.org\/Person\" ><span itemprop='name'>Agentur Baur<\/span><\/span><span class='av-structured-data'  itemprop=\"datePublished\" datetime=\"2023-05-27T13:35:19+02:00\" >2018-04-30 09:57:00<\/span><span class='av-structured-data'  itemprop=\"dateModified\" itemtype=\"https:\/\/schema.org\/dateModified\" >2024-03-26 09:59:58<\/span><span class='av-structured-data'  itemprop=\"mainEntityOfPage\" itemtype=\"https:\/\/schema.org\/mainEntityOfPage\" ><span itemprop='name'>Girl\u00b4s Day 26.04.2018.<\/span><\/span><\/span><\/article><\/div><div class=\"slide-entry-wrap\"><article class='slide-entry flex_column  post-entry post-entry-8077 slide-entry-overview slide-loop-33 slide-parity-odd  av_fullwidth first real-thumbnail posttype-post post-format-standard'  itemscope=\"itemscope\" itemtype=\"https:\/\/schema.org\/CreativeWork\" ><a href='https:\/\/www.klimmer-gmbh.de\/de\/ausbildung-studiengaenge-2018\/' data-rel='slide-3' class='slide-image' title='Lust auf (heavy) metal(l)? Ausbildung und duale Studieng\u00e4nge 2018'><img decoding=\"async\" fetchpriority=\"high\" width=\"800\" height=\"800\" src=\"https:\/\/www.klimmer-gmbh.de\/wp-content\/uploads\/2024\/03\/NEWS_12_Feb_2018_bewerbung-heavy-metal-beruf_800x800.jpg\" class=\"wp-image-8083 avia-img-lazy-loading-not-8083 attachment-large size-large wp-post-image\" alt=\"\" srcset=\"https:\/\/www.klimmer-gmbh.de\/wp-content\/uploads\/2024\/03\/NEWS_12_Feb_2018_bewerbung-heavy-metal-beruf_800x800.jpg 800w, https:\/\/www.klimmer-gmbh.de\/wp-content\/uploads\/2024\/03\/NEWS_12_Feb_2018_bewerbung-heavy-metal-beruf_800x800-300x300.jpg 300w, https:\/\/www.klimmer-gmbh.de\/wp-content\/uploads\/2024\/03\/NEWS_12_Feb_2018_bewerbung-heavy-metal-beruf_800x800-80x80.jpg 80w, https:\/\/www.klimmer-gmbh.de\/wp-content\/uploads\/2024\/03\/NEWS_12_Feb_2018_bewerbung-heavy-metal-beruf_800x800-768x768.jpg 768w, https:\/\/www.klimmer-gmbh.de\/wp-content\/uploads\/2024\/03\/NEWS_12_Feb_2018_bewerbung-heavy-metal-beruf_800x800-36x36.jpg 36w\" sizes=\"(max-width: 800px) 100vw, 800px\" \/><\/a><div class=\"slide-content\"><header class=\"entry-content-header\" aria-label=\"Slide: Lust auf (heavy) metal(l)? Ausbildung und duale Studieng\u00e4nge 2018\"><h3 class='slide-entry-title entry-title '  itemprop=\"headline\" ><a href='https:\/\/www.klimmer-gmbh.de\/de\/ausbildung-studiengaenge-2018\/' title='Lust auf (heavy) metal(l)? Ausbildung und duale Studieng\u00e4nge 2018'>Lust auf (heavy) metal(l)? Ausbildung und duale Studieng\u00e4nge 2018<\/a><\/h3><span class=\"av-vertical-delimiter\"><\/span><\/header><div class=\"slide-meta\"><time class='slide-meta-time updated'  itemprop=\"datePublished\" datetime=\"2018-02-12T10:27:00+01:00\" >12. Februar 2018<\/time><\/div><div class='slide-entry-excerpt entry-content'  itemprop=\"text\" >Du bist auf der Suche nach einer Ausbildung oder einem dualen Studium? Dann komm zu uns!<div class=\"read-more-link\"><a href=\"https:\/\/www.klimmer-gmbh.de\/de\/ausbildung-studiengaenge-2018\/\" class=\"more-link\">Weiterlesen<span class='more-link-arrow avia-svg-icon avia-font-svg_entypo-fontello' data-av_svg_icon='right-open-big' data-av_iconset='svg_entypo-fontello'><svg version=\"1.1\" xmlns=\"http:\/\/www.w3.org\/2000\/svg\" width=\"15\" height=\"32\" viewBox=\"0 0 15 32\" preserveAspectRatio=\"xMidYMid meet\" role=\"graphics-symbol\" aria-hidden=\"true\">\n<path d=\"M0.416 27.84l11.456-11.84-11.456-11.904q-0.832-0.832 0-1.536 0.832-0.832 1.536 0l12.544 12.608q0.768 0.832 0 1.6l-12.544 12.608q-0.704 0.832-1.536 0-0.832-0.704 0-1.536z\"><\/path>\n<\/svg><\/span><\/a><\/div><\/div><\/div><footer class=\"entry-footer\"><\/footer><span class='hidden'>\n\t\t\t\t<span class='av-structured-data'  itemprop=\"image\" itemscope=\"itemscope\" itemtype=\"https:\/\/schema.org\/ImageObject\" >\n\t\t\t\t\t\t<span itemprop='url'>https:\/\/www.klimmer-gmbh.de\/wp-content\/uploads\/2024\/03\/NEWS_12_Feb_2018_bewerbung-heavy-metal-beruf_800x800.jpg<\/span>\n\t\t\t\t\t\t<span itemprop='height'>800<\/span>\n\t\t\t\t\t\t<span itemprop='width'>800<\/span>\n\t\t\t\t<\/span>\n\t\t\t\t<span class='av-structured-data'  itemprop=\"publisher\" itemtype=\"https:\/\/schema.org\/Organization\" itemscope=\"itemscope\" >\n\t\t\t\t\t\t<span itemprop='name'>Agentur Baur<\/span>\n\t\t\t\t\t\t<span itemprop='logo' itemscope itemtype='https:\/\/schema.org\/ImageObject'>\n\t\t\t\t\t\t\t<span itemprop='url'>https:\/\/www.klimmer-gmbh.de\/wp-content\/uploads\/2023\/05\/klimmergmbhde.svg<\/span>\n\t\t\t\t\t\t<\/span>\n\t\t\t\t<\/span><span class='av-structured-data'  itemprop=\"author\" itemscope=\"itemscope\" itemtype=\"https:\/\/schema.org\/Person\" ><span itemprop='name'>Agentur Baur<\/span><\/span><span class='av-structured-data'  itemprop=\"datePublished\" datetime=\"2023-05-27T13:35:19+02:00\" >2018-02-12 10:27:00<\/span><span class='av-structured-data'  itemprop=\"dateModified\" itemtype=\"https:\/\/schema.org\/dateModified\" >2024-03-26 10:38:36<\/span><span class='av-structured-data'  itemprop=\"mainEntityOfPage\" itemtype=\"https:\/\/schema.org\/mainEntityOfPage\" ><span itemprop='name'>Lust auf (heavy) metal(l)? Ausbildung und duale Studieng\u00e4nge 2018<\/span><\/span><\/span><\/article><\/div><div class=\"slide-entry-wrap\"><article class='slide-entry flex_column  post-entry post-entry-8089 slide-entry-overview slide-loop-34 slide-parity-odd  av_fullwidth first real-thumbnail posttype-post post-format-standard'  itemscope=\"itemscope\" itemtype=\"https:\/\/schema.org\/CreativeWork\" ><a href='https:\/\/www.klimmer-gmbh.de\/de\/girls-day-26-04-2018-2\/' data-rel='slide-3' class='slide-image' title='Girl\u00b4s Day am 26. April 2018.'><img decoding=\"async\" fetchpriority=\"high\" width=\"800\" height=\"800\" src=\"https:\/\/www.klimmer-gmbh.de\/wp-content\/uploads\/2024\/03\/NEWS_08_Feb_2018_girlsday-maedchen-zukunftstag_800x800.jpg\" class=\"wp-image-8095 avia-img-lazy-loading-not-8095 attachment-large size-large wp-post-image\" alt=\"\" srcset=\"https:\/\/www.klimmer-gmbh.de\/wp-content\/uploads\/2024\/03\/NEWS_08_Feb_2018_girlsday-maedchen-zukunftstag_800x800.jpg 800w, https:\/\/www.klimmer-gmbh.de\/wp-content\/uploads\/2024\/03\/NEWS_08_Feb_2018_girlsday-maedchen-zukunftstag_800x800-300x300.jpg 300w, https:\/\/www.klimmer-gmbh.de\/wp-content\/uploads\/2024\/03\/NEWS_08_Feb_2018_girlsday-maedchen-zukunftstag_800x800-80x80.jpg 80w, https:\/\/www.klimmer-gmbh.de\/wp-content\/uploads\/2024\/03\/NEWS_08_Feb_2018_girlsday-maedchen-zukunftstag_800x800-768x768.jpg 768w, https:\/\/www.klimmer-gmbh.de\/wp-content\/uploads\/2024\/03\/NEWS_08_Feb_2018_girlsday-maedchen-zukunftstag_800x800-36x36.jpg 36w\" sizes=\"(max-width: 800px) 100vw, 800px\" \/><\/a><div class=\"slide-content\"><header class=\"entry-content-header\" aria-label=\"Slide: Girl\u00b4s Day am 26. April 2018.\"><h3 class='slide-entry-title entry-title '  itemprop=\"headline\" ><a href='https:\/\/www.klimmer-gmbh.de\/de\/girls-day-26-04-2018-2\/' title='Girl\u00b4s Day am 26. April 2018.'>Girl\u00b4s Day am 26. April 2018.<\/a><\/h3><span class=\"av-vertical-delimiter\"><\/span><\/header><div class=\"slide-meta\"><time class='slide-meta-time updated'  itemprop=\"datePublished\" datetime=\"2018-02-08T10:39:00+01:00\" >8. Februar 2018<\/time><\/div><div class='slide-entry-excerpt entry-content'  itemprop=\"text\" >Mach mit beim M\u00e4dchen Zukunftstag!\n\nDu lernst hierbei alle Bereiche kennen, die f\u00fcr die Herstellung eines ausgew\u00e4hlten technischen Produktes notwendig sind.<div class=\"read-more-link\"><a href=\"https:\/\/www.klimmer-gmbh.de\/de\/girls-day-26-04-2018-2\/\" class=\"more-link\">Weiterlesen<span class='more-link-arrow avia-svg-icon avia-font-svg_entypo-fontello' data-av_svg_icon='right-open-big' data-av_iconset='svg_entypo-fontello'><svg version=\"1.1\" xmlns=\"http:\/\/www.w3.org\/2000\/svg\" width=\"15\" height=\"32\" viewBox=\"0 0 15 32\" preserveAspectRatio=\"xMidYMid meet\" role=\"graphics-symbol\" aria-hidden=\"true\">\n<path d=\"M0.416 27.84l11.456-11.84-11.456-11.904q-0.832-0.832 0-1.536 0.832-0.832 1.536 0l12.544 12.608q0.768 0.832 0 1.6l-12.544 12.608q-0.704 0.832-1.536 0-0.832-0.704 0-1.536z\"><\/path>\n<\/svg><\/span><\/a><\/div><\/div><\/div><footer class=\"entry-footer\"><\/footer><span class='hidden'>\n\t\t\t\t<span class='av-structured-data'  itemprop=\"image\" itemscope=\"itemscope\" itemtype=\"https:\/\/schema.org\/ImageObject\" >\n\t\t\t\t\t\t<span itemprop='url'>https:\/\/www.klimmer-gmbh.de\/wp-content\/uploads\/2024\/03\/NEWS_08_Feb_2018_girlsday-maedchen-zukunftstag_800x800.jpg<\/span>\n\t\t\t\t\t\t<span itemprop='height'>800<\/span>\n\t\t\t\t\t\t<span itemprop='width'>800<\/span>\n\t\t\t\t<\/span>\n\t\t\t\t<span class='av-structured-data'  itemprop=\"publisher\" itemtype=\"https:\/\/schema.org\/Organization\" itemscope=\"itemscope\" >\n\t\t\t\t\t\t<span itemprop='name'>Agentur Baur<\/span>\n\t\t\t\t\t\t<span itemprop='logo' itemscope itemtype='https:\/\/schema.org\/ImageObject'>\n\t\t\t\t\t\t\t<span itemprop='url'>https:\/\/www.klimmer-gmbh.de\/wp-content\/uploads\/2023\/05\/klimmergmbhde.svg<\/span>\n\t\t\t\t\t\t<\/span>\n\t\t\t\t<\/span><span class='av-structured-data'  itemprop=\"author\" itemscope=\"itemscope\" itemtype=\"https:\/\/schema.org\/Person\" ><span itemprop='name'>Agentur Baur<\/span><\/span><span class='av-structured-data'  itemprop=\"datePublished\" datetime=\"2023-05-27T13:35:19+02:00\" >2018-02-08 10:39:00<\/span><span class='av-structured-data'  itemprop=\"dateModified\" itemtype=\"https:\/\/schema.org\/dateModified\" >2024-03-26 10:46:10<\/span><span class='av-structured-data'  itemprop=\"mainEntityOfPage\" itemtype=\"https:\/\/schema.org\/mainEntityOfPage\" ><span itemprop='name'>Girl\u00b4s Day am 26. April 2018.<\/span><\/span><\/span><\/article><\/div><div class=\"slide-entry-wrap\"><article class='slide-entry flex_column  post-entry post-entry-8099 slide-entry-overview slide-loop-35 slide-parity-odd  post-entry-last  av_fullwidth first real-thumbnail posttype-post post-format-standard'  itemscope=\"itemscope\" itemtype=\"https:\/\/schema.org\/CreativeWork\" ><a href='https:\/\/www.klimmer-gmbh.de\/de\/blechexpo-stuttgart-2017\/' data-rel='slide-3' class='slide-image' title='Blechexpo in Stuttgart \/ 07.11. \u2013 10.11.2017.'><img decoding=\"async\" fetchpriority=\"high\" width=\"800\" height=\"800\" src=\"https:\/\/www.klimmer-gmbh.de\/wp-content\/uploads\/2024\/03\/NEWS_15_Nov_2017_Blechexpo-2017-800x800-1.jpg\" class=\"wp-image-8105 avia-img-lazy-loading-not-8105 attachment-large size-large wp-post-image\" alt=\"\" srcset=\"https:\/\/www.klimmer-gmbh.de\/wp-content\/uploads\/2024\/03\/NEWS_15_Nov_2017_Blechexpo-2017-800x800-1.jpg 800w, https:\/\/www.klimmer-gmbh.de\/wp-content\/uploads\/2024\/03\/NEWS_15_Nov_2017_Blechexpo-2017-800x800-1-300x300.jpg 300w, https:\/\/www.klimmer-gmbh.de\/wp-content\/uploads\/2024\/03\/NEWS_15_Nov_2017_Blechexpo-2017-800x800-1-80x80.jpg 80w, https:\/\/www.klimmer-gmbh.de\/wp-content\/uploads\/2024\/03\/NEWS_15_Nov_2017_Blechexpo-2017-800x800-1-768x768.jpg 768w, https:\/\/www.klimmer-gmbh.de\/wp-content\/uploads\/2024\/03\/NEWS_15_Nov_2017_Blechexpo-2017-800x800-1-36x36.jpg 36w\" sizes=\"(max-width: 800px) 100vw, 800px\" \/><\/a><div class=\"slide-content\"><header class=\"entry-content-header\" aria-label=\"Slide: Blechexpo in Stuttgart \/ 07.11. \u2013 10.11.2017.\"><h3 class='slide-entry-title entry-title '  itemprop=\"headline\" ><a href='https:\/\/www.klimmer-gmbh.de\/de\/blechexpo-stuttgart-2017\/' title='Blechexpo in Stuttgart \/ 07.11. \u2013 10.11.2017.'>Blechexpo in Stuttgart \/ 07.11. \u2013 10.11.2017.<\/a><\/h3><span class=\"av-vertical-delimiter\"><\/span><\/header><div class=\"slide-meta\"><time class='slide-meta-time updated'  itemprop=\"datePublished\" datetime=\"2017-11-15T10:46:00+01:00\" >15. November 2017<\/time><\/div><div class='slide-entry-excerpt entry-content'  itemprop=\"text\" >Wir waren Teil der Stuttgarter Messe Blechexpo und erfreuten uns einer starken Nachfrage und einer hohen Besucherfrequenz.<div class=\"read-more-link\"><a href=\"https:\/\/www.klimmer-gmbh.de\/de\/blechexpo-stuttgart-2017\/\" class=\"more-link\">Weiterlesen<span class='more-link-arrow avia-svg-icon avia-font-svg_entypo-fontello' data-av_svg_icon='right-open-big' data-av_iconset='svg_entypo-fontello'><svg version=\"1.1\" xmlns=\"http:\/\/www.w3.org\/2000\/svg\" width=\"15\" height=\"32\" viewBox=\"0 0 15 32\" preserveAspectRatio=\"xMidYMid meet\" role=\"graphics-symbol\" aria-hidden=\"true\">\n<path d=\"M0.416 27.84l11.456-11.84-11.456-11.904q-0.832-0.832 0-1.536 0.832-0.832 1.536 0l12.544 12.608q0.768 0.832 0 1.6l-12.544 12.608q-0.704 0.832-1.536 0-0.832-0.704 0-1.536z\"><\/path>\n<\/svg><\/span><\/a><\/div><\/div><\/div><footer class=\"entry-footer\"><\/footer><span class='hidden'>\n\t\t\t\t<span class='av-structured-data'  itemprop=\"image\" itemscope=\"itemscope\" itemtype=\"https:\/\/schema.org\/ImageObject\" >\n\t\t\t\t\t\t<span itemprop='url'>https:\/\/www.klimmer-gmbh.de\/wp-content\/uploads\/2024\/03\/NEWS_15_Nov_2017_Blechexpo-2017-800x800-1.jpg<\/span>\n\t\t\t\t\t\t<span itemprop='height'>800<\/span>\n\t\t\t\t\t\t<span itemprop='width'>800<\/span>\n\t\t\t\t<\/span>\n\t\t\t\t<span class='av-structured-data'  itemprop=\"publisher\" itemtype=\"https:\/\/schema.org\/Organization\" itemscope=\"itemscope\" >\n\t\t\t\t\t\t<span itemprop='name'>Agentur Baur<\/span>\n\t\t\t\t\t\t<span itemprop='logo' itemscope itemtype='https:\/\/schema.org\/ImageObject'>\n\t\t\t\t\t\t\t<span itemprop='url'>https:\/\/www.klimmer-gmbh.de\/wp-content\/uploads\/2023\/05\/klimmergmbhde.svg<\/span>\n\t\t\t\t\t\t<\/span>\n\t\t\t\t<\/span><span class='av-structured-data'  itemprop=\"author\" itemscope=\"itemscope\" itemtype=\"https:\/\/schema.org\/Person\" ><span itemprop='name'>Agentur Baur<\/span><\/span><span class='av-structured-data'  itemprop=\"datePublished\" datetime=\"2023-05-27T13:35:19+02:00\" >2017-11-15 10:46:00<\/span><span class='av-structured-data'  itemprop=\"dateModified\" itemtype=\"https:\/\/schema.org\/dateModified\" >2024-03-26 11:00:14<\/span><span class='av-structured-data'  itemprop=\"mainEntityOfPage\" itemtype=\"https:\/\/schema.org\/mainEntityOfPage\" ><span itemprop='name'>Blechexpo in Stuttgart \/ 07.11. \u2013 10.11.2017.<\/span><\/span><\/span><\/article><\/div><\/div><\/div>\n\n","protected":false},"excerpt":{"rendered":"","protected":false},"author":1,"featured_media":0,"parent":2797,"menu_order":0,"comment_status":"closed","ping_status":"closed","template":"","meta":{"inline_featured_image":false,"footnotes":""},"class_list":["post-6253","page","type-page","status-publish","hentry"],"yoast_head":"<!-- This site is optimized with the Yoast SEO plugin v26.8 - https:\/\/yoast.com\/product\/yoast-seo-wordpress\/ -->\n<title>Newsroom - Klimmer GmbH<\/title>\n<meta name=\"robots\" content=\"index, follow, max-snippet:-1, max-image-preview:large, max-video-preview:-1\" \/>\n<link rel=\"canonical\" href=\"https:\/\/www.klimmer-gmbh.de\/de\/unternehmen\/newsroom\/\" \/>\n<meta property=\"og:locale\" content=\"de_DE\" \/>\n<meta property=\"og:type\" content=\"article\" \/>\n<meta property=\"og:title\" content=\"Newsroom - Klimmer GmbH\" \/>\n<meta property=\"og:url\" content=\"https:\/\/www.klimmer-gmbh.de\/de\/unternehmen\/newsroom\/\" \/>\n<meta property=\"og:site_name\" content=\"Klimmer GmbH\" \/>\n<meta property=\"article:modified_time\" content=\"2026-01-27T10:44:47+00:00\" \/>\n<meta name=\"twitter:card\" content=\"summary_large_image\" \/>\n<meta name=\"twitter:label1\" content=\"Gesch\u00e4tzte Lesezeit\" \/>\n\t<meta name=\"twitter:data1\" content=\"47\u00a0Minuten\" \/>\n<script type=\"application\/ld+json\" class=\"yoast-schema-graph\">{\"@context\":\"https:\/\/schema.org\",\"@graph\":[{\"@type\":\"WebPage\",\"@id\":\"https:\/\/www.klimmer-gmbh.de\/de\/unternehmen\/newsroom\/\",\"url\":\"https:\/\/www.klimmer-gmbh.de\/de\/unternehmen\/newsroom\/\",\"name\":\"Newsroom - Klimmer GmbH\",\"isPartOf\":{\"@id\":\"https:\/\/www.klimmer-gmbh.de\/de\/#website\"},\"datePublished\":\"2023-05-27T11:35:19+00:00\",\"dateModified\":\"2026-01-27T10:44:47+00:00\",\"breadcrumb\":{\"@id\":\"https:\/\/www.klimmer-gmbh.de\/de\/unternehmen\/newsroom\/#breadcrumb\"},\"inLanguage\":\"de\",\"potentialAction\":[{\"@type\":\"ReadAction\",\"target\":[\"https:\/\/www.klimmer-gmbh.de\/de\/unternehmen\/newsroom\/\"]}]},{\"@type\":\"BreadcrumbList\",\"@id\":\"https:\/\/www.klimmer-gmbh.de\/de\/unternehmen\/newsroom\/#breadcrumb\",\"itemListElement\":[{\"@type\":\"ListItem\",\"position\":1,\"name\":\"Startseite\",\"item\":\"https:\/\/www.klimmer-gmbh.de\/de\/startseite\/\"},{\"@type\":\"ListItem\",\"position\":2,\"name\":\"Unternehmen\",\"item\":\"https:\/\/www.klimmer-gmbh.de\/de\/unternehmen\/\"},{\"@type\":\"ListItem\",\"position\":3,\"name\":\"Newsroom\"}]},{\"@type\":\"WebSite\",\"@id\":\"https:\/\/www.klimmer-gmbh.de\/de\/#website\",\"url\":\"https:\/\/www.klimmer-gmbh.de\/de\/\",\"name\":\"Klimmer GmbH\",\"description\":\"\",\"publisher\":{\"@id\":\"https:\/\/www.klimmer-gmbh.de\/de\/#organization\"},\"potentialAction\":[{\"@type\":\"SearchAction\",\"target\":{\"@type\":\"EntryPoint\",\"urlTemplate\":\"https:\/\/www.klimmer-gmbh.de\/de\/?s={search_term_string}\"},\"query-input\":{\"@type\":\"PropertyValueSpecification\",\"valueRequired\":true,\"valueName\":\"search_term_string\"}}],\"inLanguage\":\"de\"},{\"@type\":\"Organization\",\"@id\":\"https:\/\/www.klimmer-gmbh.de\/de\/#organization\",\"name\":\"BSB BWB\",\"url\":\"https:\/\/www.klimmer-gmbh.de\/de\/\",\"logo\":{\"@type\":\"ImageObject\",\"inLanguage\":\"de\",\"@id\":\"https:\/\/www.klimmer-gmbh.de\/de\/#\/schema\/logo\/image\/\",\"url\":\"https:\/\/www.klimmer-gmbh.de\/wp-content\/uploads\/2023\/05\/klimmergmbhde.svg\",\"contentUrl\":\"https:\/\/www.klimmer-gmbh.de\/wp-content\/uploads\/2023\/05\/klimmergmbhde.svg\",\"width\":\"1030\",\"height\":\"1030\",\"caption\":\"BSB BWB\"},\"image\":{\"@id\":\"https:\/\/www.klimmer-gmbh.de\/de\/#\/schema\/logo\/image\/\"}}]}<\/script>\n<!-- \/ Yoast SEO plugin. -->","yoast_head_json":{"title":"Newsroom - Klimmer GmbH","robots":{"index":"index","follow":"follow","max-snippet":"max-snippet:-1","max-image-preview":"max-image-preview:large","max-video-preview":"max-video-preview:-1"},"canonical":"https:\/\/www.klimmer-gmbh.de\/de\/unternehmen\/newsroom\/","og_locale":"de_DE","og_type":"article","og_title":"Newsroom - Klimmer GmbH","og_url":"https:\/\/www.klimmer-gmbh.de\/de\/unternehmen\/newsroom\/","og_site_name":"Klimmer GmbH","article_modified_time":"2026-01-27T10:44:47+00:00","twitter_card":"summary_large_image","twitter_misc":{"Gesch\u00e4tzte Lesezeit":"47\u00a0Minuten"},"schema":{"@context":"https:\/\/schema.org","@graph":[{"@type":"WebPage","@id":"https:\/\/www.klimmer-gmbh.de\/de\/unternehmen\/newsroom\/","url":"https:\/\/www.klimmer-gmbh.de\/de\/unternehmen\/newsroom\/","name":"Newsroom - Klimmer GmbH","isPartOf":{"@id":"https:\/\/www.klimmer-gmbh.de\/de\/#website"},"datePublished":"2023-05-27T11:35:19+00:00","dateModified":"2026-01-27T10:44:47+00:00","breadcrumb":{"@id":"https:\/\/www.klimmer-gmbh.de\/de\/unternehmen\/newsroom\/#breadcrumb"},"inLanguage":"de","potentialAction":[{"@type":"ReadAction","target":["https:\/\/www.klimmer-gmbh.de\/de\/unternehmen\/newsroom\/"]}]},{"@type":"BreadcrumbList","@id":"https:\/\/www.klimmer-gmbh.de\/de\/unternehmen\/newsroom\/#breadcrumb","itemListElement":[{"@type":"ListItem","position":1,"name":"Startseite","item":"https:\/\/www.klimmer-gmbh.de\/de\/startseite\/"},{"@type":"ListItem","position":2,"name":"Unternehmen","item":"https:\/\/www.klimmer-gmbh.de\/de\/unternehmen\/"},{"@type":"ListItem","position":3,"name":"Newsroom"}]},{"@type":"WebSite","@id":"https:\/\/www.klimmer-gmbh.de\/de\/#website","url":"https:\/\/www.klimmer-gmbh.de\/de\/","name":"Klimmer GmbH","description":"","publisher":{"@id":"https:\/\/www.klimmer-gmbh.de\/de\/#organization"},"potentialAction":[{"@type":"SearchAction","target":{"@type":"EntryPoint","urlTemplate":"https:\/\/www.klimmer-gmbh.de\/de\/?s={search_term_string}"},"query-input":{"@type":"PropertyValueSpecification","valueRequired":true,"valueName":"search_term_string"}}],"inLanguage":"de"},{"@type":"Organization","@id":"https:\/\/www.klimmer-gmbh.de\/de\/#organization","name":"BSB BWB","url":"https:\/\/www.klimmer-gmbh.de\/de\/","logo":{"@type":"ImageObject","inLanguage":"de","@id":"https:\/\/www.klimmer-gmbh.de\/de\/#\/schema\/logo\/image\/","url":"https:\/\/www.klimmer-gmbh.de\/wp-content\/uploads\/2023\/05\/klimmergmbhde.svg","contentUrl":"https:\/\/www.klimmer-gmbh.de\/wp-content\/uploads\/2023\/05\/klimmergmbhde.svg","width":"1030","height":"1030","caption":"BSB BWB"},"image":{"@id":"https:\/\/www.klimmer-gmbh.de\/de\/#\/schema\/logo\/image\/"}}]}},"_links":{"self":[{"href":"https:\/\/www.klimmer-gmbh.de\/de\/wp-json\/wp\/v2\/pages\/6253","targetHints":{"allow":["GET"]}}],"collection":[{"href":"https:\/\/www.klimmer-gmbh.de\/de\/wp-json\/wp\/v2\/pages"}],"about":[{"href":"https:\/\/www.klimmer-gmbh.de\/de\/wp-json\/wp\/v2\/types\/page"}],"author":[{"embeddable":true,"href":"https:\/\/www.klimmer-gmbh.de\/de\/wp-json\/wp\/v2\/users\/1"}],"replies":[{"embeddable":true,"href":"https:\/\/www.klimmer-gmbh.de\/de\/wp-json\/wp\/v2\/comments?post=6253"}],"version-history":[{"count":15,"href":"https:\/\/www.klimmer-gmbh.de\/de\/wp-json\/wp\/v2\/pages\/6253\/revisions"}],"predecessor-version":[{"id":9300,"href":"https:\/\/www.klimmer-gmbh.de\/de\/wp-json\/wp\/v2\/pages\/6253\/revisions\/9300"}],"up":[{"embeddable":true,"href":"https:\/\/www.klimmer-gmbh.de\/de\/wp-json\/wp\/v2\/pages\/2797"}],"wp:attachment":[{"href":"https:\/\/www.klimmer-gmbh.de\/de\/wp-json\/wp\/v2\/media?parent=6253"}],"curies":[{"name":"wp","href":"https:\/\/api.w.org\/{rel}","templated":true}]}}